{"id":15307,"date":"2026-08-20T17:29:47","date_gmt":"2026-08-20T15:29:47","guid":{"rendered":"https:\/\/mesnerhaus.at\/people\/"},"modified":"2026-08-29T20:03:30","modified_gmt":"2026-08-29T18:03:30","slug":"people","status":"publish","type":"page","link":"https:\/\/mesnerhaus.at\/en\/mesnerhaus\/photos\/people\/","title":{"rendered":"People"},"content":{"rendered":"<div id=\"envira-gallery-wrap-14289\" class=\"envira-default-gallery envira-gallery-wrap envira-lazy-loading-enabled envira-layout-automatic\" itemscope itemtype=\"https:\/\/schema.org\/ImageGallery\"><div class=\"envira-loader\"><div><\/div><div><\/div><div><\/div><div><\/div><\/div><div id=\"envira-gallery-14289\" class=\"envira-gallery-public envira-gallery-0-columns envira-clear envira-gallery-justified-public\" data-envira-id=\"14289\" data-gallery-config='{\"type\":\"default\",\"layout\":\"automatic\",\"columns\":\"0\",\"gallery_theme\":\"base\",\"justified_margins\":8,\"justified_last_row\":\"nojustify\",\"lazy_loading\":1,\"lazy_loading_delay\":0,\"horizontal_carousel_autoplay\":0,\"horizontal_carousel_loop\":0,\"horizontal_carousel_mousewheel\":0,\"horizontal_carousel_autoplay_delay\":500,\"gutter\":10,\"gutter_mobile\":10,\"margin\":10,\"image_size\":\"1536x1536\",\"square_size\":300,\"crop_width\":1536,\"crop_height\":1536,\"crop\":0,\"crop_position\":\"c\",\"show_more_text\":\"Click for more\",\"additional_copy_0\":0,\"additional_copy_title\":0,\"additional_copy_caption\":0,\"additional_copy_title_caption\":0,\"additional_copy_0_mobile\":0,\"additional_copy_title_mobile\":0,\"additional_copy_caption_mobile\":0,\"additional_copy_title_caption_mobile\":0,\"gallery_column_title_caption\":\"0\",\"gallery_column_title_caption_mobile\":\"0\",\"additional_copy_automatic_0\":0,\"additional_copy_automatic_title\":0,\"additional_copy_automatic_caption\":0,\"additional_copy_automatic_title_caption\":0,\"additional_copy_automatic_0_mobile\":0,\"additional_copy_automatic_title_mobile\":0,\"additional_copy_automatic_caption_mobile\":0,\"additional_copy_automatic_title_caption_mobile\":0,\"gallery_automatic_title_caption\":\"0\",\"gallery_automatic_title_caption_mobile\":\"0\",\"justified_row_height\":240,\"description_position\":\"0\",\"description\":\"\",\"random\":\"0\",\"sort_order\":\"0\",\"sorting_direction\":\"ASC\",\"image_sizes_random\":[],\"isotope\":0,\"lightbox_enabled\":1,\"gallery_link_enabled\":1,\"lightbox_theme\":\"base_light\",\"lightbox_image_size\":\"2048x2048\",\"title_display\":\"float\",\"lightbox_title_caption\":\"0\",\"arrows\":1,\"arrows_position\":\"inside\",\"toolbar\":0,\"toolbar_title\":0,\"toolbar_position\":\"top\",\"loop\":1,\"lightbox_open_close_effect\":\"fade\",\"effect\":\"fade\",\"supersize\":0,\"thumbnails_toggle\":0,\"thumbnails_hide\":0,\"image_counter\":1,\"lightbox_html_caption\":0,\"thumbnails\":0,\"thumbnails_width\":\"auto\",\"thumbnails_height\":\"auto\",\"thumbnails_position\":\"bottom\",\"thumbnails_custom_size\":0,\"mobile\":1,\"mobile_width\":800,\"mobile_height\":600,\"mobile_lightbox\":1,\"mobile_gallery_link_enabled\":0,\"mobile_arrows\":1,\"mobile_toolbar\":1,\"mobile_thumbnails\":0,\"mobile_touchwipe_close\":1,\"mobile_thumbnails_width\":75,\"mobile_thumbnails_height\":50,\"mobile_justified_row_height\":180,\"keyboard\":true,\"standalone_template\":\"\",\"classes\":[\"envira-default-gallery\"],\"rtl\":0,\"slug\":\"menschen\",\"download_all\":0,\"download_all_position\":\"below\",\"download_all_label\":\"Download All Images\",\"download\":0,\"download_custom_name\":\"\",\"download_position\":\"top-left\",\"download_image_size\":\"default\",\"download_force\":0,\"download_invalid_password_message\":false,\"download_mobile\":0,\"download_lightbox\":0,\"download_lightbox_position\":\"top-left\",\"download_lightbox_force\":0,\"download_lightbox_mobile\":0,\"fullscreen\":1,\"pagination\":0,\"pagination_position\":\"above\",\"pagination_images_per_page\":1,\"pagination_prev_next\":\"numbered_previous_next\",\"pagination_prev_text\":\"\",\"pagination_next_text\":\"\",\"pagination_scroll\":0,\"pagination_ajax_load\":0,\"pagination_button_text\":\"\",\"pagination_lightbox_display_all_images\":0,\"mobile_pagination_images_per_page\":0,\"mobile_pagination_prev_next\":\"numbered_previous_next\",\"tags\":0,\"tags_filter\":false,\"tags_position\":\"above\",\"tags_all_enabled\":0,\"tags_all\":\"\",\"tags_sorting\":\"\",\"tags_manual_sorting\":[\"\"],\"tags_display\":\"\",\"tags_scroll\":0,\"tags_mobile\":0,\"tags_count\":0,\"videos_play_icon\":0,\"videos_play_icon_thumbnails\":0,\"videos_autoplay\":0,\"videos_enlarge\":0,\"videos_playpause\":1,\"videos_progress\":1,\"videos_current\":1,\"videos_duration\":1,\"videos_volume\":1,\"videos_controls\":1,\"videos_fullscreen\":1,\"videos_download\":0,\"search_enable\":false,\"search_placeholder\":\"\",\"search_tags\":false,\"search_alt_text\":false,\"search_img_description\":false,\"search_exif_data\":false,\"search_comments\":false,\"justified_gallery_theme\":false,\"gallery_id\":\"14289\"}' data-gallery-images='[{\"status\":\"active\",\"src\":\"https:\\\/\\\/mesnerhaus.at\\\/wp-content\\\/uploads\\\/mesnerhaus-team-01-1-2048x1365.jpg\",\"title\":\"mesnerhaus-team-01\",\"link\":\"https:\\\/\\\/mesnerhaus.at\\\/wp-content\\\/uploads\\\/mesnerhaus-team-01-1-scaled.jpg\",\"alt\":\"Sieben Mitglieder des Mesnerhaus-Teams gemeinsam im Garten\",\"caption\":\"A team of seven people posing together in an outdoor garden setting.\",\"thumb\":\"https:\\\/\\\/mesnerhaus.at\\\/wp-content\\\/uploads\\\/mesnerhaus-team-01-1-150x150.jpg\",\"video_aspect_ratio\":\"\",\"video_width\":\"\",\"video_height\":\"\",\"video_in_gallery\":\"\",\"meta\":{\"aperture\":\"4.5\",\"credit\":\"Kathrin Buschmann\",\"camera\":\"NIKON Z 8\",\"caption\":\"\",\"created_timestamp\":\"1786009154\",\"copyright\":\"Kathrin Buschmann Fotografie\",\"focal_length\":\"35\",\"iso\":\"320\",\"shutter_speed\":\"0.0015625\",\"title\":\"\",\"orientation\":\"1\",\"keywords\":null,\"alt\":null,\"resized_images\":null},\"thumbnail\":\"https:\\\/\\\/mesnerhaus.at\\\/wp-content\\\/uploads\\\/mesnerhaus-team-01-1-150x150.jpg\",\"medium\":\"https:\\\/\\\/mesnerhaus.at\\\/wp-content\\\/uploads\\\/mesnerhaus-team-01-1-300x200.jpg\",\"medium_large\":\"https:\\\/\\\/mesnerhaus.at\\\/wp-content\\\/uploads\\\/mesnerhaus-team-01-1-768x512.jpg\",\"large\":\"https:\\\/\\\/mesnerhaus.at\\\/wp-content\\\/uploads\\\/mesnerhaus-team-01-1-1024x683.jpg\",\"thumblist\":\"https:\\\/\\\/mesnerhaus.at\\\/wp-content\\\/uploads\\\/mesnerhaus-team-01-1-300x300.jpg\",\"thumbrelated\":\"https:\\\/\\\/mesnerhaus.at\\\/wp-content\\\/uploads\\\/mesnerhaus-team-01-1-500x500.jpg\",\"meccarouselthumb\":\"https:\\\/\\\/mesnerhaus.at\\\/wp-content\\\/uploads\\\/mesnerhaus-team-01-1-474x324.jpg\",\"gridsquare\":\"https:\\\/\\\/mesnerhaus.at\\\/wp-content\\\/uploads\\\/mesnerhaus-team-01-1-391x260.jpg\",\"tileview\":\"https:\\\/\\\/mesnerhaus.at\\\/wp-content\\\/uploads\\\/mesnerhaus-team-01-1-300x400.jpg\",\"1536x1536\":\"https:\\\/\\\/mesnerhaus.at\\\/wp-content\\\/uploads\\\/mesnerhaus-team-01-1-1536x1024.jpg\",\"2048x2048\":\"https:\\\/\\\/mesnerhaus.at\\\/wp-content\\\/uploads\\\/mesnerhaus-team-01-1-2048x1365.jpg\",\"soulkitchen-uncropped\":\"https:\\\/\\\/mesnerhaus.at\\\/wp-content\\\/uploads\\\/mesnerhaus-team-01-1-2308x1539.jpg\",\"soulkitchen-uncropped-largex2\":\"https:\\\/\\\/mesnerhaus.at\\\/wp-content\\\/uploads\\\/mesnerhaus-team-01-1-1600x1067.jpg\",\"soulkitchen-uncropped-full\":\"https:\\\/\\\/mesnerhaus.at\\\/wp-content\\\/uploads\\\/mesnerhaus-team-01-1-1200x800.jpg\",\"soulkitchen-uncropped-large\":\"https:\\\/\\\/mesnerhaus.at\\\/wp-content\\\/uploads\\\/mesnerhaus-team-01-1-800x533.jpg\",\"soulkitchen-uncropped-medium\":\"https:\\\/\\\/mesnerhaus.at\\\/wp-content\\\/uploads\\\/mesnerhaus-team-01-1-560x373.jpg\",\"soulkitchen-suare\":\"https:\\\/\\\/mesnerhaus.at\\\/wp-content\\\/uploads\\\/mesnerhaus-team-01-1-2308x2308.jpg\",\"soulkitchen-square-largex2\":\"https:\\\/\\\/mesnerhaus.at\\\/wp-content\\\/uploads\\\/mesnerhaus-team-01-1-1600x1600.jpg\",\"soulkitchen-square-full\":\"https:\\\/\\\/mesnerhaus.at\\\/wp-content\\\/uploads\\\/mesnerhaus-team-01-1-1200x1200.jpg\",\"soulkitchen-square-large\":\"https:\\\/\\\/mesnerhaus.at\\\/wp-content\\\/uploads\\\/mesnerhaus-team-01-1-800x800.jpg\",\"soulkitchen-square-medium\":\"https:\\\/\\\/mesnerhaus.at\\\/wp-content\\\/uploads\\\/mesnerhaus-team-01-1-560x560.jpg\",\"soulkitchen-square-small\":\"https:\\\/\\\/mesnerhaus.at\\\/wp-content\\\/uploads\\\/mesnerhaus-team-01-1-250x250.jpg\",\"soulkitchen-square-mini\":\"https:\\\/\\\/mesnerhaus.at\\\/wp-content\\\/uploads\\\/mesnerhaus-team-01-1-120x120.jpg\",\"soulkitchen-portrait-full\":\"https:\\\/\\\/mesnerhaus.at\\\/wp-content\\\/uploads\\\/mesnerhaus-team-01-1-1200x1800.jpg\",\"soulkitchen-portrait-large\":\"https:\\\/\\\/mesnerhaus.at\\\/wp-content\\\/uploads\\\/mesnerhaus-team-01-1-800x1200.jpg\",\"soulkitchen-landscape\":\"https:\\\/\\\/mesnerhaus.at\\\/wp-content\\\/uploads\\\/mesnerhaus-team-01-1-2308x1731.jpg\",\"soulkitchen-landscape-largex2\":\"https:\\\/\\\/mesnerhaus.at\\\/wp-content\\\/uploads\\\/mesnerhaus-team-01-1-1600x1200.jpg\",\"soulkitchen-landscape-full\":\"https:\\\/\\\/mesnerhaus.at\\\/wp-content\\\/uploads\\\/mesnerhaus-team-01-1-1200x900.jpg\",\"soulkitchen-landscape-large\":\"https:\\\/\\\/mesnerhaus.at\\\/wp-content\\\/uploads\\\/mesnerhaus-team-01-1-800x600.jpg\",\"soulkitchen-landscape-medium\":\"https:\\\/\\\/mesnerhaus.at\\\/wp-content\\\/uploads\\\/mesnerhaus-team-01-1-560x420.jpg\",\"soulkitchen-landscape-mini\":\"https:\\\/\\\/mesnerhaus.at\\\/wp-content\\\/uploads\\\/mesnerhaus-team-01-1-120x90.jpg\",\"soulkitchen-landscapenarrow\":\"https:\\\/\\\/mesnerhaus.at\\\/wp-content\\\/uploads\\\/mesnerhaus-team-01-1-2308x1154.jpg\",\"soulkitchen-landscapenarrow-largex2\":\"https:\\\/\\\/mesnerhaus.at\\\/wp-content\\\/uploads\\\/mesnerhaus-team-01-1-1600x800.jpg\",\"soulkitchen-landscapenarrow-large\":\"https:\\\/\\\/mesnerhaus.at\\\/wp-content\\\/uploads\\\/mesnerhaus-team-01-1-800x400.jpg\",\"full\":\"https:\\\/\\\/mesnerhaus.at\\\/wp-content\\\/uploads\\\/mesnerhaus-team-01-1-scaled.jpg\",\"index\":0,\"id\":14290,\"video\":true,\"opts\":{\"caption\":\"A team of seven people posing together in an outdoor garden setting.\",\"thumb\":\"https:\\\/\\\/mesnerhaus.at\\\/wp-content\\\/uploads\\\/mesnerhaus-team-01-1-150x150.jpg\",\"title\":\"mesnerhaus-team-01\"},\"gallery_id\":\"14289\",\"tags\":{\"254\":\"garden\",\"369\":\"group-photo\",\"258\":\"mesnerhaus\",\"272\":\"outdoors\",\"370\":\"people\",\"368\":\"team\",\"371\":\"togetherness\"}},{\"status\":\"active\",\"src\":\"https:\\\/\\\/mesnerhaus.at\\\/wp-content\\\/uploads\\\/mesnerhaus-team-josef-steffner-2048x1365.jpg\",\"title\":\"mesnerhaus-team-josef-steffner\",\"link\":\"https:\\\/\\\/mesnerhaus.at\\\/wp-content\\\/uploads\\\/mesnerhaus-team-josef-steffner-scaled.jpg\",\"alt\":\"Josef Steffner mit Sch&uuml;rze im Garten des Mesnerhauses\",\"caption\":false,\"thumb\":\"https:\\\/\\\/mesnerhaus.at\\\/wp-content\\\/uploads\\\/mesnerhaus-team-josef-steffner-150x150.jpg\",\"tags\":[],\"video_aspect_ratio\":\"\",\"video_width\":\"\",\"video_height\":\"\",\"video_in_gallery\":\"\",\"meta\":{\"aperture\":null,\"credit\":\"Kathrin Buschmann\",\"camera\":null,\"caption\":\"\",\"created_timestamp\":null,\"copyright\":\"Kathrin Buschmann Fotografie\",\"focal_length\":null,\"iso\":null,\"shutter_speed\":null,\"title\":\"\",\"orientation\":null,\"keywords\":null,\"alt\":null},\"thumbnail\":\"https:\\\/\\\/mesnerhaus.at\\\/wp-content\\\/uploads\\\/mesnerhaus-team-josef-steffner-150x150.jpg\",\"medium\":\"https:\\\/\\\/mesnerhaus.at\\\/wp-content\\\/uploads\\\/mesnerhaus-team-josef-steffner-300x200.jpg\",\"medium_large\":\"https:\\\/\\\/mesnerhaus.at\\\/wp-content\\\/uploads\\\/mesnerhaus-team-josef-steffner-768x512.jpg\",\"large\":\"https:\\\/\\\/mesnerhaus.at\\\/wp-content\\\/uploads\\\/mesnerhaus-team-josef-steffner-1024x683.jpg\",\"thumblist\":\"https:\\\/\\\/mesnerhaus.at\\\/wp-content\\\/uploads\\\/mesnerhaus-team-josef-steffner-300x300.jpg\",\"thumbrelated\":\"https:\\\/\\\/mesnerhaus.at\\\/wp-content\\\/uploads\\\/mesnerhaus-team-josef-steffner-500x500.jpg\",\"meccarouselthumb\":\"https:\\\/\\\/mesnerhaus.at\\\/wp-content\\\/uploads\\\/mesnerhaus-team-josef-steffner-474x324.jpg\",\"gridsquare\":\"https:\\\/\\\/mesnerhaus.at\\\/wp-content\\\/uploads\\\/mesnerhaus-team-josef-steffner-391x260.jpg\",\"tileview\":\"https:\\\/\\\/mesnerhaus.at\\\/wp-content\\\/uploads\\\/mesnerhaus-team-josef-steffner-300x400.jpg\",\"1536x1536\":\"https:\\\/\\\/mesnerhaus.at\\\/wp-content\\\/uploads\\\/mesnerhaus-team-josef-steffner-1536x1024.jpg\",\"2048x2048\":\"https:\\\/\\\/mesnerhaus.at\\\/wp-content\\\/uploads\\\/mesnerhaus-team-josef-steffner-2048x1365.jpg\",\"soulkitchen-uncropped\":\"https:\\\/\\\/mesnerhaus.at\\\/wp-content\\\/uploads\\\/mesnerhaus-team-josef-steffner-2308x1539.jpg\",\"soulkitchen-uncropped-largex2\":\"https:\\\/\\\/mesnerhaus.at\\\/wp-content\\\/uploads\\\/mesnerhaus-team-josef-steffner-1600x1067.jpg\",\"soulkitchen-uncropped-full\":\"https:\\\/\\\/mesnerhaus.at\\\/wp-content\\\/uploads\\\/mesnerhaus-team-josef-steffner-1200x800.jpg\",\"soulkitchen-uncropped-large\":\"https:\\\/\\\/mesnerhaus.at\\\/wp-content\\\/uploads\\\/mesnerhaus-team-josef-steffner-800x533.jpg\",\"soulkitchen-uncropped-medium\":\"https:\\\/\\\/mesnerhaus.at\\\/wp-content\\\/uploads\\\/mesnerhaus-team-josef-steffner-560x373.jpg\",\"soulkitchen-suare\":\"https:\\\/\\\/mesnerhaus.at\\\/wp-content\\\/uploads\\\/mesnerhaus-team-josef-steffner-2308x2308.jpg\",\"soulkitchen-square-largex2\":\"https:\\\/\\\/mesnerhaus.at\\\/wp-content\\\/uploads\\\/mesnerhaus-team-josef-steffner-1600x1600.jpg\",\"soulkitchen-square-full\":\"https:\\\/\\\/mesnerhaus.at\\\/wp-content\\\/uploads\\\/mesnerhaus-team-josef-steffner-1200x1200.jpg\",\"soulkitchen-square-large\":\"https:\\\/\\\/mesnerhaus.at\\\/wp-content\\\/uploads\\\/mesnerhaus-team-josef-steffner-800x800.jpg\",\"soulkitchen-square-medium\":\"https:\\\/\\\/mesnerhaus.at\\\/wp-content\\\/uploads\\\/mesnerhaus-team-josef-steffner-560x560.jpg\",\"soulkitchen-square-small\":\"https:\\\/\\\/mesnerhaus.at\\\/wp-content\\\/uploads\\\/mesnerhaus-team-josef-steffner-250x250.jpg\",\"soulkitchen-square-mini\":\"https:\\\/\\\/mesnerhaus.at\\\/wp-content\\\/uploads\\\/mesnerhaus-team-josef-steffner-120x120.jpg\",\"soulkitchen-portrait-full\":\"https:\\\/\\\/mesnerhaus.at\\\/wp-content\\\/uploads\\\/mesnerhaus-team-josef-steffner-1200x1800.jpg\",\"soulkitchen-portrait-large\":\"https:\\\/\\\/mesnerhaus.at\\\/wp-content\\\/uploads\\\/mesnerhaus-team-josef-steffner-800x1200.jpg\",\"soulkitchen-landscape\":\"https:\\\/\\\/mesnerhaus.at\\\/wp-content\\\/uploads\\\/mesnerhaus-team-josef-steffner-2308x1731.jpg\",\"soulkitchen-landscape-largex2\":\"https:\\\/\\\/mesnerhaus.at\\\/wp-content\\\/uploads\\\/mesnerhaus-team-josef-steffner-1600x1200.jpg\",\"soulkitchen-landscape-full\":\"https:\\\/\\\/mesnerhaus.at\\\/wp-content\\\/uploads\\\/mesnerhaus-team-josef-steffner-1200x900.jpg\",\"soulkitchen-landscape-large\":\"https:\\\/\\\/mesnerhaus.at\\\/wp-content\\\/uploads\\\/mesnerhaus-team-josef-steffner-800x600.jpg\",\"soulkitchen-landscape-medium\":\"https:\\\/\\\/mesnerhaus.at\\\/wp-content\\\/uploads\\\/mesnerhaus-team-josef-steffner-560x420.jpg\",\"soulkitchen-landscape-mini\":\"https:\\\/\\\/mesnerhaus.at\\\/wp-content\\\/uploads\\\/mesnerhaus-team-josef-steffner-120x90.jpg\",\"soulkitchen-landscapenarrow\":\"https:\\\/\\\/mesnerhaus.at\\\/wp-content\\\/uploads\\\/mesnerhaus-team-josef-steffner-2308x1154.jpg\",\"soulkitchen-landscapenarrow-largex2\":\"https:\\\/\\\/mesnerhaus.at\\\/wp-content\\\/uploads\\\/mesnerhaus-team-josef-steffner-1600x800.jpg\",\"soulkitchen-landscapenarrow-large\":\"https:\\\/\\\/mesnerhaus.at\\\/wp-content\\\/uploads\\\/mesnerhaus-team-josef-steffner-800x400.jpg\",\"full\":\"https:\\\/\\\/mesnerhaus.at\\\/wp-content\\\/uploads\\\/mesnerhaus-team-josef-steffner-scaled.jpg\",\"index\":1,\"id\":14295,\"video\":true,\"opts\":{\"caption\":\"\",\"thumb\":\"https:\\\/\\\/mesnerhaus.at\\\/wp-content\\\/uploads\\\/mesnerhaus-team-josef-steffner-150x150.jpg\",\"title\":\"mesnerhaus-team-josef-steffner\"},\"gallery_id\":\"14289\"},{\"status\":\"active\",\"src\":\"https:\\\/\\\/mesnerhaus.at\\\/wp-content\\\/uploads\\\/mesnerhaus-team-maria-steffner-1365x2048.jpg\",\"title\":\"mesnerhaus-team-maria-steffner\",\"link\":\"https:\\\/\\\/mesnerhaus.at\\\/wp-content\\\/uploads\\\/mesnerhaus-team-maria-steffner-scaled.jpg\",\"alt\":\"Maria Steffner sitzend auf der Terrasse des Mesnerhauses\",\"caption\":false,\"thumb\":\"https:\\\/\\\/mesnerhaus.at\\\/wp-content\\\/uploads\\\/mesnerhaus-team-maria-steffner-150x150.jpg\",\"tags\":[],\"video_aspect_ratio\":\"\",\"video_width\":\"\",\"video_height\":\"\",\"video_in_gallery\":\"\",\"meta\":{\"aperture\":\"2.5\",\"credit\":\"Kathrin Buschmann\",\"camera\":\"NIKON Z 8\",\"caption\":\"\",\"created_timestamp\":\"1779956660\",\"copyright\":\"Kathrin Buschmann Fotografie\",\"focal_length\":\"35\",\"iso\":\"500\",\"shutter_speed\":\"0.00025\",\"title\":\"\",\"orientation\":null,\"keywords\":null,\"alt\":null},\"thumbnail\":\"https:\\\/\\\/mesnerhaus.at\\\/wp-content\\\/uploads\\\/mesnerhaus-team-maria-steffner-150x150.jpg\",\"medium\":\"https:\\\/\\\/mesnerhaus.at\\\/wp-content\\\/uploads\\\/mesnerhaus-team-maria-steffner-200x300.jpg\",\"medium_large\":\"https:\\\/\\\/mesnerhaus.at\\\/wp-content\\\/uploads\\\/mesnerhaus-team-maria-steffner-768x1152.jpg\",\"large\":\"https:\\\/\\\/mesnerhaus.at\\\/wp-content\\\/uploads\\\/mesnerhaus-team-maria-steffner-683x1024.jpg\",\"thumblist\":\"https:\\\/\\\/mesnerhaus.at\\\/wp-content\\\/uploads\\\/mesnerhaus-team-maria-steffner-300x300.jpg\",\"thumbrelated\":\"https:\\\/\\\/mesnerhaus.at\\\/wp-content\\\/uploads\\\/mesnerhaus-team-maria-steffner-500x500.jpg\",\"meccarouselthumb\":\"https:\\\/\\\/mesnerhaus.at\\\/wp-content\\\/uploads\\\/mesnerhaus-team-maria-steffner-474x324.jpg\",\"gridsquare\":\"https:\\\/\\\/mesnerhaus.at\\\/wp-content\\\/uploads\\\/mesnerhaus-team-maria-steffner-391x260.jpg\",\"tileview\":\"https:\\\/\\\/mesnerhaus.at\\\/wp-content\\\/uploads\\\/mesnerhaus-team-maria-steffner-300x400.jpg\",\"1536x1536\":\"https:\\\/\\\/mesnerhaus.at\\\/wp-content\\\/uploads\\\/mesnerhaus-team-maria-steffner-1024x1536.jpg\",\"2048x2048\":\"https:\\\/\\\/mesnerhaus.at\\\/wp-content\\\/uploads\\\/mesnerhaus-team-maria-steffner-1365x2048.jpg\",\"soulkitchen-uncropped\":\"https:\\\/\\\/mesnerhaus.at\\\/wp-content\\\/uploads\\\/mesnerhaus-team-maria-steffner-2308x3462.jpg\",\"soulkitchen-uncropped-largex2\":\"https:\\\/\\\/mesnerhaus.at\\\/wp-content\\\/uploads\\\/mesnerhaus-team-maria-steffner-1600x2400.jpg\",\"soulkitchen-uncropped-full\":\"https:\\\/\\\/mesnerhaus.at\\\/wp-content\\\/uploads\\\/mesnerhaus-team-maria-steffner-1200x1800.jpg\",\"soulkitchen-uncropped-large\":\"https:\\\/\\\/mesnerhaus.at\\\/wp-content\\\/uploads\\\/mesnerhaus-team-maria-steffner-800x1200.jpg\",\"soulkitchen-uncropped-medium\":\"https:\\\/\\\/mesnerhaus.at\\\/wp-content\\\/uploads\\\/mesnerhaus-team-maria-steffner-560x840.jpg\",\"soulkitchen-suare\":\"https:\\\/\\\/mesnerhaus.at\\\/wp-content\\\/uploads\\\/mesnerhaus-team-maria-steffner-2308x2308.jpg\",\"soulkitchen-square-largex2\":\"https:\\\/\\\/mesnerhaus.at\\\/wp-content\\\/uploads\\\/mesnerhaus-team-maria-steffner-1600x1600.jpg\",\"soulkitchen-square-full\":\"https:\\\/\\\/mesnerhaus.at\\\/wp-content\\\/uploads\\\/mesnerhaus-team-maria-steffner-1200x1200.jpg\",\"soulkitchen-square-large\":\"https:\\\/\\\/mesnerhaus.at\\\/wp-content\\\/uploads\\\/mesnerhaus-team-maria-steffner-800x800.jpg\",\"soulkitchen-square-medium\":\"https:\\\/\\\/mesnerhaus.at\\\/wp-content\\\/uploads\\\/mesnerhaus-team-maria-steffner-560x560.jpg\",\"soulkitchen-square-small\":\"https:\\\/\\\/mesnerhaus.at\\\/wp-content\\\/uploads\\\/mesnerhaus-team-maria-steffner-250x250.jpg\",\"soulkitchen-square-mini\":\"https:\\\/\\\/mesnerhaus.at\\\/wp-content\\\/uploads\\\/mesnerhaus-team-maria-steffner-120x120.jpg\",\"soulkitchen-portrait-full\":\"https:\\\/\\\/mesnerhaus.at\\\/wp-content\\\/uploads\\\/mesnerhaus-team-maria-steffner-1200x1800.jpg\",\"soulkitchen-portrait-large\":\"https:\\\/\\\/mesnerhaus.at\\\/wp-content\\\/uploads\\\/mesnerhaus-team-maria-steffner-800x1200.jpg\",\"soulkitchen-landscape\":\"https:\\\/\\\/mesnerhaus.at\\\/wp-content\\\/uploads\\\/mesnerhaus-team-maria-steffner-2308x1731.jpg\",\"soulkitchen-landscape-largex2\":\"https:\\\/\\\/mesnerhaus.at\\\/wp-content\\\/uploads\\\/mesnerhaus-team-maria-steffner-1600x1200.jpg\",\"soulkitchen-landscape-full\":\"https:\\\/\\\/mesnerhaus.at\\\/wp-content\\\/uploads\\\/mesnerhaus-team-maria-steffner-1200x900.jpg\",\"soulkitchen-landscape-large\":\"https:\\\/\\\/mesnerhaus.at\\\/wp-content\\\/uploads\\\/mesnerhaus-team-maria-steffner-800x600.jpg\",\"soulkitchen-landscape-medium\":\"https:\\\/\\\/mesnerhaus.at\\\/wp-content\\\/uploads\\\/mesnerhaus-team-maria-steffner-560x420.jpg\",\"soulkitchen-landscape-mini\":\"https:\\\/\\\/mesnerhaus.at\\\/wp-content\\\/uploads\\\/mesnerhaus-team-maria-steffner-120x90.jpg\",\"soulkitchen-landscapenarrow\":\"https:\\\/\\\/mesnerhaus.at\\\/wp-content\\\/uploads\\\/mesnerhaus-team-maria-steffner-2308x1154.jpg\",\"soulkitchen-landscapenarrow-largex2\":\"https:\\\/\\\/mesnerhaus.at\\\/wp-content\\\/uploads\\\/mesnerhaus-team-maria-steffner-1600x800.jpg\",\"soulkitchen-landscapenarrow-large\":\"https:\\\/\\\/mesnerhaus.at\\\/wp-content\\\/uploads\\\/mesnerhaus-team-maria-steffner-800x400.jpg\",\"full\":\"https:\\\/\\\/mesnerhaus.at\\\/wp-content\\\/uploads\\\/mesnerhaus-team-maria-steffner-scaled.jpg\",\"index\":2,\"id\":14301,\"video\":true,\"opts\":{\"caption\":\"\",\"thumb\":\"https:\\\/\\\/mesnerhaus.at\\\/wp-content\\\/uploads\\\/mesnerhaus-team-maria-steffner-150x150.jpg\",\"title\":\"mesnerhaus-team-maria-steffner\"},\"gallery_id\":\"14289\"},{\"status\":\"active\",\"src\":\"https:\\\/\\\/mesnerhaus.at\\\/wp-content\\\/uploads\\\/mesnerhaus-team-sebastian-bichler-sous-chef-01-1-2048x1365.jpg\",\"title\":\"mesnerhaus-team-sebastian-bichler-sous-chef-01\",\"link\":\"https:\\\/\\\/mesnerhaus.at\\\/wp-content\\\/uploads\\\/mesnerhaus-team-sebastian-bichler-sous-chef-01-1-scaled.jpg\",\"alt\":\"Sous-Chef Sebastian Bichler bei der Zubereitung in der Restaurantk&uuml;che\",\"caption\":false,\"thumb\":\"https:\\\/\\\/mesnerhaus.at\\\/wp-content\\\/uploads\\\/mesnerhaus-team-sebastian-bichler-sous-chef-01-1-150x150.jpg\",\"tags\":[],\"video_aspect_ratio\":\"\",\"video_width\":\"\",\"video_height\":\"\",\"video_in_gallery\":\"\",\"meta\":{\"aperture\":\"2.5\",\"credit\":\"Kathrin Buschmann\",\"camera\":\"NIKON Z 8\",\"caption\":\"\",\"created_timestamp\":\"1786007189\",\"copyright\":\"Kathrin Buschmann Fotografie\",\"focal_length\":\"35\",\"iso\":\"640\",\"shutter_speed\":\"0.0015625\",\"title\":\"\",\"orientation\":\"1\",\"keywords\":null,\"alt\":null},\"thumbnail\":\"https:\\\/\\\/mesnerhaus.at\\\/wp-content\\\/uploads\\\/mesnerhaus-team-sebastian-bichler-sous-chef-01-1-150x150.jpg\",\"medium\":\"https:\\\/\\\/mesnerhaus.at\\\/wp-content\\\/uploads\\\/mesnerhaus-team-sebastian-bichler-sous-chef-01-1-300x200.jpg\",\"medium_large\":\"https:\\\/\\\/mesnerhaus.at\\\/wp-content\\\/uploads\\\/mesnerhaus-team-sebastian-bichler-sous-chef-01-1-768x512.jpg\",\"large\":\"https:\\\/\\\/mesnerhaus.at\\\/wp-content\\\/uploads\\\/mesnerhaus-team-sebastian-bichler-sous-chef-01-1-1024x683.jpg\",\"thumblist\":\"https:\\\/\\\/mesnerhaus.at\\\/wp-content\\\/uploads\\\/mesnerhaus-team-sebastian-bichler-sous-chef-01-1-300x300.jpg\",\"thumbrelated\":\"https:\\\/\\\/mesnerhaus.at\\\/wp-content\\\/uploads\\\/mesnerhaus-team-sebastian-bichler-sous-chef-01-1-500x500.jpg\",\"meccarouselthumb\":\"https:\\\/\\\/mesnerhaus.at\\\/wp-content\\\/uploads\\\/mesnerhaus-team-sebastian-bichler-sous-chef-01-1-474x324.jpg\",\"gridsquare\":\"https:\\\/\\\/mesnerhaus.at\\\/wp-content\\\/uploads\\\/mesnerhaus-team-sebastian-bichler-sous-chef-01-1-391x260.jpg\",\"tileview\":\"https:\\\/\\\/mesnerhaus.at\\\/wp-content\\\/uploads\\\/mesnerhaus-team-sebastian-bichler-sous-chef-01-1-300x400.jpg\",\"1536x1536\":\"https:\\\/\\\/mesnerhaus.at\\\/wp-content\\\/uploads\\\/mesnerhaus-team-sebastian-bichler-sous-chef-01-1-1536x1024.jpg\",\"2048x2048\":\"https:\\\/\\\/mesnerhaus.at\\\/wp-content\\\/uploads\\\/mesnerhaus-team-sebastian-bichler-sous-chef-01-1-2048x1365.jpg\",\"soulkitchen-uncropped\":\"https:\\\/\\\/mesnerhaus.at\\\/wp-content\\\/uploads\\\/mesnerhaus-team-sebastian-bichler-sous-chef-01-1-2308x1539.jpg\",\"soulkitchen-uncropped-largex2\":\"https:\\\/\\\/mesnerhaus.at\\\/wp-content\\\/uploads\\\/mesnerhaus-team-sebastian-bichler-sous-chef-01-1-1600x1067.jpg\",\"soulkitchen-uncropped-full\":\"https:\\\/\\\/mesnerhaus.at\\\/wp-content\\\/uploads\\\/mesnerhaus-team-sebastian-bichler-sous-chef-01-1-1200x800.jpg\",\"soulkitchen-uncropped-large\":\"https:\\\/\\\/mesnerhaus.at\\\/wp-content\\\/uploads\\\/mesnerhaus-team-sebastian-bichler-sous-chef-01-1-800x533.jpg\",\"soulkitchen-uncropped-medium\":\"https:\\\/\\\/mesnerhaus.at\\\/wp-content\\\/uploads\\\/mesnerhaus-team-sebastian-bichler-sous-chef-01-1-560x373.jpg\",\"soulkitchen-suare\":\"https:\\\/\\\/mesnerhaus.at\\\/wp-content\\\/uploads\\\/mesnerhaus-team-sebastian-bichler-sous-chef-01-1-2308x2308.jpg\",\"soulkitchen-square-largex2\":\"https:\\\/\\\/mesnerhaus.at\\\/wp-content\\\/uploads\\\/mesnerhaus-team-sebastian-bichler-sous-chef-01-1-1600x1600.jpg\",\"soulkitchen-square-full\":\"https:\\\/\\\/mesnerhaus.at\\\/wp-content\\\/uploads\\\/mesnerhaus-team-sebastian-bichler-sous-chef-01-1-1200x1200.jpg\",\"soulkitchen-square-large\":\"https:\\\/\\\/mesnerhaus.at\\\/wp-content\\\/uploads\\\/mesnerhaus-team-sebastian-bichler-sous-chef-01-1-800x800.jpg\",\"soulkitchen-square-medium\":\"https:\\\/\\\/mesnerhaus.at\\\/wp-content\\\/uploads\\\/mesnerhaus-team-sebastian-bichler-sous-chef-01-1-560x560.jpg\",\"soulkitchen-square-small\":\"https:\\\/\\\/mesnerhaus.at\\\/wp-content\\\/uploads\\\/mesnerhaus-team-sebastian-bichler-sous-chef-01-1-250x250.jpg\",\"soulkitchen-square-mini\":\"https:\\\/\\\/mesnerhaus.at\\\/wp-content\\\/uploads\\\/mesnerhaus-team-sebastian-bichler-sous-chef-01-1-120x120.jpg\",\"soulkitchen-portrait-full\":\"https:\\\/\\\/mesnerhaus.at\\\/wp-content\\\/uploads\\\/mesnerhaus-team-sebastian-bichler-sous-chef-01-1-1200x1800.jpg\",\"soulkitchen-portrait-large\":\"https:\\\/\\\/mesnerhaus.at\\\/wp-content\\\/uploads\\\/mesnerhaus-team-sebastian-bichler-sous-chef-01-1-800x1200.jpg\",\"soulkitchen-landscape\":\"https:\\\/\\\/mesnerhaus.at\\\/wp-content\\\/uploads\\\/mesnerhaus-team-sebastian-bichler-sous-chef-01-1-2308x1731.jpg\",\"soulkitchen-landscape-largex2\":\"https:\\\/\\\/mesnerhaus.at\\\/wp-content\\\/uploads\\\/mesnerhaus-team-sebastian-bichler-sous-chef-01-1-1600x1200.jpg\",\"soulkitchen-landscape-full\":\"https:\\\/\\\/mesnerhaus.at\\\/wp-content\\\/uploads\\\/mesnerhaus-team-sebastian-bichler-sous-chef-01-1-1200x900.jpg\",\"soulkitchen-landscape-large\":\"https:\\\/\\\/mesnerhaus.at\\\/wp-content\\\/uploads\\\/mesnerhaus-team-sebastian-bichler-sous-chef-01-1-800x600.jpg\",\"soulkitchen-landscape-medium\":\"https:\\\/\\\/mesnerhaus.at\\\/wp-content\\\/uploads\\\/mesnerhaus-team-sebastian-bichler-sous-chef-01-1-560x420.jpg\",\"soulkitchen-landscape-mini\":\"https:\\\/\\\/mesnerhaus.at\\\/wp-content\\\/uploads\\\/mesnerhaus-team-sebastian-bichler-sous-chef-01-1-120x90.jpg\",\"soulkitchen-landscapenarrow\":\"https:\\\/\\\/mesnerhaus.at\\\/wp-content\\\/uploads\\\/mesnerhaus-team-sebastian-bichler-sous-chef-01-1-2308x1154.jpg\",\"soulkitchen-landscapenarrow-largex2\":\"https:\\\/\\\/mesnerhaus.at\\\/wp-content\\\/uploads\\\/mesnerhaus-team-sebastian-bichler-sous-chef-01-1-1600x800.jpg\",\"soulkitchen-landscapenarrow-large\":\"https:\\\/\\\/mesnerhaus.at\\\/wp-content\\\/uploads\\\/mesnerhaus-team-sebastian-bichler-sous-chef-01-1-800x400.jpg\",\"full\":\"https:\\\/\\\/mesnerhaus.at\\\/wp-content\\\/uploads\\\/mesnerhaus-team-sebastian-bichler-sous-chef-01-1-scaled.jpg\",\"index\":3,\"id\":14304,\"video\":true,\"opts\":{\"caption\":\"\",\"thumb\":\"https:\\\/\\\/mesnerhaus.at\\\/wp-content\\\/uploads\\\/mesnerhaus-team-sebastian-bichler-sous-chef-01-1-150x150.jpg\",\"title\":\"mesnerhaus-team-sebastian-bichler-sous-chef-01\"},\"gallery_id\":\"14289\"},{\"status\":\"active\",\"src\":\"https:\\\/\\\/mesnerhaus.at\\\/wp-content\\\/uploads\\\/mesnerhaus-team-lisa-erber-lehrling-restaurantfachfrau-1-2048x1365.jpg\",\"title\":\"mesnerhaus-team-lisa-erber-lehrling-restaurantfachfrau\",\"link\":\"https:\\\/\\\/mesnerhaus.at\\\/wp-content\\\/uploads\\\/mesnerhaus-team-lisa-erber-lehrling-restaurantfachfrau-1-scaled.jpg\",\"alt\":\"Restaurantfachfrau-Lehrling Lisa Erber beim Eindecken eines Tisches\",\"caption\":false,\"thumb\":\"https:\\\/\\\/mesnerhaus.at\\\/wp-content\\\/uploads\\\/mesnerhaus-team-lisa-erber-lehrling-restaurantfachfrau-1-150x150.jpg\",\"tags\":[],\"video_aspect_ratio\":\"\",\"video_width\":\"\",\"video_height\":\"\",\"video_in_gallery\":\"\",\"meta\":{\"aperture\":\"2.8\",\"credit\":\"Kathrin Buschmann\",\"camera\":\"NIKON Z 8\",\"caption\":\"\",\"created_timestamp\":\"1786006546\",\"copyright\":\"Kathrin Buschmann Fotografie\",\"focal_length\":\"35\",\"iso\":\"2000\",\"shutter_speed\":\"0.002\",\"title\":\"\",\"orientation\":\"1\",\"keywords\":null,\"alt\":null},\"thumbnail\":\"https:\\\/\\\/mesnerhaus.at\\\/wp-content\\\/uploads\\\/mesnerhaus-team-lisa-erber-lehrling-restaurantfachfrau-1-150x150.jpg\",\"medium\":\"https:\\\/\\\/mesnerhaus.at\\\/wp-content\\\/uploads\\\/mesnerhaus-team-lisa-erber-lehrling-restaurantfachfrau-1-300x200.jpg\",\"medium_large\":\"https:\\\/\\\/mesnerhaus.at\\\/wp-content\\\/uploads\\\/mesnerhaus-team-lisa-erber-lehrling-restaurantfachfrau-1-768x512.jpg\",\"large\":\"https:\\\/\\\/mesnerhaus.at\\\/wp-content\\\/uploads\\\/mesnerhaus-team-lisa-erber-lehrling-restaurantfachfrau-1-1024x683.jpg\",\"thumblist\":\"https:\\\/\\\/mesnerhaus.at\\\/wp-content\\\/uploads\\\/mesnerhaus-team-lisa-erber-lehrling-restaurantfachfrau-1-300x300.jpg\",\"thumbrelated\":\"https:\\\/\\\/mesnerhaus.at\\\/wp-content\\\/uploads\\\/mesnerhaus-team-lisa-erber-lehrling-restaurantfachfrau-1-500x500.jpg\",\"meccarouselthumb\":\"https:\\\/\\\/mesnerhaus.at\\\/wp-content\\\/uploads\\\/mesnerhaus-team-lisa-erber-lehrling-restaurantfachfrau-1-474x324.jpg\",\"gridsquare\":\"https:\\\/\\\/mesnerhaus.at\\\/wp-content\\\/uploads\\\/mesnerhaus-team-lisa-erber-lehrling-restaurantfachfrau-1-391x260.jpg\",\"tileview\":\"https:\\\/\\\/mesnerhaus.at\\\/wp-content\\\/uploads\\\/mesnerhaus-team-lisa-erber-lehrling-restaurantfachfrau-1-300x400.jpg\",\"1536x1536\":\"https:\\\/\\\/mesnerhaus.at\\\/wp-content\\\/uploads\\\/mesnerhaus-team-lisa-erber-lehrling-restaurantfachfrau-1-1536x1024.jpg\",\"2048x2048\":\"https:\\\/\\\/mesnerhaus.at\\\/wp-content\\\/uploads\\\/mesnerhaus-team-lisa-erber-lehrling-restaurantfachfrau-1-2048x1365.jpg\",\"soulkitchen-uncropped\":\"https:\\\/\\\/mesnerhaus.at\\\/wp-content\\\/uploads\\\/mesnerhaus-team-lisa-erber-lehrling-restaurantfachfrau-1-2308x1539.jpg\",\"soulkitchen-uncropped-largex2\":\"https:\\\/\\\/mesnerhaus.at\\\/wp-content\\\/uploads\\\/mesnerhaus-team-lisa-erber-lehrling-restaurantfachfrau-1-1600x1067.jpg\",\"soulkitchen-uncropped-full\":\"https:\\\/\\\/mesnerhaus.at\\\/wp-content\\\/uploads\\\/mesnerhaus-team-lisa-erber-lehrling-restaurantfachfrau-1-1200x800.jpg\",\"soulkitchen-uncropped-large\":\"https:\\\/\\\/mesnerhaus.at\\\/wp-content\\\/uploads\\\/mesnerhaus-team-lisa-erber-lehrling-restaurantfachfrau-1-800x533.jpg\",\"soulkitchen-uncropped-medium\":\"https:\\\/\\\/mesnerhaus.at\\\/wp-content\\\/uploads\\\/mesnerhaus-team-lisa-erber-lehrling-restaurantfachfrau-1-560x373.jpg\",\"soulkitchen-suare\":\"https:\\\/\\\/mesnerhaus.at\\\/wp-content\\\/uploads\\\/mesnerhaus-team-lisa-erber-lehrling-restaurantfachfrau-1-2308x2308.jpg\",\"soulkitchen-square-largex2\":\"https:\\\/\\\/mesnerhaus.at\\\/wp-content\\\/uploads\\\/mesnerhaus-team-lisa-erber-lehrling-restaurantfachfrau-1-1600x1600.jpg\",\"soulkitchen-square-full\":\"https:\\\/\\\/mesnerhaus.at\\\/wp-content\\\/uploads\\\/mesnerhaus-team-lisa-erber-lehrling-restaurantfachfrau-1-1200x1200.jpg\",\"soulkitchen-square-large\":\"https:\\\/\\\/mesnerhaus.at\\\/wp-content\\\/uploads\\\/mesnerhaus-team-lisa-erber-lehrling-restaurantfachfrau-1-800x800.jpg\",\"soulkitchen-square-medium\":\"https:\\\/\\\/mesnerhaus.at\\\/wp-content\\\/uploads\\\/mesnerhaus-team-lisa-erber-lehrling-restaurantfachfrau-1-560x560.jpg\",\"soulkitchen-square-small\":\"https:\\\/\\\/mesnerhaus.at\\\/wp-content\\\/uploads\\\/mesnerhaus-team-lisa-erber-lehrling-restaurantfachfrau-1-250x250.jpg\",\"soulkitchen-square-mini\":\"https:\\\/\\\/mesnerhaus.at\\\/wp-content\\\/uploads\\\/mesnerhaus-team-lisa-erber-lehrling-restaurantfachfrau-1-120x120.jpg\",\"soulkitchen-portrait-full\":\"https:\\\/\\\/mesnerhaus.at\\\/wp-content\\\/uploads\\\/mesnerhaus-team-lisa-erber-lehrling-restaurantfachfrau-1-1200x1800.jpg\",\"soulkitchen-portrait-large\":\"https:\\\/\\\/mesnerhaus.at\\\/wp-content\\\/uploads\\\/mesnerhaus-team-lisa-erber-lehrling-restaurantfachfrau-1-800x1200.jpg\",\"soulkitchen-landscape\":\"https:\\\/\\\/mesnerhaus.at\\\/wp-content\\\/uploads\\\/mesnerhaus-team-lisa-erber-lehrling-restaurantfachfrau-1-2308x1731.jpg\",\"soulkitchen-landscape-largex2\":\"https:\\\/\\\/mesnerhaus.at\\\/wp-content\\\/uploads\\\/mesnerhaus-team-lisa-erber-lehrling-restaurantfachfrau-1-1600x1200.jpg\",\"soulkitchen-landscape-full\":\"https:\\\/\\\/mesnerhaus.at\\\/wp-content\\\/uploads\\\/mesnerhaus-team-lisa-erber-lehrling-restaurantfachfrau-1-1200x900.jpg\",\"soulkitchen-landscape-large\":\"https:\\\/\\\/mesnerhaus.at\\\/wp-content\\\/uploads\\\/mesnerhaus-team-lisa-erber-lehrling-restaurantfachfrau-1-800x600.jpg\",\"soulkitchen-landscape-medium\":\"https:\\\/\\\/mesnerhaus.at\\\/wp-content\\\/uploads\\\/mesnerhaus-team-lisa-erber-lehrling-restaurantfachfrau-1-560x420.jpg\",\"soulkitchen-landscape-mini\":\"https:\\\/\\\/mesnerhaus.at\\\/wp-content\\\/uploads\\\/mesnerhaus-team-lisa-erber-lehrling-restaurantfachfrau-1-120x90.jpg\",\"soulkitchen-landscapenarrow\":\"https:\\\/\\\/mesnerhaus.at\\\/wp-content\\\/uploads\\\/mesnerhaus-team-lisa-erber-lehrling-restaurantfachfrau-1-2308x1154.jpg\",\"soulkitchen-landscapenarrow-largex2\":\"https:\\\/\\\/mesnerhaus.at\\\/wp-content\\\/uploads\\\/mesnerhaus-team-lisa-erber-lehrling-restaurantfachfrau-1-1600x800.jpg\",\"soulkitchen-landscapenarrow-large\":\"https:\\\/\\\/mesnerhaus.at\\\/wp-content\\\/uploads\\\/mesnerhaus-team-lisa-erber-lehrling-restaurantfachfrau-1-800x400.jpg\",\"full\":\"https:\\\/\\\/mesnerhaus.at\\\/wp-content\\\/uploads\\\/mesnerhaus-team-lisa-erber-lehrling-restaurantfachfrau-1-scaled.jpg\",\"index\":4,\"id\":14298,\"video\":true,\"opts\":{\"caption\":\"\",\"thumb\":\"https:\\\/\\\/mesnerhaus.at\\\/wp-content\\\/uploads\\\/mesnerhaus-team-lisa-erber-lehrling-restaurantfachfrau-1-150x150.jpg\",\"title\":\"mesnerhaus-team-lisa-erber-lehrling-restaurantfachfrau\"},\"gallery_id\":\"14289\"},{\"status\":\"active\",\"src\":\"https:\\\/\\\/mesnerhaus.at\\\/wp-content\\\/uploads\\\/mesnerhaus-team-laura-kaml-lehrling-koechin-01-2048x1365.jpg\",\"title\":\"mesnerhaus-team-laura-kaml-lehrling-koechin-01\",\"link\":\"https:\\\/\\\/mesnerhaus.at\\\/wp-content\\\/uploads\\\/mesnerhaus-team-laura-kaml-lehrling-koechin-01-scaled.jpg\",\"alt\":\"K&ouml;chin-Lehrling Laura Kaml bei der Zubereitung in der Restaurantk&uuml;che\",\"caption\":false,\"thumb\":\"https:\\\/\\\/mesnerhaus.at\\\/wp-content\\\/uploads\\\/mesnerhaus-team-laura-kaml-lehrling-koechin-01-150x150.jpg\",\"tags\":[],\"video_aspect_ratio\":\"\",\"video_width\":\"\",\"video_height\":\"\",\"video_in_gallery\":\"\",\"meta\":{\"aperture\":\"3.5\",\"credit\":\"Kathrin Buschmann\",\"camera\":\"NIKON Z 8\",\"caption\":\"\",\"created_timestamp\":\"1786007037\",\"copyright\":\"Kathrin Buschmann Fotografie\",\"focal_length\":\"35\",\"iso\":\"500\",\"shutter_speed\":\"0.003125\",\"title\":\"\",\"orientation\":\"1\",\"keywords\":null,\"alt\":null},\"thumbnail\":\"https:\\\/\\\/mesnerhaus.at\\\/wp-content\\\/uploads\\\/mesnerhaus-team-laura-kaml-lehrling-koechin-01-150x150.jpg\",\"medium\":\"https:\\\/\\\/mesnerhaus.at\\\/wp-content\\\/uploads\\\/mesnerhaus-team-laura-kaml-lehrling-koechin-01-300x200.jpg\",\"medium_large\":\"https:\\\/\\\/mesnerhaus.at\\\/wp-content\\\/uploads\\\/mesnerhaus-team-laura-kaml-lehrling-koechin-01-768x512.jpg\",\"large\":\"https:\\\/\\\/mesnerhaus.at\\\/wp-content\\\/uploads\\\/mesnerhaus-team-laura-kaml-lehrling-koechin-01-1024x683.jpg\",\"thumblist\":\"https:\\\/\\\/mesnerhaus.at\\\/wp-content\\\/uploads\\\/mesnerhaus-team-laura-kaml-lehrling-koechin-01-300x300.jpg\",\"thumbrelated\":\"https:\\\/\\\/mesnerhaus.at\\\/wp-content\\\/uploads\\\/mesnerhaus-team-laura-kaml-lehrling-koechin-01-500x500.jpg\",\"meccarouselthumb\":\"https:\\\/\\\/mesnerhaus.at\\\/wp-content\\\/uploads\\\/mesnerhaus-team-laura-kaml-lehrling-koechin-01-474x324.jpg\",\"gridsquare\":\"https:\\\/\\\/mesnerhaus.at\\\/wp-content\\\/uploads\\\/mesnerhaus-team-laura-kaml-lehrling-koechin-01-391x260.jpg\",\"tileview\":\"https:\\\/\\\/mesnerhaus.at\\\/wp-content\\\/uploads\\\/mesnerhaus-team-laura-kaml-lehrling-koechin-01-300x400.jpg\",\"1536x1536\":\"https:\\\/\\\/mesnerhaus.at\\\/wp-content\\\/uploads\\\/mesnerhaus-team-laura-kaml-lehrling-koechin-01-1536x1024.jpg\",\"2048x2048\":\"https:\\\/\\\/mesnerhaus.at\\\/wp-content\\\/uploads\\\/mesnerhaus-team-laura-kaml-lehrling-koechin-01-2048x1365.jpg\",\"soulkitchen-uncropped\":\"https:\\\/\\\/mesnerhaus.at\\\/wp-content\\\/uploads\\\/mesnerhaus-team-laura-kaml-lehrling-koechin-01-2308x1539.jpg\",\"soulkitchen-uncropped-largex2\":\"https:\\\/\\\/mesnerhaus.at\\\/wp-content\\\/uploads\\\/mesnerhaus-team-laura-kaml-lehrling-koechin-01-1600x1067.jpg\",\"soulkitchen-uncropped-full\":\"https:\\\/\\\/mesnerhaus.at\\\/wp-content\\\/uploads\\\/mesnerhaus-team-laura-kaml-lehrling-koechin-01-1200x800.jpg\",\"soulkitchen-uncropped-large\":\"https:\\\/\\\/mesnerhaus.at\\\/wp-content\\\/uploads\\\/mesnerhaus-team-laura-kaml-lehrling-koechin-01-800x533.jpg\",\"soulkitchen-uncropped-medium\":\"https:\\\/\\\/mesnerhaus.at\\\/wp-content\\\/uploads\\\/mesnerhaus-team-laura-kaml-lehrling-koechin-01-560x373.jpg\",\"soulkitchen-suare\":\"https:\\\/\\\/mesnerhaus.at\\\/wp-content\\\/uploads\\\/mesnerhaus-team-laura-kaml-lehrling-koechin-01-2308x2308.jpg\",\"soulkitchen-square-largex2\":\"https:\\\/\\\/mesnerhaus.at\\\/wp-content\\\/uploads\\\/mesnerhaus-team-laura-kaml-lehrling-koechin-01-1600x1600.jpg\",\"soulkitchen-square-full\":\"https:\\\/\\\/mesnerhaus.at\\\/wp-content\\\/uploads\\\/mesnerhaus-team-laura-kaml-lehrling-koechin-01-1200x1200.jpg\",\"soulkitchen-square-large\":\"https:\\\/\\\/mesnerhaus.at\\\/wp-content\\\/uploads\\\/mesnerhaus-team-laura-kaml-lehrling-koechin-01-800x800.jpg\",\"soulkitchen-square-medium\":\"https:\\\/\\\/mesnerhaus.at\\\/wp-content\\\/uploads\\\/mesnerhaus-team-laura-kaml-lehrling-koechin-01-560x560.jpg\",\"soulkitchen-square-small\":\"https:\\\/\\\/mesnerhaus.at\\\/wp-content\\\/uploads\\\/mesnerhaus-team-laura-kaml-lehrling-koechin-01-250x250.jpg\",\"soulkitchen-square-mini\":\"https:\\\/\\\/mesnerhaus.at\\\/wp-content\\\/uploads\\\/mesnerhaus-team-laura-kaml-lehrling-koechin-01-120x120.jpg\",\"soulkitchen-portrait-full\":\"https:\\\/\\\/mesnerhaus.at\\\/wp-content\\\/uploads\\\/mesnerhaus-team-laura-kaml-lehrling-koechin-01-1200x1800.jpg\",\"soulkitchen-portrait-large\":\"https:\\\/\\\/mesnerhaus.at\\\/wp-content\\\/uploads\\\/mesnerhaus-team-laura-kaml-lehrling-koechin-01-800x1200.jpg\",\"soulkitchen-landscape\":\"https:\\\/\\\/mesnerhaus.at\\\/wp-content\\\/uploads\\\/mesnerhaus-team-laura-kaml-lehrling-koechin-01-2308x1731.jpg\",\"soulkitchen-landscape-largex2\":\"https:\\\/\\\/mesnerhaus.at\\\/wp-content\\\/uploads\\\/mesnerhaus-team-laura-kaml-lehrling-koechin-01-1600x1200.jpg\",\"soulkitchen-landscape-full\":\"https:\\\/\\\/mesnerhaus.at\\\/wp-content\\\/uploads\\\/mesnerhaus-team-laura-kaml-lehrling-koechin-01-1200x900.jpg\",\"soulkitchen-landscape-large\":\"https:\\\/\\\/mesnerhaus.at\\\/wp-content\\\/uploads\\\/mesnerhaus-team-laura-kaml-lehrling-koechin-01-800x600.jpg\",\"soulkitchen-landscape-medium\":\"https:\\\/\\\/mesnerhaus.at\\\/wp-content\\\/uploads\\\/mesnerhaus-team-laura-kaml-lehrling-koechin-01-560x420.jpg\",\"soulkitchen-landscape-mini\":\"https:\\\/\\\/mesnerhaus.at\\\/wp-content\\\/uploads\\\/mesnerhaus-team-laura-kaml-lehrling-koechin-01-120x90.jpg\",\"soulkitchen-landscapenarrow\":\"https:\\\/\\\/mesnerhaus.at\\\/wp-content\\\/uploads\\\/mesnerhaus-team-laura-kaml-lehrling-koechin-01-2308x1154.jpg\",\"soulkitchen-landscapenarrow-largex2\":\"https:\\\/\\\/mesnerhaus.at\\\/wp-content\\\/uploads\\\/mesnerhaus-team-laura-kaml-lehrling-koechin-01-1600x800.jpg\",\"soulkitchen-landscapenarrow-large\":\"https:\\\/\\\/mesnerhaus.at\\\/wp-content\\\/uploads\\\/mesnerhaus-team-laura-kaml-lehrling-koechin-01-800x400.jpg\",\"full\":\"https:\\\/\\\/mesnerhaus.at\\\/wp-content\\\/uploads\\\/mesnerhaus-team-laura-kaml-lehrling-koechin-01-scaled.jpg\",\"index\":5,\"id\":14296,\"video\":true,\"opts\":{\"caption\":\"\",\"thumb\":\"https:\\\/\\\/mesnerhaus.at\\\/wp-content\\\/uploads\\\/mesnerhaus-team-laura-kaml-lehrling-koechin-01-150x150.jpg\",\"title\":\"mesnerhaus-team-laura-kaml-lehrling-koechin-01\"},\"gallery_id\":\"14289\"},{\"status\":\"active\",\"src\":\"https:\\\/\\\/mesnerhaus.at\\\/wp-content\\\/uploads\\\/mesnerhaus-team-nusreta-pilav-facility-management-02-1-2048x1365.jpg\",\"title\":\"mesnerhaus-team-nusreta-pilav-facility-management-02\",\"link\":\"https:\\\/\\\/mesnerhaus.at\\\/wp-content\\\/uploads\\\/mesnerhaus-team-nusreta-pilav-facility-management-02-1-scaled.jpg\",\"alt\":\"Nusreta Pilav vom Facility Management mit gefalteten Handt&uuml;chern in einem Hotelbad\",\"caption\":false,\"thumb\":\"https:\\\/\\\/mesnerhaus.at\\\/wp-content\\\/uploads\\\/mesnerhaus-team-nusreta-pilav-facility-management-02-1-150x150.jpg\",\"tags\":[],\"video_aspect_ratio\":\"\",\"video_width\":\"\",\"video_height\":\"\",\"video_in_gallery\":\"\",\"meta\":{\"aperture\":\"3.5\",\"credit\":\"Kathrin Buschmann\",\"camera\":\"NIKON Z 8\",\"caption\":\"\",\"created_timestamp\":\"1786006432\",\"copyright\":\"Kathrin Buschmann Fotografie\",\"focal_length\":\"35\",\"iso\":\"2000\",\"shutter_speed\":\"0.002\",\"title\":\"\",\"orientation\":\"1\",\"keywords\":null,\"alt\":null},\"thumbnail\":\"https:\\\/\\\/mesnerhaus.at\\\/wp-content\\\/uploads\\\/mesnerhaus-team-nusreta-pilav-facility-management-02-1-150x150.jpg\",\"medium\":\"https:\\\/\\\/mesnerhaus.at\\\/wp-content\\\/uploads\\\/mesnerhaus-team-nusreta-pilav-facility-management-02-1-300x200.jpg\",\"medium_large\":\"https:\\\/\\\/mesnerhaus.at\\\/wp-content\\\/uploads\\\/mesnerhaus-team-nusreta-pilav-facility-management-02-1-768x512.jpg\",\"large\":\"https:\\\/\\\/mesnerhaus.at\\\/wp-content\\\/uploads\\\/mesnerhaus-team-nusreta-pilav-facility-management-02-1-1024x683.jpg\",\"thumblist\":\"https:\\\/\\\/mesnerhaus.at\\\/wp-content\\\/uploads\\\/mesnerhaus-team-nusreta-pilav-facility-management-02-1-300x300.jpg\",\"thumbrelated\":\"https:\\\/\\\/mesnerhaus.at\\\/wp-content\\\/uploads\\\/mesnerhaus-team-nusreta-pilav-facility-management-02-1-500x500.jpg\",\"meccarouselthumb\":\"https:\\\/\\\/mesnerhaus.at\\\/wp-content\\\/uploads\\\/mesnerhaus-team-nusreta-pilav-facility-management-02-1-474x324.jpg\",\"gridsquare\":\"https:\\\/\\\/mesnerhaus.at\\\/wp-content\\\/uploads\\\/mesnerhaus-team-nusreta-pilav-facility-management-02-1-391x260.jpg\",\"tileview\":\"https:\\\/\\\/mesnerhaus.at\\\/wp-content\\\/uploads\\\/mesnerhaus-team-nusreta-pilav-facility-management-02-1-300x400.jpg\",\"1536x1536\":\"https:\\\/\\\/mesnerhaus.at\\\/wp-content\\\/uploads\\\/mesnerhaus-team-nusreta-pilav-facility-management-02-1-1536x1024.jpg\",\"2048x2048\":\"https:\\\/\\\/mesnerhaus.at\\\/wp-content\\\/uploads\\\/mesnerhaus-team-nusreta-pilav-facility-management-02-1-2048x1365.jpg\",\"soulkitchen-uncropped\":\"https:\\\/\\\/mesnerhaus.at\\\/wp-content\\\/uploads\\\/mesnerhaus-team-nusreta-pilav-facility-management-02-1-2308x1539.jpg\",\"soulkitchen-uncropped-largex2\":\"https:\\\/\\\/mesnerhaus.at\\\/wp-content\\\/uploads\\\/mesnerhaus-team-nusreta-pilav-facility-management-02-1-1600x1067.jpg\",\"soulkitchen-uncropped-full\":\"https:\\\/\\\/mesnerhaus.at\\\/wp-content\\\/uploads\\\/mesnerhaus-team-nusreta-pilav-facility-management-02-1-1200x800.jpg\",\"soulkitchen-uncropped-large\":\"https:\\\/\\\/mesnerhaus.at\\\/wp-content\\\/uploads\\\/mesnerhaus-team-nusreta-pilav-facility-management-02-1-800x533.jpg\",\"soulkitchen-uncropped-medium\":\"https:\\\/\\\/mesnerhaus.at\\\/wp-content\\\/uploads\\\/mesnerhaus-team-nusreta-pilav-facility-management-02-1-560x373.jpg\",\"soulkitchen-suare\":\"https:\\\/\\\/mesnerhaus.at\\\/wp-content\\\/uploads\\\/mesnerhaus-team-nusreta-pilav-facility-management-02-1-2308x2308.jpg\",\"soulkitchen-square-largex2\":\"https:\\\/\\\/mesnerhaus.at\\\/wp-content\\\/uploads\\\/mesnerhaus-team-nusreta-pilav-facility-management-02-1-1600x1600.jpg\",\"soulkitchen-square-full\":\"https:\\\/\\\/mesnerhaus.at\\\/wp-content\\\/uploads\\\/mesnerhaus-team-nusreta-pilav-facility-management-02-1-1200x1200.jpg\",\"soulkitchen-square-large\":\"https:\\\/\\\/mesnerhaus.at\\\/wp-content\\\/uploads\\\/mesnerhaus-team-nusreta-pilav-facility-management-02-1-800x800.jpg\",\"soulkitchen-square-medium\":\"https:\\\/\\\/mesnerhaus.at\\\/wp-content\\\/uploads\\\/mesnerhaus-team-nusreta-pilav-facility-management-02-1-560x560.jpg\",\"soulkitchen-square-small\":\"https:\\\/\\\/mesnerhaus.at\\\/wp-content\\\/uploads\\\/mesnerhaus-team-nusreta-pilav-facility-management-02-1-250x250.jpg\",\"soulkitchen-square-mini\":\"https:\\\/\\\/mesnerhaus.at\\\/wp-content\\\/uploads\\\/mesnerhaus-team-nusreta-pilav-facility-management-02-1-120x120.jpg\",\"soulkitchen-portrait-full\":\"https:\\\/\\\/mesnerhaus.at\\\/wp-content\\\/uploads\\\/mesnerhaus-team-nusreta-pilav-facility-management-02-1-1200x1800.jpg\",\"soulkitchen-portrait-large\":\"https:\\\/\\\/mesnerhaus.at\\\/wp-content\\\/uploads\\\/mesnerhaus-team-nusreta-pilav-facility-management-02-1-800x1200.jpg\",\"soulkitchen-landscape\":\"https:\\\/\\\/mesnerhaus.at\\\/wp-content\\\/uploads\\\/mesnerhaus-team-nusreta-pilav-facility-management-02-1-2308x1731.jpg\",\"soulkitchen-landscape-largex2\":\"https:\\\/\\\/mesnerhaus.at\\\/wp-content\\\/uploads\\\/mesnerhaus-team-nusreta-pilav-facility-management-02-1-1600x1200.jpg\",\"soulkitchen-landscape-full\":\"https:\\\/\\\/mesnerhaus.at\\\/wp-content\\\/uploads\\\/mesnerhaus-team-nusreta-pilav-facility-management-02-1-1200x900.jpg\",\"soulkitchen-landscape-large\":\"https:\\\/\\\/mesnerhaus.at\\\/wp-content\\\/uploads\\\/mesnerhaus-team-nusreta-pilav-facility-management-02-1-800x600.jpg\",\"soulkitchen-landscape-medium\":\"https:\\\/\\\/mesnerhaus.at\\\/wp-content\\\/uploads\\\/mesnerhaus-team-nusreta-pilav-facility-management-02-1-560x420.jpg\",\"soulkitchen-landscape-mini\":\"https:\\\/\\\/mesnerhaus.at\\\/wp-content\\\/uploads\\\/mesnerhaus-team-nusreta-pilav-facility-management-02-1-120x90.jpg\",\"soulkitchen-landscapenarrow\":\"https:\\\/\\\/mesnerhaus.at\\\/wp-content\\\/uploads\\\/mesnerhaus-team-nusreta-pilav-facility-management-02-1-2308x1154.jpg\",\"soulkitchen-landscapenarrow-largex2\":\"https:\\\/\\\/mesnerhaus.at\\\/wp-content\\\/uploads\\\/mesnerhaus-team-nusreta-pilav-facility-management-02-1-1600x800.jpg\",\"soulkitchen-landscapenarrow-large\":\"https:\\\/\\\/mesnerhaus.at\\\/wp-content\\\/uploads\\\/mesnerhaus-team-nusreta-pilav-facility-management-02-1-800x400.jpg\",\"full\":\"https:\\\/\\\/mesnerhaus.at\\\/wp-content\\\/uploads\\\/mesnerhaus-team-nusreta-pilav-facility-management-02-1-scaled.jpg\",\"index\":6,\"id\":14303,\"video\":true,\"opts\":{\"caption\":\"\",\"thumb\":\"https:\\\/\\\/mesnerhaus.at\\\/wp-content\\\/uploads\\\/mesnerhaus-team-nusreta-pilav-facility-management-02-1-150x150.jpg\",\"title\":\"mesnerhaus-team-nusreta-pilav-facility-management-02\"},\"gallery_id\":\"14289\"},{\"status\":\"active\",\"src\":\"https:\\\/\\\/mesnerhaus.at\\\/wp-content\\\/uploads\\\/mesnerhaus-team-aagnima-sherpa-steward-01-2048x1365.jpg\",\"title\":\"mesnerhaus-team-aagnima-sherpa-steward-01\",\"link\":\"https:\\\/\\\/mesnerhaus.at\\\/wp-content\\\/uploads\\\/mesnerhaus-team-aagnima-sherpa-steward-01-scaled.jpg\",\"alt\":\"Steward Aagnima Sherpa beim Einr&auml;umen von Geschirr in der Restaurantk&uuml;che\",\"caption\":false,\"thumb\":\"https:\\\/\\\/mesnerhaus.at\\\/wp-content\\\/uploads\\\/mesnerhaus-team-aagnima-sherpa-steward-01-150x150.jpg\",\"tags\":[],\"video_aspect_ratio\":\"\",\"video_width\":\"\",\"video_height\":\"\",\"video_in_gallery\":\"\",\"meta\":{\"aperture\":\"2\",\"credit\":\"Kathrin Buschmann\",\"camera\":\"NIKON Z 8\",\"caption\":\"\",\"created_timestamp\":\"1786009435\",\"copyright\":\"Kathrin Buschmann Fotografie\",\"focal_length\":\"35\",\"iso\":\"400\",\"shutter_speed\":\"0.004\",\"title\":\"\",\"orientation\":\"1\",\"keywords\":null,\"alt\":null},\"thumbnail\":\"https:\\\/\\\/mesnerhaus.at\\\/wp-content\\\/uploads\\\/mesnerhaus-team-aagnima-sherpa-steward-01-150x150.jpg\",\"medium\":\"https:\\\/\\\/mesnerhaus.at\\\/wp-content\\\/uploads\\\/mesnerhaus-team-aagnima-sherpa-steward-01-300x200.jpg\",\"medium_large\":\"https:\\\/\\\/mesnerhaus.at\\\/wp-content\\\/uploads\\\/mesnerhaus-team-aagnima-sherpa-steward-01-768x512.jpg\",\"large\":\"https:\\\/\\\/mesnerhaus.at\\\/wp-content\\\/uploads\\\/mesnerhaus-team-aagnima-sherpa-steward-01-1024x683.jpg\",\"thumblist\":\"https:\\\/\\\/mesnerhaus.at\\\/wp-content\\\/uploads\\\/mesnerhaus-team-aagnima-sherpa-steward-01-300x300.jpg\",\"thumbrelated\":\"https:\\\/\\\/mesnerhaus.at\\\/wp-content\\\/uploads\\\/mesnerhaus-team-aagnima-sherpa-steward-01-500x500.jpg\",\"meccarouselthumb\":\"https:\\\/\\\/mesnerhaus.at\\\/wp-content\\\/uploads\\\/mesnerhaus-team-aagnima-sherpa-steward-01-474x324.jpg\",\"gridsquare\":\"https:\\\/\\\/mesnerhaus.at\\\/wp-content\\\/uploads\\\/mesnerhaus-team-aagnima-sherpa-steward-01-391x260.jpg\",\"tileview\":\"https:\\\/\\\/mesnerhaus.at\\\/wp-content\\\/uploads\\\/mesnerhaus-team-aagnima-sherpa-steward-01-300x400.jpg\",\"1536x1536\":\"https:\\\/\\\/mesnerhaus.at\\\/wp-content\\\/uploads\\\/mesnerhaus-team-aagnima-sherpa-steward-01-1536x1024.jpg\",\"2048x2048\":\"https:\\\/\\\/mesnerhaus.at\\\/wp-content\\\/uploads\\\/mesnerhaus-team-aagnima-sherpa-steward-01-2048x1365.jpg\",\"soulkitchen-uncropped\":\"https:\\\/\\\/mesnerhaus.at\\\/wp-content\\\/uploads\\\/mesnerhaus-team-aagnima-sherpa-steward-01-2308x1539.jpg\",\"soulkitchen-uncropped-largex2\":\"https:\\\/\\\/mesnerhaus.at\\\/wp-content\\\/uploads\\\/mesnerhaus-team-aagnima-sherpa-steward-01-1600x1067.jpg\",\"soulkitchen-uncropped-full\":\"https:\\\/\\\/mesnerhaus.at\\\/wp-content\\\/uploads\\\/mesnerhaus-team-aagnima-sherpa-steward-01-1200x800.jpg\",\"soulkitchen-uncropped-large\":\"https:\\\/\\\/mesnerhaus.at\\\/wp-content\\\/uploads\\\/mesnerhaus-team-aagnima-sherpa-steward-01-800x533.jpg\",\"soulkitchen-uncropped-medium\":\"https:\\\/\\\/mesnerhaus.at\\\/wp-content\\\/uploads\\\/mesnerhaus-team-aagnima-sherpa-steward-01-560x373.jpg\",\"soulkitchen-suare\":\"https:\\\/\\\/mesnerhaus.at\\\/wp-content\\\/uploads\\\/mesnerhaus-team-aagnima-sherpa-steward-01-2308x2308.jpg\",\"soulkitchen-square-largex2\":\"https:\\\/\\\/mesnerhaus.at\\\/wp-content\\\/uploads\\\/mesnerhaus-team-aagnima-sherpa-steward-01-1600x1600.jpg\",\"soulkitchen-square-full\":\"https:\\\/\\\/mesnerhaus.at\\\/wp-content\\\/uploads\\\/mesnerhaus-team-aagnima-sherpa-steward-01-1200x1200.jpg\",\"soulkitchen-square-large\":\"https:\\\/\\\/mesnerhaus.at\\\/wp-content\\\/uploads\\\/mesnerhaus-team-aagnima-sherpa-steward-01-800x800.jpg\",\"soulkitchen-square-medium\":\"https:\\\/\\\/mesnerhaus.at\\\/wp-content\\\/uploads\\\/mesnerhaus-team-aagnima-sherpa-steward-01-560x560.jpg\",\"soulkitchen-square-small\":\"https:\\\/\\\/mesnerhaus.at\\\/wp-content\\\/uploads\\\/mesnerhaus-team-aagnima-sherpa-steward-01-250x250.jpg\",\"soulkitchen-square-mini\":\"https:\\\/\\\/mesnerhaus.at\\\/wp-content\\\/uploads\\\/mesnerhaus-team-aagnima-sherpa-steward-01-120x120.jpg\",\"soulkitchen-portrait-full\":\"https:\\\/\\\/mesnerhaus.at\\\/wp-content\\\/uploads\\\/mesnerhaus-team-aagnima-sherpa-steward-01-1200x1800.jpg\",\"soulkitchen-portrait-large\":\"https:\\\/\\\/mesnerhaus.at\\\/wp-content\\\/uploads\\\/mesnerhaus-team-aagnima-sherpa-steward-01-800x1200.jpg\",\"soulkitchen-landscape\":\"https:\\\/\\\/mesnerhaus.at\\\/wp-content\\\/uploads\\\/mesnerhaus-team-aagnima-sherpa-steward-01-2308x1731.jpg\",\"soulkitchen-landscape-largex2\":\"https:\\\/\\\/mesnerhaus.at\\\/wp-content\\\/uploads\\\/mesnerhaus-team-aagnima-sherpa-steward-01-1600x1200.jpg\",\"soulkitchen-landscape-full\":\"https:\\\/\\\/mesnerhaus.at\\\/wp-content\\\/uploads\\\/mesnerhaus-team-aagnima-sherpa-steward-01-1200x900.jpg\",\"soulkitchen-landscape-large\":\"https:\\\/\\\/mesnerhaus.at\\\/wp-content\\\/uploads\\\/mesnerhaus-team-aagnima-sherpa-steward-01-800x600.jpg\",\"soulkitchen-landscape-medium\":\"https:\\\/\\\/mesnerhaus.at\\\/wp-content\\\/uploads\\\/mesnerhaus-team-aagnima-sherpa-steward-01-560x420.jpg\",\"soulkitchen-landscape-mini\":\"https:\\\/\\\/mesnerhaus.at\\\/wp-content\\\/uploads\\\/mesnerhaus-team-aagnima-sherpa-steward-01-120x90.jpg\",\"soulkitchen-landscapenarrow\":\"https:\\\/\\\/mesnerhaus.at\\\/wp-content\\\/uploads\\\/mesnerhaus-team-aagnima-sherpa-steward-01-2308x1154.jpg\",\"soulkitchen-landscapenarrow-largex2\":\"https:\\\/\\\/mesnerhaus.at\\\/wp-content\\\/uploads\\\/mesnerhaus-team-aagnima-sherpa-steward-01-1600x800.jpg\",\"soulkitchen-landscapenarrow-large\":\"https:\\\/\\\/mesnerhaus.at\\\/wp-content\\\/uploads\\\/mesnerhaus-team-aagnima-sherpa-steward-01-800x400.jpg\",\"full\":\"https:\\\/\\\/mesnerhaus.at\\\/wp-content\\\/uploads\\\/mesnerhaus-team-aagnima-sherpa-steward-01-scaled.jpg\",\"index\":7,\"id\":14292,\"video\":true,\"opts\":{\"caption\":\"\",\"thumb\":\"https:\\\/\\\/mesnerhaus.at\\\/wp-content\\\/uploads\\\/mesnerhaus-team-aagnima-sherpa-steward-01-150x150.jpg\",\"title\":\"mesnerhaus-team-aagnima-sherpa-steward-01\"},\"gallery_id\":\"14289\"},{\"status\":\"active\",\"src\":\"https:\\\/\\\/mesnerhaus.at\\\/wp-content\\\/uploads\\\/mesnerhaus-team-sebastian-bichler-sous-chef-02-2048x1365.jpg\",\"title\":\"mesnerhaus-team-sebastian-bichler-sous-chef-02\",\"link\":\"https:\\\/\\\/mesnerhaus.at\\\/wp-content\\\/uploads\\\/mesnerhaus-team-sebastian-bichler-sous-chef-02-scaled.jpg\",\"alt\":\"Sous-Chef Sebastian Bichler bei einem Portr&auml;t auf der Terrasse\",\"caption\":false,\"thumb\":\"https:\\\/\\\/mesnerhaus.at\\\/wp-content\\\/uploads\\\/mesnerhaus-team-sebastian-bichler-sous-chef-02-150x150.jpg\",\"tags\":[],\"video_aspect_ratio\":\"\",\"video_width\":\"\",\"video_height\":\"\",\"video_in_gallery\":\"\",\"meta\":{\"aperture\":\"2.5\",\"credit\":\"Kathrin Buschmann\",\"camera\":\"NIKON Z 7_2\",\"caption\":\"\",\"created_timestamp\":\"1743683738\",\"copyright\":\"Kathrin Buschmann Fotografie\",\"focal_length\":\"35\",\"iso\":\"160\",\"shutter_speed\":\"0.00125\",\"title\":\"\",\"orientation\":\"1\",\"keywords\":null,\"alt\":null},\"thumbnail\":\"https:\\\/\\\/mesnerhaus.at\\\/wp-content\\\/uploads\\\/mesnerhaus-team-sebastian-bichler-sous-chef-02-150x150.jpg\",\"medium\":\"https:\\\/\\\/mesnerhaus.at\\\/wp-content\\\/uploads\\\/mesnerhaus-team-sebastian-bichler-sous-chef-02-300x200.jpg\",\"medium_large\":\"https:\\\/\\\/mesnerhaus.at\\\/wp-content\\\/uploads\\\/mesnerhaus-team-sebastian-bichler-sous-chef-02-768x512.jpg\",\"large\":\"https:\\\/\\\/mesnerhaus.at\\\/wp-content\\\/uploads\\\/mesnerhaus-team-sebastian-bichler-sous-chef-02-1024x683.jpg\",\"thumblist\":\"https:\\\/\\\/mesnerhaus.at\\\/wp-content\\\/uploads\\\/mesnerhaus-team-sebastian-bichler-sous-chef-02-300x300.jpg\",\"thumbrelated\":\"https:\\\/\\\/mesnerhaus.at\\\/wp-content\\\/uploads\\\/mesnerhaus-team-sebastian-bichler-sous-chef-02-500x500.jpg\",\"meccarouselthumb\":\"https:\\\/\\\/mesnerhaus.at\\\/wp-content\\\/uploads\\\/mesnerhaus-team-sebastian-bichler-sous-chef-02-474x324.jpg\",\"gridsquare\":\"https:\\\/\\\/mesnerhaus.at\\\/wp-content\\\/uploads\\\/mesnerhaus-team-sebastian-bichler-sous-chef-02-391x260.jpg\",\"tileview\":\"https:\\\/\\\/mesnerhaus.at\\\/wp-content\\\/uploads\\\/mesnerhaus-team-sebastian-bichler-sous-chef-02-300x400.jpg\",\"1536x1536\":\"https:\\\/\\\/mesnerhaus.at\\\/wp-content\\\/uploads\\\/mesnerhaus-team-sebastian-bichler-sous-chef-02-1536x1024.jpg\",\"2048x2048\":\"https:\\\/\\\/mesnerhaus.at\\\/wp-content\\\/uploads\\\/mesnerhaus-team-sebastian-bichler-sous-chef-02-2048x1365.jpg\",\"soulkitchen-uncropped\":\"https:\\\/\\\/mesnerhaus.at\\\/wp-content\\\/uploads\\\/mesnerhaus-team-sebastian-bichler-sous-chef-02-2308x1539.jpg\",\"soulkitchen-uncropped-largex2\":\"https:\\\/\\\/mesnerhaus.at\\\/wp-content\\\/uploads\\\/mesnerhaus-team-sebastian-bichler-sous-chef-02-1600x1067.jpg\",\"soulkitchen-uncropped-full\":\"https:\\\/\\\/mesnerhaus.at\\\/wp-content\\\/uploads\\\/mesnerhaus-team-sebastian-bichler-sous-chef-02-1200x800.jpg\",\"soulkitchen-uncropped-large\":\"https:\\\/\\\/mesnerhaus.at\\\/wp-content\\\/uploads\\\/mesnerhaus-team-sebastian-bichler-sous-chef-02-800x533.jpg\",\"soulkitchen-uncropped-medium\":\"https:\\\/\\\/mesnerhaus.at\\\/wp-content\\\/uploads\\\/mesnerhaus-team-sebastian-bichler-sous-chef-02-560x373.jpg\",\"soulkitchen-suare\":\"https:\\\/\\\/mesnerhaus.at\\\/wp-content\\\/uploads\\\/mesnerhaus-team-sebastian-bichler-sous-chef-02-2308x2308.jpg\",\"soulkitchen-square-largex2\":\"https:\\\/\\\/mesnerhaus.at\\\/wp-content\\\/uploads\\\/mesnerhaus-team-sebastian-bichler-sous-chef-02-1600x1600.jpg\",\"soulkitchen-square-full\":\"https:\\\/\\\/mesnerhaus.at\\\/wp-content\\\/uploads\\\/mesnerhaus-team-sebastian-bichler-sous-chef-02-1200x1200.jpg\",\"soulkitchen-square-large\":\"https:\\\/\\\/mesnerhaus.at\\\/wp-content\\\/uploads\\\/mesnerhaus-team-sebastian-bichler-sous-chef-02-800x800.jpg\",\"soulkitchen-square-medium\":\"https:\\\/\\\/mesnerhaus.at\\\/wp-content\\\/uploads\\\/mesnerhaus-team-sebastian-bichler-sous-chef-02-560x560.jpg\",\"soulkitchen-square-small\":\"https:\\\/\\\/mesnerhaus.at\\\/wp-content\\\/uploads\\\/mesnerhaus-team-sebastian-bichler-sous-chef-02-250x250.jpg\",\"soulkitchen-square-mini\":\"https:\\\/\\\/mesnerhaus.at\\\/wp-content\\\/uploads\\\/mesnerhaus-team-sebastian-bichler-sous-chef-02-120x120.jpg\",\"soulkitchen-portrait-full\":\"https:\\\/\\\/mesnerhaus.at\\\/wp-content\\\/uploads\\\/mesnerhaus-team-sebastian-bichler-sous-chef-02-1200x1800.jpg\",\"soulkitchen-portrait-large\":\"https:\\\/\\\/mesnerhaus.at\\\/wp-content\\\/uploads\\\/mesnerhaus-team-sebastian-bichler-sous-chef-02-800x1200.jpg\",\"soulkitchen-landscape\":\"https:\\\/\\\/mesnerhaus.at\\\/wp-content\\\/uploads\\\/mesnerhaus-team-sebastian-bichler-sous-chef-02-2308x1731.jpg\",\"soulkitchen-landscape-largex2\":\"https:\\\/\\\/mesnerhaus.at\\\/wp-content\\\/uploads\\\/mesnerhaus-team-sebastian-bichler-sous-chef-02-1600x1200.jpg\",\"soulkitchen-landscape-full\":\"https:\\\/\\\/mesnerhaus.at\\\/wp-content\\\/uploads\\\/mesnerhaus-team-sebastian-bichler-sous-chef-02-1200x900.jpg\",\"soulkitchen-landscape-large\":\"https:\\\/\\\/mesnerhaus.at\\\/wp-content\\\/uploads\\\/mesnerhaus-team-sebastian-bichler-sous-chef-02-800x600.jpg\",\"soulkitchen-landscape-medium\":\"https:\\\/\\\/mesnerhaus.at\\\/wp-content\\\/uploads\\\/mesnerhaus-team-sebastian-bichler-sous-chef-02-560x420.jpg\",\"soulkitchen-landscape-mini\":\"https:\\\/\\\/mesnerhaus.at\\\/wp-content\\\/uploads\\\/mesnerhaus-team-sebastian-bichler-sous-chef-02-120x90.jpg\",\"soulkitchen-landscapenarrow\":\"https:\\\/\\\/mesnerhaus.at\\\/wp-content\\\/uploads\\\/mesnerhaus-team-sebastian-bichler-sous-chef-02-2308x1154.jpg\",\"soulkitchen-landscapenarrow-largex2\":\"https:\\\/\\\/mesnerhaus.at\\\/wp-content\\\/uploads\\\/mesnerhaus-team-sebastian-bichler-sous-chef-02-1600x800.jpg\",\"soulkitchen-landscapenarrow-large\":\"https:\\\/\\\/mesnerhaus.at\\\/wp-content\\\/uploads\\\/mesnerhaus-team-sebastian-bichler-sous-chef-02-800x400.jpg\",\"full\":\"https:\\\/\\\/mesnerhaus.at\\\/wp-content\\\/uploads\\\/mesnerhaus-team-sebastian-bichler-sous-chef-02-scaled.jpg\",\"index\":8,\"id\":14305,\"video\":true,\"opts\":{\"caption\":\"\",\"thumb\":\"https:\\\/\\\/mesnerhaus.at\\\/wp-content\\\/uploads\\\/mesnerhaus-team-sebastian-bichler-sous-chef-02-150x150.jpg\",\"title\":\"mesnerhaus-team-sebastian-bichler-sous-chef-02\"},\"gallery_id\":\"14289\"},{\"status\":\"active\",\"src\":\"https:\\\/\\\/mesnerhaus.at\\\/wp-content\\\/uploads\\\/mesnerhaus-team-lisa-erber-lehrling-restaurantfachfrau-02-1-2048x1365.jpg\",\"title\":\"mesnerhaus-team-lisa-erber-lehrling-restaurantfachfrau-02\",\"link\":\"https:\\\/\\\/mesnerhaus.at\\\/wp-content\\\/uploads\\\/mesnerhaus-team-lisa-erber-lehrling-restaurantfachfrau-02-1-scaled.jpg\",\"alt\":\"Restaurantfachfrau-Lehrling Lisa Erber beim Eindecken eines Tisches im Gastraum\",\"caption\":false,\"thumb\":\"https:\\\/\\\/mesnerhaus.at\\\/wp-content\\\/uploads\\\/mesnerhaus-team-lisa-erber-lehrling-restaurantfachfrau-02-1-150x150.jpg\",\"tags\":[],\"video_aspect_ratio\":\"\",\"video_width\":\"\",\"video_height\":\"\",\"video_in_gallery\":\"\",\"meta\":{\"aperture\":\"3.2\",\"credit\":\"Kathrin Buschmann\",\"camera\":\"NIKON Z 8\",\"caption\":\"\",\"created_timestamp\":\"1786006537\",\"copyright\":\"Kathrin Buschmann Fotografie\",\"focal_length\":\"35\",\"iso\":\"2000\",\"shutter_speed\":\"0.002\",\"title\":\"\",\"orientation\":\"1\",\"keywords\":null,\"alt\":null},\"thumbnail\":\"https:\\\/\\\/mesnerhaus.at\\\/wp-content\\\/uploads\\\/mesnerhaus-team-lisa-erber-lehrling-restaurantfachfrau-02-1-150x150.jpg\",\"medium\":\"https:\\\/\\\/mesnerhaus.at\\\/wp-content\\\/uploads\\\/mesnerhaus-team-lisa-erber-lehrling-restaurantfachfrau-02-1-300x200.jpg\",\"medium_large\":\"https:\\\/\\\/mesnerhaus.at\\\/wp-content\\\/uploads\\\/mesnerhaus-team-lisa-erber-lehrling-restaurantfachfrau-02-1-768x512.jpg\",\"large\":\"https:\\\/\\\/mesnerhaus.at\\\/wp-content\\\/uploads\\\/mesnerhaus-team-lisa-erber-lehrling-restaurantfachfrau-02-1-1024x683.jpg\",\"thumblist\":\"https:\\\/\\\/mesnerhaus.at\\\/wp-content\\\/uploads\\\/mesnerhaus-team-lisa-erber-lehrling-restaurantfachfrau-02-1-300x300.jpg\",\"thumbrelated\":\"https:\\\/\\\/mesnerhaus.at\\\/wp-content\\\/uploads\\\/mesnerhaus-team-lisa-erber-lehrling-restaurantfachfrau-02-1-500x500.jpg\",\"meccarouselthumb\":\"https:\\\/\\\/mesnerhaus.at\\\/wp-content\\\/uploads\\\/mesnerhaus-team-lisa-erber-lehrling-restaurantfachfrau-02-1-474x324.jpg\",\"gridsquare\":\"https:\\\/\\\/mesnerhaus.at\\\/wp-content\\\/uploads\\\/mesnerhaus-team-lisa-erber-lehrling-restaurantfachfrau-02-1-391x260.jpg\",\"tileview\":\"https:\\\/\\\/mesnerhaus.at\\\/wp-content\\\/uploads\\\/mesnerhaus-team-lisa-erber-lehrling-restaurantfachfrau-02-1-300x400.jpg\",\"1536x1536\":\"https:\\\/\\\/mesnerhaus.at\\\/wp-content\\\/uploads\\\/mesnerhaus-team-lisa-erber-lehrling-restaurantfachfrau-02-1-1536x1024.jpg\",\"2048x2048\":\"https:\\\/\\\/mesnerhaus.at\\\/wp-content\\\/uploads\\\/mesnerhaus-team-lisa-erber-lehrling-restaurantfachfrau-02-1-2048x1365.jpg\",\"soulkitchen-uncropped\":\"https:\\\/\\\/mesnerhaus.at\\\/wp-content\\\/uploads\\\/mesnerhaus-team-lisa-erber-lehrling-restaurantfachfrau-02-1-2308x1539.jpg\",\"soulkitchen-uncropped-largex2\":\"https:\\\/\\\/mesnerhaus.at\\\/wp-content\\\/uploads\\\/mesnerhaus-team-lisa-erber-lehrling-restaurantfachfrau-02-1-1600x1067.jpg\",\"soulkitchen-uncropped-full\":\"https:\\\/\\\/mesnerhaus.at\\\/wp-content\\\/uploads\\\/mesnerhaus-team-lisa-erber-lehrling-restaurantfachfrau-02-1-1200x800.jpg\",\"soulkitchen-uncropped-large\":\"https:\\\/\\\/mesnerhaus.at\\\/wp-content\\\/uploads\\\/mesnerhaus-team-lisa-erber-lehrling-restaurantfachfrau-02-1-800x533.jpg\",\"soulkitchen-uncropped-medium\":\"https:\\\/\\\/mesnerhaus.at\\\/wp-content\\\/uploads\\\/mesnerhaus-team-lisa-erber-lehrling-restaurantfachfrau-02-1-560x373.jpg\",\"soulkitchen-suare\":\"https:\\\/\\\/mesnerhaus.at\\\/wp-content\\\/uploads\\\/mesnerhaus-team-lisa-erber-lehrling-restaurantfachfrau-02-1-2308x2308.jpg\",\"soulkitchen-square-largex2\":\"https:\\\/\\\/mesnerhaus.at\\\/wp-content\\\/uploads\\\/mesnerhaus-team-lisa-erber-lehrling-restaurantfachfrau-02-1-1600x1600.jpg\",\"soulkitchen-square-full\":\"https:\\\/\\\/mesnerhaus.at\\\/wp-content\\\/uploads\\\/mesnerhaus-team-lisa-erber-lehrling-restaurantfachfrau-02-1-1200x1200.jpg\",\"soulkitchen-square-large\":\"https:\\\/\\\/mesnerhaus.at\\\/wp-content\\\/uploads\\\/mesnerhaus-team-lisa-erber-lehrling-restaurantfachfrau-02-1-800x800.jpg\",\"soulkitchen-square-medium\":\"https:\\\/\\\/mesnerhaus.at\\\/wp-content\\\/uploads\\\/mesnerhaus-team-lisa-erber-lehrling-restaurantfachfrau-02-1-560x560.jpg\",\"soulkitchen-square-small\":\"https:\\\/\\\/mesnerhaus.at\\\/wp-content\\\/uploads\\\/mesnerhaus-team-lisa-erber-lehrling-restaurantfachfrau-02-1-250x250.jpg\",\"soulkitchen-square-mini\":\"https:\\\/\\\/mesnerhaus.at\\\/wp-content\\\/uploads\\\/mesnerhaus-team-lisa-erber-lehrling-restaurantfachfrau-02-1-120x120.jpg\",\"soulkitchen-portrait-full\":\"https:\\\/\\\/mesnerhaus.at\\\/wp-content\\\/uploads\\\/mesnerhaus-team-lisa-erber-lehrling-restaurantfachfrau-02-1-1200x1800.jpg\",\"soulkitchen-portrait-large\":\"https:\\\/\\\/mesnerhaus.at\\\/wp-content\\\/uploads\\\/mesnerhaus-team-lisa-erber-lehrling-restaurantfachfrau-02-1-800x1200.jpg\",\"soulkitchen-landscape\":\"https:\\\/\\\/mesnerhaus.at\\\/wp-content\\\/uploads\\\/mesnerhaus-team-lisa-erber-lehrling-restaurantfachfrau-02-1-2308x1731.jpg\",\"soulkitchen-landscape-largex2\":\"https:\\\/\\\/mesnerhaus.at\\\/wp-content\\\/uploads\\\/mesnerhaus-team-lisa-erber-lehrling-restaurantfachfrau-02-1-1600x1200.jpg\",\"soulkitchen-landscape-full\":\"https:\\\/\\\/mesnerhaus.at\\\/wp-content\\\/uploads\\\/mesnerhaus-team-lisa-erber-lehrling-restaurantfachfrau-02-1-1200x900.jpg\",\"soulkitchen-landscape-large\":\"https:\\\/\\\/mesnerhaus.at\\\/wp-content\\\/uploads\\\/mesnerhaus-team-lisa-erber-lehrling-restaurantfachfrau-02-1-800x600.jpg\",\"soulkitchen-landscape-medium\":\"https:\\\/\\\/mesnerhaus.at\\\/wp-content\\\/uploads\\\/mesnerhaus-team-lisa-erber-lehrling-restaurantfachfrau-02-1-560x420.jpg\",\"soulkitchen-landscape-mini\":\"https:\\\/\\\/mesnerhaus.at\\\/wp-content\\\/uploads\\\/mesnerhaus-team-lisa-erber-lehrling-restaurantfachfrau-02-1-120x90.jpg\",\"soulkitchen-landscapenarrow\":\"https:\\\/\\\/mesnerhaus.at\\\/wp-content\\\/uploads\\\/mesnerhaus-team-lisa-erber-lehrling-restaurantfachfrau-02-1-2308x1154.jpg\",\"soulkitchen-landscapenarrow-largex2\":\"https:\\\/\\\/mesnerhaus.at\\\/wp-content\\\/uploads\\\/mesnerhaus-team-lisa-erber-lehrling-restaurantfachfrau-02-1-1600x800.jpg\",\"soulkitchen-landscapenarrow-large\":\"https:\\\/\\\/mesnerhaus.at\\\/wp-content\\\/uploads\\\/mesnerhaus-team-lisa-erber-lehrling-restaurantfachfrau-02-1-800x400.jpg\",\"full\":\"https:\\\/\\\/mesnerhaus.at\\\/wp-content\\\/uploads\\\/mesnerhaus-team-lisa-erber-lehrling-restaurantfachfrau-02-1-scaled.jpg\",\"index\":9,\"id\":14300,\"video\":true,\"opts\":{\"caption\":\"\",\"thumb\":\"https:\\\/\\\/mesnerhaus.at\\\/wp-content\\\/uploads\\\/mesnerhaus-team-lisa-erber-lehrling-restaurantfachfrau-02-1-150x150.jpg\",\"title\":\"mesnerhaus-team-lisa-erber-lehrling-restaurantfachfrau-02\"},\"gallery_id\":\"14289\"},{\"status\":\"active\",\"src\":\"https:\\\/\\\/mesnerhaus.at\\\/wp-content\\\/uploads\\\/mesnerhaus-team-laura-kaml-lehrling-koechin-02-1-2048x1365.jpg\",\"title\":\"mesnerhaus-team-laura-kaml-lehrling-koechin-02\",\"link\":\"https:\\\/\\\/mesnerhaus.at\\\/wp-content\\\/uploads\\\/mesnerhaus-team-laura-kaml-lehrling-koechin-02-1-scaled.jpg\",\"alt\":\"K&ouml;chin-Lehrling Laura Kaml bei einem Portr&auml;t am Arbeitsplatz in der Restaurantk&uuml;che\",\"caption\":false,\"thumb\":\"https:\\\/\\\/mesnerhaus.at\\\/wp-content\\\/uploads\\\/mesnerhaus-team-laura-kaml-lehrling-koechin-02-1-150x150.jpg\",\"tags\":[],\"video_aspect_ratio\":\"\",\"video_width\":\"\",\"video_height\":\"\",\"video_in_gallery\":\"\",\"meta\":{\"aperture\":\"3.5\",\"credit\":\"Kathrin Buschmann\",\"camera\":\"NIKON Z 8\",\"caption\":\"\",\"created_timestamp\":\"1786007047\",\"copyright\":\"Kathrin Buschmann Fotografie\",\"focal_length\":\"35\",\"iso\":\"500\",\"shutter_speed\":\"0.003125\",\"title\":\"\",\"orientation\":\"1\",\"keywords\":null,\"alt\":null},\"thumbnail\":\"https:\\\/\\\/mesnerhaus.at\\\/wp-content\\\/uploads\\\/mesnerhaus-team-laura-kaml-lehrling-koechin-02-1-150x150.jpg\",\"medium\":\"https:\\\/\\\/mesnerhaus.at\\\/wp-content\\\/uploads\\\/mesnerhaus-team-laura-kaml-lehrling-koechin-02-1-300x200.jpg\",\"medium_large\":\"https:\\\/\\\/mesnerhaus.at\\\/wp-content\\\/uploads\\\/mesnerhaus-team-laura-kaml-lehrling-koechin-02-1-768x512.jpg\",\"large\":\"https:\\\/\\\/mesnerhaus.at\\\/wp-content\\\/uploads\\\/mesnerhaus-team-laura-kaml-lehrling-koechin-02-1-1024x683.jpg\",\"thumblist\":\"https:\\\/\\\/mesnerhaus.at\\\/wp-content\\\/uploads\\\/mesnerhaus-team-laura-kaml-lehrling-koechin-02-1-300x300.jpg\",\"thumbrelated\":\"https:\\\/\\\/mesnerhaus.at\\\/wp-content\\\/uploads\\\/mesnerhaus-team-laura-kaml-lehrling-koechin-02-1-500x500.jpg\",\"meccarouselthumb\":\"https:\\\/\\\/mesnerhaus.at\\\/wp-content\\\/uploads\\\/mesnerhaus-team-laura-kaml-lehrling-koechin-02-1-474x324.jpg\",\"gridsquare\":\"https:\\\/\\\/mesnerhaus.at\\\/wp-content\\\/uploads\\\/mesnerhaus-team-laura-kaml-lehrling-koechin-02-1-391x260.jpg\",\"tileview\":\"https:\\\/\\\/mesnerhaus.at\\\/wp-content\\\/uploads\\\/mesnerhaus-team-laura-kaml-lehrling-koechin-02-1-300x400.jpg\",\"1536x1536\":\"https:\\\/\\\/mesnerhaus.at\\\/wp-content\\\/uploads\\\/mesnerhaus-team-laura-kaml-lehrling-koechin-02-1-1536x1024.jpg\",\"2048x2048\":\"https:\\\/\\\/mesnerhaus.at\\\/wp-content\\\/uploads\\\/mesnerhaus-team-laura-kaml-lehrling-koechin-02-1-2048x1365.jpg\",\"soulkitchen-uncropped\":\"https:\\\/\\\/mesnerhaus.at\\\/wp-content\\\/uploads\\\/mesnerhaus-team-laura-kaml-lehrling-koechin-02-1-2308x1539.jpg\",\"soulkitchen-uncropped-largex2\":\"https:\\\/\\\/mesnerhaus.at\\\/wp-content\\\/uploads\\\/mesnerhaus-team-laura-kaml-lehrling-koechin-02-1-1600x1067.jpg\",\"soulkitchen-uncropped-full\":\"https:\\\/\\\/mesnerhaus.at\\\/wp-content\\\/uploads\\\/mesnerhaus-team-laura-kaml-lehrling-koechin-02-1-1200x800.jpg\",\"soulkitchen-uncropped-large\":\"https:\\\/\\\/mesnerhaus.at\\\/wp-content\\\/uploads\\\/mesnerhaus-team-laura-kaml-lehrling-koechin-02-1-800x533.jpg\",\"soulkitchen-uncropped-medium\":\"https:\\\/\\\/mesnerhaus.at\\\/wp-content\\\/uploads\\\/mesnerhaus-team-laura-kaml-lehrling-koechin-02-1-560x373.jpg\",\"soulkitchen-suare\":\"https:\\\/\\\/mesnerhaus.at\\\/wp-content\\\/uploads\\\/mesnerhaus-team-laura-kaml-lehrling-koechin-02-1-2308x2308.jpg\",\"soulkitchen-square-largex2\":\"https:\\\/\\\/mesnerhaus.at\\\/wp-content\\\/uploads\\\/mesnerhaus-team-laura-kaml-lehrling-koechin-02-1-1600x1600.jpg\",\"soulkitchen-square-full\":\"https:\\\/\\\/mesnerhaus.at\\\/wp-content\\\/uploads\\\/mesnerhaus-team-laura-kaml-lehrling-koechin-02-1-1200x1200.jpg\",\"soulkitchen-square-large\":\"https:\\\/\\\/mesnerhaus.at\\\/wp-content\\\/uploads\\\/mesnerhaus-team-laura-kaml-lehrling-koechin-02-1-800x800.jpg\",\"soulkitchen-square-medium\":\"https:\\\/\\\/mesnerhaus.at\\\/wp-content\\\/uploads\\\/mesnerhaus-team-laura-kaml-lehrling-koechin-02-1-560x560.jpg\",\"soulkitchen-square-small\":\"https:\\\/\\\/mesnerhaus.at\\\/wp-content\\\/uploads\\\/mesnerhaus-team-laura-kaml-lehrling-koechin-02-1-250x250.jpg\",\"soulkitchen-square-mini\":\"https:\\\/\\\/mesnerhaus.at\\\/wp-content\\\/uploads\\\/mesnerhaus-team-laura-kaml-lehrling-koechin-02-1-120x120.jpg\",\"soulkitchen-portrait-full\":\"https:\\\/\\\/mesnerhaus.at\\\/wp-content\\\/uploads\\\/mesnerhaus-team-laura-kaml-lehrling-koechin-02-1-1200x1800.jpg\",\"soulkitchen-portrait-large\":\"https:\\\/\\\/mesnerhaus.at\\\/wp-content\\\/uploads\\\/mesnerhaus-team-laura-kaml-lehrling-koechin-02-1-800x1200.jpg\",\"soulkitchen-landscape\":\"https:\\\/\\\/mesnerhaus.at\\\/wp-content\\\/uploads\\\/mesnerhaus-team-laura-kaml-lehrling-koechin-02-1-2308x1731.jpg\",\"soulkitchen-landscape-largex2\":\"https:\\\/\\\/mesnerhaus.at\\\/wp-content\\\/uploads\\\/mesnerhaus-team-laura-kaml-lehrling-koechin-02-1-1600x1200.jpg\",\"soulkitchen-landscape-full\":\"https:\\\/\\\/mesnerhaus.at\\\/wp-content\\\/uploads\\\/mesnerhaus-team-laura-kaml-lehrling-koechin-02-1-1200x900.jpg\",\"soulkitchen-landscape-large\":\"https:\\\/\\\/mesnerhaus.at\\\/wp-content\\\/uploads\\\/mesnerhaus-team-laura-kaml-lehrling-koechin-02-1-800x600.jpg\",\"soulkitchen-landscape-medium\":\"https:\\\/\\\/mesnerhaus.at\\\/wp-content\\\/uploads\\\/mesnerhaus-team-laura-kaml-lehrling-koechin-02-1-560x420.jpg\",\"soulkitchen-landscape-mini\":\"https:\\\/\\\/mesnerhaus.at\\\/wp-content\\\/uploads\\\/mesnerhaus-team-laura-kaml-lehrling-koechin-02-1-120x90.jpg\",\"soulkitchen-landscapenarrow\":\"https:\\\/\\\/mesnerhaus.at\\\/wp-content\\\/uploads\\\/mesnerhaus-team-laura-kaml-lehrling-koechin-02-1-2308x1154.jpg\",\"soulkitchen-landscapenarrow-largex2\":\"https:\\\/\\\/mesnerhaus.at\\\/wp-content\\\/uploads\\\/mesnerhaus-team-laura-kaml-lehrling-koechin-02-1-1600x800.jpg\",\"soulkitchen-landscapenarrow-large\":\"https:\\\/\\\/mesnerhaus.at\\\/wp-content\\\/uploads\\\/mesnerhaus-team-laura-kaml-lehrling-koechin-02-1-800x400.jpg\",\"full\":\"https:\\\/\\\/mesnerhaus.at\\\/wp-content\\\/uploads\\\/mesnerhaus-team-laura-kaml-lehrling-koechin-02-1-scaled.jpg\",\"index\":10,\"id\":14297,\"video\":true,\"opts\":{\"caption\":\"\",\"thumb\":\"https:\\\/\\\/mesnerhaus.at\\\/wp-content\\\/uploads\\\/mesnerhaus-team-laura-kaml-lehrling-koechin-02-1-150x150.jpg\",\"title\":\"mesnerhaus-team-laura-kaml-lehrling-koechin-02\"},\"gallery_id\":\"14289\"},{\"status\":\"active\",\"src\":\"https:\\\/\\\/mesnerhaus.at\\\/wp-content\\\/uploads\\\/mesnerhaus-team-aagnima-sherpa-steward-02-1-2048x1365.jpg\",\"title\":\"mesnerhaus-team-aagnima-sherpa-steward-02\",\"link\":\"https:\\\/\\\/mesnerhaus.at\\\/wp-content\\\/uploads\\\/mesnerhaus-team-aagnima-sherpa-steward-02-1-scaled.jpg\",\"alt\":\"Steward Aagnima Sherpa bei einem Portr&auml;t am Sp&uuml;lbereich der Restaurantk&uuml;che\",\"caption\":false,\"thumb\":\"https:\\\/\\\/mesnerhaus.at\\\/wp-content\\\/uploads\\\/mesnerhaus-team-aagnima-sherpa-steward-02-1-150x150.jpg\",\"tags\":[],\"video_aspect_ratio\":\"\",\"video_width\":\"\",\"video_height\":\"\",\"video_in_gallery\":\"\",\"meta\":{\"aperture\":\"2\",\"credit\":\"Kathrin Buschmann\",\"camera\":\"NIKON Z 8\",\"caption\":\"\",\"created_timestamp\":\"1786009449\",\"copyright\":\"Kathrin Buschmann Fotografie\",\"focal_length\":\"35\",\"iso\":\"500\",\"shutter_speed\":\"0.0025\",\"title\":\"\",\"orientation\":\"1\",\"keywords\":null,\"alt\":null},\"thumbnail\":\"https:\\\/\\\/mesnerhaus.at\\\/wp-content\\\/uploads\\\/mesnerhaus-team-aagnima-sherpa-steward-02-1-150x150.jpg\",\"medium\":\"https:\\\/\\\/mesnerhaus.at\\\/wp-content\\\/uploads\\\/mesnerhaus-team-aagnima-sherpa-steward-02-1-300x200.jpg\",\"medium_large\":\"https:\\\/\\\/mesnerhaus.at\\\/wp-content\\\/uploads\\\/mesnerhaus-team-aagnima-sherpa-steward-02-1-768x512.jpg\",\"large\":\"https:\\\/\\\/mesnerhaus.at\\\/wp-content\\\/uploads\\\/mesnerhaus-team-aagnima-sherpa-steward-02-1-1024x683.jpg\",\"thumblist\":\"https:\\\/\\\/mesnerhaus.at\\\/wp-content\\\/uploads\\\/mesnerhaus-team-aagnima-sherpa-steward-02-1-300x300.jpg\",\"thumbrelated\":\"https:\\\/\\\/mesnerhaus.at\\\/wp-content\\\/uploads\\\/mesnerhaus-team-aagnima-sherpa-steward-02-1-500x500.jpg\",\"meccarouselthumb\":\"https:\\\/\\\/mesnerhaus.at\\\/wp-content\\\/uploads\\\/mesnerhaus-team-aagnima-sherpa-steward-02-1-474x324.jpg\",\"gridsquare\":\"https:\\\/\\\/mesnerhaus.at\\\/wp-content\\\/uploads\\\/mesnerhaus-team-aagnima-sherpa-steward-02-1-391x260.jpg\",\"tileview\":\"https:\\\/\\\/mesnerhaus.at\\\/wp-content\\\/uploads\\\/mesnerhaus-team-aagnima-sherpa-steward-02-1-300x400.jpg\",\"1536x1536\":\"https:\\\/\\\/mesnerhaus.at\\\/wp-content\\\/uploads\\\/mesnerhaus-team-aagnima-sherpa-steward-02-1-1536x1024.jpg\",\"2048x2048\":\"https:\\\/\\\/mesnerhaus.at\\\/wp-content\\\/uploads\\\/mesnerhaus-team-aagnima-sherpa-steward-02-1-2048x1365.jpg\",\"soulkitchen-uncropped\":\"https:\\\/\\\/mesnerhaus.at\\\/wp-content\\\/uploads\\\/mesnerhaus-team-aagnima-sherpa-steward-02-1-2308x1539.jpg\",\"soulkitchen-uncropped-largex2\":\"https:\\\/\\\/mesnerhaus.at\\\/wp-content\\\/uploads\\\/mesnerhaus-team-aagnima-sherpa-steward-02-1-1600x1067.jpg\",\"soulkitchen-uncropped-full\":\"https:\\\/\\\/mesnerhaus.at\\\/wp-content\\\/uploads\\\/mesnerhaus-team-aagnima-sherpa-steward-02-1-1200x800.jpg\",\"soulkitchen-uncropped-large\":\"https:\\\/\\\/mesnerhaus.at\\\/wp-content\\\/uploads\\\/mesnerhaus-team-aagnima-sherpa-steward-02-1-800x533.jpg\",\"soulkitchen-uncropped-medium\":\"https:\\\/\\\/mesnerhaus.at\\\/wp-content\\\/uploads\\\/mesnerhaus-team-aagnima-sherpa-steward-02-1-560x373.jpg\",\"soulkitchen-suare\":\"https:\\\/\\\/mesnerhaus.at\\\/wp-content\\\/uploads\\\/mesnerhaus-team-aagnima-sherpa-steward-02-1-2308x2308.jpg\",\"soulkitchen-square-largex2\":\"https:\\\/\\\/mesnerhaus.at\\\/wp-content\\\/uploads\\\/mesnerhaus-team-aagnima-sherpa-steward-02-1-1600x1600.jpg\",\"soulkitchen-square-full\":\"https:\\\/\\\/mesnerhaus.at\\\/wp-content\\\/uploads\\\/mesnerhaus-team-aagnima-sherpa-steward-02-1-1200x1200.jpg\",\"soulkitchen-square-large\":\"https:\\\/\\\/mesnerhaus.at\\\/wp-content\\\/uploads\\\/mesnerhaus-team-aagnima-sherpa-steward-02-1-800x800.jpg\",\"soulkitchen-square-medium\":\"https:\\\/\\\/mesnerhaus.at\\\/wp-content\\\/uploads\\\/mesnerhaus-team-aagnima-sherpa-steward-02-1-560x560.jpg\",\"soulkitchen-square-small\":\"https:\\\/\\\/mesnerhaus.at\\\/wp-content\\\/uploads\\\/mesnerhaus-team-aagnima-sherpa-steward-02-1-250x250.jpg\",\"soulkitchen-square-mini\":\"https:\\\/\\\/mesnerhaus.at\\\/wp-content\\\/uploads\\\/mesnerhaus-team-aagnima-sherpa-steward-02-1-120x120.jpg\",\"soulkitchen-portrait-full\":\"https:\\\/\\\/mesnerhaus.at\\\/wp-content\\\/uploads\\\/mesnerhaus-team-aagnima-sherpa-steward-02-1-1200x1800.jpg\",\"soulkitchen-portrait-large\":\"https:\\\/\\\/mesnerhaus.at\\\/wp-content\\\/uploads\\\/mesnerhaus-team-aagnima-sherpa-steward-02-1-800x1200.jpg\",\"soulkitchen-landscape\":\"https:\\\/\\\/mesnerhaus.at\\\/wp-content\\\/uploads\\\/mesnerhaus-team-aagnima-sherpa-steward-02-1-2308x1731.jpg\",\"soulkitchen-landscape-largex2\":\"https:\\\/\\\/mesnerhaus.at\\\/wp-content\\\/uploads\\\/mesnerhaus-team-aagnima-sherpa-steward-02-1-1600x1200.jpg\",\"soulkitchen-landscape-full\":\"https:\\\/\\\/mesnerhaus.at\\\/wp-content\\\/uploads\\\/mesnerhaus-team-aagnima-sherpa-steward-02-1-1200x900.jpg\",\"soulkitchen-landscape-large\":\"https:\\\/\\\/mesnerhaus.at\\\/wp-content\\\/uploads\\\/mesnerhaus-team-aagnima-sherpa-steward-02-1-800x600.jpg\",\"soulkitchen-landscape-medium\":\"https:\\\/\\\/mesnerhaus.at\\\/wp-content\\\/uploads\\\/mesnerhaus-team-aagnima-sherpa-steward-02-1-560x420.jpg\",\"soulkitchen-landscape-mini\":\"https:\\\/\\\/mesnerhaus.at\\\/wp-content\\\/uploads\\\/mesnerhaus-team-aagnima-sherpa-steward-02-1-120x90.jpg\",\"soulkitchen-landscapenarrow\":\"https:\\\/\\\/mesnerhaus.at\\\/wp-content\\\/uploads\\\/mesnerhaus-team-aagnima-sherpa-steward-02-1-2308x1154.jpg\",\"soulkitchen-landscapenarrow-largex2\":\"https:\\\/\\\/mesnerhaus.at\\\/wp-content\\\/uploads\\\/mesnerhaus-team-aagnima-sherpa-steward-02-1-1600x800.jpg\",\"soulkitchen-landscapenarrow-large\":\"https:\\\/\\\/mesnerhaus.at\\\/wp-content\\\/uploads\\\/mesnerhaus-team-aagnima-sherpa-steward-02-1-800x400.jpg\",\"full\":\"https:\\\/\\\/mesnerhaus.at\\\/wp-content\\\/uploads\\\/mesnerhaus-team-aagnima-sherpa-steward-02-1-scaled.jpg\",\"index\":11,\"id\":14293,\"video\":true,\"opts\":{\"caption\":\"\",\"thumb\":\"https:\\\/\\\/mesnerhaus.at\\\/wp-content\\\/uploads\\\/mesnerhaus-team-aagnima-sherpa-steward-02-1-150x150.jpg\",\"title\":\"mesnerhaus-team-aagnima-sherpa-steward-02\"},\"gallery_id\":\"14289\"},{\"status\":\"active\",\"src\":\"https:\\\/\\\/mesnerhaus.at\\\/wp-content\\\/uploads\\\/mesnerhaus-team-nusreta-pilav-facility-management-01-2048x1365.jpg\",\"title\":\"mesnerhaus-team-nusreta-pilav-facility-management-01\",\"link\":\"https:\\\/\\\/mesnerhaus.at\\\/wp-content\\\/uploads\\\/mesnerhaus-team-nusreta-pilav-facility-management-01-scaled.jpg\",\"alt\":\"Nusreta Pilav vom Facility Management beim Beziehen eines Hotelbetts\",\"caption\":false,\"thumb\":\"https:\\\/\\\/mesnerhaus.at\\\/wp-content\\\/uploads\\\/mesnerhaus-team-nusreta-pilav-facility-management-01-150x150.jpg\",\"tags\":[],\"video_aspect_ratio\":\"\",\"video_width\":\"\",\"video_height\":\"\",\"video_in_gallery\":\"\",\"meta\":{\"aperture\":\"3.5\",\"credit\":\"Kathrin Buschmann\",\"camera\":\"NIKON Z 8\",\"caption\":\"\",\"created_timestamp\":\"1786006414\",\"copyright\":\"Kathrin Buschmann Fotografie\",\"focal_length\":\"35\",\"iso\":\"2000\",\"shutter_speed\":\"0.002\",\"title\":\"\",\"orientation\":\"1\",\"keywords\":null,\"alt\":null},\"thumbnail\":\"https:\\\/\\\/mesnerhaus.at\\\/wp-content\\\/uploads\\\/mesnerhaus-team-nusreta-pilav-facility-management-01-150x150.jpg\",\"medium\":\"https:\\\/\\\/mesnerhaus.at\\\/wp-content\\\/uploads\\\/mesnerhaus-team-nusreta-pilav-facility-management-01-300x200.jpg\",\"medium_large\":\"https:\\\/\\\/mesnerhaus.at\\\/wp-content\\\/uploads\\\/mesnerhaus-team-nusreta-pilav-facility-management-01-768x512.jpg\",\"large\":\"https:\\\/\\\/mesnerhaus.at\\\/wp-content\\\/uploads\\\/mesnerhaus-team-nusreta-pilav-facility-management-01-1024x683.jpg\",\"thumblist\":\"https:\\\/\\\/mesnerhaus.at\\\/wp-content\\\/uploads\\\/mesnerhaus-team-nusreta-pilav-facility-management-01-300x300.jpg\",\"thumbrelated\":\"https:\\\/\\\/mesnerhaus.at\\\/wp-content\\\/uploads\\\/mesnerhaus-team-nusreta-pilav-facility-management-01-500x500.jpg\",\"meccarouselthumb\":\"https:\\\/\\\/mesnerhaus.at\\\/wp-content\\\/uploads\\\/mesnerhaus-team-nusreta-pilav-facility-management-01-474x324.jpg\",\"gridsquare\":\"https:\\\/\\\/mesnerhaus.at\\\/wp-content\\\/uploads\\\/mesnerhaus-team-nusreta-pilav-facility-management-01-391x260.jpg\",\"tileview\":\"https:\\\/\\\/mesnerhaus.at\\\/wp-content\\\/uploads\\\/mesnerhaus-team-nusreta-pilav-facility-management-01-300x400.jpg\",\"1536x1536\":\"https:\\\/\\\/mesnerhaus.at\\\/wp-content\\\/uploads\\\/mesnerhaus-team-nusreta-pilav-facility-management-01-1536x1024.jpg\",\"2048x2048\":\"https:\\\/\\\/mesnerhaus.at\\\/wp-content\\\/uploads\\\/mesnerhaus-team-nusreta-pilav-facility-management-01-2048x1365.jpg\",\"soulkitchen-uncropped\":\"https:\\\/\\\/mesnerhaus.at\\\/wp-content\\\/uploads\\\/mesnerhaus-team-nusreta-pilav-facility-management-01-2308x1539.jpg\",\"soulkitchen-uncropped-largex2\":\"https:\\\/\\\/mesnerhaus.at\\\/wp-content\\\/uploads\\\/mesnerhaus-team-nusreta-pilav-facility-management-01-1600x1067.jpg\",\"soulkitchen-uncropped-full\":\"https:\\\/\\\/mesnerhaus.at\\\/wp-content\\\/uploads\\\/mesnerhaus-team-nusreta-pilav-facility-management-01-1200x800.jpg\",\"soulkitchen-uncropped-large\":\"https:\\\/\\\/mesnerhaus.at\\\/wp-content\\\/uploads\\\/mesnerhaus-team-nusreta-pilav-facility-management-01-800x533.jpg\",\"soulkitchen-uncropped-medium\":\"https:\\\/\\\/mesnerhaus.at\\\/wp-content\\\/uploads\\\/mesnerhaus-team-nusreta-pilav-facility-management-01-560x373.jpg\",\"soulkitchen-suare\":\"https:\\\/\\\/mesnerhaus.at\\\/wp-content\\\/uploads\\\/mesnerhaus-team-nusreta-pilav-facility-management-01-2308x2308.jpg\",\"soulkitchen-square-largex2\":\"https:\\\/\\\/mesnerhaus.at\\\/wp-content\\\/uploads\\\/mesnerhaus-team-nusreta-pilav-facility-management-01-1600x1600.jpg\",\"soulkitchen-square-full\":\"https:\\\/\\\/mesnerhaus.at\\\/wp-content\\\/uploads\\\/mesnerhaus-team-nusreta-pilav-facility-management-01-1200x1200.jpg\",\"soulkitchen-square-large\":\"https:\\\/\\\/mesnerhaus.at\\\/wp-content\\\/uploads\\\/mesnerhaus-team-nusreta-pilav-facility-management-01-800x800.jpg\",\"soulkitchen-square-medium\":\"https:\\\/\\\/mesnerhaus.at\\\/wp-content\\\/uploads\\\/mesnerhaus-team-nusreta-pilav-facility-management-01-560x560.jpg\",\"soulkitchen-square-small\":\"https:\\\/\\\/mesnerhaus.at\\\/wp-content\\\/uploads\\\/mesnerhaus-team-nusreta-pilav-facility-management-01-250x250.jpg\",\"soulkitchen-square-mini\":\"https:\\\/\\\/mesnerhaus.at\\\/wp-content\\\/uploads\\\/mesnerhaus-team-nusreta-pilav-facility-management-01-120x120.jpg\",\"soulkitchen-portrait-full\":\"https:\\\/\\\/mesnerhaus.at\\\/wp-content\\\/uploads\\\/mesnerhaus-team-nusreta-pilav-facility-management-01-1200x1800.jpg\",\"soulkitchen-portrait-large\":\"https:\\\/\\\/mesnerhaus.at\\\/wp-content\\\/uploads\\\/mesnerhaus-team-nusreta-pilav-facility-management-01-800x1200.jpg\",\"soulkitchen-landscape\":\"https:\\\/\\\/mesnerhaus.at\\\/wp-content\\\/uploads\\\/mesnerhaus-team-nusreta-pilav-facility-management-01-2308x1731.jpg\",\"soulkitchen-landscape-largex2\":\"https:\\\/\\\/mesnerhaus.at\\\/wp-content\\\/uploads\\\/mesnerhaus-team-nusreta-pilav-facility-management-01-1600x1200.jpg\",\"soulkitchen-landscape-full\":\"https:\\\/\\\/mesnerhaus.at\\\/wp-content\\\/uploads\\\/mesnerhaus-team-nusreta-pilav-facility-management-01-1200x900.jpg\",\"soulkitchen-landscape-large\":\"https:\\\/\\\/mesnerhaus.at\\\/wp-content\\\/uploads\\\/mesnerhaus-team-nusreta-pilav-facility-management-01-800x600.jpg\",\"soulkitchen-landscape-medium\":\"https:\\\/\\\/mesnerhaus.at\\\/wp-content\\\/uploads\\\/mesnerhaus-team-nusreta-pilav-facility-management-01-560x420.jpg\",\"soulkitchen-landscape-mini\":\"https:\\\/\\\/mesnerhaus.at\\\/wp-content\\\/uploads\\\/mesnerhaus-team-nusreta-pilav-facility-management-01-120x90.jpg\",\"soulkitchen-landscapenarrow\":\"https:\\\/\\\/mesnerhaus.at\\\/wp-content\\\/uploads\\\/mesnerhaus-team-nusreta-pilav-facility-management-01-2308x1154.jpg\",\"soulkitchen-landscapenarrow-largex2\":\"https:\\\/\\\/mesnerhaus.at\\\/wp-content\\\/uploads\\\/mesnerhaus-team-nusreta-pilav-facility-management-01-1600x800.jpg\",\"soulkitchen-landscapenarrow-large\":\"https:\\\/\\\/mesnerhaus.at\\\/wp-content\\\/uploads\\\/mesnerhaus-team-nusreta-pilav-facility-management-01-800x400.jpg\",\"full\":\"https:\\\/\\\/mesnerhaus.at\\\/wp-content\\\/uploads\\\/mesnerhaus-team-nusreta-pilav-facility-management-01-scaled.jpg\",\"index\":12,\"id\":14302,\"video\":true,\"opts\":{\"caption\":\"\",\"thumb\":\"https:\\\/\\\/mesnerhaus.at\\\/wp-content\\\/uploads\\\/mesnerhaus-team-nusreta-pilav-facility-management-01-150x150.jpg\",\"title\":\"mesnerhaus-team-nusreta-pilav-facility-management-01\"},\"gallery_id\":\"14289\"},{\"status\":\"active\",\"src\":\"https:\\\/\\\/mesnerhaus.at\\\/wp-content\\\/uploads\\\/mesnerhaus-team-lisa-erber-lehrling-restaurantfachfrau-01-2048x1365.jpg\",\"title\":\"mesnerhaus-team-lisa-erber-lehrling-restaurantfachfrau-01\",\"link\":\"https:\\\/\\\/mesnerhaus.at\\\/wp-content\\\/uploads\\\/mesnerhaus-team-lisa-erber-lehrling-restaurantfachfrau-01-scaled.jpg\",\"alt\":\"Restaurantfachfrau-Lehrling Lisa Erber an einem Servierwagen mit Wein und Sektk&uuml;hlern\",\"caption\":false,\"thumb\":\"https:\\\/\\\/mesnerhaus.at\\\/wp-content\\\/uploads\\\/mesnerhaus-team-lisa-erber-lehrling-restaurantfachfrau-01-150x150.jpg\",\"tags\":[],\"video_aspect_ratio\":\"\",\"video_width\":\"\",\"video_height\":\"\",\"video_in_gallery\":\"\",\"meta\":{\"aperture\":\"3.2\",\"credit\":\"Kathrin Buschmann\",\"camera\":\"NIKON Z 8\",\"caption\":\"\",\"created_timestamp\":\"1786006191\",\"copyright\":\"Kathrin Buschmann Fotografie\",\"focal_length\":\"35\",\"iso\":\"2000\",\"shutter_speed\":\"0.0015625\",\"title\":\"\",\"orientation\":\"1\",\"keywords\":null,\"alt\":null},\"thumbnail\":\"https:\\\/\\\/mesnerhaus.at\\\/wp-content\\\/uploads\\\/mesnerhaus-team-lisa-erber-lehrling-restaurantfachfrau-01-150x150.jpg\",\"medium\":\"https:\\\/\\\/mesnerhaus.at\\\/wp-content\\\/uploads\\\/mesnerhaus-team-lisa-erber-lehrling-restaurantfachfrau-01-300x200.jpg\",\"medium_large\":\"https:\\\/\\\/mesnerhaus.at\\\/wp-content\\\/uploads\\\/mesnerhaus-team-lisa-erber-lehrling-restaurantfachfrau-01-768x512.jpg\",\"large\":\"https:\\\/\\\/mesnerhaus.at\\\/wp-content\\\/uploads\\\/mesnerhaus-team-lisa-erber-lehrling-restaurantfachfrau-01-1024x683.jpg\",\"thumblist\":\"https:\\\/\\\/mesnerhaus.at\\\/wp-content\\\/uploads\\\/mesnerhaus-team-lisa-erber-lehrling-restaurantfachfrau-01-300x300.jpg\",\"thumbrelated\":\"https:\\\/\\\/mesnerhaus.at\\\/wp-content\\\/uploads\\\/mesnerhaus-team-lisa-erber-lehrling-restaurantfachfrau-01-500x500.jpg\",\"meccarouselthumb\":\"https:\\\/\\\/mesnerhaus.at\\\/wp-content\\\/uploads\\\/mesnerhaus-team-lisa-erber-lehrling-restaurantfachfrau-01-474x324.jpg\",\"gridsquare\":\"https:\\\/\\\/mesnerhaus.at\\\/wp-content\\\/uploads\\\/mesnerhaus-team-lisa-erber-lehrling-restaurantfachfrau-01-391x260.jpg\",\"tileview\":\"https:\\\/\\\/mesnerhaus.at\\\/wp-content\\\/uploads\\\/mesnerhaus-team-lisa-erber-lehrling-restaurantfachfrau-01-300x400.jpg\",\"1536x1536\":\"https:\\\/\\\/mesnerhaus.at\\\/wp-content\\\/uploads\\\/mesnerhaus-team-lisa-erber-lehrling-restaurantfachfrau-01-1536x1024.jpg\",\"2048x2048\":\"https:\\\/\\\/mesnerhaus.at\\\/wp-content\\\/uploads\\\/mesnerhaus-team-lisa-erber-lehrling-restaurantfachfrau-01-2048x1365.jpg\",\"soulkitchen-uncropped\":\"https:\\\/\\\/mesnerhaus.at\\\/wp-content\\\/uploads\\\/mesnerhaus-team-lisa-erber-lehrling-restaurantfachfrau-01-2308x1539.jpg\",\"soulkitchen-uncropped-largex2\":\"https:\\\/\\\/mesnerhaus.at\\\/wp-content\\\/uploads\\\/mesnerhaus-team-lisa-erber-lehrling-restaurantfachfrau-01-1600x1067.jpg\",\"soulkitchen-uncropped-full\":\"https:\\\/\\\/mesnerhaus.at\\\/wp-content\\\/uploads\\\/mesnerhaus-team-lisa-erber-lehrling-restaurantfachfrau-01-1200x800.jpg\",\"soulkitchen-uncropped-large\":\"https:\\\/\\\/mesnerhaus.at\\\/wp-content\\\/uploads\\\/mesnerhaus-team-lisa-erber-lehrling-restaurantfachfrau-01-800x533.jpg\",\"soulkitchen-uncropped-medium\":\"https:\\\/\\\/mesnerhaus.at\\\/wp-content\\\/uploads\\\/mesnerhaus-team-lisa-erber-lehrling-restaurantfachfrau-01-560x373.jpg\",\"soulkitchen-suare\":\"https:\\\/\\\/mesnerhaus.at\\\/wp-content\\\/uploads\\\/mesnerhaus-team-lisa-erber-lehrling-restaurantfachfrau-01-2308x2308.jpg\",\"soulkitchen-square-largex2\":\"https:\\\/\\\/mesnerhaus.at\\\/wp-content\\\/uploads\\\/mesnerhaus-team-lisa-erber-lehrling-restaurantfachfrau-01-1600x1600.jpg\",\"soulkitchen-square-full\":\"https:\\\/\\\/mesnerhaus.at\\\/wp-content\\\/uploads\\\/mesnerhaus-team-lisa-erber-lehrling-restaurantfachfrau-01-1200x1200.jpg\",\"soulkitchen-square-large\":\"https:\\\/\\\/mesnerhaus.at\\\/wp-content\\\/uploads\\\/mesnerhaus-team-lisa-erber-lehrling-restaurantfachfrau-01-800x800.jpg\",\"soulkitchen-square-medium\":\"https:\\\/\\\/mesnerhaus.at\\\/wp-content\\\/uploads\\\/mesnerhaus-team-lisa-erber-lehrling-restaurantfachfrau-01-560x560.jpg\",\"soulkitchen-square-small\":\"https:\\\/\\\/mesnerhaus.at\\\/wp-content\\\/uploads\\\/mesnerhaus-team-lisa-erber-lehrling-restaurantfachfrau-01-250x250.jpg\",\"soulkitchen-square-mini\":\"https:\\\/\\\/mesnerhaus.at\\\/wp-content\\\/uploads\\\/mesnerhaus-team-lisa-erber-lehrling-restaurantfachfrau-01-120x120.jpg\",\"soulkitchen-portrait-full\":\"https:\\\/\\\/mesnerhaus.at\\\/wp-content\\\/uploads\\\/mesnerhaus-team-lisa-erber-lehrling-restaurantfachfrau-01-1200x1800.jpg\",\"soulkitchen-portrait-large\":\"https:\\\/\\\/mesnerhaus.at\\\/wp-content\\\/uploads\\\/mesnerhaus-team-lisa-erber-lehrling-restaurantfachfrau-01-800x1200.jpg\",\"soulkitchen-landscape\":\"https:\\\/\\\/mesnerhaus.at\\\/wp-content\\\/uploads\\\/mesnerhaus-team-lisa-erber-lehrling-restaurantfachfrau-01-2308x1731.jpg\",\"soulkitchen-landscape-largex2\":\"https:\\\/\\\/mesnerhaus.at\\\/wp-content\\\/uploads\\\/mesnerhaus-team-lisa-erber-lehrling-restaurantfachfrau-01-1600x1200.jpg\",\"soulkitchen-landscape-full\":\"https:\\\/\\\/mesnerhaus.at\\\/wp-content\\\/uploads\\\/mesnerhaus-team-lisa-erber-lehrling-restaurantfachfrau-01-1200x900.jpg\",\"soulkitchen-landscape-large\":\"https:\\\/\\\/mesnerhaus.at\\\/wp-content\\\/uploads\\\/mesnerhaus-team-lisa-erber-lehrling-restaurantfachfrau-01-800x600.jpg\",\"soulkitchen-landscape-medium\":\"https:\\\/\\\/mesnerhaus.at\\\/wp-content\\\/uploads\\\/mesnerhaus-team-lisa-erber-lehrling-restaurantfachfrau-01-560x420.jpg\",\"soulkitchen-landscape-mini\":\"https:\\\/\\\/mesnerhaus.at\\\/wp-content\\\/uploads\\\/mesnerhaus-team-lisa-erber-lehrling-restaurantfachfrau-01-120x90.jpg\",\"soulkitchen-landscapenarrow\":\"https:\\\/\\\/mesnerhaus.at\\\/wp-content\\\/uploads\\\/mesnerhaus-team-lisa-erber-lehrling-restaurantfachfrau-01-2308x1154.jpg\",\"soulkitchen-landscapenarrow-largex2\":\"https:\\\/\\\/mesnerhaus.at\\\/wp-content\\\/uploads\\\/mesnerhaus-team-lisa-erber-lehrling-restaurantfachfrau-01-1600x800.jpg\",\"soulkitchen-landscapenarrow-large\":\"https:\\\/\\\/mesnerhaus.at\\\/wp-content\\\/uploads\\\/mesnerhaus-team-lisa-erber-lehrling-restaurantfachfrau-01-800x400.jpg\",\"full\":\"https:\\\/\\\/mesnerhaus.at\\\/wp-content\\\/uploads\\\/mesnerhaus-team-lisa-erber-lehrling-restaurantfachfrau-01-scaled.jpg\",\"index\":13,\"id\":14299,\"video\":true,\"opts\":{\"caption\":\"\",\"thumb\":\"https:\\\/\\\/mesnerhaus.at\\\/wp-content\\\/uploads\\\/mesnerhaus-team-lisa-erber-lehrling-restaurantfachfrau-01-150x150.jpg\",\"title\":\"mesnerhaus-team-lisa-erber-lehrling-restaurantfachfrau-01\"},\"gallery_id\":\"14289\"},{\"status\":\"active\",\"src\":\"https:\\\/\\\/mesnerhaus.at\\\/wp-content\\\/uploads\\\/mesnerhaus-team-essen-1-2048x1365.jpg\",\"title\":\"mesnerhaus-team-essen\",\"link\":\"https:\\\/\\\/mesnerhaus.at\\\/wp-content\\\/uploads\\\/mesnerhaus-team-essen-1-scaled.jpg\",\"alt\":\"Das Mesnerhaus-Team gemeinsam beim Essen an einem Tisch im Restaurant\",\"caption\":false,\"thumb\":\"https:\\\/\\\/mesnerhaus.at\\\/wp-content\\\/uploads\\\/mesnerhaus-team-essen-1-150x150.jpg\",\"tags\":[],\"video_aspect_ratio\":\"\",\"video_width\":\"\",\"video_height\":\"\",\"video_in_gallery\":\"\",\"meta\":{\"aperture\":\"3.2\",\"credit\":\"Kathrin Buschmann\",\"camera\":\"NIKON Z 8\",\"caption\":\"\",\"created_timestamp\":\"1786009669\",\"copyright\":\"Kathrin Buschmann Fotografie\",\"focal_length\":\"35\",\"iso\":\"1000\",\"shutter_speed\":\"0.003125\",\"title\":\"\",\"orientation\":\"1\",\"keywords\":null,\"alt\":null},\"thumbnail\":\"https:\\\/\\\/mesnerhaus.at\\\/wp-content\\\/uploads\\\/mesnerhaus-team-essen-1-150x150.jpg\",\"medium\":\"https:\\\/\\\/mesnerhaus.at\\\/wp-content\\\/uploads\\\/mesnerhaus-team-essen-1-300x200.jpg\",\"medium_large\":\"https:\\\/\\\/mesnerhaus.at\\\/wp-content\\\/uploads\\\/mesnerhaus-team-essen-1-768x512.jpg\",\"large\":\"https:\\\/\\\/mesnerhaus.at\\\/wp-content\\\/uploads\\\/mesnerhaus-team-essen-1-1024x683.jpg\",\"thumblist\":\"https:\\\/\\\/mesnerhaus.at\\\/wp-content\\\/uploads\\\/mesnerhaus-team-essen-1-300x300.jpg\",\"thumbrelated\":\"https:\\\/\\\/mesnerhaus.at\\\/wp-content\\\/uploads\\\/mesnerhaus-team-essen-1-500x500.jpg\",\"meccarouselthumb\":\"https:\\\/\\\/mesnerhaus.at\\\/wp-content\\\/uploads\\\/mesnerhaus-team-essen-1-474x324.jpg\",\"gridsquare\":\"https:\\\/\\\/mesnerhaus.at\\\/wp-content\\\/uploads\\\/mesnerhaus-team-essen-1-391x260.jpg\",\"tileview\":\"https:\\\/\\\/mesnerhaus.at\\\/wp-content\\\/uploads\\\/mesnerhaus-team-essen-1-300x400.jpg\",\"1536x1536\":\"https:\\\/\\\/mesnerhaus.at\\\/wp-content\\\/uploads\\\/mesnerhaus-team-essen-1-1536x1024.jpg\",\"2048x2048\":\"https:\\\/\\\/mesnerhaus.at\\\/wp-content\\\/uploads\\\/mesnerhaus-team-essen-1-2048x1365.jpg\",\"soulkitchen-uncropped\":\"https:\\\/\\\/mesnerhaus.at\\\/wp-content\\\/uploads\\\/mesnerhaus-team-essen-1-2308x1539.jpg\",\"soulkitchen-uncropped-largex2\":\"https:\\\/\\\/mesnerhaus.at\\\/wp-content\\\/uploads\\\/mesnerhaus-team-essen-1-1600x1067.jpg\",\"soulkitchen-uncropped-full\":\"https:\\\/\\\/mesnerhaus.at\\\/wp-content\\\/uploads\\\/mesnerhaus-team-essen-1-1200x800.jpg\",\"soulkitchen-uncropped-large\":\"https:\\\/\\\/mesnerhaus.at\\\/wp-content\\\/uploads\\\/mesnerhaus-team-essen-1-800x533.jpg\",\"soulkitchen-uncropped-medium\":\"https:\\\/\\\/mesnerhaus.at\\\/wp-content\\\/uploads\\\/mesnerhaus-team-essen-1-560x373.jpg\",\"soulkitchen-suare\":\"https:\\\/\\\/mesnerhaus.at\\\/wp-content\\\/uploads\\\/mesnerhaus-team-essen-1-2308x2308.jpg\",\"soulkitchen-square-largex2\":\"https:\\\/\\\/mesnerhaus.at\\\/wp-content\\\/uploads\\\/mesnerhaus-team-essen-1-1600x1600.jpg\",\"soulkitchen-square-full\":\"https:\\\/\\\/mesnerhaus.at\\\/wp-content\\\/uploads\\\/mesnerhaus-team-essen-1-1200x1200.jpg\",\"soulkitchen-square-large\":\"https:\\\/\\\/mesnerhaus.at\\\/wp-content\\\/uploads\\\/mesnerhaus-team-essen-1-800x800.jpg\",\"soulkitchen-square-medium\":\"https:\\\/\\\/mesnerhaus.at\\\/wp-content\\\/uploads\\\/mesnerhaus-team-essen-1-560x560.jpg\",\"soulkitchen-square-small\":\"https:\\\/\\\/mesnerhaus.at\\\/wp-content\\\/uploads\\\/mesnerhaus-team-essen-1-250x250.jpg\",\"soulkitchen-square-mini\":\"https:\\\/\\\/mesnerhaus.at\\\/wp-content\\\/uploads\\\/mesnerhaus-team-essen-1-120x120.jpg\",\"soulkitchen-portrait-full\":\"https:\\\/\\\/mesnerhaus.at\\\/wp-content\\\/uploads\\\/mesnerhaus-team-essen-1-1200x1800.jpg\",\"soulkitchen-portrait-large\":\"https:\\\/\\\/mesnerhaus.at\\\/wp-content\\\/uploads\\\/mesnerhaus-team-essen-1-800x1200.jpg\",\"soulkitchen-landscape\":\"https:\\\/\\\/mesnerhaus.at\\\/wp-content\\\/uploads\\\/mesnerhaus-team-essen-1-2308x1731.jpg\",\"soulkitchen-landscape-largex2\":\"https:\\\/\\\/mesnerhaus.at\\\/wp-content\\\/uploads\\\/mesnerhaus-team-essen-1-1600x1200.jpg\",\"soulkitchen-landscape-full\":\"https:\\\/\\\/mesnerhaus.at\\\/wp-content\\\/uploads\\\/mesnerhaus-team-essen-1-1200x900.jpg\",\"soulkitchen-landscape-large\":\"https:\\\/\\\/mesnerhaus.at\\\/wp-content\\\/uploads\\\/mesnerhaus-team-essen-1-800x600.jpg\",\"soulkitchen-landscape-medium\":\"https:\\\/\\\/mesnerhaus.at\\\/wp-content\\\/uploads\\\/mesnerhaus-team-essen-1-560x420.jpg\",\"soulkitchen-landscape-mini\":\"https:\\\/\\\/mesnerhaus.at\\\/wp-content\\\/uploads\\\/mesnerhaus-team-essen-1-120x90.jpg\",\"soulkitchen-landscapenarrow\":\"https:\\\/\\\/mesnerhaus.at\\\/wp-content\\\/uploads\\\/mesnerhaus-team-essen-1-2308x1154.jpg\",\"soulkitchen-landscapenarrow-largex2\":\"https:\\\/\\\/mesnerhaus.at\\\/wp-content\\\/uploads\\\/mesnerhaus-team-essen-1-1600x800.jpg\",\"soulkitchen-landscapenarrow-large\":\"https:\\\/\\\/mesnerhaus.at\\\/wp-content\\\/uploads\\\/mesnerhaus-team-essen-1-800x400.jpg\",\"full\":\"https:\\\/\\\/mesnerhaus.at\\\/wp-content\\\/uploads\\\/mesnerhaus-team-essen-1-scaled.jpg\",\"index\":14,\"id\":14294,\"video\":true,\"opts\":{\"caption\":\"\",\"thumb\":\"https:\\\/\\\/mesnerhaus.at\\\/wp-content\\\/uploads\\\/mesnerhaus-team-essen-1-150x150.jpg\",\"title\":\"mesnerhaus-team-essen\"},\"gallery_id\":\"14289\"},{\"status\":\"active\",\"src\":\"https:\\\/\\\/mesnerhaus.at\\\/wp-content\\\/uploads\\\/mesnerhaus-team-02-1-2048x1365.jpg\",\"title\":\"mesnerhaus-team-02\",\"link\":\"https:\\\/\\\/mesnerhaus.at\\\/wp-content\\\/uploads\\\/mesnerhaus-team-02-1-scaled.jpg\",\"alt\":\"Das Mesnerhaus-Team in entspannter Runde auf der Gartenterrasse\",\"caption\":false,\"thumb\":\"https:\\\/\\\/mesnerhaus.at\\\/wp-content\\\/uploads\\\/mesnerhaus-team-02-1-150x150.jpg\",\"tags\":[],\"video_aspect_ratio\":\"\",\"video_width\":\"\",\"video_height\":\"\",\"video_in_gallery\":\"\",\"meta\":{\"aperture\":\"5\",\"credit\":\"Kathrin Buschmann\",\"camera\":\"NIKON Z 8\",\"caption\":\"\",\"created_timestamp\":\"1786009335\",\"copyright\":\"Kathrin Buschmann Fotografie\",\"focal_length\":\"35\",\"iso\":\"250\",\"shutter_speed\":\"0.00125\",\"title\":\"\",\"orientation\":\"1\",\"keywords\":null,\"alt\":null},\"thumbnail\":\"https:\\\/\\\/mesnerhaus.at\\\/wp-content\\\/uploads\\\/mesnerhaus-team-02-1-150x150.jpg\",\"medium\":\"https:\\\/\\\/mesnerhaus.at\\\/wp-content\\\/uploads\\\/mesnerhaus-team-02-1-300x200.jpg\",\"medium_large\":\"https:\\\/\\\/mesnerhaus.at\\\/wp-content\\\/uploads\\\/mesnerhaus-team-02-1-768x512.jpg\",\"large\":\"https:\\\/\\\/mesnerhaus.at\\\/wp-content\\\/uploads\\\/mesnerhaus-team-02-1-1024x683.jpg\",\"thumblist\":\"https:\\\/\\\/mesnerhaus.at\\\/wp-content\\\/uploads\\\/mesnerhaus-team-02-1-300x300.jpg\",\"thumbrelated\":\"https:\\\/\\\/mesnerhaus.at\\\/wp-content\\\/uploads\\\/mesnerhaus-team-02-1-500x500.jpg\",\"meccarouselthumb\":\"https:\\\/\\\/mesnerhaus.at\\\/wp-content\\\/uploads\\\/mesnerhaus-team-02-1-474x324.jpg\",\"gridsquare\":\"https:\\\/\\\/mesnerhaus.at\\\/wp-content\\\/uploads\\\/mesnerhaus-team-02-1-391x260.jpg\",\"tileview\":\"https:\\\/\\\/mesnerhaus.at\\\/wp-content\\\/uploads\\\/mesnerhaus-team-02-1-300x400.jpg\",\"1536x1536\":\"https:\\\/\\\/mesnerhaus.at\\\/wp-content\\\/uploads\\\/mesnerhaus-team-02-1-1536x1024.jpg\",\"2048x2048\":\"https:\\\/\\\/mesnerhaus.at\\\/wp-content\\\/uploads\\\/mesnerhaus-team-02-1-2048x1365.jpg\",\"soulkitchen-uncropped\":\"https:\\\/\\\/mesnerhaus.at\\\/wp-content\\\/uploads\\\/mesnerhaus-team-02-1-2308x1539.jpg\",\"soulkitchen-uncropped-largex2\":\"https:\\\/\\\/mesnerhaus.at\\\/wp-content\\\/uploads\\\/mesnerhaus-team-02-1-1600x1067.jpg\",\"soulkitchen-uncropped-full\":\"https:\\\/\\\/mesnerhaus.at\\\/wp-content\\\/uploads\\\/mesnerhaus-team-02-1-1200x800.jpg\",\"soulkitchen-uncropped-large\":\"https:\\\/\\\/mesnerhaus.at\\\/wp-content\\\/uploads\\\/mesnerhaus-team-02-1-800x533.jpg\",\"soulkitchen-uncropped-medium\":\"https:\\\/\\\/mesnerhaus.at\\\/wp-content\\\/uploads\\\/mesnerhaus-team-02-1-560x373.jpg\",\"soulkitchen-suare\":\"https:\\\/\\\/mesnerhaus.at\\\/wp-content\\\/uploads\\\/mesnerhaus-team-02-1-2308x2308.jpg\",\"soulkitchen-square-largex2\":\"https:\\\/\\\/mesnerhaus.at\\\/wp-content\\\/uploads\\\/mesnerhaus-team-02-1-1600x1600.jpg\",\"soulkitchen-square-full\":\"https:\\\/\\\/mesnerhaus.at\\\/wp-content\\\/uploads\\\/mesnerhaus-team-02-1-1200x1200.jpg\",\"soulkitchen-square-large\":\"https:\\\/\\\/mesnerhaus.at\\\/wp-content\\\/uploads\\\/mesnerhaus-team-02-1-800x800.jpg\",\"soulkitchen-square-medium\":\"https:\\\/\\\/mesnerhaus.at\\\/wp-content\\\/uploads\\\/mesnerhaus-team-02-1-560x560.jpg\",\"soulkitchen-square-small\":\"https:\\\/\\\/mesnerhaus.at\\\/wp-content\\\/uploads\\\/mesnerhaus-team-02-1-250x250.jpg\",\"soulkitchen-square-mini\":\"https:\\\/\\\/mesnerhaus.at\\\/wp-content\\\/uploads\\\/mesnerhaus-team-02-1-120x120.jpg\",\"soulkitchen-portrait-full\":\"https:\\\/\\\/mesnerhaus.at\\\/wp-content\\\/uploads\\\/mesnerhaus-team-02-1-1200x1800.jpg\",\"soulkitchen-portrait-large\":\"https:\\\/\\\/mesnerhaus.at\\\/wp-content\\\/uploads\\\/mesnerhaus-team-02-1-800x1200.jpg\",\"soulkitchen-landscape\":\"https:\\\/\\\/mesnerhaus.at\\\/wp-content\\\/uploads\\\/mesnerhaus-team-02-1-2308x1731.jpg\",\"soulkitchen-landscape-largex2\":\"https:\\\/\\\/mesnerhaus.at\\\/wp-content\\\/uploads\\\/mesnerhaus-team-02-1-1600x1200.jpg\",\"soulkitchen-landscape-full\":\"https:\\\/\\\/mesnerhaus.at\\\/wp-content\\\/uploads\\\/mesnerhaus-team-02-1-1200x900.jpg\",\"soulkitchen-landscape-large\":\"https:\\\/\\\/mesnerhaus.at\\\/wp-content\\\/uploads\\\/mesnerhaus-team-02-1-800x600.jpg\",\"soulkitchen-landscape-medium\":\"https:\\\/\\\/mesnerhaus.at\\\/wp-content\\\/uploads\\\/mesnerhaus-team-02-1-560x420.jpg\",\"soulkitchen-landscape-mini\":\"https:\\\/\\\/mesnerhaus.at\\\/wp-content\\\/uploads\\\/mesnerhaus-team-02-1-120x90.jpg\",\"soulkitchen-landscapenarrow\":\"https:\\\/\\\/mesnerhaus.at\\\/wp-content\\\/uploads\\\/mesnerhaus-team-02-1-2308x1154.jpg\",\"soulkitchen-landscapenarrow-largex2\":\"https:\\\/\\\/mesnerhaus.at\\\/wp-content\\\/uploads\\\/mesnerhaus-team-02-1-1600x800.jpg\",\"soulkitchen-landscapenarrow-large\":\"https:\\\/\\\/mesnerhaus.at\\\/wp-content\\\/uploads\\\/mesnerhaus-team-02-1-800x400.jpg\",\"full\":\"https:\\\/\\\/mesnerhaus.at\\\/wp-content\\\/uploads\\\/mesnerhaus-team-02-1-scaled.jpg\",\"index\":15,\"id\":14291,\"video\":true,\"opts\":{\"caption\":\"\",\"thumb\":\"https:\\\/\\\/mesnerhaus.at\\\/wp-content\\\/uploads\\\/mesnerhaus-team-02-1-150x150.jpg\",\"title\":\"mesnerhaus-team-02\"},\"gallery_id\":\"14289\"}]' data-lightbox-theme='{&quot;arrows&quot;:true,&quot;margins&quot;:[120,0],&quot;gutter&quot;:&quot;100&quot;,&quot;thumbs_position&quot;:&quot;bottom&quot;,&quot;base_template&quot;:&quot;&lt;div id=\\&quot;envirabox-14289\\&quot; data-envirabox-id=\\&quot;14289\\&quot; class=\\&quot;envirabox-container envirabox-theme-base_light envirabox-wrap\\&quot; role=\\&quot;dialog\\&quot;&gt;&lt;div class=\\&quot;envirabox-bg\\&quot;&gt;&lt;\\\/div&gt;&lt;div class=\\&quot;envirabox-outer\\&quot;&gt;&lt;div class=\\&quot;envirabox-inner\\&quot;&gt;&lt;div class=\\&quot;envirabox-caption-wrap\\&quot;&gt; &lt;div class=\\&quot;envirabox-image-counter\\&quot;&gt;Image &lt;span data-envirabox-index&gt;&lt;\\\/span&gt; of &lt;span data-envirabox-count&gt;&lt;\\\/span&gt;&lt;\\\/div&gt;&lt;\\\/div&gt;&lt;div class=\\&quot;envirabox-toolbar\\&quot;&gt;&lt;div class=\\&quot;envira-close-button\\&quot;&gt;&lt;a data-envirabox-close class=\\&quot;envirabox-item envirabox-close envirabox-button--close\\&quot; title=\\&quot;Close\\&quot; href=\\&quot;#\\&quot;&gt;&lt;\\\/a&gt;&lt;\\\/div&gt;&lt;\\\/div&gt;&lt;div class=\\&quot;envirabox-navigation\\&quot;&gt;&lt;a data-envirabox-prev title=\\&quot;Prev\\&quot; class=\\&quot;envirabox-arrow envirabox-arrow--left envirabox-nav envirabox-prev\\&quot; href=\\&quot;#\\&quot;&gt;&lt;span&gt;&lt;\\\/span&gt;&lt;\\\/a&gt;&lt;a data-envirabox-next title=\\&quot;Next\\&quot; class=\\&quot;envirabox-arrow envirabox-arrow--right envirabox-nav envirabox-next\\&quot; href=\\&quot;#\\&quot;&gt;&lt;span&gt;&lt;\\\/span&gt;&lt;\\\/a&gt;&lt;\\\/div&gt;&lt;div class=\\&quot;envirabox-stage\\&quot;&gt;&lt;\\\/div&gt;&lt;\\\/div&gt;&lt;\\\/div&gt;&lt;\\\/div&gt;&quot;,&quot;load_all&quot;:false,&quot;error_template&quot;:&quot;&lt;div class=\\&quot;envirabox-error\\&quot;&gt;&lt;p&gt;{{ERROR}}&lt;p&gt;&lt;\\\/div&gt;&quot;,&quot;inner_caption&quot;:false,&quot;caption_position&quot;:false,&quot;arrow_position&quot;:false,&quot;toolbar&quot;:true,&quot;infobar&quot;:false,&quot;show_smallbtn&quot;:false,&quot;idle_time&quot;:false,&quot;click_content&quot;:false,&quot;click_slide&quot;:false,&quot;click_outside&quot;:false,&quot;animation_duration&quot;:false,&quot;transition_duration&quot;:false,&quot;small_btn_template&quot;:&quot;&lt;a data-envirabox-close class=\\&quot;envirabox-item envirabox-close envirabox-button--close\\&quot; title=\\&quot;Close\\&quot; href=\\&quot;#\\&quot;&gt;&lt;\\\/a&gt;&quot;}' data-parsed-attrs='{\"id\":\"14289\",\"cache\":true}'><div id=\"envira-gallery-item-14290\" class=\"envira-gallery-item envira-gallery-item-1 envira-lazy-load\" style=\"padding-left: 5px; padding-bottom: 10px; padding-right: 5px;\"  itemscope itemtype=\"https:\/\/schema.org\/ImageObject\"><div class=\"envira-gallery-item-inner\"><div class=\"envira-gallery-position-overlay envira-gallery-top-left\"><\/div><div class=\"envira-gallery-position-overlay envira-gallery-top-right\"><\/div><div class=\"envira-gallery-position-overlay envira-gallery-bottom-left\"><\/div><div class=\"envira-gallery-position-overlay envira-gallery-bottom-right\"><\/div><a class=\"envira-gallery-14289 envira-gallery-link\" href=\"https:\/\/mesnerhaus.at\/wp-content\/uploads\/mesnerhaus-team-01-1-2048x1365.jpg\" title=\"mesnerhaus-team-01\" data-caption=\"A team of seven people posing together in an outdoor garden setting.\" data-envira-item-id=\"14290\" data-envira-retina=\"https:\/\/mesnerhaus.at\/wp-content\/uploads\/mesnerhaus-team-01-1-2048x1365.jpg\" data-thumb=\"https:\/\/mesnerhaus.at\/wp-content\/uploads\/mesnerhaus-team-01-1-150x150.jpg\" class=\"links_to_image\" data-rel=\"prettyPhoto[15307]\" data-title=\"mesnerhaus-team-01\" data-envirabox='14289' itemprop=\"contentUrl\"><img loading=\"lazy\" decoding=\"async\" src=\"https:\/\/mesnerhaus.at\/wp-content\/uploads\/mesnerhaus-team-01-1-1536x1024.jpg\" alt=\"Sieben Mitglieder des Mesnerhaus-Teams gemeinsam im Garten\" class=\"envira-gallery-image envira-gallery-image-1    envira-lazy\" height=\"1536\" id=\"envira-gallery-image-14290\" srcset=\"data:image\/gif;base64,R0lGODlhAQABAIAAAP\/\/\/\/\/\/\/yH5BAEKAAEALAAAAAABAAEAAAICTAEAOw==\" tabindex=\"-1\" title=\"mesnerhaus-team-01\" width=\"1536\" data-caption=\"A team of seven people posing together in an outdoor garden setting.\" data-envira-gallery-id=\"14289\" data-envira-index=\"0\" data-envira-item-id=\"14290\" data-envira-src=\"https:\/\/mesnerhaus.at\/wp-content\/uploads\/mesnerhaus-team-01-1-1536x1024.jpg\" data-envira-srcset=\"https:\/\/mesnerhaus.at\/wp-content\/uploads\/mesnerhaus-team-01-1-1536x1024.jpg 400w, https:\/\/mesnerhaus.at\/wp-content\/uploads\/mesnerhaus-team-01-1-1536x1024.jpg 2x\" data-title=\"mesnerhaus-team-01\" itemprop=\"thumbnailUrl\"  data-envirabox=\"14289\" data-automatic-caption=\"\" data-envira-height=\"200\" data-envira-width=\"300\" \/><\/a><\/div><\/div><div id=\"envira-gallery-item-14295\" class=\"envira-gallery-item envira-gallery-item-2 envira-lazy-load\" style=\"padding-left: 5px; padding-bottom: 10px; padding-right: 5px;\"  itemscope itemtype=\"https:\/\/schema.org\/ImageObject\"><div class=\"envira-gallery-item-inner\"><div class=\"envira-gallery-position-overlay envira-gallery-top-left\"><\/div><div class=\"envira-gallery-position-overlay envira-gallery-top-right\"><\/div><div class=\"envira-gallery-position-overlay envira-gallery-bottom-left\"><\/div><div class=\"envira-gallery-position-overlay envira-gallery-bottom-right\"><\/div><a class=\"envira-gallery-14289 envira-gallery-link\" href=\"https:\/\/mesnerhaus.at\/wp-content\/uploads\/mesnerhaus-team-josef-steffner-2048x1365.jpg\" title=\"mesnerhaus-team-josef-steffner\" data-caption=\"\" data-envira-item-id=\"14295\" data-envira-retina=\"https:\/\/mesnerhaus.at\/wp-content\/uploads\/mesnerhaus-team-josef-steffner-2048x1365.jpg\" data-thumb=\"https:\/\/mesnerhaus.at\/wp-content\/uploads\/mesnerhaus-team-josef-steffner-150x150.jpg\" class=\"links_to_image\" data-rel=\"prettyPhoto[15307]\" data-title=\"mesnerhaus-team-josef-steffner\" data-envirabox='14289' itemprop=\"contentUrl\"><img loading=\"lazy\" decoding=\"async\" src=\"https:\/\/mesnerhaus.at\/wp-content\/uploads\/mesnerhaus-team-josef-steffner-1536x1024.jpg\" alt=\"Josef Steffner mit Sch&uuml;rze im Garten des Mesnerhauses\" class=\"envira-gallery-image envira-gallery-image-2    envira-lazy\" height=\"1536\" id=\"envira-gallery-image-14295\" srcset=\"data:image\/gif;base64,R0lGODlhAQABAIAAAP\/\/\/\/\/\/\/yH5BAEKAAEALAAAAAABAAEAAAICTAEAOw==\" tabindex=\"-1\" title=\"mesnerhaus-team-josef-steffner\" width=\"1536\" data-caption=\"\" data-envira-gallery-id=\"14289\" data-envira-index=\"1\" data-envira-item-id=\"14295\" data-envira-src=\"https:\/\/mesnerhaus.at\/wp-content\/uploads\/mesnerhaus-team-josef-steffner-1536x1024.jpg\" data-envira-srcset=\"https:\/\/mesnerhaus.at\/wp-content\/uploads\/mesnerhaus-team-josef-steffner-1536x1024.jpg 400w, https:\/\/mesnerhaus.at\/wp-content\/uploads\/mesnerhaus-team-josef-steffner-1536x1024.jpg 2x\" data-title=\"mesnerhaus-team-josef-steffner\" itemprop=\"thumbnailUrl\"  data-envirabox=\"14289\" data-automatic-caption=\"\" data-envira-height=\"200\" data-envira-width=\"300\" \/><\/a><\/div><\/div><div id=\"envira-gallery-item-14301\" class=\"envira-gallery-item envira-gallery-item-3 envira-lazy-load\" style=\"padding-left: 5px; padding-bottom: 10px; padding-right: 5px;\"  itemscope itemtype=\"https:\/\/schema.org\/ImageObject\"><div class=\"envira-gallery-item-inner\"><div class=\"envira-gallery-position-overlay envira-gallery-top-left\"><\/div><div class=\"envira-gallery-position-overlay envira-gallery-top-right\"><\/div><div class=\"envira-gallery-position-overlay envira-gallery-bottom-left\"><\/div><div class=\"envira-gallery-position-overlay envira-gallery-bottom-right\"><\/div><a class=\"envira-gallery-14289 envira-gallery-link\" href=\"https:\/\/mesnerhaus.at\/wp-content\/uploads\/mesnerhaus-team-maria-steffner-1365x2048.jpg\" title=\"mesnerhaus-team-maria-steffner\" data-caption=\"\" data-envira-item-id=\"14301\" data-envira-retina=\"https:\/\/mesnerhaus.at\/wp-content\/uploads\/mesnerhaus-team-maria-steffner-1365x2048.jpg\" data-thumb=\"https:\/\/mesnerhaus.at\/wp-content\/uploads\/mesnerhaus-team-maria-steffner-150x150.jpg\" class=\"links_to_image\" data-rel=\"prettyPhoto[15307]\" data-title=\"mesnerhaus-team-maria-steffner\" data-envirabox='14289' itemprop=\"contentUrl\"><img loading=\"lazy\" decoding=\"async\" src=\"https:\/\/mesnerhaus.at\/wp-content\/uploads\/mesnerhaus-team-maria-steffner-1024x1536.jpg\" alt=\"Maria Steffner sitzend auf der Terrasse des Mesnerhauses\" class=\"envira-gallery-image envira-gallery-image-3    envira-lazy\" height=\"1536\" id=\"envira-gallery-image-14301\" srcset=\"data:image\/gif;base64,R0lGODlhAQABAIAAAP\/\/\/\/\/\/\/yH5BAEKAAEALAAAAAABAAEAAAICTAEAOw==\" tabindex=\"-1\" title=\"mesnerhaus-team-maria-steffner\" width=\"1536\" data-caption=\"\" data-envira-gallery-id=\"14289\" data-envira-index=\"2\" data-envira-item-id=\"14301\" data-envira-src=\"https:\/\/mesnerhaus.at\/wp-content\/uploads\/mesnerhaus-team-maria-steffner-1024x1536.jpg\" data-envira-srcset=\"https:\/\/mesnerhaus.at\/wp-content\/uploads\/mesnerhaus-team-maria-steffner-1024x1536.jpg 400w, https:\/\/mesnerhaus.at\/wp-content\/uploads\/mesnerhaus-team-maria-steffner-1024x1536.jpg 2x\" data-title=\"mesnerhaus-team-maria-steffner\" itemprop=\"thumbnailUrl\"  data-envirabox=\"14289\" data-automatic-caption=\"\" data-envira-height=\"300\" data-envira-width=\"200\" \/><\/a><\/div><\/div><div id=\"envira-gallery-item-14304\" class=\"envira-gallery-item envira-gallery-item-4 envira-lazy-load\" style=\"padding-left: 5px; padding-bottom: 10px; padding-right: 5px;\"  itemscope itemtype=\"https:\/\/schema.org\/ImageObject\"><div class=\"envira-gallery-item-inner\"><div class=\"envira-gallery-position-overlay envira-gallery-top-left\"><\/div><div class=\"envira-gallery-position-overlay envira-gallery-top-right\"><\/div><div class=\"envira-gallery-position-overlay envira-gallery-bottom-left\"><\/div><div class=\"envira-gallery-position-overlay envira-gallery-bottom-right\"><\/div><a class=\"envira-gallery-14289 envira-gallery-link\" href=\"https:\/\/mesnerhaus.at\/wp-content\/uploads\/mesnerhaus-team-sebastian-bichler-sous-chef-01-1-2048x1365.jpg\" title=\"mesnerhaus-team-sebastian-bichler-sous-chef-01\" data-caption=\"\" data-envira-item-id=\"14304\" data-envira-retina=\"https:\/\/mesnerhaus.at\/wp-content\/uploads\/mesnerhaus-team-sebastian-bichler-sous-chef-01-1-2048x1365.jpg\" data-thumb=\"https:\/\/mesnerhaus.at\/wp-content\/uploads\/mesnerhaus-team-sebastian-bichler-sous-chef-01-1-150x150.jpg\" class=\"links_to_image\" data-rel=\"prettyPhoto[15307]\" data-title=\"mesnerhaus-team-sebastian-bichler-sous-chef-01\" data-envirabox='14289' itemprop=\"contentUrl\"><img loading=\"lazy\" decoding=\"async\" src=\"https:\/\/mesnerhaus.at\/wp-content\/uploads\/mesnerhaus-team-sebastian-bichler-sous-chef-01-1-1536x1024.jpg\" alt=\"Sous-Chef Sebastian Bichler bei der Zubereitung in der Restaurantk&uuml;che\" class=\"envira-gallery-image envira-gallery-image-4    envira-lazy\" height=\"1536\" id=\"envira-gallery-image-14304\" srcset=\"data:image\/gif;base64,R0lGODlhAQABAIAAAP\/\/\/\/\/\/\/yH5BAEKAAEALAAAAAABAAEAAAICTAEAOw==\" tabindex=\"-1\" title=\"mesnerhaus-team-sebastian-bichler-sous-chef-01\" width=\"1536\" data-caption=\"\" data-envira-gallery-id=\"14289\" data-envira-index=\"3\" data-envira-item-id=\"14304\" data-envira-src=\"https:\/\/mesnerhaus.at\/wp-content\/uploads\/mesnerhaus-team-sebastian-bichler-sous-chef-01-1-1536x1024.jpg\" data-envira-srcset=\"https:\/\/mesnerhaus.at\/wp-content\/uploads\/mesnerhaus-team-sebastian-bichler-sous-chef-01-1-1536x1024.jpg 400w, https:\/\/mesnerhaus.at\/wp-content\/uploads\/mesnerhaus-team-sebastian-bichler-sous-chef-01-1-1536x1024.jpg 2x\" data-title=\"mesnerhaus-team-sebastian-bichler-sous-chef-01\" itemprop=\"thumbnailUrl\"  data-envirabox=\"14289\" data-automatic-caption=\"\" data-envira-height=\"200\" data-envira-width=\"300\" \/><\/a><\/div><\/div><div id=\"envira-gallery-item-14298\" class=\"envira-gallery-item envira-gallery-item-5 envira-lazy-load\" style=\"padding-left: 5px; padding-bottom: 10px; padding-right: 5px;\"  itemscope itemtype=\"https:\/\/schema.org\/ImageObject\"><div class=\"envira-gallery-item-inner\"><div class=\"envira-gallery-position-overlay envira-gallery-top-left\"><\/div><div class=\"envira-gallery-position-overlay envira-gallery-top-right\"><\/div><div class=\"envira-gallery-position-overlay envira-gallery-bottom-left\"><\/div><div class=\"envira-gallery-position-overlay envira-gallery-bottom-right\"><\/div><a class=\"envira-gallery-14289 envira-gallery-link\" href=\"https:\/\/mesnerhaus.at\/wp-content\/uploads\/mesnerhaus-team-lisa-erber-lehrling-restaurantfachfrau-1-2048x1365.jpg\" title=\"mesnerhaus-team-lisa-erber-lehrling-restaurantfachfrau\" data-caption=\"\" data-envira-item-id=\"14298\" data-envira-retina=\"https:\/\/mesnerhaus.at\/wp-content\/uploads\/mesnerhaus-team-lisa-erber-lehrling-restaurantfachfrau-1-2048x1365.jpg\" data-thumb=\"https:\/\/mesnerhaus.at\/wp-content\/uploads\/mesnerhaus-team-lisa-erber-lehrling-restaurantfachfrau-1-150x150.jpg\" class=\"links_to_image\" data-rel=\"prettyPhoto[15307]\" data-title=\"mesnerhaus-team-lisa-erber-lehrling-restaurantfachfrau\" data-envirabox='14289' itemprop=\"contentUrl\"><img loading=\"lazy\" decoding=\"async\" src=\"https:\/\/mesnerhaus.at\/wp-content\/uploads\/mesnerhaus-team-lisa-erber-lehrling-restaurantfachfrau-1-1536x1024.jpg\" alt=\"Restaurantfachfrau-Lehrling Lisa Erber beim Eindecken eines Tisches\" class=\"envira-gallery-image envira-gallery-image-5    envira-lazy\" height=\"1536\" id=\"envira-gallery-image-14298\" srcset=\"data:image\/gif;base64,R0lGODlhAQABAIAAAP\/\/\/\/\/\/\/yH5BAEKAAEALAAAAAABAAEAAAICTAEAOw==\" tabindex=\"-1\" title=\"mesnerhaus-team-lisa-erber-lehrling-restaurantfachfrau\" width=\"1536\" data-caption=\"\" data-envira-gallery-id=\"14289\" data-envira-index=\"4\" data-envira-item-id=\"14298\" data-envira-src=\"https:\/\/mesnerhaus.at\/wp-content\/uploads\/mesnerhaus-team-lisa-erber-lehrling-restaurantfachfrau-1-1536x1024.jpg\" data-envira-srcset=\"https:\/\/mesnerhaus.at\/wp-content\/uploads\/mesnerhaus-team-lisa-erber-lehrling-restaurantfachfrau-1-1536x1024.jpg 400w, https:\/\/mesnerhaus.at\/wp-content\/uploads\/mesnerhaus-team-lisa-erber-lehrling-restaurantfachfrau-1-1536x1024.jpg 2x\" data-title=\"mesnerhaus-team-lisa-erber-lehrling-restaurantfachfrau\" itemprop=\"thumbnailUrl\"  data-envirabox=\"14289\" data-automatic-caption=\"\" data-envira-height=\"200\" data-envira-width=\"300\" \/><\/a><\/div><\/div><div id=\"envira-gallery-item-14296\" class=\"envira-gallery-item envira-gallery-item-6 envira-lazy-load\" style=\"padding-left: 5px; padding-bottom: 10px; padding-right: 5px;\"  itemscope itemtype=\"https:\/\/schema.org\/ImageObject\"><div class=\"envira-gallery-item-inner\"><div class=\"envira-gallery-position-overlay envira-gallery-top-left\"><\/div><div class=\"envira-gallery-position-overlay envira-gallery-top-right\"><\/div><div class=\"envira-gallery-position-overlay envira-gallery-bottom-left\"><\/div><div class=\"envira-gallery-position-overlay envira-gallery-bottom-right\"><\/div><a class=\"envira-gallery-14289 envira-gallery-link\" href=\"https:\/\/mesnerhaus.at\/wp-content\/uploads\/mesnerhaus-team-laura-kaml-lehrling-koechin-01-2048x1365.jpg\" title=\"mesnerhaus-team-laura-kaml-lehrling-koechin-01\" data-caption=\"\" data-envira-item-id=\"14296\" data-envira-retina=\"https:\/\/mesnerhaus.at\/wp-content\/uploads\/mesnerhaus-team-laura-kaml-lehrling-koechin-01-2048x1365.jpg\" data-thumb=\"https:\/\/mesnerhaus.at\/wp-content\/uploads\/mesnerhaus-team-laura-kaml-lehrling-koechin-01-150x150.jpg\" class=\"links_to_image\" data-rel=\"prettyPhoto[15307]\" data-title=\"mesnerhaus-team-laura-kaml-lehrling-koechin-01\" data-envirabox='14289' itemprop=\"contentUrl\"><img loading=\"lazy\" decoding=\"async\" src=\"https:\/\/mesnerhaus.at\/wp-content\/uploads\/mesnerhaus-team-laura-kaml-lehrling-koechin-01-1536x1024.jpg\" alt=\"K&ouml;chin-Lehrling Laura Kaml bei der Zubereitung in der Restaurantk&uuml;che\" class=\"envira-gallery-image envira-gallery-image-6    envira-lazy\" height=\"1536\" id=\"envira-gallery-image-14296\" srcset=\"data:image\/gif;base64,R0lGODlhAQABAIAAAP\/\/\/\/\/\/\/yH5BAEKAAEALAAAAAABAAEAAAICTAEAOw==\" tabindex=\"-1\" title=\"mesnerhaus-team-laura-kaml-lehrling-koechin-01\" width=\"1536\" data-caption=\"\" data-envira-gallery-id=\"14289\" data-envira-index=\"5\" data-envira-item-id=\"14296\" data-envira-src=\"https:\/\/mesnerhaus.at\/wp-content\/uploads\/mesnerhaus-team-laura-kaml-lehrling-koechin-01-1536x1024.jpg\" data-envira-srcset=\"https:\/\/mesnerhaus.at\/wp-content\/uploads\/mesnerhaus-team-laura-kaml-lehrling-koechin-01-1536x1024.jpg 400w, https:\/\/mesnerhaus.at\/wp-content\/uploads\/mesnerhaus-team-laura-kaml-lehrling-koechin-01-1536x1024.jpg 2x\" data-title=\"mesnerhaus-team-laura-kaml-lehrling-koechin-01\" itemprop=\"thumbnailUrl\"  data-envirabox=\"14289\" data-automatic-caption=\"\" data-envira-height=\"200\" data-envira-width=\"300\" \/><\/a><\/div><\/div><div id=\"envira-gallery-item-14303\" class=\"envira-gallery-item envira-gallery-item-7 envira-lazy-load\" style=\"padding-left: 5px; padding-bottom: 10px; padding-right: 5px;\"  itemscope itemtype=\"https:\/\/schema.org\/ImageObject\"><div class=\"envira-gallery-item-inner\"><div class=\"envira-gallery-position-overlay envira-gallery-top-left\"><\/div><div class=\"envira-gallery-position-overlay envira-gallery-top-right\"><\/div><div class=\"envira-gallery-position-overlay envira-gallery-bottom-left\"><\/div><div class=\"envira-gallery-position-overlay envira-gallery-bottom-right\"><\/div><a class=\"envira-gallery-14289 envira-gallery-link\" href=\"https:\/\/mesnerhaus.at\/wp-content\/uploads\/mesnerhaus-team-nusreta-pilav-facility-management-02-1-2048x1365.jpg\" title=\"mesnerhaus-team-nusreta-pilav-facility-management-02\" data-caption=\"\" data-envira-item-id=\"14303\" data-envira-retina=\"https:\/\/mesnerhaus.at\/wp-content\/uploads\/mesnerhaus-team-nusreta-pilav-facility-management-02-1-2048x1365.jpg\" data-thumb=\"https:\/\/mesnerhaus.at\/wp-content\/uploads\/mesnerhaus-team-nusreta-pilav-facility-management-02-1-150x150.jpg\" class=\"links_to_image\" data-rel=\"prettyPhoto[15307]\" data-title=\"mesnerhaus-team-nusreta-pilav-facility-management-02\" data-envirabox='14289' itemprop=\"contentUrl\"><img loading=\"lazy\" decoding=\"async\" src=\"https:\/\/mesnerhaus.at\/wp-content\/uploads\/mesnerhaus-team-nusreta-pilav-facility-management-02-1-1536x1024.jpg\" alt=\"Nusreta Pilav vom Facility Management mit gefalteten Handt&uuml;chern in einem Hotelbad\" class=\"envira-gallery-image envira-gallery-image-7    envira-lazy\" height=\"1536\" id=\"envira-gallery-image-14303\" srcset=\"data:image\/gif;base64,R0lGODlhAQABAIAAAP\/\/\/\/\/\/\/yH5BAEKAAEALAAAAAABAAEAAAICTAEAOw==\" tabindex=\"-1\" title=\"mesnerhaus-team-nusreta-pilav-facility-management-02\" width=\"1536\" data-caption=\"\" data-envira-gallery-id=\"14289\" data-envira-index=\"6\" data-envira-item-id=\"14303\" data-envira-src=\"https:\/\/mesnerhaus.at\/wp-content\/uploads\/mesnerhaus-team-nusreta-pilav-facility-management-02-1-1536x1024.jpg\" data-envira-srcset=\"https:\/\/mesnerhaus.at\/wp-content\/uploads\/mesnerhaus-team-nusreta-pilav-facility-management-02-1-1536x1024.jpg 400w, https:\/\/mesnerhaus.at\/wp-content\/uploads\/mesnerhaus-team-nusreta-pilav-facility-management-02-1-1536x1024.jpg 2x\" data-title=\"mesnerhaus-team-nusreta-pilav-facility-management-02\" itemprop=\"thumbnailUrl\"  data-envirabox=\"14289\" data-automatic-caption=\"\" data-envira-height=\"200\" data-envira-width=\"300\" \/><\/a><\/div><\/div><div id=\"envira-gallery-item-14292\" class=\"envira-gallery-item envira-gallery-item-8 envira-lazy-load\" style=\"padding-left: 5px; padding-bottom: 10px; padding-right: 5px;\"  itemscope itemtype=\"https:\/\/schema.org\/ImageObject\"><div class=\"envira-gallery-item-inner\"><div class=\"envira-gallery-position-overlay envira-gallery-top-left\"><\/div><div class=\"envira-gallery-position-overlay envira-gallery-top-right\"><\/div><div class=\"envira-gallery-position-overlay envira-gallery-bottom-left\"><\/div><div class=\"envira-gallery-position-overlay envira-gallery-bottom-right\"><\/div><a class=\"envira-gallery-14289 envira-gallery-link\" href=\"https:\/\/mesnerhaus.at\/wp-content\/uploads\/mesnerhaus-team-aagnima-sherpa-steward-01-2048x1365.jpg\" title=\"mesnerhaus-team-aagnima-sherpa-steward-01\" data-caption=\"\" data-envira-item-id=\"14292\" data-envira-retina=\"https:\/\/mesnerhaus.at\/wp-content\/uploads\/mesnerhaus-team-aagnima-sherpa-steward-01-2048x1365.jpg\" data-thumb=\"https:\/\/mesnerhaus.at\/wp-content\/uploads\/mesnerhaus-team-aagnima-sherpa-steward-01-150x150.jpg\" class=\"links_to_image\" data-rel=\"prettyPhoto[15307]\" data-title=\"mesnerhaus-team-aagnima-sherpa-steward-01\" data-envirabox='14289' itemprop=\"contentUrl\"><img loading=\"lazy\" decoding=\"async\" src=\"https:\/\/mesnerhaus.at\/wp-content\/uploads\/mesnerhaus-team-aagnima-sherpa-steward-01-1536x1024.jpg\" alt=\"Steward Aagnima Sherpa beim Einr&auml;umen von Geschirr in der Restaurantk&uuml;che\" class=\"envira-gallery-image envira-gallery-image-8    envira-lazy\" height=\"1536\" id=\"envira-gallery-image-14292\" srcset=\"data:image\/gif;base64,R0lGODlhAQABAIAAAP\/\/\/\/\/\/\/yH5BAEKAAEALAAAAAABAAEAAAICTAEAOw==\" tabindex=\"-1\" title=\"mesnerhaus-team-aagnima-sherpa-steward-01\" width=\"1536\" data-caption=\"\" data-envira-gallery-id=\"14289\" data-envira-index=\"7\" data-envira-item-id=\"14292\" data-envira-src=\"https:\/\/mesnerhaus.at\/wp-content\/uploads\/mesnerhaus-team-aagnima-sherpa-steward-01-1536x1024.jpg\" data-envira-srcset=\"https:\/\/mesnerhaus.at\/wp-content\/uploads\/mesnerhaus-team-aagnima-sherpa-steward-01-1536x1024.jpg 400w, https:\/\/mesnerhaus.at\/wp-content\/uploads\/mesnerhaus-team-aagnima-sherpa-steward-01-1536x1024.jpg 2x\" data-title=\"mesnerhaus-team-aagnima-sherpa-steward-01\" itemprop=\"thumbnailUrl\"  data-envirabox=\"14289\" data-automatic-caption=\"\" data-envira-height=\"200\" data-envira-width=\"300\" \/><\/a><\/div><\/div><div id=\"envira-gallery-item-14305\" class=\"envira-gallery-item envira-gallery-item-9 envira-lazy-load\" style=\"padding-left: 5px; padding-bottom: 10px; padding-right: 5px;\"  itemscope itemtype=\"https:\/\/schema.org\/ImageObject\"><div class=\"envira-gallery-item-inner\"><div class=\"envira-gallery-position-overlay envira-gallery-top-left\"><\/div><div class=\"envira-gallery-position-overlay envira-gallery-top-right\"><\/div><div class=\"envira-gallery-position-overlay envira-gallery-bottom-left\"><\/div><div class=\"envira-gallery-position-overlay envira-gallery-bottom-right\"><\/div><a class=\"envira-gallery-14289 envira-gallery-link\" href=\"https:\/\/mesnerhaus.at\/wp-content\/uploads\/mesnerhaus-team-sebastian-bichler-sous-chef-02-2048x1365.jpg\" title=\"mesnerhaus-team-sebastian-bichler-sous-chef-02\" data-caption=\"\" data-envira-item-id=\"14305\" data-envira-retina=\"https:\/\/mesnerhaus.at\/wp-content\/uploads\/mesnerhaus-team-sebastian-bichler-sous-chef-02-2048x1365.jpg\" data-thumb=\"https:\/\/mesnerhaus.at\/wp-content\/uploads\/mesnerhaus-team-sebastian-bichler-sous-chef-02-150x150.jpg\" class=\"links_to_image\" data-rel=\"prettyPhoto[15307]\" data-title=\"mesnerhaus-team-sebastian-bichler-sous-chef-02\" data-envirabox='14289' itemprop=\"contentUrl\"><img loading=\"lazy\" decoding=\"async\" src=\"https:\/\/mesnerhaus.at\/wp-content\/uploads\/mesnerhaus-team-sebastian-bichler-sous-chef-02-1536x1024.jpg\" alt=\"Sous-Chef Sebastian Bichler bei einem Portr&auml;t auf der Terrasse\" class=\"envira-gallery-image envira-gallery-image-9    envira-lazy\" height=\"1536\" id=\"envira-gallery-image-14305\" srcset=\"data:image\/gif;base64,R0lGODlhAQABAIAAAP\/\/\/\/\/\/\/yH5BAEKAAEALAAAAAABAAEAAAICTAEAOw==\" tabindex=\"-1\" title=\"mesnerhaus-team-sebastian-bichler-sous-chef-02\" width=\"1536\" data-caption=\"\" data-envira-gallery-id=\"14289\" data-envira-index=\"8\" data-envira-item-id=\"14305\" data-envira-src=\"https:\/\/mesnerhaus.at\/wp-content\/uploads\/mesnerhaus-team-sebastian-bichler-sous-chef-02-1536x1024.jpg\" data-envira-srcset=\"https:\/\/mesnerhaus.at\/wp-content\/uploads\/mesnerhaus-team-sebastian-bichler-sous-chef-02-1536x1024.jpg 400w, https:\/\/mesnerhaus.at\/wp-content\/uploads\/mesnerhaus-team-sebastian-bichler-sous-chef-02-1536x1024.jpg 2x\" data-title=\"mesnerhaus-team-sebastian-bichler-sous-chef-02\" itemprop=\"thumbnailUrl\"  data-envirabox=\"14289\" data-automatic-caption=\"\" data-envira-height=\"200\" data-envira-width=\"300\" \/><\/a><\/div><\/div><div id=\"envira-gallery-item-14300\" class=\"envira-gallery-item envira-gallery-item-10 envira-lazy-load\" style=\"padding-left: 5px; padding-bottom: 10px; padding-right: 5px;\"  itemscope itemtype=\"https:\/\/schema.org\/ImageObject\"><div class=\"envira-gallery-item-inner\"><div class=\"envira-gallery-position-overlay envira-gallery-top-left\"><\/div><div class=\"envira-gallery-position-overlay envira-gallery-top-right\"><\/div><div class=\"envira-gallery-position-overlay envira-gallery-bottom-left\"><\/div><div class=\"envira-gallery-position-overlay envira-gallery-bottom-right\"><\/div><a class=\"envira-gallery-14289 envira-gallery-link\" href=\"https:\/\/mesnerhaus.at\/wp-content\/uploads\/mesnerhaus-team-lisa-erber-lehrling-restaurantfachfrau-02-1-2048x1365.jpg\" title=\"mesnerhaus-team-lisa-erber-lehrling-restaurantfachfrau-02\" data-caption=\"\" data-envira-item-id=\"14300\" data-envira-retina=\"https:\/\/mesnerhaus.at\/wp-content\/uploads\/mesnerhaus-team-lisa-erber-lehrling-restaurantfachfrau-02-1-2048x1365.jpg\" data-thumb=\"https:\/\/mesnerhaus.at\/wp-content\/uploads\/mesnerhaus-team-lisa-erber-lehrling-restaurantfachfrau-02-1-150x150.jpg\" class=\"links_to_image\" data-rel=\"prettyPhoto[15307]\" data-title=\"mesnerhaus-team-lisa-erber-lehrling-restaurantfachfrau-02\" data-envirabox='14289' itemprop=\"contentUrl\"><img loading=\"lazy\" decoding=\"async\" src=\"https:\/\/mesnerhaus.at\/wp-content\/uploads\/mesnerhaus-team-lisa-erber-lehrling-restaurantfachfrau-02-1-1536x1024.jpg\" alt=\"Restaurantfachfrau-Lehrling Lisa Erber beim Eindecken eines Tisches im Gastraum\" class=\"envira-gallery-image envira-gallery-image-10    envira-lazy\" height=\"1536\" id=\"envira-gallery-image-14300\" srcset=\"data:image\/gif;base64,R0lGODlhAQABAIAAAP\/\/\/\/\/\/\/yH5BAEKAAEALAAAAAABAAEAAAICTAEAOw==\" tabindex=\"-1\" title=\"mesnerhaus-team-lisa-erber-lehrling-restaurantfachfrau-02\" width=\"1536\" data-caption=\"\" data-envira-gallery-id=\"14289\" data-envira-index=\"9\" data-envira-item-id=\"14300\" data-envira-src=\"https:\/\/mesnerhaus.at\/wp-content\/uploads\/mesnerhaus-team-lisa-erber-lehrling-restaurantfachfrau-02-1-1536x1024.jpg\" data-envira-srcset=\"https:\/\/mesnerhaus.at\/wp-content\/uploads\/mesnerhaus-team-lisa-erber-lehrling-restaurantfachfrau-02-1-1536x1024.jpg 400w, https:\/\/mesnerhaus.at\/wp-content\/uploads\/mesnerhaus-team-lisa-erber-lehrling-restaurantfachfrau-02-1-1536x1024.jpg 2x\" data-title=\"mesnerhaus-team-lisa-erber-lehrling-restaurantfachfrau-02\" itemprop=\"thumbnailUrl\"  data-envirabox=\"14289\" data-automatic-caption=\"\" data-envira-height=\"200\" data-envira-width=\"300\" \/><\/a><\/div><\/div><div id=\"envira-gallery-item-14297\" class=\"envira-gallery-item envira-gallery-item-11 envira-lazy-load\" style=\"padding-left: 5px; padding-bottom: 10px; padding-right: 5px;\"  itemscope itemtype=\"https:\/\/schema.org\/ImageObject\"><div class=\"envira-gallery-item-inner\"><div class=\"envira-gallery-position-overlay envira-gallery-top-left\"><\/div><div class=\"envira-gallery-position-overlay envira-gallery-top-right\"><\/div><div class=\"envira-gallery-position-overlay envira-gallery-bottom-left\"><\/div><div class=\"envira-gallery-position-overlay envira-gallery-bottom-right\"><\/div><a class=\"envira-gallery-14289 envira-gallery-link\" href=\"https:\/\/mesnerhaus.at\/wp-content\/uploads\/mesnerhaus-team-laura-kaml-lehrling-koechin-02-1-2048x1365.jpg\" title=\"mesnerhaus-team-laura-kaml-lehrling-koechin-02\" data-caption=\"\" data-envira-item-id=\"14297\" data-envira-retina=\"https:\/\/mesnerhaus.at\/wp-content\/uploads\/mesnerhaus-team-laura-kaml-lehrling-koechin-02-1-2048x1365.jpg\" data-thumb=\"https:\/\/mesnerhaus.at\/wp-content\/uploads\/mesnerhaus-team-laura-kaml-lehrling-koechin-02-1-150x150.jpg\" class=\"links_to_image\" data-rel=\"prettyPhoto[15307]\" data-title=\"mesnerhaus-team-laura-kaml-lehrling-koechin-02\" data-envirabox='14289' itemprop=\"contentUrl\"><img loading=\"lazy\" decoding=\"async\" src=\"https:\/\/mesnerhaus.at\/wp-content\/uploads\/mesnerhaus-team-laura-kaml-lehrling-koechin-02-1-1536x1024.jpg\" alt=\"K&ouml;chin-Lehrling Laura Kaml bei einem Portr&auml;t am Arbeitsplatz in der Restaurantk&uuml;che\" class=\"envira-gallery-image envira-gallery-image-11    envira-lazy\" height=\"1536\" id=\"envira-gallery-image-14297\" srcset=\"data:image\/gif;base64,R0lGODlhAQABAIAAAP\/\/\/\/\/\/\/yH5BAEKAAEALAAAAAABAAEAAAICTAEAOw==\" tabindex=\"-1\" title=\"mesnerhaus-team-laura-kaml-lehrling-koechin-02\" width=\"1536\" data-caption=\"\" data-envira-gallery-id=\"14289\" data-envira-index=\"10\" data-envira-item-id=\"14297\" data-envira-src=\"https:\/\/mesnerhaus.at\/wp-content\/uploads\/mesnerhaus-team-laura-kaml-lehrling-koechin-02-1-1536x1024.jpg\" data-envira-srcset=\"https:\/\/mesnerhaus.at\/wp-content\/uploads\/mesnerhaus-team-laura-kaml-lehrling-koechin-02-1-1536x1024.jpg 400w, https:\/\/mesnerhaus.at\/wp-content\/uploads\/mesnerhaus-team-laura-kaml-lehrling-koechin-02-1-1536x1024.jpg 2x\" data-title=\"mesnerhaus-team-laura-kaml-lehrling-koechin-02\" itemprop=\"thumbnailUrl\"  data-envirabox=\"14289\" data-automatic-caption=\"\" data-envira-height=\"200\" data-envira-width=\"300\" \/><\/a><\/div><\/div><div id=\"envira-gallery-item-14293\" class=\"envira-gallery-item envira-gallery-item-12 envira-lazy-load\" style=\"padding-left: 5px; padding-bottom: 10px; padding-right: 5px;\"  itemscope itemtype=\"https:\/\/schema.org\/ImageObject\"><div class=\"envira-gallery-item-inner\"><div class=\"envira-gallery-position-overlay envira-gallery-top-left\"><\/div><div class=\"envira-gallery-position-overlay envira-gallery-top-right\"><\/div><div class=\"envira-gallery-position-overlay envira-gallery-bottom-left\"><\/div><div class=\"envira-gallery-position-overlay envira-gallery-bottom-right\"><\/div><a class=\"envira-gallery-14289 envira-gallery-link\" href=\"https:\/\/mesnerhaus.at\/wp-content\/uploads\/mesnerhaus-team-aagnima-sherpa-steward-02-1-2048x1365.jpg\" title=\"mesnerhaus-team-aagnima-sherpa-steward-02\" data-caption=\"\" data-envira-item-id=\"14293\" data-envira-retina=\"https:\/\/mesnerhaus.at\/wp-content\/uploads\/mesnerhaus-team-aagnima-sherpa-steward-02-1-2048x1365.jpg\" data-thumb=\"https:\/\/mesnerhaus.at\/wp-content\/uploads\/mesnerhaus-team-aagnima-sherpa-steward-02-1-150x150.jpg\" class=\"links_to_image\" data-rel=\"prettyPhoto[15307]\" data-title=\"mesnerhaus-team-aagnima-sherpa-steward-02\" data-envirabox='14289' itemprop=\"contentUrl\"><img loading=\"lazy\" decoding=\"async\" src=\"https:\/\/mesnerhaus.at\/wp-content\/uploads\/mesnerhaus-team-aagnima-sherpa-steward-02-1-1536x1024.jpg\" alt=\"Steward Aagnima Sherpa bei einem Portr&auml;t am Sp&uuml;lbereich der Restaurantk&uuml;che\" class=\"envira-gallery-image envira-gallery-image-12    envira-lazy\" height=\"1536\" id=\"envira-gallery-image-14293\" srcset=\"data:image\/gif;base64,R0lGODlhAQABAIAAAP\/\/\/\/\/\/\/yH5BAEKAAEALAAAAAABAAEAAAICTAEAOw==\" tabindex=\"-1\" title=\"mesnerhaus-team-aagnima-sherpa-steward-02\" width=\"1536\" data-caption=\"\" data-envira-gallery-id=\"14289\" data-envira-index=\"11\" data-envira-item-id=\"14293\" data-envira-src=\"https:\/\/mesnerhaus.at\/wp-content\/uploads\/mesnerhaus-team-aagnima-sherpa-steward-02-1-1536x1024.jpg\" data-envira-srcset=\"https:\/\/mesnerhaus.at\/wp-content\/uploads\/mesnerhaus-team-aagnima-sherpa-steward-02-1-1536x1024.jpg 400w, https:\/\/mesnerhaus.at\/wp-content\/uploads\/mesnerhaus-team-aagnima-sherpa-steward-02-1-1536x1024.jpg 2x\" data-title=\"mesnerhaus-team-aagnima-sherpa-steward-02\" itemprop=\"thumbnailUrl\"  data-envirabox=\"14289\" data-automatic-caption=\"\" data-envira-height=\"200\" data-envira-width=\"300\" \/><\/a><\/div><\/div><div id=\"envira-gallery-item-14302\" class=\"envira-gallery-item envira-gallery-item-13 envira-lazy-load\" style=\"padding-left: 5px; padding-bottom: 10px; padding-right: 5px;\"  itemscope itemtype=\"https:\/\/schema.org\/ImageObject\"><div class=\"envira-gallery-item-inner\"><div class=\"envira-gallery-position-overlay envira-gallery-top-left\"><\/div><div class=\"envira-gallery-position-overlay envira-gallery-top-right\"><\/div><div class=\"envira-gallery-position-overlay envira-gallery-bottom-left\"><\/div><div class=\"envira-gallery-position-overlay envira-gallery-bottom-right\"><\/div><a class=\"envira-gallery-14289 envira-gallery-link\" href=\"https:\/\/mesnerhaus.at\/wp-content\/uploads\/mesnerhaus-team-nusreta-pilav-facility-management-01-2048x1365.jpg\" title=\"mesnerhaus-team-nusreta-pilav-facility-management-01\" data-caption=\"\" data-envira-item-id=\"14302\" data-envira-retina=\"https:\/\/mesnerhaus.at\/wp-content\/uploads\/mesnerhaus-team-nusreta-pilav-facility-management-01-2048x1365.jpg\" data-thumb=\"https:\/\/mesnerhaus.at\/wp-content\/uploads\/mesnerhaus-team-nusreta-pilav-facility-management-01-150x150.jpg\" class=\"links_to_image\" data-rel=\"prettyPhoto[15307]\" data-title=\"mesnerhaus-team-nusreta-pilav-facility-management-01\" data-envirabox='14289' itemprop=\"contentUrl\"><img loading=\"lazy\" decoding=\"async\" src=\"https:\/\/mesnerhaus.at\/wp-content\/uploads\/mesnerhaus-team-nusreta-pilav-facility-management-01-1536x1024.jpg\" alt=\"Nusreta Pilav vom Facility Management beim Beziehen eines Hotelbetts\" class=\"envira-gallery-image envira-gallery-image-13    envira-lazy\" height=\"1536\" id=\"envira-gallery-image-14302\" srcset=\"data:image\/gif;base64,R0lGODlhAQABAIAAAP\/\/\/\/\/\/\/yH5BAEKAAEALAAAAAABAAEAAAICTAEAOw==\" tabindex=\"-1\" title=\"mesnerhaus-team-nusreta-pilav-facility-management-01\" width=\"1536\" data-caption=\"\" data-envira-gallery-id=\"14289\" data-envira-index=\"12\" data-envira-item-id=\"14302\" data-envira-src=\"https:\/\/mesnerhaus.at\/wp-content\/uploads\/mesnerhaus-team-nusreta-pilav-facility-management-01-1536x1024.jpg\" data-envira-srcset=\"https:\/\/mesnerhaus.at\/wp-content\/uploads\/mesnerhaus-team-nusreta-pilav-facility-management-01-1536x1024.jpg 400w, https:\/\/mesnerhaus.at\/wp-content\/uploads\/mesnerhaus-team-nusreta-pilav-facility-management-01-1536x1024.jpg 2x\" data-title=\"mesnerhaus-team-nusreta-pilav-facility-management-01\" itemprop=\"thumbnailUrl\"  data-envirabox=\"14289\" data-automatic-caption=\"\" data-envira-height=\"200\" data-envira-width=\"300\" \/><\/a><\/div><\/div><div id=\"envira-gallery-item-14299\" class=\"envira-gallery-item envira-gallery-item-14 envira-lazy-load\" style=\"padding-left: 5px; padding-bottom: 10px; padding-right: 5px;\"  itemscope itemtype=\"https:\/\/schema.org\/ImageObject\"><div class=\"envira-gallery-item-inner\"><div class=\"envira-gallery-position-overlay envira-gallery-top-left\"><\/div><div class=\"envira-gallery-position-overlay envira-gallery-top-right\"><\/div><div class=\"envira-gallery-position-overlay envira-gallery-bottom-left\"><\/div><div class=\"envira-gallery-position-overlay envira-gallery-bottom-right\"><\/div><a class=\"envira-gallery-14289 envira-gallery-link\" href=\"https:\/\/mesnerhaus.at\/wp-content\/uploads\/mesnerhaus-team-lisa-erber-lehrling-restaurantfachfrau-01-2048x1365.jpg\" title=\"mesnerhaus-team-lisa-erber-lehrling-restaurantfachfrau-01\" data-caption=\"\" data-envira-item-id=\"14299\" data-envira-retina=\"https:\/\/mesnerhaus.at\/wp-content\/uploads\/mesnerhaus-team-lisa-erber-lehrling-restaurantfachfrau-01-2048x1365.jpg\" data-thumb=\"https:\/\/mesnerhaus.at\/wp-content\/uploads\/mesnerhaus-team-lisa-erber-lehrling-restaurantfachfrau-01-150x150.jpg\" class=\"links_to_image\" data-rel=\"prettyPhoto[15307]\" data-title=\"mesnerhaus-team-lisa-erber-lehrling-restaurantfachfrau-01\" data-envirabox='14289' itemprop=\"contentUrl\"><img loading=\"lazy\" decoding=\"async\" src=\"https:\/\/mesnerhaus.at\/wp-content\/uploads\/mesnerhaus-team-lisa-erber-lehrling-restaurantfachfrau-01-1536x1024.jpg\" alt=\"Restaurantfachfrau-Lehrling Lisa Erber an einem Servierwagen mit Wein und Sektk&uuml;hlern\" class=\"envira-gallery-image envira-gallery-image-14    envira-lazy\" height=\"1536\" id=\"envira-gallery-image-14299\" srcset=\"data:image\/gif;base64,R0lGODlhAQABAIAAAP\/\/\/\/\/\/\/yH5BAEKAAEALAAAAAABAAEAAAICTAEAOw==\" tabindex=\"-1\" title=\"mesnerhaus-team-lisa-erber-lehrling-restaurantfachfrau-01\" width=\"1536\" data-caption=\"\" data-envira-gallery-id=\"14289\" data-envira-index=\"13\" data-envira-item-id=\"14299\" data-envira-src=\"https:\/\/mesnerhaus.at\/wp-content\/uploads\/mesnerhaus-team-lisa-erber-lehrling-restaurantfachfrau-01-1536x1024.jpg\" data-envira-srcset=\"https:\/\/mesnerhaus.at\/wp-content\/uploads\/mesnerhaus-team-lisa-erber-lehrling-restaurantfachfrau-01-1536x1024.jpg 400w, https:\/\/mesnerhaus.at\/wp-content\/uploads\/mesnerhaus-team-lisa-erber-lehrling-restaurantfachfrau-01-1536x1024.jpg 2x\" data-title=\"mesnerhaus-team-lisa-erber-lehrling-restaurantfachfrau-01\" itemprop=\"thumbnailUrl\"  data-envirabox=\"14289\" data-automatic-caption=\"\" data-envira-height=\"200\" data-envira-width=\"300\" \/><\/a><\/div><\/div><div id=\"envira-gallery-item-14294\" class=\"envira-gallery-item envira-gallery-item-15 envira-lazy-load\" style=\"padding-left: 5px; padding-bottom: 10px; padding-right: 5px;\"  itemscope itemtype=\"https:\/\/schema.org\/ImageObject\"><div class=\"envira-gallery-item-inner\"><div class=\"envira-gallery-position-overlay envira-gallery-top-left\"><\/div><div class=\"envira-gallery-position-overlay envira-gallery-top-right\"><\/div><div class=\"envira-gallery-position-overlay envira-gallery-bottom-left\"><\/div><div class=\"envira-gallery-position-overlay envira-gallery-bottom-right\"><\/div><a class=\"envira-gallery-14289 envira-gallery-link\" href=\"https:\/\/mesnerhaus.at\/wp-content\/uploads\/mesnerhaus-team-essen-1-2048x1365.jpg\" title=\"mesnerhaus-team-essen\" data-caption=\"\" data-envira-item-id=\"14294\" data-envira-retina=\"https:\/\/mesnerhaus.at\/wp-content\/uploads\/mesnerhaus-team-essen-1-2048x1365.jpg\" data-thumb=\"https:\/\/mesnerhaus.at\/wp-content\/uploads\/mesnerhaus-team-essen-1-150x150.jpg\" class=\"links_to_image\" data-rel=\"prettyPhoto[15307]\" data-title=\"mesnerhaus-team-essen\" data-envirabox='14289' itemprop=\"contentUrl\"><img loading=\"lazy\" decoding=\"async\" src=\"https:\/\/mesnerhaus.at\/wp-content\/uploads\/mesnerhaus-team-essen-1-1536x1024.jpg\" alt=\"Das Mesnerhaus-Team gemeinsam beim Essen an einem Tisch im Restaurant\" class=\"envira-gallery-image envira-gallery-image-15    envira-lazy\" height=\"1536\" id=\"envira-gallery-image-14294\" srcset=\"data:image\/gif;base64,R0lGODlhAQABAIAAAP\/\/\/\/\/\/\/yH5BAEKAAEALAAAAAABAAEAAAICTAEAOw==\" tabindex=\"-1\" title=\"mesnerhaus-team-essen\" width=\"1536\" data-caption=\"\" data-envira-gallery-id=\"14289\" data-envira-index=\"14\" data-envira-item-id=\"14294\" data-envira-src=\"https:\/\/mesnerhaus.at\/wp-content\/uploads\/mesnerhaus-team-essen-1-1536x1024.jpg\" data-envira-srcset=\"https:\/\/mesnerhaus.at\/wp-content\/uploads\/mesnerhaus-team-essen-1-1536x1024.jpg 400w, https:\/\/mesnerhaus.at\/wp-content\/uploads\/mesnerhaus-team-essen-1-1536x1024.jpg 2x\" data-title=\"mesnerhaus-team-essen\" itemprop=\"thumbnailUrl\"  data-envirabox=\"14289\" data-automatic-caption=\"\" data-envira-height=\"200\" data-envira-width=\"300\" \/><\/a><\/div><\/div><div id=\"envira-gallery-item-14291\" class=\"envira-gallery-item envira-gallery-item-16 envira-lazy-load\" style=\"padding-left: 5px; padding-bottom: 10px; padding-right: 5px;\"  itemscope itemtype=\"https:\/\/schema.org\/ImageObject\"><div class=\"envira-gallery-item-inner\"><div class=\"envira-gallery-position-overlay envira-gallery-top-left\"><\/div><div class=\"envira-gallery-position-overlay envira-gallery-top-right\"><\/div><div class=\"envira-gallery-position-overlay envira-gallery-bottom-left\"><\/div><div class=\"envira-gallery-position-overlay envira-gallery-bottom-right\"><\/div><a class=\"envira-gallery-14289 envira-gallery-link\" href=\"https:\/\/mesnerhaus.at\/wp-content\/uploads\/mesnerhaus-team-02-1-2048x1365.jpg\" title=\"mesnerhaus-team-02\" data-caption=\"\" data-envira-item-id=\"14291\" data-envira-retina=\"https:\/\/mesnerhaus.at\/wp-content\/uploads\/mesnerhaus-team-02-1-2048x1365.jpg\" data-thumb=\"https:\/\/mesnerhaus.at\/wp-content\/uploads\/mesnerhaus-team-02-1-150x150.jpg\" class=\"links_to_image\" data-rel=\"prettyPhoto[15307]\" data-title=\"mesnerhaus-team-02\" data-envirabox='14289' itemprop=\"contentUrl\"><img loading=\"lazy\" decoding=\"async\" src=\"https:\/\/mesnerhaus.at\/wp-content\/uploads\/mesnerhaus-team-02-1-1536x1024.jpg\" alt=\"Das Mesnerhaus-Team in entspannter Runde auf der Gartenterrasse\" class=\"envira-gallery-image envira-gallery-image-16    envira-lazy\" height=\"1536\" id=\"envira-gallery-image-14291\" srcset=\"data:image\/gif;base64,R0lGODlhAQABAIAAAP\/\/\/\/\/\/\/yH5BAEKAAEALAAAAAABAAEAAAICTAEAOw==\" tabindex=\"-1\" title=\"mesnerhaus-team-02\" width=\"1536\" data-caption=\"\" data-envira-gallery-id=\"14289\" data-envira-index=\"15\" data-envira-item-id=\"14291\" data-envira-src=\"https:\/\/mesnerhaus.at\/wp-content\/uploads\/mesnerhaus-team-02-1-1536x1024.jpg\" data-envira-srcset=\"https:\/\/mesnerhaus.at\/wp-content\/uploads\/mesnerhaus-team-02-1-1536x1024.jpg 400w, https:\/\/mesnerhaus.at\/wp-content\/uploads\/mesnerhaus-team-02-1-1536x1024.jpg 2x\" data-title=\"mesnerhaus-team-02\" itemprop=\"thumbnailUrl\"  data-envirabox=\"14289\" data-automatic-caption=\"\" data-envira-height=\"200\" data-envira-width=\"300\" \/><\/a><\/div><\/div><\/div><\/div><noscript><img src='https:\/\/mesnerhaus.at\/wp-content\/uploads\/mesnerhaus-team-01-1-scaled.jpg' alt='Sieben Mitglieder des Mesnerhaus-Teams gemeinsam im Garten' class='envira_noscript_images ' \/><img src='https:\/\/mesnerhaus.at\/wp-content\/uploads\/mesnerhaus-team-josef-steffner-scaled.jpg' alt='Josef Steffner mit Sch\u00fcrze im Garten des Mesnerhauses' class='envira_noscript_images ' \/><img src='https:\/\/mesnerhaus.at\/wp-content\/uploads\/mesnerhaus-team-maria-steffner-scaled.jpg' alt='Maria Steffner sitzend auf der Terrasse des Mesnerhauses' class='envira_noscript_images ' \/><img src='https:\/\/mesnerhaus.at\/wp-content\/uploads\/mesnerhaus-team-sebastian-bichler-sous-chef-01-1-scaled.jpg' alt='Sous-Chef Sebastian Bichler bei der Zubereitung in der Restaurantk\u00fcche' class='envira_noscript_images ' \/><img src='https:\/\/mesnerhaus.at\/wp-content\/uploads\/mesnerhaus-team-lisa-erber-lehrling-restaurantfachfrau-1-scaled.jpg' alt='Restaurantfachfrau-Lehrling Lisa Erber beim Eindecken eines Tisches' class='envira_noscript_images ' \/><img src='https:\/\/mesnerhaus.at\/wp-content\/uploads\/mesnerhaus-team-laura-kaml-lehrling-koechin-01-scaled.jpg' alt='K\u00f6chin-Lehrling Laura Kaml bei der Zubereitung in der Restaurantk\u00fcche' class='envira_noscript_images ' \/><img src='https:\/\/mesnerhaus.at\/wp-content\/uploads\/mesnerhaus-team-nusreta-pilav-facility-management-02-1-scaled.jpg' alt='Nusreta Pilav vom Facility Management mit gefalteten Handt\u00fcchern in einem Hotelbad' class='envira_noscript_images ' \/><img src='https:\/\/mesnerhaus.at\/wp-content\/uploads\/mesnerhaus-team-aagnima-sherpa-steward-01-scaled.jpg' alt='Steward Aagnima Sherpa beim Einr\u00e4umen von Geschirr in der Restaurantk\u00fcche' class='envira_noscript_images ' \/><img src='https:\/\/mesnerhaus.at\/wp-content\/uploads\/mesnerhaus-team-sebastian-bichler-sous-chef-02-scaled.jpg' alt='Sous-Chef Sebastian Bichler bei einem Portr\u00e4t auf der Terrasse' class='envira_noscript_images ' \/><img src='https:\/\/mesnerhaus.at\/wp-content\/uploads\/mesnerhaus-team-lisa-erber-lehrling-restaurantfachfrau-02-1-scaled.jpg' alt='Restaurantfachfrau-Lehrling Lisa Erber beim Eindecken eines Tisches im Gastraum' class='envira_noscript_images ' \/><img src='https:\/\/mesnerhaus.at\/wp-content\/uploads\/mesnerhaus-team-laura-kaml-lehrling-koechin-02-1-scaled.jpg' alt='K\u00f6chin-Lehrling Laura Kaml bei einem Portr\u00e4t am Arbeitsplatz in der Restaurantk\u00fcche' class='envira_noscript_images ' \/><img src='https:\/\/mesnerhaus.at\/wp-content\/uploads\/mesnerhaus-team-aagnima-sherpa-steward-02-1-scaled.jpg' alt='Steward Aagnima Sherpa bei einem Portr\u00e4t am Sp\u00fclbereich der Restaurantk\u00fcche' class='envira_noscript_images ' \/><img src='https:\/\/mesnerhaus.at\/wp-content\/uploads\/mesnerhaus-team-nusreta-pilav-facility-management-01-scaled.jpg' alt='Nusreta Pilav vom Facility Management beim Beziehen eines Hotelbetts' class='envira_noscript_images ' \/><img src='https:\/\/mesnerhaus.at\/wp-content\/uploads\/mesnerhaus-team-lisa-erber-lehrling-restaurantfachfrau-01-scaled.jpg' alt='Restaurantfachfrau-Lehrling Lisa Erber an einem Servierwagen mit Wein und Sektk\u00fchlern' class='envira_noscript_images ' \/><img src='https:\/\/mesnerhaus.at\/wp-content\/uploads\/mesnerhaus-team-essen-1-scaled.jpg' alt='Das Mesnerhaus-Team gemeinsam beim Essen an einem Tisch im Restaurant' class='envira_noscript_images ' \/><img src='https:\/\/mesnerhaus.at\/wp-content\/uploads\/mesnerhaus-team-02-1-scaled.jpg' alt='Das Mesnerhaus-Team in entspannter Runde auf der Gartenterrasse' class='envira_noscript_images ' \/><\/noscript>\n","protected":false},"excerpt":{"rendered":"","protected":false},"author":1,"featured_media":0,"parent":15308,"menu_order":5,"comment_status":"closed","ping_status":"closed","template":"","meta":{"_acf_changed":false,"footnotes":""},"class_list":["post-15307","page","type-page","status-publish","hentry"],"acf":[],"_links":{"self":[{"href":"https:\/\/mesnerhaus.at\/en\/wp-json\/wp\/v2\/pages\/15307","targetHints":{"allow":["GET"]}}],"collection":[{"href":"https:\/\/mesnerhaus.at\/en\/wp-json\/wp\/v2\/pages"}],"about":[{"href":"https:\/\/mesnerhaus.at\/en\/wp-json\/wp\/v2\/types\/page"}],"author":[{"embeddable":true,"href":"https:\/\/mesnerhaus.at\/en\/wp-json\/wp\/v2\/users\/1"}],"replies":[{"embeddable":true,"href":"https:\/\/mesnerhaus.at\/en\/wp-json\/wp\/v2\/comments?post=15307"}],"version-history":[{"count":2,"href":"https:\/\/mesnerhaus.at\/en\/wp-json\/wp\/v2\/pages\/15307\/revisions"}],"predecessor-version":[{"id":15310,"href":"https:\/\/mesnerhaus.at\/en\/wp-json\/wp\/v2\/pages\/15307\/revisions\/15310"}],"up":[{"embeddable":true,"href":"https:\/\/mesnerhaus.at\/en\/wp-json\/wp\/v2\/pages\/15308"}],"wp:attachment":[{"href":"https:\/\/mesnerhaus.at\/en\/wp-json\/wp\/v2\/media?parent=15307"}],"curies":[{"name":"wp","href":"https:\/\/api.w.org\/{rel}","templated":true}]}}