{"id":15290,"date":"2026-08-21T08:29:41","date_gmt":"2026-08-21T06:29:41","guid":{"rendered":"https:\/\/mesnerhaus.at\/press-photos\/"},"modified":"2026-08-29T21:52:46","modified_gmt":"2026-08-29T19:52:46","slug":"press-photos","status":"publish","type":"page","link":"https:\/\/mesnerhaus.at\/en\/mesnerhaus\/press\/press-photos\/","title":{"rendered":"Press Photos"},"content":{"rendered":"\n<p class=\"wp-block-paragraph\"><strong>Selected images for your reporting.<\/strong> Discover current press photos from Mesnerhaus Hospitality \u2013 featuring Mesnerhaus Gourmet-Restaurant, Mesnerhaus Boutique-Hotel, the hosts, team members and dishes, as well as the wine cellar, facilities, logos and signet. Use the search function to quickly find suitable images and download approved files directly. <\/p>\n\n<h3 class=\"wp-block-heading\">Notes on Image Usage<\/h3>\n\n<p class=\"wp-block-paragraph\">The media provided on this page may only be used for editorial reporting about Mesnerhaus. Photographs are, unless otherwise specified for the respective file, by <strong>\u00a9 Kathrin Buschmann<\/strong>. Deviating image credits are authoritative for the respective file. The specified attribution is mandatory upon publication. Any further use, dissemination, or commercial use requires prior consent.     <strong>Questions about image material or usage rights?<\/strong> Please contact us via the press area.<\/p>\n\n<div style=\"height:100px\" aria-hidden=\"true\" class=\"wp-block-spacer\"><\/div>\n<div id=\"envira-gallery-wrap-14459\" class=\"envira-default-gallery envira-gallery-wrap envira-lazy-loading-enabled envira-layout-automatic\" itemscope itemtype=\"https:\/\/schema.org\/ImageGallery\"><div class=\"envira-loader\"><div><\/div><div><\/div><div><\/div><div><\/div><\/div><div class=\"envira-gallery-search-container\"><div class=\"envira-gallery-search-form\"><input type=\"text\" placeholder=\"Pressebilder durchsuchen...\" class=\"envira-image-search-input\" data-search-text=\"\" \/><button class=\"envira-image-search-button\" data-btn-text=\"\" title=\"Search Now\">Search Now<\/button><\/div><div class=\"envira-gallery-search-message\"><\/div><div class=\"envira-search-clear-btn-container\"><button class=\"envira-search-clear-button\" data-btn-text=\"clear\" title=\"Clear\">Clear<\/button><\/div><\/div><div id=\"envira-gallery-14459\" class=\"envira-gallery-public envira-gallery-0-columns envira-clear envira-gallery-justified-public\" data-envira-id=\"14459\" data-gallery-config='{\"type\":\"default\",\"layout\":\"automatic\",\"columns\":\"0\",\"gallery_theme\":\"base\",\"justified_margins\":6,\"justified_last_row\":\"nojustify\",\"lazy_loading\":1,\"lazy_loading_delay\":0,\"horizontal_carousel_autoplay\":0,\"horizontal_carousel_loop\":0,\"horizontal_carousel_mousewheel\":0,\"horizontal_carousel_autoplay_delay\":500,\"gutter\":10,\"gutter_mobile\":10,\"margin\":10,\"image_size\":\"large\",\"square_size\":300,\"crop_width\":1024,\"crop_height\":768,\"crop\":0,\"crop_position\":\"c\",\"show_more_text\":\"Click for more\",\"additional_copy_0\":0,\"additional_copy_title\":0,\"additional_copy_caption\":0,\"additional_copy_title_caption\":0,\"additional_copy_0_mobile\":0,\"additional_copy_title_mobile\":0,\"additional_copy_caption_mobile\":0,\"additional_copy_title_caption_mobile\":0,\"gallery_column_title_caption\":\"0\",\"gallery_column_title_caption_mobile\":\"0\",\"additional_copy_automatic_0\":0,\"additional_copy_automatic_title\":0,\"additional_copy_automatic_caption\":0,\"additional_copy_automatic_title_caption\":0,\"additional_copy_automatic_0_mobile\":0,\"additional_copy_automatic_title_mobile\":0,\"additional_copy_automatic_caption_mobile\":0,\"additional_copy_automatic_title_caption_mobile\":0,\"gallery_automatic_title_caption\":\"0\",\"gallery_automatic_title_caption_mobile\":\"0\",\"justified_row_height\":220,\"description_position\":\"0\",\"description\":\"\",\"random\":\"0\",\"sort_order\":\"0\",\"sorting_direction\":\"ASC\",\"image_sizes_random\":[],\"isotope\":0,\"lightbox_enabled\":1,\"gallery_link_enabled\":1,\"lightbox_theme\":\"base_light\",\"lightbox_image_size\":\"2048x2048\",\"title_display\":\"float\",\"lightbox_title_caption\":\"caption\",\"arrows\":1,\"arrows_position\":\"inside\",\"toolbar\":0,\"toolbar_title\":0,\"toolbar_position\":\"top\",\"loop\":1,\"lightbox_open_close_effect\":\"fade\",\"effect\":\"fade\",\"supersize\":0,\"thumbnails_toggle\":1,\"thumbnails_hide\":0,\"image_counter\":1,\"lightbox_html_caption\":0,\"thumbnails\":1,\"thumbnails_width\":\"auto\",\"thumbnails_height\":\"auto\",\"thumbnails_position\":\"bottom\",\"thumbnails_custom_size\":0,\"mobile\":1,\"mobile_width\":800,\"mobile_height\":600,\"mobile_lightbox\":1,\"mobile_gallery_link_enabled\":0,\"mobile_arrows\":1,\"mobile_toolbar\":1,\"mobile_thumbnails\":0,\"mobile_touchwipe_close\":1,\"mobile_thumbnails_width\":75,\"mobile_thumbnails_height\":50,\"mobile_justified_row_height\":150,\"keyboard\":true,\"standalone_template\":\"\",\"classes\":[\"envira-default-gallery\"],\"rtl\":0,\"slug\":\"pressefotos\",\"download_all\":0,\"download_all_position\":\"below\",\"download_all_label\":\"Download All Images\",\"download\":1,\"download_custom_name\":\"\",\"download_position\":\"top-left\",\"download_image_size\":\"full\",\"download_force\":1,\"download_invalid_password_message\":false,\"download_mobile\":0,\"download_lightbox\":1,\"download_lightbox_position\":\"top-left\",\"download_lightbox_force\":1,\"download_lightbox_mobile\":1,\"pagination\":0,\"pagination_position\":\"below\",\"pagination_images_per_page\":16,\"pagination_prev_next\":\"numbered_previous_next\",\"pagination_prev_text\":\"Vorige Seite\",\"pagination_next_text\":\"N&auml;chste Seite\",\"pagination_scroll\":0,\"pagination_ajax_load\":3,\"pagination_button_text\":\"Weitere Bilder laden\",\"pagination_lightbox_display_all_images\":1,\"mobile_pagination_images_per_page\":0,\"mobile_pagination_prev_next\":\"numbered_previous_next\",\"tags\":0,\"tags_filter\":false,\"tags_position\":\"above\",\"tags_all_enabled\":0,\"tags_all\":\"\",\"tags_sorting\":\"\",\"tags_manual_sorting\":[\"\",\"222\",\"229\",\"232\",\"223\",\"231\",\"228\",\"227\",\"226\",\"259\",\"372\",\"230\",\"225\",\"224\",\"237\",\"238\",\"235\",\"236\",\"233\",\"234\",\"244\",\"246\",\"245\",\"242\",\"240\",\"243\",\"239\",\"241\",\"249\",\"250\",\"247\",\"252\",\"248\",\"251\",\"256\",\"254\",\"253\",\"290\",\"373\",\"258\",\"257\",\"255\",\"263\",\"260\",\"264\",\"266\",\"261\",\"265\",\"262\",\"271\",\"269\",\"268\",\"270\",\"267\",\"272\",\"276\",\"275\",\"274\",\"273\",\"281\",\"277\",\"280\",\"282\",\"279\",\"278\",\"284\",\"283\",\"286\",\"285\",\"289\",\"287\",\"288\",\"291\",\"293\",\"292\",\"295\",\"298\",\"299\",\"294\",\"301\",\"300\",\"296\",\"297\",\"302\",\"304\",\"303\",\"306\",\"307\",\"305\",\"313\",\"310\",\"309\",\"311\",\"308\",\"312\",\"317\",\"322\",\"321\",\"314\",\"320\",\"323\",\"374\",\"375\",\"316\",\"319\",\"318\",\"315\",\"329\",\"376\",\"327\",\"326\",\"325\",\"332\",\"324\",\"328\",\"330\",\"331\",\"338\",\"341\",\"340\",\"333\",\"335\",\"334\",\"336\",\"337\",\"339\",\"350\",\"345\",\"347\",\"352\",\"348\",\"377\",\"351\",\"343\",\"342\",\"349\",\"346\",\"344\",\"363\",\"355\",\"357\",\"378\",\"353\",\"356\",\"354\",\"360\",\"362\",\"358\",\"359\",\"361\",\"365\",\"364\",\"366\",\"367\",\"369\",\"370\",\"368\",\"371\"],\"tags_display\":\"\",\"tags_scroll\":0,\"tags_mobile\":0,\"tags_count\":0,\"videos_play_icon\":0,\"videos_play_icon_thumbnails\":0,\"videos_autoplay\":0,\"videos_enlarge\":0,\"videos_playpause\":1,\"videos_progress\":1,\"videos_current\":1,\"videos_duration\":1,\"videos_volume\":1,\"videos_controls\":1,\"videos_fullscreen\":1,\"videos_download\":0,\"search_enable\":true,\"search_placeholder\":\"Pressebilder durchsuchen...\",\"search_tags\":true,\"search_alt_text\":true,\"search_img_description\":true,\"search_exif_data\":false,\"search_comments\":false,\"gallery_id\":\"14459\"}' data-gallery-images='[{\"status\":\"active\",\"src\":\"https:\\\/\\\/mesnerhaus.at\\\/wp-content\\\/uploads\\\/mesnerhaus-gastgeber-maria-josef-steffner-2048x1365.jpg\",\"title\":\"mesnerhaus-gastgeber-maria-josef-steffner\",\"link\":\"https:\\\/\\\/mesnerhaus.at\\\/wp-content\\\/uploads\\\/mesnerhaus-gastgeber-maria-josef-steffner-scaled.jpg\",\"alt\":\"Maria und Josef Steffner vor dem Eingang des Mesnerhaus Gourmet-Restaurants\",\"caption\":false,\"thumb\":\"https:\\\/\\\/mesnerhaus.at\\\/wp-content\\\/uploads\\\/mesnerhaus-gastgeber-maria-josef-steffner-150x150.jpg\",\"video_aspect_ratio\":\"\",\"video_width\":\"\",\"video_height\":\"\",\"video_in_gallery\":1,\"meta\":{\"aperture\":\"3.5\",\"credit\":\"Kathrin Buschmann\",\"camera\":\"NIKON Z 8\",\"caption\":\"\",\"created_timestamp\":\"1786007850\",\"copyright\":\"Kathrin Buschmann Fotografie\",\"focal_length\":\"35\",\"iso\":\"100\",\"shutter_speed\":\"0.00025\",\"title\":\"\",\"orientation\":\"1\",\"keywords\":null,\"alt\":null},\"thumbnail\":\"https:\\\/\\\/mesnerhaus.at\\\/wp-content\\\/uploads\\\/mesnerhaus-gastgeber-maria-josef-steffner-150x150.jpg\",\"medium\":\"https:\\\/\\\/mesnerhaus.at\\\/wp-content\\\/uploads\\\/mesnerhaus-gastgeber-maria-josef-steffner-300x200.jpg\",\"medium_large\":\"https:\\\/\\\/mesnerhaus.at\\\/wp-content\\\/uploads\\\/mesnerhaus-gastgeber-maria-josef-steffner-768x512.jpg\",\"large\":\"https:\\\/\\\/mesnerhaus.at\\\/wp-content\\\/uploads\\\/mesnerhaus-gastgeber-maria-josef-steffner-1024x683.jpg\",\"thumblist\":\"https:\\\/\\\/mesnerhaus.at\\\/wp-content\\\/uploads\\\/mesnerhaus-gastgeber-maria-josef-steffner-300x300.jpg\",\"thumbrelated\":\"https:\\\/\\\/mesnerhaus.at\\\/wp-content\\\/uploads\\\/mesnerhaus-gastgeber-maria-josef-steffner-500x500.jpg\",\"meccarouselthumb\":\"https:\\\/\\\/mesnerhaus.at\\\/wp-content\\\/uploads\\\/mesnerhaus-gastgeber-maria-josef-steffner-474x324.jpg\",\"gridsquare\":\"https:\\\/\\\/mesnerhaus.at\\\/wp-content\\\/uploads\\\/mesnerhaus-gastgeber-maria-josef-steffner-391x260.jpg\",\"tileview\":\"https:\\\/\\\/mesnerhaus.at\\\/wp-content\\\/uploads\\\/mesnerhaus-gastgeber-maria-josef-steffner-300x400.jpg\",\"1536x1536\":\"https:\\\/\\\/mesnerhaus.at\\\/wp-content\\\/uploads\\\/mesnerhaus-gastgeber-maria-josef-steffner-1536x1024.jpg\",\"2048x2048\":\"https:\\\/\\\/mesnerhaus.at\\\/wp-content\\\/uploads\\\/mesnerhaus-gastgeber-maria-josef-steffner-2048x1365.jpg\",\"soulkitchen-uncropped\":\"https:\\\/\\\/mesnerhaus.at\\\/wp-content\\\/uploads\\\/mesnerhaus-gastgeber-maria-josef-steffner-2308x1539.jpg\",\"soulkitchen-uncropped-largex2\":\"https:\\\/\\\/mesnerhaus.at\\\/wp-content\\\/uploads\\\/mesnerhaus-gastgeber-maria-josef-steffner-1600x1067.jpg\",\"soulkitchen-uncropped-full\":\"https:\\\/\\\/mesnerhaus.at\\\/wp-content\\\/uploads\\\/mesnerhaus-gastgeber-maria-josef-steffner-1200x800.jpg\",\"soulkitchen-uncropped-large\":\"https:\\\/\\\/mesnerhaus.at\\\/wp-content\\\/uploads\\\/mesnerhaus-gastgeber-maria-josef-steffner-800x533.jpg\",\"soulkitchen-uncropped-medium\":\"https:\\\/\\\/mesnerhaus.at\\\/wp-content\\\/uploads\\\/mesnerhaus-gastgeber-maria-josef-steffner-560x373.jpg\",\"soulkitchen-suare\":\"https:\\\/\\\/mesnerhaus.at\\\/wp-content\\\/uploads\\\/mesnerhaus-gastgeber-maria-josef-steffner-2308x2308.jpg\",\"soulkitchen-square-largex2\":\"https:\\\/\\\/mesnerhaus.at\\\/wp-content\\\/uploads\\\/mesnerhaus-gastgeber-maria-josef-steffner-1600x1600.jpg\",\"soulkitchen-square-full\":\"https:\\\/\\\/mesnerhaus.at\\\/wp-content\\\/uploads\\\/mesnerhaus-gastgeber-maria-josef-steffner-1200x1200.jpg\",\"soulkitchen-square-large\":\"https:\\\/\\\/mesnerhaus.at\\\/wp-content\\\/uploads\\\/mesnerhaus-gastgeber-maria-josef-steffner-800x800.jpg\",\"soulkitchen-square-medium\":\"https:\\\/\\\/mesnerhaus.at\\\/wp-content\\\/uploads\\\/mesnerhaus-gastgeber-maria-josef-steffner-560x560.jpg\",\"soulkitchen-square-small\":\"https:\\\/\\\/mesnerhaus.at\\\/wp-content\\\/uploads\\\/mesnerhaus-gastgeber-maria-josef-steffner-250x250.jpg\",\"soulkitchen-square-mini\":\"https:\\\/\\\/mesnerhaus.at\\\/wp-content\\\/uploads\\\/mesnerhaus-gastgeber-maria-josef-steffner-120x120.jpg\",\"soulkitchen-portrait-full\":\"https:\\\/\\\/mesnerhaus.at\\\/wp-content\\\/uploads\\\/mesnerhaus-gastgeber-maria-josef-steffner-1200x1800.jpg\",\"soulkitchen-portrait-large\":\"https:\\\/\\\/mesnerhaus.at\\\/wp-content\\\/uploads\\\/mesnerhaus-gastgeber-maria-josef-steffner-800x1200.jpg\",\"soulkitchen-landscape\":\"https:\\\/\\\/mesnerhaus.at\\\/wp-content\\\/uploads\\\/mesnerhaus-gastgeber-maria-josef-steffner-2308x1731.jpg\",\"soulkitchen-landscape-largex2\":\"https:\\\/\\\/mesnerhaus.at\\\/wp-content\\\/uploads\\\/mesnerhaus-gastgeber-maria-josef-steffner-1600x1200.jpg\",\"soulkitchen-landscape-full\":\"https:\\\/\\\/mesnerhaus.at\\\/wp-content\\\/uploads\\\/mesnerhaus-gastgeber-maria-josef-steffner-1200x900.jpg\",\"soulkitchen-landscape-large\":\"https:\\\/\\\/mesnerhaus.at\\\/wp-content\\\/uploads\\\/mesnerhaus-gastgeber-maria-josef-steffner-800x600.jpg\",\"soulkitchen-landscape-medium\":\"https:\\\/\\\/mesnerhaus.at\\\/wp-content\\\/uploads\\\/mesnerhaus-gastgeber-maria-josef-steffner-560x420.jpg\",\"soulkitchen-landscape-mini\":\"https:\\\/\\\/mesnerhaus.at\\\/wp-content\\\/uploads\\\/mesnerhaus-gastgeber-maria-josef-steffner-120x90.jpg\",\"soulkitchen-landscapenarrow\":\"https:\\\/\\\/mesnerhaus.at\\\/wp-content\\\/uploads\\\/mesnerhaus-gastgeber-maria-josef-steffner-2308x1154.jpg\",\"soulkitchen-landscapenarrow-largex2\":\"https:\\\/\\\/mesnerhaus.at\\\/wp-content\\\/uploads\\\/mesnerhaus-gastgeber-maria-josef-steffner-1600x800.jpg\",\"soulkitchen-landscapenarrow-large\":\"https:\\\/\\\/mesnerhaus.at\\\/wp-content\\\/uploads\\\/mesnerhaus-gastgeber-maria-josef-steffner-800x400.jpg\",\"full\":\"https:\\\/\\\/mesnerhaus.at\\\/wp-content\\\/uploads\\\/mesnerhaus-gastgeber-maria-josef-steffner-scaled.jpg\",\"index\":0,\"id\":14235,\"video\":true,\"opts\":{\"caption\":\"\",\"thumb\":\"https:\\\/\\\/mesnerhaus.at\\\/wp-content\\\/uploads\\\/mesnerhaus-gastgeber-maria-josef-steffner-150x150.jpg\",\"title\":\"mesnerhaus-gastgeber-maria-josef-steffner\"},\"gallery_id\":\"14459\",\"tags\":{\"222\":\"couple\",\"229\":\"fine-dining\",\"232\":\"gastgeber\",\"223\":\"gastronomy\",\"231\":\"gaultmillau\",\"228\":\"gourmet\",\"227\":\"historic-building\",\"226\":\"hospitality\",\"259\":\"josef-steffner\",\"372\":\"maria-steffner\",\"230\":\"michelin-guide\",\"225\":\"owners\",\"224\":\"restaurant\"}},{\"status\":\"active\",\"src\":\"https:\\\/\\\/mesnerhaus.at\\\/wp-content\\\/uploads\\\/mesnerhaus-gastgeber-maria-und-josef-steffner-portrait-01-2048x1365.jpg\",\"title\":\"mesnerhaus-gastgeber-maria-und-josef-steffner-portrait-01\",\"link\":\"https:\\\/\\\/mesnerhaus.at\\\/wp-content\\\/uploads\\\/mesnerhaus-gastgeber-maria-und-josef-steffner-portrait-01-scaled.jpg\",\"alt\":\"Maria und Josef Steffner bei einem Portr&auml;t in einer modernen K&uuml;che\",\"caption\":false,\"thumb\":\"https:\\\/\\\/mesnerhaus.at\\\/wp-content\\\/uploads\\\/mesnerhaus-gastgeber-maria-und-josef-steffner-portrait-01-150x150.jpg\",\"video_aspect_ratio\":\"\",\"video_width\":\"\",\"video_height\":\"\",\"video_in_gallery\":0,\"meta\":{\"aperture\":\"3.2\",\"credit\":\"Kathrin Buschmann\",\"camera\":\"NIKON Z 8\",\"caption\":\"\",\"created_timestamp\":\"1758718778\",\"copyright\":\"Kathrin Buschmann Fotografie\",\"focal_length\":\"35\",\"iso\":\"640\",\"shutter_speed\":\"0.004\",\"title\":\"\",\"orientation\":\"1\",\"keywords\":null,\"alt\":null,\"resized_images\":null},\"thumbnail\":\"https:\\\/\\\/mesnerhaus.at\\\/wp-content\\\/uploads\\\/mesnerhaus-gastgeber-maria-und-josef-steffner-portrait-01-150x150.jpg\",\"medium\":\"https:\\\/\\\/mesnerhaus.at\\\/wp-content\\\/uploads\\\/mesnerhaus-gastgeber-maria-und-josef-steffner-portrait-01-300x200.jpg\",\"medium_large\":\"https:\\\/\\\/mesnerhaus.at\\\/wp-content\\\/uploads\\\/mesnerhaus-gastgeber-maria-und-josef-steffner-portrait-01-768x512.jpg\",\"large\":\"https:\\\/\\\/mesnerhaus.at\\\/wp-content\\\/uploads\\\/mesnerhaus-gastgeber-maria-und-josef-steffner-portrait-01-1024x683.jpg\",\"thumblist\":\"https:\\\/\\\/mesnerhaus.at\\\/wp-content\\\/uploads\\\/mesnerhaus-gastgeber-maria-und-josef-steffner-portrait-01-300x300.jpg\",\"thumbrelated\":\"https:\\\/\\\/mesnerhaus.at\\\/wp-content\\\/uploads\\\/mesnerhaus-gastgeber-maria-und-josef-steffner-portrait-01-500x500.jpg\",\"meccarouselthumb\":\"https:\\\/\\\/mesnerhaus.at\\\/wp-content\\\/uploads\\\/mesnerhaus-gastgeber-maria-und-josef-steffner-portrait-01-474x324.jpg\",\"gridsquare\":\"https:\\\/\\\/mesnerhaus.at\\\/wp-content\\\/uploads\\\/mesnerhaus-gastgeber-maria-und-josef-steffner-portrait-01-391x260.jpg\",\"tileview\":\"https:\\\/\\\/mesnerhaus.at\\\/wp-content\\\/uploads\\\/mesnerhaus-gastgeber-maria-und-josef-steffner-portrait-01-300x400.jpg\",\"1536x1536\":\"https:\\\/\\\/mesnerhaus.at\\\/wp-content\\\/uploads\\\/mesnerhaus-gastgeber-maria-und-josef-steffner-portrait-01-1536x1024.jpg\",\"2048x2048\":\"https:\\\/\\\/mesnerhaus.at\\\/wp-content\\\/uploads\\\/mesnerhaus-gastgeber-maria-und-josef-steffner-portrait-01-2048x1365.jpg\",\"soulkitchen-uncropped\":\"https:\\\/\\\/mesnerhaus.at\\\/wp-content\\\/uploads\\\/mesnerhaus-gastgeber-maria-und-josef-steffner-portrait-01-2308x1539.jpg\",\"soulkitchen-uncropped-largex2\":\"https:\\\/\\\/mesnerhaus.at\\\/wp-content\\\/uploads\\\/mesnerhaus-gastgeber-maria-und-josef-steffner-portrait-01-1600x1067.jpg\",\"soulkitchen-uncropped-full\":\"https:\\\/\\\/mesnerhaus.at\\\/wp-content\\\/uploads\\\/mesnerhaus-gastgeber-maria-und-josef-steffner-portrait-01-1200x800.jpg\",\"soulkitchen-uncropped-large\":\"https:\\\/\\\/mesnerhaus.at\\\/wp-content\\\/uploads\\\/mesnerhaus-gastgeber-maria-und-josef-steffner-portrait-01-800x533.jpg\",\"soulkitchen-uncropped-medium\":\"https:\\\/\\\/mesnerhaus.at\\\/wp-content\\\/uploads\\\/mesnerhaus-gastgeber-maria-und-josef-steffner-portrait-01-560x373.jpg\",\"soulkitchen-suare\":\"https:\\\/\\\/mesnerhaus.at\\\/wp-content\\\/uploads\\\/mesnerhaus-gastgeber-maria-und-josef-steffner-portrait-01-2308x2308.jpg\",\"soulkitchen-square-largex2\":\"https:\\\/\\\/mesnerhaus.at\\\/wp-content\\\/uploads\\\/mesnerhaus-gastgeber-maria-und-josef-steffner-portrait-01-1600x1600.jpg\",\"soulkitchen-square-full\":\"https:\\\/\\\/mesnerhaus.at\\\/wp-content\\\/uploads\\\/mesnerhaus-gastgeber-maria-und-josef-steffner-portrait-01-1200x1200.jpg\",\"soulkitchen-square-large\":\"https:\\\/\\\/mesnerhaus.at\\\/wp-content\\\/uploads\\\/mesnerhaus-gastgeber-maria-und-josef-steffner-portrait-01-800x800.jpg\",\"soulkitchen-square-medium\":\"https:\\\/\\\/mesnerhaus.at\\\/wp-content\\\/uploads\\\/mesnerhaus-gastgeber-maria-und-josef-steffner-portrait-01-560x560.jpg\",\"soulkitchen-square-small\":\"https:\\\/\\\/mesnerhaus.at\\\/wp-content\\\/uploads\\\/mesnerhaus-gastgeber-maria-und-josef-steffner-portrait-01-250x250.jpg\",\"soulkitchen-square-mini\":\"https:\\\/\\\/mesnerhaus.at\\\/wp-content\\\/uploads\\\/mesnerhaus-gastgeber-maria-und-josef-steffner-portrait-01-120x120.jpg\",\"soulkitchen-portrait-full\":\"https:\\\/\\\/mesnerhaus.at\\\/wp-content\\\/uploads\\\/mesnerhaus-gastgeber-maria-und-josef-steffner-portrait-01-1200x1800.jpg\",\"soulkitchen-portrait-large\":\"https:\\\/\\\/mesnerhaus.at\\\/wp-content\\\/uploads\\\/mesnerhaus-gastgeber-maria-und-josef-steffner-portrait-01-800x1200.jpg\",\"soulkitchen-landscape\":\"https:\\\/\\\/mesnerhaus.at\\\/wp-content\\\/uploads\\\/mesnerhaus-gastgeber-maria-und-josef-steffner-portrait-01-2308x1731.jpg\",\"soulkitchen-landscape-largex2\":\"https:\\\/\\\/mesnerhaus.at\\\/wp-content\\\/uploads\\\/mesnerhaus-gastgeber-maria-und-josef-steffner-portrait-01-1600x1200.jpg\",\"soulkitchen-landscape-full\":\"https:\\\/\\\/mesnerhaus.at\\\/wp-content\\\/uploads\\\/mesnerhaus-gastgeber-maria-und-josef-steffner-portrait-01-1200x900.jpg\",\"soulkitchen-landscape-large\":\"https:\\\/\\\/mesnerhaus.at\\\/wp-content\\\/uploads\\\/mesnerhaus-gastgeber-maria-und-josef-steffner-portrait-01-800x600.jpg\",\"soulkitchen-landscape-medium\":\"https:\\\/\\\/mesnerhaus.at\\\/wp-content\\\/uploads\\\/mesnerhaus-gastgeber-maria-und-josef-steffner-portrait-01-560x420.jpg\",\"soulkitchen-landscape-mini\":\"https:\\\/\\\/mesnerhaus.at\\\/wp-content\\\/uploads\\\/mesnerhaus-gastgeber-maria-und-josef-steffner-portrait-01-120x90.jpg\",\"soulkitchen-landscapenarrow\":\"https:\\\/\\\/mesnerhaus.at\\\/wp-content\\\/uploads\\\/mesnerhaus-gastgeber-maria-und-josef-steffner-portrait-01-2308x1154.jpg\",\"soulkitchen-landscapenarrow-largex2\":\"https:\\\/\\\/mesnerhaus.at\\\/wp-content\\\/uploads\\\/mesnerhaus-gastgeber-maria-und-josef-steffner-portrait-01-1600x800.jpg\",\"soulkitchen-landscapenarrow-large\":\"https:\\\/\\\/mesnerhaus.at\\\/wp-content\\\/uploads\\\/mesnerhaus-gastgeber-maria-und-josef-steffner-portrait-01-800x400.jpg\",\"full\":\"https:\\\/\\\/mesnerhaus.at\\\/wp-content\\\/uploads\\\/mesnerhaus-gastgeber-maria-und-josef-steffner-portrait-01-scaled.jpg\",\"index\":1,\"id\":14241,\"video\":true,\"opts\":{\"caption\":\"\",\"thumb\":\"https:\\\/\\\/mesnerhaus.at\\\/wp-content\\\/uploads\\\/mesnerhaus-gastgeber-maria-und-josef-steffner-portrait-01-150x150.jpg\",\"title\":\"mesnerhaus-gastgeber-maria-und-josef-steffner-portrait-01\"},\"gallery_id\":\"14459\",\"tags\":{\"244\":\"adults\",\"246\":\"contemporary\",\"222\":\"couple\",\"232\":\"gastgeber\",\"245\":\"home-decor\",\"242\":\"indoor\",\"259\":\"josef-steffner\",\"240\":\"man\",\"372\":\"maria-steffner\",\"234\":\"modern-kitchen\",\"243\":\"portrait\",\"239\":\"smiling\",\"241\":\"woman\"}},{\"status\":\"active\",\"src\":\"https:\\\/\\\/mesnerhaus.at\\\/wp-content\\\/uploads\\\/mesnerhaus-gastgeber-maria-und-josef-steffner-portrait-steinmauer-01-2048x1365.jpg\",\"title\":\"mesnerhaus-gastgeber-maria-und-josef-steffner-portrait-steinmauer-01\",\"link\":\"https:\\\/\\\/mesnerhaus.at\\\/wp-content\\\/uploads\\\/mesnerhaus-gastgeber-maria-und-josef-steffner-portrait-steinmauer-01-scaled.jpg\",\"alt\":\"Maria und Josef Steffner Hand in Hand vor einer historischen Steinmauer\",\"caption\":false,\"thumb\":\"https:\\\/\\\/mesnerhaus.at\\\/wp-content\\\/uploads\\\/mesnerhaus-gastgeber-maria-und-josef-steffner-portrait-steinmauer-01-150x150.jpg\",\"video_aspect_ratio\":\"\",\"video_width\":\"\",\"video_height\":\"\",\"video_in_gallery\":0,\"meta\":{\"aperture\":\"2.8\",\"credit\":\"Kathrin Buschmann\",\"camera\":\"NIKON Z 7_2\",\"caption\":\"\",\"created_timestamp\":\"1743686478\",\"copyright\":\"Kathrin Buschmann Fotografie\",\"focal_length\":\"35\",\"iso\":\"160\",\"shutter_speed\":\"0.000625\",\"title\":\"\",\"orientation\":\"1\",\"keywords\":null,\"alt\":null},\"thumbnail\":\"https:\\\/\\\/mesnerhaus.at\\\/wp-content\\\/uploads\\\/mesnerhaus-gastgeber-maria-und-josef-steffner-portrait-steinmauer-01-150x150.jpg\",\"medium\":\"https:\\\/\\\/mesnerhaus.at\\\/wp-content\\\/uploads\\\/mesnerhaus-gastgeber-maria-und-josef-steffner-portrait-steinmauer-01-300x200.jpg\",\"medium_large\":\"https:\\\/\\\/mesnerhaus.at\\\/wp-content\\\/uploads\\\/mesnerhaus-gastgeber-maria-und-josef-steffner-portrait-steinmauer-01-768x512.jpg\",\"large\":\"https:\\\/\\\/mesnerhaus.at\\\/wp-content\\\/uploads\\\/mesnerhaus-gastgeber-maria-und-josef-steffner-portrait-steinmauer-01-1024x683.jpg\",\"thumblist\":\"https:\\\/\\\/mesnerhaus.at\\\/wp-content\\\/uploads\\\/mesnerhaus-gastgeber-maria-und-josef-steffner-portrait-steinmauer-01-300x300.jpg\",\"thumbrelated\":\"https:\\\/\\\/mesnerhaus.at\\\/wp-content\\\/uploads\\\/mesnerhaus-gastgeber-maria-und-josef-steffner-portrait-steinmauer-01-500x500.jpg\",\"meccarouselthumb\":\"https:\\\/\\\/mesnerhaus.at\\\/wp-content\\\/uploads\\\/mesnerhaus-gastgeber-maria-und-josef-steffner-portrait-steinmauer-01-474x324.jpg\",\"gridsquare\":\"https:\\\/\\\/mesnerhaus.at\\\/wp-content\\\/uploads\\\/mesnerhaus-gastgeber-maria-und-josef-steffner-portrait-steinmauer-01-391x260.jpg\",\"tileview\":\"https:\\\/\\\/mesnerhaus.at\\\/wp-content\\\/uploads\\\/mesnerhaus-gastgeber-maria-und-josef-steffner-portrait-steinmauer-01-300x400.jpg\",\"1536x1536\":\"https:\\\/\\\/mesnerhaus.at\\\/wp-content\\\/uploads\\\/mesnerhaus-gastgeber-maria-und-josef-steffner-portrait-steinmauer-01-1536x1024.jpg\",\"2048x2048\":\"https:\\\/\\\/mesnerhaus.at\\\/wp-content\\\/uploads\\\/mesnerhaus-gastgeber-maria-und-josef-steffner-portrait-steinmauer-01-2048x1365.jpg\",\"soulkitchen-uncropped\":\"https:\\\/\\\/mesnerhaus.at\\\/wp-content\\\/uploads\\\/mesnerhaus-gastgeber-maria-und-josef-steffner-portrait-steinmauer-01-2308x1539.jpg\",\"soulkitchen-uncropped-largex2\":\"https:\\\/\\\/mesnerhaus.at\\\/wp-content\\\/uploads\\\/mesnerhaus-gastgeber-maria-und-josef-steffner-portrait-steinmauer-01-1600x1067.jpg\",\"soulkitchen-uncropped-full\":\"https:\\\/\\\/mesnerhaus.at\\\/wp-content\\\/uploads\\\/mesnerhaus-gastgeber-maria-und-josef-steffner-portrait-steinmauer-01-1200x800.jpg\",\"soulkitchen-uncropped-large\":\"https:\\\/\\\/mesnerhaus.at\\\/wp-content\\\/uploads\\\/mesnerhaus-gastgeber-maria-und-josef-steffner-portrait-steinmauer-01-800x533.jpg\",\"soulkitchen-uncropped-medium\":\"https:\\\/\\\/mesnerhaus.at\\\/wp-content\\\/uploads\\\/mesnerhaus-gastgeber-maria-und-josef-steffner-portrait-steinmauer-01-560x373.jpg\",\"soulkitchen-suare\":\"https:\\\/\\\/mesnerhaus.at\\\/wp-content\\\/uploads\\\/mesnerhaus-gastgeber-maria-und-josef-steffner-portrait-steinmauer-01-2308x2308.jpg\",\"soulkitchen-square-largex2\":\"https:\\\/\\\/mesnerhaus.at\\\/wp-content\\\/uploads\\\/mesnerhaus-gastgeber-maria-und-josef-steffner-portrait-steinmauer-01-1600x1600.jpg\",\"soulkitchen-square-full\":\"https:\\\/\\\/mesnerhaus.at\\\/wp-content\\\/uploads\\\/mesnerhaus-gastgeber-maria-und-josef-steffner-portrait-steinmauer-01-1200x1200.jpg\",\"soulkitchen-square-large\":\"https:\\\/\\\/mesnerhaus.at\\\/wp-content\\\/uploads\\\/mesnerhaus-gastgeber-maria-und-josef-steffner-portrait-steinmauer-01-800x800.jpg\",\"soulkitchen-square-medium\":\"https:\\\/\\\/mesnerhaus.at\\\/wp-content\\\/uploads\\\/mesnerhaus-gastgeber-maria-und-josef-steffner-portrait-steinmauer-01-560x560.jpg\",\"soulkitchen-square-small\":\"https:\\\/\\\/mesnerhaus.at\\\/wp-content\\\/uploads\\\/mesnerhaus-gastgeber-maria-und-josef-steffner-portrait-steinmauer-01-250x250.jpg\",\"soulkitchen-square-mini\":\"https:\\\/\\\/mesnerhaus.at\\\/wp-content\\\/uploads\\\/mesnerhaus-gastgeber-maria-und-josef-steffner-portrait-steinmauer-01-120x120.jpg\",\"soulkitchen-portrait-full\":\"https:\\\/\\\/mesnerhaus.at\\\/wp-content\\\/uploads\\\/mesnerhaus-gastgeber-maria-und-josef-steffner-portrait-steinmauer-01-1200x1800.jpg\",\"soulkitchen-portrait-large\":\"https:\\\/\\\/mesnerhaus.at\\\/wp-content\\\/uploads\\\/mesnerhaus-gastgeber-maria-und-josef-steffner-portrait-steinmauer-01-800x1200.jpg\",\"soulkitchen-landscape\":\"https:\\\/\\\/mesnerhaus.at\\\/wp-content\\\/uploads\\\/mesnerhaus-gastgeber-maria-und-josef-steffner-portrait-steinmauer-01-2308x1731.jpg\",\"soulkitchen-landscape-largex2\":\"https:\\\/\\\/mesnerhaus.at\\\/wp-content\\\/uploads\\\/mesnerhaus-gastgeber-maria-und-josef-steffner-portrait-steinmauer-01-1600x1200.jpg\",\"soulkitchen-landscape-full\":\"https:\\\/\\\/mesnerhaus.at\\\/wp-content\\\/uploads\\\/mesnerhaus-gastgeber-maria-und-josef-steffner-portrait-steinmauer-01-1200x900.jpg\",\"soulkitchen-landscape-large\":\"https:\\\/\\\/mesnerhaus.at\\\/wp-content\\\/uploads\\\/mesnerhaus-gastgeber-maria-und-josef-steffner-portrait-steinmauer-01-800x600.jpg\",\"soulkitchen-landscape-medium\":\"https:\\\/\\\/mesnerhaus.at\\\/wp-content\\\/uploads\\\/mesnerhaus-gastgeber-maria-und-josef-steffner-portrait-steinmauer-01-560x420.jpg\",\"soulkitchen-landscape-mini\":\"https:\\\/\\\/mesnerhaus.at\\\/wp-content\\\/uploads\\\/mesnerhaus-gastgeber-maria-und-josef-steffner-portrait-steinmauer-01-120x90.jpg\",\"soulkitchen-landscapenarrow\":\"https:\\\/\\\/mesnerhaus.at\\\/wp-content\\\/uploads\\\/mesnerhaus-gastgeber-maria-und-josef-steffner-portrait-steinmauer-01-2308x1154.jpg\",\"soulkitchen-landscapenarrow-largex2\":\"https:\\\/\\\/mesnerhaus.at\\\/wp-content\\\/uploads\\\/mesnerhaus-gastgeber-maria-und-josef-steffner-portrait-steinmauer-01-1600x800.jpg\",\"soulkitchen-landscapenarrow-large\":\"https:\\\/\\\/mesnerhaus.at\\\/wp-content\\\/uploads\\\/mesnerhaus-gastgeber-maria-und-josef-steffner-portrait-steinmauer-01-800x400.jpg\",\"full\":\"https:\\\/\\\/mesnerhaus.at\\\/wp-content\\\/uploads\\\/mesnerhaus-gastgeber-maria-und-josef-steffner-portrait-steinmauer-01-scaled.jpg\",\"index\":2,\"id\":14244,\"video\":true,\"opts\":{\"caption\":\"\",\"thumb\":\"https:\\\/\\\/mesnerhaus.at\\\/wp-content\\\/uploads\\\/mesnerhaus-gastgeber-maria-und-josef-steffner-portrait-steinmauer-01-150x150.jpg\",\"title\":\"mesnerhaus-gastgeber-maria-und-josef-steffner-portrait-steinmauer-01\"},\"gallery_id\":\"14459\",\"tags\":{\"244\":\"adults\",\"249\":\"casual-wear\",\"222\":\"couple\",\"232\":\"gastgeber\",\"250\":\"happy\",\"247\":\"holding-hands\",\"259\":\"josef-steffner\",\"252\":\"light-colors\",\"372\":\"maria-steffner\",\"243\":\"portrait\",\"239\":\"smiling\",\"248\":\"stone-wall\",\"251\":\"together\"}},{\"status\":\"active\",\"src\":\"https:\\\/\\\/mesnerhaus.at\\\/wp-content\\\/uploads\\\/mesnerhaus-josef-steffner-3-2048x1365.jpg\",\"title\":\"mesnerhaus-josef-steffner\",\"link\":\"https:\\\/\\\/mesnerhaus.at\\\/wp-content\\\/uploads\\\/mesnerhaus-josef-steffner-3-scaled.jpg\",\"alt\":\"Josef Steffner bei der Arbeit im Garten des Mesnerhauses\",\"caption\":false,\"thumb\":\"https:\\\/\\\/mesnerhaus.at\\\/wp-content\\\/uploads\\\/mesnerhaus-josef-steffner-3-150x150.jpg\",\"video_aspect_ratio\":\"\",\"video_width\":\"\",\"video_height\":\"\",\"video_in_gallery\":0,\"meta\":{\"aperture\":\"3.2\",\"credit\":\"Kathrin Buschmann\",\"camera\":\"NIKON Z 8\",\"caption\":\"\",\"created_timestamp\":\"1786008120\",\"copyright\":\"Kathrin Buschmann Fotografie\",\"focal_length\":\"35\",\"iso\":\"100\",\"shutter_speed\":\"0.0004\",\"title\":\"\",\"orientation\":\"1\",\"keywords\":null,\"alt\":null},\"thumbnail\":\"https:\\\/\\\/mesnerhaus.at\\\/wp-content\\\/uploads\\\/mesnerhaus-josef-steffner-3-150x150.jpg\",\"medium\":\"https:\\\/\\\/mesnerhaus.at\\\/wp-content\\\/uploads\\\/mesnerhaus-josef-steffner-3-300x200.jpg\",\"medium_large\":\"https:\\\/\\\/mesnerhaus.at\\\/wp-content\\\/uploads\\\/mesnerhaus-josef-steffner-3-768x512.jpg\",\"large\":\"https:\\\/\\\/mesnerhaus.at\\\/wp-content\\\/uploads\\\/mesnerhaus-josef-steffner-3-1024x683.jpg\",\"thumblist\":\"https:\\\/\\\/mesnerhaus.at\\\/wp-content\\\/uploads\\\/mesnerhaus-josef-steffner-3-300x300.jpg\",\"thumbrelated\":\"https:\\\/\\\/mesnerhaus.at\\\/wp-content\\\/uploads\\\/mesnerhaus-josef-steffner-3-500x500.jpg\",\"meccarouselthumb\":\"https:\\\/\\\/mesnerhaus.at\\\/wp-content\\\/uploads\\\/mesnerhaus-josef-steffner-3-474x324.jpg\",\"gridsquare\":\"https:\\\/\\\/mesnerhaus.at\\\/wp-content\\\/uploads\\\/mesnerhaus-josef-steffner-3-391x260.jpg\",\"tileview\":\"https:\\\/\\\/mesnerhaus.at\\\/wp-content\\\/uploads\\\/mesnerhaus-josef-steffner-3-300x400.jpg\",\"1536x1536\":\"https:\\\/\\\/mesnerhaus.at\\\/wp-content\\\/uploads\\\/mesnerhaus-josef-steffner-3-1536x1024.jpg\",\"2048x2048\":\"https:\\\/\\\/mesnerhaus.at\\\/wp-content\\\/uploads\\\/mesnerhaus-josef-steffner-3-2048x1365.jpg\",\"soulkitchen-uncropped\":\"https:\\\/\\\/mesnerhaus.at\\\/wp-content\\\/uploads\\\/mesnerhaus-josef-steffner-3-2308x1539.jpg\",\"soulkitchen-uncropped-largex2\":\"https:\\\/\\\/mesnerhaus.at\\\/wp-content\\\/uploads\\\/mesnerhaus-josef-steffner-3-1600x1067.jpg\",\"soulkitchen-uncropped-full\":\"https:\\\/\\\/mesnerhaus.at\\\/wp-content\\\/uploads\\\/mesnerhaus-josef-steffner-3-1200x800.jpg\",\"soulkitchen-uncropped-large\":\"https:\\\/\\\/mesnerhaus.at\\\/wp-content\\\/uploads\\\/mesnerhaus-josef-steffner-3-800x533.jpg\",\"soulkitchen-uncropped-medium\":\"https:\\\/\\\/mesnerhaus.at\\\/wp-content\\\/uploads\\\/mesnerhaus-josef-steffner-3-560x373.jpg\",\"soulkitchen-suare\":\"https:\\\/\\\/mesnerhaus.at\\\/wp-content\\\/uploads\\\/mesnerhaus-josef-steffner-3-2308x2308.jpg\",\"soulkitchen-square-largex2\":\"https:\\\/\\\/mesnerhaus.at\\\/wp-content\\\/uploads\\\/mesnerhaus-josef-steffner-3-1600x1600.jpg\",\"soulkitchen-square-full\":\"https:\\\/\\\/mesnerhaus.at\\\/wp-content\\\/uploads\\\/mesnerhaus-josef-steffner-3-1200x1200.jpg\",\"soulkitchen-square-large\":\"https:\\\/\\\/mesnerhaus.at\\\/wp-content\\\/uploads\\\/mesnerhaus-josef-steffner-3-800x800.jpg\",\"soulkitchen-square-medium\":\"https:\\\/\\\/mesnerhaus.at\\\/wp-content\\\/uploads\\\/mesnerhaus-josef-steffner-3-560x560.jpg\",\"soulkitchen-square-small\":\"https:\\\/\\\/mesnerhaus.at\\\/wp-content\\\/uploads\\\/mesnerhaus-josef-steffner-3-250x250.jpg\",\"soulkitchen-square-mini\":\"https:\\\/\\\/mesnerhaus.at\\\/wp-content\\\/uploads\\\/mesnerhaus-josef-steffner-3-120x120.jpg\",\"soulkitchen-portrait-full\":\"https:\\\/\\\/mesnerhaus.at\\\/wp-content\\\/uploads\\\/mesnerhaus-josef-steffner-3-1200x1800.jpg\",\"soulkitchen-portrait-large\":\"https:\\\/\\\/mesnerhaus.at\\\/wp-content\\\/uploads\\\/mesnerhaus-josef-steffner-3-800x1200.jpg\",\"soulkitchen-landscape\":\"https:\\\/\\\/mesnerhaus.at\\\/wp-content\\\/uploads\\\/mesnerhaus-josef-steffner-3-2308x1731.jpg\",\"soulkitchen-landscape-largex2\":\"https:\\\/\\\/mesnerhaus.at\\\/wp-content\\\/uploads\\\/mesnerhaus-josef-steffner-3-1600x1200.jpg\",\"soulkitchen-landscape-full\":\"https:\\\/\\\/mesnerhaus.at\\\/wp-content\\\/uploads\\\/mesnerhaus-josef-steffner-3-1200x900.jpg\",\"soulkitchen-landscape-large\":\"https:\\\/\\\/mesnerhaus.at\\\/wp-content\\\/uploads\\\/mesnerhaus-josef-steffner-3-800x600.jpg\",\"soulkitchen-landscape-medium\":\"https:\\\/\\\/mesnerhaus.at\\\/wp-content\\\/uploads\\\/mesnerhaus-josef-steffner-3-560x420.jpg\",\"soulkitchen-landscape-mini\":\"https:\\\/\\\/mesnerhaus.at\\\/wp-content\\\/uploads\\\/mesnerhaus-josef-steffner-3-120x90.jpg\",\"soulkitchen-landscapenarrow\":\"https:\\\/\\\/mesnerhaus.at\\\/wp-content\\\/uploads\\\/mesnerhaus-josef-steffner-3-2308x1154.jpg\",\"soulkitchen-landscapenarrow-largex2\":\"https:\\\/\\\/mesnerhaus.at\\\/wp-content\\\/uploads\\\/mesnerhaus-josef-steffner-3-1600x800.jpg\",\"soulkitchen-landscapenarrow-large\":\"https:\\\/\\\/mesnerhaus.at\\\/wp-content\\\/uploads\\\/mesnerhaus-josef-steffner-3-800x400.jpg\",\"full\":\"https:\\\/\\\/mesnerhaus.at\\\/wp-content\\\/uploads\\\/mesnerhaus-josef-steffner-3-scaled.jpg\",\"index\":3,\"id\":14245,\"video\":true,\"opts\":{\"caption\":\"\",\"thumb\":\"https:\\\/\\\/mesnerhaus.at\\\/wp-content\\\/uploads\\\/mesnerhaus-josef-steffner-3-150x150.jpg\",\"title\":\"mesnerhaus-josef-steffner\"},\"gallery_id\":\"14459\",\"tags\":{\"237\":\"chef\",\"256\":\"fresh-produce\",\"254\":\"garden\",\"253\":\"gardener\",\"290\":\"gourmet-restaurant\",\"259\":\"josef-steffner\",\"373\":\"kueche\",\"258\":\"mesnerhaus\",\"257\":\"sustainable\",\"255\":\"urban-farming\"}},{\"status\":\"active\",\"src\":\"https:\\\/\\\/mesnerhaus.at\\\/wp-content\\\/uploads\\\/mesnerhaus-josef-steffner-beim-anrichten-2048x1365.jpg\",\"title\":\"mesnerhaus-josef-steffner-beim-anrichten\",\"link\":\"https:\\\/\\\/mesnerhaus.at\\\/wp-content\\\/uploads\\\/mesnerhaus-josef-steffner-beim-anrichten-scaled.jpg\",\"alt\":\"Josef Steffner beim Vorbereiten von Artischocken, Fenchel und Tomaten in der Restaurantk&uuml;che\",\"caption\":false,\"thumb\":\"https:\\\/\\\/mesnerhaus.at\\\/wp-content\\\/uploads\\\/mesnerhaus-josef-steffner-beim-anrichten-150x150.jpg\",\"video_aspect_ratio\":\"\",\"video_width\":\"\",\"video_height\":\"\",\"video_in_gallery\":0,\"meta\":{\"aperture\":\"2.8\",\"credit\":\"Kathrin Buschmann\",\"camera\":\"NIKON Z 8\",\"caption\":\"\",\"created_timestamp\":\"1786008764\",\"copyright\":\"Kathrin Buschmann Fotografie\",\"focal_length\":\"35\",\"iso\":\"640\",\"shutter_speed\":\"0.0015625\",\"title\":\"\",\"orientation\":\"1\",\"keywords\":null,\"alt\":null},\"thumbnail\":\"https:\\\/\\\/mesnerhaus.at\\\/wp-content\\\/uploads\\\/mesnerhaus-josef-steffner-beim-anrichten-150x150.jpg\",\"medium\":\"https:\\\/\\\/mesnerhaus.at\\\/wp-content\\\/uploads\\\/mesnerhaus-josef-steffner-beim-anrichten-300x200.jpg\",\"medium_large\":\"https:\\\/\\\/mesnerhaus.at\\\/wp-content\\\/uploads\\\/mesnerhaus-josef-steffner-beim-anrichten-768x512.jpg\",\"large\":\"https:\\\/\\\/mesnerhaus.at\\\/wp-content\\\/uploads\\\/mesnerhaus-josef-steffner-beim-anrichten-1024x683.jpg\",\"thumblist\":\"https:\\\/\\\/mesnerhaus.at\\\/wp-content\\\/uploads\\\/mesnerhaus-josef-steffner-beim-anrichten-300x300.jpg\",\"thumbrelated\":\"https:\\\/\\\/mesnerhaus.at\\\/wp-content\\\/uploads\\\/mesnerhaus-josef-steffner-beim-anrichten-500x500.jpg\",\"meccarouselthumb\":\"https:\\\/\\\/mesnerhaus.at\\\/wp-content\\\/uploads\\\/mesnerhaus-josef-steffner-beim-anrichten-474x324.jpg\",\"gridsquare\":\"https:\\\/\\\/mesnerhaus.at\\\/wp-content\\\/uploads\\\/mesnerhaus-josef-steffner-beim-anrichten-391x260.jpg\",\"tileview\":\"https:\\\/\\\/mesnerhaus.at\\\/wp-content\\\/uploads\\\/mesnerhaus-josef-steffner-beim-anrichten-300x400.jpg\",\"1536x1536\":\"https:\\\/\\\/mesnerhaus.at\\\/wp-content\\\/uploads\\\/mesnerhaus-josef-steffner-beim-anrichten-1536x1024.jpg\",\"2048x2048\":\"https:\\\/\\\/mesnerhaus.at\\\/wp-content\\\/uploads\\\/mesnerhaus-josef-steffner-beim-anrichten-2048x1365.jpg\",\"soulkitchen-uncropped\":\"https:\\\/\\\/mesnerhaus.at\\\/wp-content\\\/uploads\\\/mesnerhaus-josef-steffner-beim-anrichten-2308x1539.jpg\",\"soulkitchen-uncropped-largex2\":\"https:\\\/\\\/mesnerhaus.at\\\/wp-content\\\/uploads\\\/mesnerhaus-josef-steffner-beim-anrichten-1600x1067.jpg\",\"soulkitchen-uncropped-full\":\"https:\\\/\\\/mesnerhaus.at\\\/wp-content\\\/uploads\\\/mesnerhaus-josef-steffner-beim-anrichten-1200x800.jpg\",\"soulkitchen-uncropped-large\":\"https:\\\/\\\/mesnerhaus.at\\\/wp-content\\\/uploads\\\/mesnerhaus-josef-steffner-beim-anrichten-800x533.jpg\",\"soulkitchen-uncropped-medium\":\"https:\\\/\\\/mesnerhaus.at\\\/wp-content\\\/uploads\\\/mesnerhaus-josef-steffner-beim-anrichten-560x373.jpg\",\"soulkitchen-suare\":\"https:\\\/\\\/mesnerhaus.at\\\/wp-content\\\/uploads\\\/mesnerhaus-josef-steffner-beim-anrichten-2308x2308.jpg\",\"soulkitchen-square-largex2\":\"https:\\\/\\\/mesnerhaus.at\\\/wp-content\\\/uploads\\\/mesnerhaus-josef-steffner-beim-anrichten-1600x1600.jpg\",\"soulkitchen-square-full\":\"https:\\\/\\\/mesnerhaus.at\\\/wp-content\\\/uploads\\\/mesnerhaus-josef-steffner-beim-anrichten-1200x1200.jpg\",\"soulkitchen-square-large\":\"https:\\\/\\\/mesnerhaus.at\\\/wp-content\\\/uploads\\\/mesnerhaus-josef-steffner-beim-anrichten-800x800.jpg\",\"soulkitchen-square-medium\":\"https:\\\/\\\/mesnerhaus.at\\\/wp-content\\\/uploads\\\/mesnerhaus-josef-steffner-beim-anrichten-560x560.jpg\",\"soulkitchen-square-small\":\"https:\\\/\\\/mesnerhaus.at\\\/wp-content\\\/uploads\\\/mesnerhaus-josef-steffner-beim-anrichten-250x250.jpg\",\"soulkitchen-square-mini\":\"https:\\\/\\\/mesnerhaus.at\\\/wp-content\\\/uploads\\\/mesnerhaus-josef-steffner-beim-anrichten-120x120.jpg\",\"soulkitchen-portrait-full\":\"https:\\\/\\\/mesnerhaus.at\\\/wp-content\\\/uploads\\\/mesnerhaus-josef-steffner-beim-anrichten-1200x1800.jpg\",\"soulkitchen-portrait-large\":\"https:\\\/\\\/mesnerhaus.at\\\/wp-content\\\/uploads\\\/mesnerhaus-josef-steffner-beim-anrichten-800x1200.jpg\",\"soulkitchen-landscape\":\"https:\\\/\\\/mesnerhaus.at\\\/wp-content\\\/uploads\\\/mesnerhaus-josef-steffner-beim-anrichten-2308x1731.jpg\",\"soulkitchen-landscape-largex2\":\"https:\\\/\\\/mesnerhaus.at\\\/wp-content\\\/uploads\\\/mesnerhaus-josef-steffner-beim-anrichten-1600x1200.jpg\",\"soulkitchen-landscape-full\":\"https:\\\/\\\/mesnerhaus.at\\\/wp-content\\\/uploads\\\/mesnerhaus-josef-steffner-beim-anrichten-1200x900.jpg\",\"soulkitchen-landscape-large\":\"https:\\\/\\\/mesnerhaus.at\\\/wp-content\\\/uploads\\\/mesnerhaus-josef-steffner-beim-anrichten-800x600.jpg\",\"soulkitchen-landscape-medium\":\"https:\\\/\\\/mesnerhaus.at\\\/wp-content\\\/uploads\\\/mesnerhaus-josef-steffner-beim-anrichten-560x420.jpg\",\"soulkitchen-landscape-mini\":\"https:\\\/\\\/mesnerhaus.at\\\/wp-content\\\/uploads\\\/mesnerhaus-josef-steffner-beim-anrichten-120x90.jpg\",\"soulkitchen-landscapenarrow\":\"https:\\\/\\\/mesnerhaus.at\\\/wp-content\\\/uploads\\\/mesnerhaus-josef-steffner-beim-anrichten-2308x1154.jpg\",\"soulkitchen-landscapenarrow-largex2\":\"https:\\\/\\\/mesnerhaus.at\\\/wp-content\\\/uploads\\\/mesnerhaus-josef-steffner-beim-anrichten-1600x800.jpg\",\"soulkitchen-landscapenarrow-large\":\"https:\\\/\\\/mesnerhaus.at\\\/wp-content\\\/uploads\\\/mesnerhaus-josef-steffner-beim-anrichten-800x400.jpg\",\"full\":\"https:\\\/\\\/mesnerhaus.at\\\/wp-content\\\/uploads\\\/mesnerhaus-josef-steffner-beim-anrichten-scaled.jpg\",\"index\":4,\"id\":14246,\"video\":true,\"opts\":{\"caption\":\"\",\"thumb\":\"https:\\\/\\\/mesnerhaus.at\\\/wp-content\\\/uploads\\\/mesnerhaus-josef-steffner-beim-anrichten-150x150.jpg\",\"title\":\"mesnerhaus-josef-steffner-beim-anrichten\"},\"gallery_id\":\"14459\",\"tags\":{\"263\":\"artichokes\",\"237\":\"chef\",\"260\":\"cooking\",\"238\":\"culinary\",\"264\":\"fennel\",\"266\":\"food-preparation\",\"228\":\"gourmet\",\"290\":\"gourmet-restaurant\",\"259\":\"josef-steffner\",\"261\":\"kitchen\",\"373\":\"kueche\",\"224\":\"restaurant\",\"265\":\"tomatoes\",\"262\":\"vegetables\"}},{\"status\":\"active\",\"src\":\"https:\\\/\\\/mesnerhaus.at\\\/wp-content\\\/uploads\\\/mesnerhaus-josef-steffner-portrait-eingang-1365x2048.jpg\",\"title\":\"mesnerhaus-josef-steffner-portrait-eingang\",\"link\":\"https:\\\/\\\/mesnerhaus.at\\\/wp-content\\\/uploads\\\/mesnerhaus-josef-steffner-portrait-eingang-scaled.jpg\",\"alt\":\"Josef Steffner in Kochkleidung auf der Au&szlig;entreppe des Mesnerhauses\",\"caption\":false,\"thumb\":\"https:\\\/\\\/mesnerhaus.at\\\/wp-content\\\/uploads\\\/mesnerhaus-josef-steffner-portrait-eingang-150x150.jpg\",\"video_aspect_ratio\":\"\",\"video_width\":\"\",\"video_height\":\"\",\"video_in_gallery\":0,\"meta\":{\"aperture\":null,\"credit\":\"Kathrin Buschmann\",\"camera\":null,\"caption\":\"\",\"created_timestamp\":null,\"copyright\":\"Kathrin Buschmann Fotografie\",\"focal_length\":null,\"iso\":null,\"shutter_speed\":null,\"title\":\"\",\"orientation\":null,\"keywords\":null,\"alt\":null},\"thumbnail\":\"https:\\\/\\\/mesnerhaus.at\\\/wp-content\\\/uploads\\\/mesnerhaus-josef-steffner-portrait-eingang-150x150.jpg\",\"medium\":\"https:\\\/\\\/mesnerhaus.at\\\/wp-content\\\/uploads\\\/mesnerhaus-josef-steffner-portrait-eingang-200x300.jpg\",\"medium_large\":\"https:\\\/\\\/mesnerhaus.at\\\/wp-content\\\/uploads\\\/mesnerhaus-josef-steffner-portrait-eingang-768x1152.jpg\",\"large\":\"https:\\\/\\\/mesnerhaus.at\\\/wp-content\\\/uploads\\\/mesnerhaus-josef-steffner-portrait-eingang-683x1024.jpg\",\"thumblist\":\"https:\\\/\\\/mesnerhaus.at\\\/wp-content\\\/uploads\\\/mesnerhaus-josef-steffner-portrait-eingang-300x300.jpg\",\"thumbrelated\":\"https:\\\/\\\/mesnerhaus.at\\\/wp-content\\\/uploads\\\/mesnerhaus-josef-steffner-portrait-eingang-500x500.jpg\",\"meccarouselthumb\":\"https:\\\/\\\/mesnerhaus.at\\\/wp-content\\\/uploads\\\/mesnerhaus-josef-steffner-portrait-eingang-474x324.jpg\",\"gridsquare\":\"https:\\\/\\\/mesnerhaus.at\\\/wp-content\\\/uploads\\\/mesnerhaus-josef-steffner-portrait-eingang-391x260.jpg\",\"tileview\":\"https:\\\/\\\/mesnerhaus.at\\\/wp-content\\\/uploads\\\/mesnerhaus-josef-steffner-portrait-eingang-300x400.jpg\",\"1536x1536\":\"https:\\\/\\\/mesnerhaus.at\\\/wp-content\\\/uploads\\\/mesnerhaus-josef-steffner-portrait-eingang-1024x1536.jpg\",\"2048x2048\":\"https:\\\/\\\/mesnerhaus.at\\\/wp-content\\\/uploads\\\/mesnerhaus-josef-steffner-portrait-eingang-1365x2048.jpg\",\"soulkitchen-uncropped\":\"https:\\\/\\\/mesnerhaus.at\\\/wp-content\\\/uploads\\\/mesnerhaus-josef-steffner-portrait-eingang-2308x3462.jpg\",\"soulkitchen-uncropped-largex2\":\"https:\\\/\\\/mesnerhaus.at\\\/wp-content\\\/uploads\\\/mesnerhaus-josef-steffner-portrait-eingang-1600x2400.jpg\",\"soulkitchen-uncropped-full\":\"https:\\\/\\\/mesnerhaus.at\\\/wp-content\\\/uploads\\\/mesnerhaus-josef-steffner-portrait-eingang-1200x1800.jpg\",\"soulkitchen-uncropped-large\":\"https:\\\/\\\/mesnerhaus.at\\\/wp-content\\\/uploads\\\/mesnerhaus-josef-steffner-portrait-eingang-800x1200.jpg\",\"soulkitchen-uncropped-medium\":\"https:\\\/\\\/mesnerhaus.at\\\/wp-content\\\/uploads\\\/mesnerhaus-josef-steffner-portrait-eingang-560x840.jpg\",\"soulkitchen-suare\":\"https:\\\/\\\/mesnerhaus.at\\\/wp-content\\\/uploads\\\/mesnerhaus-josef-steffner-portrait-eingang-2308x2308.jpg\",\"soulkitchen-square-largex2\":\"https:\\\/\\\/mesnerhaus.at\\\/wp-content\\\/uploads\\\/mesnerhaus-josef-steffner-portrait-eingang-1600x1600.jpg\",\"soulkitchen-square-full\":\"https:\\\/\\\/mesnerhaus.at\\\/wp-content\\\/uploads\\\/mesnerhaus-josef-steffner-portrait-eingang-1200x1200.jpg\",\"soulkitchen-square-large\":\"https:\\\/\\\/mesnerhaus.at\\\/wp-content\\\/uploads\\\/mesnerhaus-josef-steffner-portrait-eingang-800x800.jpg\",\"soulkitchen-square-medium\":\"https:\\\/\\\/mesnerhaus.at\\\/wp-content\\\/uploads\\\/mesnerhaus-josef-steffner-portrait-eingang-560x560.jpg\",\"soulkitchen-square-small\":\"https:\\\/\\\/mesnerhaus.at\\\/wp-content\\\/uploads\\\/mesnerhaus-josef-steffner-portrait-eingang-250x250.jpg\",\"soulkitchen-square-mini\":\"https:\\\/\\\/mesnerhaus.at\\\/wp-content\\\/uploads\\\/mesnerhaus-josef-steffner-portrait-eingang-120x120.jpg\",\"soulkitchen-portrait-full\":\"https:\\\/\\\/mesnerhaus.at\\\/wp-content\\\/uploads\\\/mesnerhaus-josef-steffner-portrait-eingang-1200x1800.jpg\",\"soulkitchen-portrait-large\":\"https:\\\/\\\/mesnerhaus.at\\\/wp-content\\\/uploads\\\/mesnerhaus-josef-steffner-portrait-eingang-800x1200.jpg\",\"soulkitchen-landscape\":\"https:\\\/\\\/mesnerhaus.at\\\/wp-content\\\/uploads\\\/mesnerhaus-josef-steffner-portrait-eingang-2308x1731.jpg\",\"soulkitchen-landscape-largex2\":\"https:\\\/\\\/mesnerhaus.at\\\/wp-content\\\/uploads\\\/mesnerhaus-josef-steffner-portrait-eingang-1600x1200.jpg\",\"soulkitchen-landscape-full\":\"https:\\\/\\\/mesnerhaus.at\\\/wp-content\\\/uploads\\\/mesnerhaus-josef-steffner-portrait-eingang-1200x900.jpg\",\"soulkitchen-landscape-large\":\"https:\\\/\\\/mesnerhaus.at\\\/wp-content\\\/uploads\\\/mesnerhaus-josef-steffner-portrait-eingang-800x600.jpg\",\"soulkitchen-landscape-medium\":\"https:\\\/\\\/mesnerhaus.at\\\/wp-content\\\/uploads\\\/mesnerhaus-josef-steffner-portrait-eingang-560x420.jpg\",\"soulkitchen-landscape-mini\":\"https:\\\/\\\/mesnerhaus.at\\\/wp-content\\\/uploads\\\/mesnerhaus-josef-steffner-portrait-eingang-120x90.jpg\",\"soulkitchen-landscapenarrow\":\"https:\\\/\\\/mesnerhaus.at\\\/wp-content\\\/uploads\\\/mesnerhaus-josef-steffner-portrait-eingang-2308x1154.jpg\",\"soulkitchen-landscapenarrow-largex2\":\"https:\\\/\\\/mesnerhaus.at\\\/wp-content\\\/uploads\\\/mesnerhaus-josef-steffner-portrait-eingang-1600x800.jpg\",\"soulkitchen-landscapenarrow-large\":\"https:\\\/\\\/mesnerhaus.at\\\/wp-content\\\/uploads\\\/mesnerhaus-josef-steffner-portrait-eingang-800x400.jpg\",\"full\":\"https:\\\/\\\/mesnerhaus.at\\\/wp-content\\\/uploads\\\/mesnerhaus-josef-steffner-portrait-eingang-scaled.jpg\",\"index\":5,\"id\":14247,\"video\":true,\"opts\":{\"caption\":\"\",\"thumb\":\"https:\\\/\\\/mesnerhaus.at\\\/wp-content\\\/uploads\\\/mesnerhaus-josef-steffner-portrait-eingang-150x150.jpg\",\"title\":\"mesnerhaus-josef-steffner-portrait-eingang\"},\"gallery_id\":\"14459\",\"tags\":{\"271\":\"apron\",\"237\":\"chef\",\"269\":\"culinary-professional\",\"232\":\"gastgeber\",\"290\":\"gourmet-restaurant\",\"226\":\"hospitality\",\"259\":\"josef-steffner\",\"373\":\"kueche\",\"268\":\"outdoor-setting\",\"243\":\"portrait\",\"270\":\"restaurant-owner\",\"267\":\"smiling-man\"}},{\"status\":\"active\",\"src\":\"https:\\\/\\\/mesnerhaus.at\\\/wp-content\\\/uploads\\\/mesnerhaus-josef-steffner-portrait-garten-2048x1365.jpg\",\"title\":\"mesnerhaus-josef-steffner-portrait-garten\",\"link\":\"https:\\\/\\\/mesnerhaus.at\\\/wp-content\\\/uploads\\\/mesnerhaus-josef-steffner-portrait-garten-scaled.jpg\",\"alt\":\"Josef Steffner mit Sch&uuml;rze im Garten des Mesnerhauses\",\"caption\":false,\"thumb\":\"https:\\\/\\\/mesnerhaus.at\\\/wp-content\\\/uploads\\\/mesnerhaus-josef-steffner-portrait-garten-150x150.jpg\",\"video_aspect_ratio\":\"\",\"video_width\":\"\",\"video_height\":\"\",\"video_in_gallery\":0,\"meta\":{\"aperture\":null,\"credit\":\"Kathrin Buschmann\",\"camera\":null,\"caption\":\"\",\"created_timestamp\":null,\"copyright\":\"Kathrin Buschmann Fotografie\",\"focal_length\":null,\"iso\":null,\"shutter_speed\":null,\"title\":\"\",\"orientation\":null,\"keywords\":null,\"alt\":null},\"thumbnail\":\"https:\\\/\\\/mesnerhaus.at\\\/wp-content\\\/uploads\\\/mesnerhaus-josef-steffner-portrait-garten-150x150.jpg\",\"medium\":\"https:\\\/\\\/mesnerhaus.at\\\/wp-content\\\/uploads\\\/mesnerhaus-josef-steffner-portrait-garten-300x200.jpg\",\"medium_large\":\"https:\\\/\\\/mesnerhaus.at\\\/wp-content\\\/uploads\\\/mesnerhaus-josef-steffner-portrait-garten-768x512.jpg\",\"large\":\"https:\\\/\\\/mesnerhaus.at\\\/wp-content\\\/uploads\\\/mesnerhaus-josef-steffner-portrait-garten-1024x683.jpg\",\"thumblist\":\"https:\\\/\\\/mesnerhaus.at\\\/wp-content\\\/uploads\\\/mesnerhaus-josef-steffner-portrait-garten-300x300.jpg\",\"thumbrelated\":\"https:\\\/\\\/mesnerhaus.at\\\/wp-content\\\/uploads\\\/mesnerhaus-josef-steffner-portrait-garten-500x500.jpg\",\"meccarouselthumb\":\"https:\\\/\\\/mesnerhaus.at\\\/wp-content\\\/uploads\\\/mesnerhaus-josef-steffner-portrait-garten-474x324.jpg\",\"gridsquare\":\"https:\\\/\\\/mesnerhaus.at\\\/wp-content\\\/uploads\\\/mesnerhaus-josef-steffner-portrait-garten-391x260.jpg\",\"tileview\":\"https:\\\/\\\/mesnerhaus.at\\\/wp-content\\\/uploads\\\/mesnerhaus-josef-steffner-portrait-garten-300x400.jpg\",\"1536x1536\":\"https:\\\/\\\/mesnerhaus.at\\\/wp-content\\\/uploads\\\/mesnerhaus-josef-steffner-portrait-garten-1536x1024.jpg\",\"2048x2048\":\"https:\\\/\\\/mesnerhaus.at\\\/wp-content\\\/uploads\\\/mesnerhaus-josef-steffner-portrait-garten-2048x1365.jpg\",\"soulkitchen-uncropped\":\"https:\\\/\\\/mesnerhaus.at\\\/wp-content\\\/uploads\\\/mesnerhaus-josef-steffner-portrait-garten-2308x1539.jpg\",\"soulkitchen-uncropped-largex2\":\"https:\\\/\\\/mesnerhaus.at\\\/wp-content\\\/uploads\\\/mesnerhaus-josef-steffner-portrait-garten-1600x1067.jpg\",\"soulkitchen-uncropped-full\":\"https:\\\/\\\/mesnerhaus.at\\\/wp-content\\\/uploads\\\/mesnerhaus-josef-steffner-portrait-garten-1200x800.jpg\",\"soulkitchen-uncropped-large\":\"https:\\\/\\\/mesnerhaus.at\\\/wp-content\\\/uploads\\\/mesnerhaus-josef-steffner-portrait-garten-800x533.jpg\",\"soulkitchen-uncropped-medium\":\"https:\\\/\\\/mesnerhaus.at\\\/wp-content\\\/uploads\\\/mesnerhaus-josef-steffner-portrait-garten-560x373.jpg\",\"soulkitchen-suare\":\"https:\\\/\\\/mesnerhaus.at\\\/wp-content\\\/uploads\\\/mesnerhaus-josef-steffner-portrait-garten-2308x2308.jpg\",\"soulkitchen-square-largex2\":\"https:\\\/\\\/mesnerhaus.at\\\/wp-content\\\/uploads\\\/mesnerhaus-josef-steffner-portrait-garten-1600x1600.jpg\",\"soulkitchen-square-full\":\"https:\\\/\\\/mesnerhaus.at\\\/wp-content\\\/uploads\\\/mesnerhaus-josef-steffner-portrait-garten-1200x1200.jpg\",\"soulkitchen-square-large\":\"https:\\\/\\\/mesnerhaus.at\\\/wp-content\\\/uploads\\\/mesnerhaus-josef-steffner-portrait-garten-800x800.jpg\",\"soulkitchen-square-medium\":\"https:\\\/\\\/mesnerhaus.at\\\/wp-content\\\/uploads\\\/mesnerhaus-josef-steffner-portrait-garten-560x560.jpg\",\"soulkitchen-square-small\":\"https:\\\/\\\/mesnerhaus.at\\\/wp-content\\\/uploads\\\/mesnerhaus-josef-steffner-portrait-garten-250x250.jpg\",\"soulkitchen-square-mini\":\"https:\\\/\\\/mesnerhaus.at\\\/wp-content\\\/uploads\\\/mesnerhaus-josef-steffner-portrait-garten-120x120.jpg\",\"soulkitchen-portrait-full\":\"https:\\\/\\\/mesnerhaus.at\\\/wp-content\\\/uploads\\\/mesnerhaus-josef-steffner-portrait-garten-1200x1800.jpg\",\"soulkitchen-portrait-large\":\"https:\\\/\\\/mesnerhaus.at\\\/wp-content\\\/uploads\\\/mesnerhaus-josef-steffner-portrait-garten-800x1200.jpg\",\"soulkitchen-landscape\":\"https:\\\/\\\/mesnerhaus.at\\\/wp-content\\\/uploads\\\/mesnerhaus-josef-steffner-portrait-garten-2308x1731.jpg\",\"soulkitchen-landscape-largex2\":\"https:\\\/\\\/mesnerhaus.at\\\/wp-content\\\/uploads\\\/mesnerhaus-josef-steffner-portrait-garten-1600x1200.jpg\",\"soulkitchen-landscape-full\":\"https:\\\/\\\/mesnerhaus.at\\\/wp-content\\\/uploads\\\/mesnerhaus-josef-steffner-portrait-garten-1200x900.jpg\",\"soulkitchen-landscape-large\":\"https:\\\/\\\/mesnerhaus.at\\\/wp-content\\\/uploads\\\/mesnerhaus-josef-steffner-portrait-garten-800x600.jpg\",\"soulkitchen-landscape-medium\":\"https:\\\/\\\/mesnerhaus.at\\\/wp-content\\\/uploads\\\/mesnerhaus-josef-steffner-portrait-garten-560x420.jpg\",\"soulkitchen-landscape-mini\":\"https:\\\/\\\/mesnerhaus.at\\\/wp-content\\\/uploads\\\/mesnerhaus-josef-steffner-portrait-garten-120x90.jpg\",\"soulkitchen-landscapenarrow\":\"https:\\\/\\\/mesnerhaus.at\\\/wp-content\\\/uploads\\\/mesnerhaus-josef-steffner-portrait-garten-2308x1154.jpg\",\"soulkitchen-landscapenarrow-largex2\":\"https:\\\/\\\/mesnerhaus.at\\\/wp-content\\\/uploads\\\/mesnerhaus-josef-steffner-portrait-garten-1600x800.jpg\",\"soulkitchen-landscapenarrow-large\":\"https:\\\/\\\/mesnerhaus.at\\\/wp-content\\\/uploads\\\/mesnerhaus-josef-steffner-portrait-garten-800x400.jpg\",\"full\":\"https:\\\/\\\/mesnerhaus.at\\\/wp-content\\\/uploads\\\/mesnerhaus-josef-steffner-portrait-garten-scaled.jpg\",\"index\":6,\"id\":14248,\"video\":true,\"opts\":{\"caption\":\"\",\"thumb\":\"https:\\\/\\\/mesnerhaus.at\\\/wp-content\\\/uploads\\\/mesnerhaus-josef-steffner-portrait-garten-150x150.jpg\",\"title\":\"mesnerhaus-josef-steffner-portrait-garten\"},\"gallery_id\":\"14459\",\"tags\":{\"271\":\"apron\",\"237\":\"chef\",\"254\":\"garden\",\"290\":\"gourmet-restaurant\",\"259\":\"josef-steffner\",\"373\":\"kueche\",\"240\":\"man\",\"272\":\"outdoors\",\"243\":\"portrait\",\"239\":\"smiling\"}},{\"status\":\"active\",\"src\":\"https:\\\/\\\/mesnerhaus.at\\\/wp-content\\\/uploads\\\/mesnerhaus-josef-steffner-portrait-sitzend-1365x2048.jpg\",\"title\":\"mesnerhaus-josef-steffner-portrait-sitzend\",\"link\":\"https:\\\/\\\/mesnerhaus.at\\\/wp-content\\\/uploads\\\/mesnerhaus-josef-steffner-portrait-sitzend-scaled.jpg\",\"alt\":\"Josef Steffner sitzend auf Steinstufen vor einer roten T&uuml;r\",\"caption\":false,\"thumb\":\"https:\\\/\\\/mesnerhaus.at\\\/wp-content\\\/uploads\\\/mesnerhaus-josef-steffner-portrait-sitzend-150x150.jpg\",\"video_aspect_ratio\":\"\",\"video_width\":\"\",\"video_height\":\"\",\"video_in_gallery\":0,\"meta\":{\"aperture\":null,\"credit\":\"Kathrin Buschmann\",\"camera\":null,\"caption\":\"\",\"created_timestamp\":null,\"copyright\":\"Kathrin Buschmann Fotografie\",\"focal_length\":null,\"iso\":null,\"shutter_speed\":null,\"title\":\"\",\"orientation\":null,\"keywords\":null,\"alt\":null},\"thumbnail\":\"https:\\\/\\\/mesnerhaus.at\\\/wp-content\\\/uploads\\\/mesnerhaus-josef-steffner-portrait-sitzend-150x150.jpg\",\"medium\":\"https:\\\/\\\/mesnerhaus.at\\\/wp-content\\\/uploads\\\/mesnerhaus-josef-steffner-portrait-sitzend-200x300.jpg\",\"medium_large\":\"https:\\\/\\\/mesnerhaus.at\\\/wp-content\\\/uploads\\\/mesnerhaus-josef-steffner-portrait-sitzend-768x1152.jpg\",\"large\":\"https:\\\/\\\/mesnerhaus.at\\\/wp-content\\\/uploads\\\/mesnerhaus-josef-steffner-portrait-sitzend-683x1024.jpg\",\"thumblist\":\"https:\\\/\\\/mesnerhaus.at\\\/wp-content\\\/uploads\\\/mesnerhaus-josef-steffner-portrait-sitzend-300x300.jpg\",\"thumbrelated\":\"https:\\\/\\\/mesnerhaus.at\\\/wp-content\\\/uploads\\\/mesnerhaus-josef-steffner-portrait-sitzend-500x500.jpg\",\"meccarouselthumb\":\"https:\\\/\\\/mesnerhaus.at\\\/wp-content\\\/uploads\\\/mesnerhaus-josef-steffner-portrait-sitzend-474x324.jpg\",\"gridsquare\":\"https:\\\/\\\/mesnerhaus.at\\\/wp-content\\\/uploads\\\/mesnerhaus-josef-steffner-portrait-sitzend-391x260.jpg\",\"tileview\":\"https:\\\/\\\/mesnerhaus.at\\\/wp-content\\\/uploads\\\/mesnerhaus-josef-steffner-portrait-sitzend-300x400.jpg\",\"1536x1536\":\"https:\\\/\\\/mesnerhaus.at\\\/wp-content\\\/uploads\\\/mesnerhaus-josef-steffner-portrait-sitzend-1024x1536.jpg\",\"2048x2048\":\"https:\\\/\\\/mesnerhaus.at\\\/wp-content\\\/uploads\\\/mesnerhaus-josef-steffner-portrait-sitzend-1365x2048.jpg\",\"soulkitchen-uncropped\":\"https:\\\/\\\/mesnerhaus.at\\\/wp-content\\\/uploads\\\/mesnerhaus-josef-steffner-portrait-sitzend-2308x3462.jpg\",\"soulkitchen-uncropped-largex2\":\"https:\\\/\\\/mesnerhaus.at\\\/wp-content\\\/uploads\\\/mesnerhaus-josef-steffner-portrait-sitzend-1600x2400.jpg\",\"soulkitchen-uncropped-full\":\"https:\\\/\\\/mesnerhaus.at\\\/wp-content\\\/uploads\\\/mesnerhaus-josef-steffner-portrait-sitzend-1200x1800.jpg\",\"soulkitchen-uncropped-large\":\"https:\\\/\\\/mesnerhaus.at\\\/wp-content\\\/uploads\\\/mesnerhaus-josef-steffner-portrait-sitzend-800x1200.jpg\",\"soulkitchen-uncropped-medium\":\"https:\\\/\\\/mesnerhaus.at\\\/wp-content\\\/uploads\\\/mesnerhaus-josef-steffner-portrait-sitzend-560x840.jpg\",\"soulkitchen-suare\":\"https:\\\/\\\/mesnerhaus.at\\\/wp-content\\\/uploads\\\/mesnerhaus-josef-steffner-portrait-sitzend-2308x2308.jpg\",\"soulkitchen-square-largex2\":\"https:\\\/\\\/mesnerhaus.at\\\/wp-content\\\/uploads\\\/mesnerhaus-josef-steffner-portrait-sitzend-1600x1600.jpg\",\"soulkitchen-square-full\":\"https:\\\/\\\/mesnerhaus.at\\\/wp-content\\\/uploads\\\/mesnerhaus-josef-steffner-portrait-sitzend-1200x1200.jpg\",\"soulkitchen-square-large\":\"https:\\\/\\\/mesnerhaus.at\\\/wp-content\\\/uploads\\\/mesnerhaus-josef-steffner-portrait-sitzend-800x800.jpg\",\"soulkitchen-square-medium\":\"https:\\\/\\\/mesnerhaus.at\\\/wp-content\\\/uploads\\\/mesnerhaus-josef-steffner-portrait-sitzend-560x560.jpg\",\"soulkitchen-square-small\":\"https:\\\/\\\/mesnerhaus.at\\\/wp-content\\\/uploads\\\/mesnerhaus-josef-steffner-portrait-sitzend-250x250.jpg\",\"soulkitchen-square-mini\":\"https:\\\/\\\/mesnerhaus.at\\\/wp-content\\\/uploads\\\/mesnerhaus-josef-steffner-portrait-sitzend-120x120.jpg\",\"soulkitchen-portrait-full\":\"https:\\\/\\\/mesnerhaus.at\\\/wp-content\\\/uploads\\\/mesnerhaus-josef-steffner-portrait-sitzend-1200x1800.jpg\",\"soulkitchen-portrait-large\":\"https:\\\/\\\/mesnerhaus.at\\\/wp-content\\\/uploads\\\/mesnerhaus-josef-steffner-portrait-sitzend-800x1200.jpg\",\"soulkitchen-landscape\":\"https:\\\/\\\/mesnerhaus.at\\\/wp-content\\\/uploads\\\/mesnerhaus-josef-steffner-portrait-sitzend-2308x1731.jpg\",\"soulkitchen-landscape-largex2\":\"https:\\\/\\\/mesnerhaus.at\\\/wp-content\\\/uploads\\\/mesnerhaus-josef-steffner-portrait-sitzend-1600x1200.jpg\",\"soulkitchen-landscape-full\":\"https:\\\/\\\/mesnerhaus.at\\\/wp-content\\\/uploads\\\/mesnerhaus-josef-steffner-portrait-sitzend-1200x900.jpg\",\"soulkitchen-landscape-large\":\"https:\\\/\\\/mesnerhaus.at\\\/wp-content\\\/uploads\\\/mesnerhaus-josef-steffner-portrait-sitzend-800x600.jpg\",\"soulkitchen-landscape-medium\":\"https:\\\/\\\/mesnerhaus.at\\\/wp-content\\\/uploads\\\/mesnerhaus-josef-steffner-portrait-sitzend-560x420.jpg\",\"soulkitchen-landscape-mini\":\"https:\\\/\\\/mesnerhaus.at\\\/wp-content\\\/uploads\\\/mesnerhaus-josef-steffner-portrait-sitzend-120x90.jpg\",\"soulkitchen-landscapenarrow\":\"https:\\\/\\\/mesnerhaus.at\\\/wp-content\\\/uploads\\\/mesnerhaus-josef-steffner-portrait-sitzend-2308x1154.jpg\",\"soulkitchen-landscapenarrow-largex2\":\"https:\\\/\\\/mesnerhaus.at\\\/wp-content\\\/uploads\\\/mesnerhaus-josef-steffner-portrait-sitzend-1600x800.jpg\",\"soulkitchen-landscapenarrow-large\":\"https:\\\/\\\/mesnerhaus.at\\\/wp-content\\\/uploads\\\/mesnerhaus-josef-steffner-portrait-sitzend-800x400.jpg\",\"full\":\"https:\\\/\\\/mesnerhaus.at\\\/wp-content\\\/uploads\\\/mesnerhaus-josef-steffner-portrait-sitzend-scaled.jpg\",\"index\":7,\"id\":14249,\"video\":true,\"opts\":{\"caption\":\"\",\"thumb\":\"https:\\\/\\\/mesnerhaus.at\\\/wp-content\\\/uploads\\\/mesnerhaus-josef-steffner-portrait-sitzend-150x150.jpg\",\"title\":\"mesnerhaus-josef-steffner-portrait-sitzend\"},\"gallery_id\":\"14459\",\"tags\":{\"276\":\"casual\",\"290\":\"gourmet-restaurant\",\"259\":\"josef-steffner\",\"373\":\"kueche\",\"240\":\"man\",\"275\":\"outdoor\",\"243\":\"portrait\",\"274\":\"red-door\",\"273\":\"sitting\",\"239\":\"smiling\"}},{\"status\":\"active\",\"src\":\"https:\\\/\\\/mesnerhaus.at\\\/wp-content\\\/uploads\\\/mesnerhaus-maria-steffner-02-2048x1365.jpg\",\"title\":\"mesnerhaus-maria-steffner-02\",\"link\":\"https:\\\/\\\/mesnerhaus.at\\\/wp-content\\\/uploads\\\/mesnerhaus-maria-steffner-02-scaled.jpg\",\"alt\":\"Maria Steffner mit Weinglas im Gastraum des Mesnerhaus Gourmet-Restaurants\",\"caption\":false,\"thumb\":\"https:\\\/\\\/mesnerhaus.at\\\/wp-content\\\/uploads\\\/mesnerhaus-maria-steffner-02-150x150.jpg\",\"video_aspect_ratio\":\"\",\"video_width\":\"\",\"video_height\":\"\",\"video_in_gallery\":0,\"meta\":{\"aperture\":\"3.2\",\"credit\":\"Kathrin Buschmann\",\"camera\":\"NIKON Z 8\",\"caption\":\"\",\"created_timestamp\":\"1786007436\",\"copyright\":\"Kathrin Buschmann Fotografie\",\"focal_length\":\"35\",\"iso\":\"1250\",\"shutter_speed\":\"0.002\",\"title\":\"\",\"orientation\":\"1\",\"keywords\":null,\"alt\":null},\"thumbnail\":\"https:\\\/\\\/mesnerhaus.at\\\/wp-content\\\/uploads\\\/mesnerhaus-maria-steffner-02-150x150.jpg\",\"medium\":\"https:\\\/\\\/mesnerhaus.at\\\/wp-content\\\/uploads\\\/mesnerhaus-maria-steffner-02-300x200.jpg\",\"medium_large\":\"https:\\\/\\\/mesnerhaus.at\\\/wp-content\\\/uploads\\\/mesnerhaus-maria-steffner-02-768x512.jpg\",\"large\":\"https:\\\/\\\/mesnerhaus.at\\\/wp-content\\\/uploads\\\/mesnerhaus-maria-steffner-02-1024x683.jpg\",\"thumblist\":\"https:\\\/\\\/mesnerhaus.at\\\/wp-content\\\/uploads\\\/mesnerhaus-maria-steffner-02-300x300.jpg\",\"thumbrelated\":\"https:\\\/\\\/mesnerhaus.at\\\/wp-content\\\/uploads\\\/mesnerhaus-maria-steffner-02-500x500.jpg\",\"meccarouselthumb\":\"https:\\\/\\\/mesnerhaus.at\\\/wp-content\\\/uploads\\\/mesnerhaus-maria-steffner-02-474x324.jpg\",\"gridsquare\":\"https:\\\/\\\/mesnerhaus.at\\\/wp-content\\\/uploads\\\/mesnerhaus-maria-steffner-02-391x260.jpg\",\"tileview\":\"https:\\\/\\\/mesnerhaus.at\\\/wp-content\\\/uploads\\\/mesnerhaus-maria-steffner-02-300x400.jpg\",\"1536x1536\":\"https:\\\/\\\/mesnerhaus.at\\\/wp-content\\\/uploads\\\/mesnerhaus-maria-steffner-02-1536x1024.jpg\",\"2048x2048\":\"https:\\\/\\\/mesnerhaus.at\\\/wp-content\\\/uploads\\\/mesnerhaus-maria-steffner-02-2048x1365.jpg\",\"soulkitchen-uncropped\":\"https:\\\/\\\/mesnerhaus.at\\\/wp-content\\\/uploads\\\/mesnerhaus-maria-steffner-02-2308x1539.jpg\",\"soulkitchen-uncropped-largex2\":\"https:\\\/\\\/mesnerhaus.at\\\/wp-content\\\/uploads\\\/mesnerhaus-maria-steffner-02-1600x1067.jpg\",\"soulkitchen-uncropped-full\":\"https:\\\/\\\/mesnerhaus.at\\\/wp-content\\\/uploads\\\/mesnerhaus-maria-steffner-02-1200x800.jpg\",\"soulkitchen-uncropped-large\":\"https:\\\/\\\/mesnerhaus.at\\\/wp-content\\\/uploads\\\/mesnerhaus-maria-steffner-02-800x533.jpg\",\"soulkitchen-uncropped-medium\":\"https:\\\/\\\/mesnerhaus.at\\\/wp-content\\\/uploads\\\/mesnerhaus-maria-steffner-02-560x373.jpg\",\"soulkitchen-suare\":\"https:\\\/\\\/mesnerhaus.at\\\/wp-content\\\/uploads\\\/mesnerhaus-maria-steffner-02-2308x2308.jpg\",\"soulkitchen-square-largex2\":\"https:\\\/\\\/mesnerhaus.at\\\/wp-content\\\/uploads\\\/mesnerhaus-maria-steffner-02-1600x1600.jpg\",\"soulkitchen-square-full\":\"https:\\\/\\\/mesnerhaus.at\\\/wp-content\\\/uploads\\\/mesnerhaus-maria-steffner-02-1200x1200.jpg\",\"soulkitchen-square-large\":\"https:\\\/\\\/mesnerhaus.at\\\/wp-content\\\/uploads\\\/mesnerhaus-maria-steffner-02-800x800.jpg\",\"soulkitchen-square-medium\":\"https:\\\/\\\/mesnerhaus.at\\\/wp-content\\\/uploads\\\/mesnerhaus-maria-steffner-02-560x560.jpg\",\"soulkitchen-square-small\":\"https:\\\/\\\/mesnerhaus.at\\\/wp-content\\\/uploads\\\/mesnerhaus-maria-steffner-02-250x250.jpg\",\"soulkitchen-square-mini\":\"https:\\\/\\\/mesnerhaus.at\\\/wp-content\\\/uploads\\\/mesnerhaus-maria-steffner-02-120x120.jpg\",\"soulkitchen-portrait-full\":\"https:\\\/\\\/mesnerhaus.at\\\/wp-content\\\/uploads\\\/mesnerhaus-maria-steffner-02-1200x1800.jpg\",\"soulkitchen-portrait-large\":\"https:\\\/\\\/mesnerhaus.at\\\/wp-content\\\/uploads\\\/mesnerhaus-maria-steffner-02-800x1200.jpg\",\"soulkitchen-landscape\":\"https:\\\/\\\/mesnerhaus.at\\\/wp-content\\\/uploads\\\/mesnerhaus-maria-steffner-02-2308x1731.jpg\",\"soulkitchen-landscape-largex2\":\"https:\\\/\\\/mesnerhaus.at\\\/wp-content\\\/uploads\\\/mesnerhaus-maria-steffner-02-1600x1200.jpg\",\"soulkitchen-landscape-full\":\"https:\\\/\\\/mesnerhaus.at\\\/wp-content\\\/uploads\\\/mesnerhaus-maria-steffner-02-1200x900.jpg\",\"soulkitchen-landscape-large\":\"https:\\\/\\\/mesnerhaus.at\\\/wp-content\\\/uploads\\\/mesnerhaus-maria-steffner-02-800x600.jpg\",\"soulkitchen-landscape-medium\":\"https:\\\/\\\/mesnerhaus.at\\\/wp-content\\\/uploads\\\/mesnerhaus-maria-steffner-02-560x420.jpg\",\"soulkitchen-landscape-mini\":\"https:\\\/\\\/mesnerhaus.at\\\/wp-content\\\/uploads\\\/mesnerhaus-maria-steffner-02-120x90.jpg\",\"soulkitchen-landscapenarrow\":\"https:\\\/\\\/mesnerhaus.at\\\/wp-content\\\/uploads\\\/mesnerhaus-maria-steffner-02-2308x1154.jpg\",\"soulkitchen-landscapenarrow-largex2\":\"https:\\\/\\\/mesnerhaus.at\\\/wp-content\\\/uploads\\\/mesnerhaus-maria-steffner-02-1600x800.jpg\",\"soulkitchen-landscapenarrow-large\":\"https:\\\/\\\/mesnerhaus.at\\\/wp-content\\\/uploads\\\/mesnerhaus-maria-steffner-02-800x400.jpg\",\"full\":\"https:\\\/\\\/mesnerhaus.at\\\/wp-content\\\/uploads\\\/mesnerhaus-maria-steffner-02-scaled.jpg\",\"index\":8,\"id\":14252,\"video\":true,\"opts\":{\"caption\":\"\",\"thumb\":\"https:\\\/\\\/mesnerhaus.at\\\/wp-content\\\/uploads\\\/mesnerhaus-maria-steffner-02-150x150.jpg\",\"title\":\"mesnerhaus-maria-steffner-02\"},\"gallery_id\":\"14459\",\"tags\":{\"281\":\"art\",\"238\":\"culinary\",\"277\":\"dining\",\"229\":\"fine-dining\",\"280\":\"floral-dress\",\"232\":\"gastgeber\",\"226\":\"hospitality\",\"282\":\"interior-design\",\"372\":\"maria-steffner\",\"224\":\"restaurant\",\"279\":\"sommelier\",\"278\":\"wine-tasting\"}},{\"status\":\"active\",\"src\":\"https:\\\/\\\/mesnerhaus.at\\\/wp-content\\\/uploads\\\/mesnerhaus-maria-steffner-05-1365x2048.jpg\",\"title\":\"mesnerhaus-maria-steffner-05\",\"link\":\"https:\\\/\\\/mesnerhaus.at\\\/wp-content\\\/uploads\\\/mesnerhaus-maria-steffner-05-scaled.jpg\",\"alt\":\"Maria Steffner in einem pinkfarbenen Kleid vor einer historischen Steinwand\",\"caption\":false,\"thumb\":\"https:\\\/\\\/mesnerhaus.at\\\/wp-content\\\/uploads\\\/mesnerhaus-maria-steffner-05-150x150.jpg\",\"video_aspect_ratio\":\"\",\"video_width\":\"\",\"video_height\":\"\",\"video_in_gallery\":0,\"meta\":{\"aperture\":\"2.8\",\"credit\":\"Kathrin Buschmann\",\"camera\":\"NIKON Z 8\",\"caption\":\"\",\"created_timestamp\":\"1779958307\",\"copyright\":\"Kathrin Buschmann Fotografie\",\"focal_length\":\"35\",\"iso\":\"200\",\"shutter_speed\":\"0.0005\",\"title\":\"\",\"orientation\":null,\"keywords\":null,\"alt\":null},\"thumbnail\":\"https:\\\/\\\/mesnerhaus.at\\\/wp-content\\\/uploads\\\/mesnerhaus-maria-steffner-05-150x150.jpg\",\"medium\":\"https:\\\/\\\/mesnerhaus.at\\\/wp-content\\\/uploads\\\/mesnerhaus-maria-steffner-05-200x300.jpg\",\"medium_large\":\"https:\\\/\\\/mesnerhaus.at\\\/wp-content\\\/uploads\\\/mesnerhaus-maria-steffner-05-768x1152.jpg\",\"large\":\"https:\\\/\\\/mesnerhaus.at\\\/wp-content\\\/uploads\\\/mesnerhaus-maria-steffner-05-683x1024.jpg\",\"thumblist\":\"https:\\\/\\\/mesnerhaus.at\\\/wp-content\\\/uploads\\\/mesnerhaus-maria-steffner-05-300x300.jpg\",\"thumbrelated\":\"https:\\\/\\\/mesnerhaus.at\\\/wp-content\\\/uploads\\\/mesnerhaus-maria-steffner-05-500x500.jpg\",\"meccarouselthumb\":\"https:\\\/\\\/mesnerhaus.at\\\/wp-content\\\/uploads\\\/mesnerhaus-maria-steffner-05-474x324.jpg\",\"gridsquare\":\"https:\\\/\\\/mesnerhaus.at\\\/wp-content\\\/uploads\\\/mesnerhaus-maria-steffner-05-391x260.jpg\",\"tileview\":\"https:\\\/\\\/mesnerhaus.at\\\/wp-content\\\/uploads\\\/mesnerhaus-maria-steffner-05-300x400.jpg\",\"1536x1536\":\"https:\\\/\\\/mesnerhaus.at\\\/wp-content\\\/uploads\\\/mesnerhaus-maria-steffner-05-1024x1536.jpg\",\"2048x2048\":\"https:\\\/\\\/mesnerhaus.at\\\/wp-content\\\/uploads\\\/mesnerhaus-maria-steffner-05-1365x2048.jpg\",\"soulkitchen-uncropped\":\"https:\\\/\\\/mesnerhaus.at\\\/wp-content\\\/uploads\\\/mesnerhaus-maria-steffner-05-2308x3462.jpg\",\"soulkitchen-uncropped-largex2\":\"https:\\\/\\\/mesnerhaus.at\\\/wp-content\\\/uploads\\\/mesnerhaus-maria-steffner-05-1600x2400.jpg\",\"soulkitchen-uncropped-full\":\"https:\\\/\\\/mesnerhaus.at\\\/wp-content\\\/uploads\\\/mesnerhaus-maria-steffner-05-1200x1800.jpg\",\"soulkitchen-uncropped-large\":\"https:\\\/\\\/mesnerhaus.at\\\/wp-content\\\/uploads\\\/mesnerhaus-maria-steffner-05-800x1200.jpg\",\"soulkitchen-uncropped-medium\":\"https:\\\/\\\/mesnerhaus.at\\\/wp-content\\\/uploads\\\/mesnerhaus-maria-steffner-05-560x840.jpg\",\"soulkitchen-suare\":\"https:\\\/\\\/mesnerhaus.at\\\/wp-content\\\/uploads\\\/mesnerhaus-maria-steffner-05-2308x2308.jpg\",\"soulkitchen-square-largex2\":\"https:\\\/\\\/mesnerhaus.at\\\/wp-content\\\/uploads\\\/mesnerhaus-maria-steffner-05-1600x1600.jpg\",\"soulkitchen-square-full\":\"https:\\\/\\\/mesnerhaus.at\\\/wp-content\\\/uploads\\\/mesnerhaus-maria-steffner-05-1200x1200.jpg\",\"soulkitchen-square-large\":\"https:\\\/\\\/mesnerhaus.at\\\/wp-content\\\/uploads\\\/mesnerhaus-maria-steffner-05-800x800.jpg\",\"soulkitchen-square-medium\":\"https:\\\/\\\/mesnerhaus.at\\\/wp-content\\\/uploads\\\/mesnerhaus-maria-steffner-05-560x560.jpg\",\"soulkitchen-square-small\":\"https:\\\/\\\/mesnerhaus.at\\\/wp-content\\\/uploads\\\/mesnerhaus-maria-steffner-05-250x250.jpg\",\"soulkitchen-square-mini\":\"https:\\\/\\\/mesnerhaus.at\\\/wp-content\\\/uploads\\\/mesnerhaus-maria-steffner-05-120x120.jpg\",\"soulkitchen-portrait-full\":\"https:\\\/\\\/mesnerhaus.at\\\/wp-content\\\/uploads\\\/mesnerhaus-maria-steffner-05-1200x1800.jpg\",\"soulkitchen-portrait-large\":\"https:\\\/\\\/mesnerhaus.at\\\/wp-content\\\/uploads\\\/mesnerhaus-maria-steffner-05-800x1200.jpg\",\"soulkitchen-landscape\":\"https:\\\/\\\/mesnerhaus.at\\\/wp-content\\\/uploads\\\/mesnerhaus-maria-steffner-05-2308x1731.jpg\",\"soulkitchen-landscape-largex2\":\"https:\\\/\\\/mesnerhaus.at\\\/wp-content\\\/uploads\\\/mesnerhaus-maria-steffner-05-1600x1200.jpg\",\"soulkitchen-landscape-full\":\"https:\\\/\\\/mesnerhaus.at\\\/wp-content\\\/uploads\\\/mesnerhaus-maria-steffner-05-1200x900.jpg\",\"soulkitchen-landscape-large\":\"https:\\\/\\\/mesnerhaus.at\\\/wp-content\\\/uploads\\\/mesnerhaus-maria-steffner-05-800x600.jpg\",\"soulkitchen-landscape-medium\":\"https:\\\/\\\/mesnerhaus.at\\\/wp-content\\\/uploads\\\/mesnerhaus-maria-steffner-05-560x420.jpg\",\"soulkitchen-landscape-mini\":\"https:\\\/\\\/mesnerhaus.at\\\/wp-content\\\/uploads\\\/mesnerhaus-maria-steffner-05-120x90.jpg\",\"soulkitchen-landscapenarrow\":\"https:\\\/\\\/mesnerhaus.at\\\/wp-content\\\/uploads\\\/mesnerhaus-maria-steffner-05-2308x1154.jpg\",\"soulkitchen-landscapenarrow-largex2\":\"https:\\\/\\\/mesnerhaus.at\\\/wp-content\\\/uploads\\\/mesnerhaus-maria-steffner-05-1600x800.jpg\",\"soulkitchen-landscapenarrow-large\":\"https:\\\/\\\/mesnerhaus.at\\\/wp-content\\\/uploads\\\/mesnerhaus-maria-steffner-05-800x400.jpg\",\"full\":\"https:\\\/\\\/mesnerhaus.at\\\/wp-content\\\/uploads\\\/mesnerhaus-maria-steffner-05-scaled.jpg\",\"index\":9,\"id\":14255,\"video\":true,\"opts\":{\"caption\":\"\",\"thumb\":\"https:\\\/\\\/mesnerhaus.at\\\/wp-content\\\/uploads\\\/mesnerhaus-maria-steffner-05-150x150.jpg\",\"title\":\"mesnerhaus-maria-steffner-05\"},\"gallery_id\":\"14459\",\"tags\":{\"232\":\"gastgeber\",\"372\":\"maria-steffner\",\"284\":\"outdoor-portrait\",\"283\":\"pink-dress\",\"286\":\"rustic-wall\",\"285\":\"stone-steps\",\"241\":\"woman\"}},{\"status\":\"active\",\"src\":\"https:\\\/\\\/mesnerhaus.at\\\/wp-content\\\/uploads\\\/mesnerhaus-maria-steffner-04-2048x1365.jpg\",\"title\":\"mesnerhaus-maria-steffner-04\",\"link\":\"https:\\\/\\\/mesnerhaus.at\\\/wp-content\\\/uploads\\\/mesnerhaus-maria-steffner-04-scaled.jpg\",\"alt\":\"Maria Steffner am ge&ouml;ffneten Eingang des Mesnerhauses\",\"caption\":false,\"thumb\":\"https:\\\/\\\/mesnerhaus.at\\\/wp-content\\\/uploads\\\/mesnerhaus-maria-steffner-04-150x150.jpg\",\"video_aspect_ratio\":\"\",\"video_width\":\"\",\"video_height\":\"\",\"video_in_gallery\":0,\"meta\":{\"aperture\":\"2.8\",\"credit\":\"Kathrin Buschmann\",\"camera\":\"NIKON Z 8\",\"caption\":\"\",\"created_timestamp\":\"1786007627\",\"copyright\":\"Kathrin Buschmann Fotografie\",\"focal_length\":\"35\",\"iso\":\"200\",\"shutter_speed\":\"0.0003125\",\"title\":\"\",\"orientation\":\"1\",\"keywords\":null,\"alt\":null},\"thumbnail\":\"https:\\\/\\\/mesnerhaus.at\\\/wp-content\\\/uploads\\\/mesnerhaus-maria-steffner-04-150x150.jpg\",\"medium\":\"https:\\\/\\\/mesnerhaus.at\\\/wp-content\\\/uploads\\\/mesnerhaus-maria-steffner-04-300x200.jpg\",\"medium_large\":\"https:\\\/\\\/mesnerhaus.at\\\/wp-content\\\/uploads\\\/mesnerhaus-maria-steffner-04-768x512.jpg\",\"large\":\"https:\\\/\\\/mesnerhaus.at\\\/wp-content\\\/uploads\\\/mesnerhaus-maria-steffner-04-1024x683.jpg\",\"thumblist\":\"https:\\\/\\\/mesnerhaus.at\\\/wp-content\\\/uploads\\\/mesnerhaus-maria-steffner-04-300x300.jpg\",\"thumbrelated\":\"https:\\\/\\\/mesnerhaus.at\\\/wp-content\\\/uploads\\\/mesnerhaus-maria-steffner-04-500x500.jpg\",\"meccarouselthumb\":\"https:\\\/\\\/mesnerhaus.at\\\/wp-content\\\/uploads\\\/mesnerhaus-maria-steffner-04-474x324.jpg\",\"gridsquare\":\"https:\\\/\\\/mesnerhaus.at\\\/wp-content\\\/uploads\\\/mesnerhaus-maria-steffner-04-391x260.jpg\",\"tileview\":\"https:\\\/\\\/mesnerhaus.at\\\/wp-content\\\/uploads\\\/mesnerhaus-maria-steffner-04-300x400.jpg\",\"1536x1536\":\"https:\\\/\\\/mesnerhaus.at\\\/wp-content\\\/uploads\\\/mesnerhaus-maria-steffner-04-1536x1024.jpg\",\"2048x2048\":\"https:\\\/\\\/mesnerhaus.at\\\/wp-content\\\/uploads\\\/mesnerhaus-maria-steffner-04-2048x1365.jpg\",\"soulkitchen-uncropped\":\"https:\\\/\\\/mesnerhaus.at\\\/wp-content\\\/uploads\\\/mesnerhaus-maria-steffner-04-2308x1539.jpg\",\"soulkitchen-uncropped-largex2\":\"https:\\\/\\\/mesnerhaus.at\\\/wp-content\\\/uploads\\\/mesnerhaus-maria-steffner-04-1600x1067.jpg\",\"soulkitchen-uncropped-full\":\"https:\\\/\\\/mesnerhaus.at\\\/wp-content\\\/uploads\\\/mesnerhaus-maria-steffner-04-1200x800.jpg\",\"soulkitchen-uncropped-large\":\"https:\\\/\\\/mesnerhaus.at\\\/wp-content\\\/uploads\\\/mesnerhaus-maria-steffner-04-800x533.jpg\",\"soulkitchen-uncropped-medium\":\"https:\\\/\\\/mesnerhaus.at\\\/wp-content\\\/uploads\\\/mesnerhaus-maria-steffner-04-560x373.jpg\",\"soulkitchen-suare\":\"https:\\\/\\\/mesnerhaus.at\\\/wp-content\\\/uploads\\\/mesnerhaus-maria-steffner-04-2308x2308.jpg\",\"soulkitchen-square-largex2\":\"https:\\\/\\\/mesnerhaus.at\\\/wp-content\\\/uploads\\\/mesnerhaus-maria-steffner-04-1600x1600.jpg\",\"soulkitchen-square-full\":\"https:\\\/\\\/mesnerhaus.at\\\/wp-content\\\/uploads\\\/mesnerhaus-maria-steffner-04-1200x1200.jpg\",\"soulkitchen-square-large\":\"https:\\\/\\\/mesnerhaus.at\\\/wp-content\\\/uploads\\\/mesnerhaus-maria-steffner-04-800x800.jpg\",\"soulkitchen-square-medium\":\"https:\\\/\\\/mesnerhaus.at\\\/wp-content\\\/uploads\\\/mesnerhaus-maria-steffner-04-560x560.jpg\",\"soulkitchen-square-small\":\"https:\\\/\\\/mesnerhaus.at\\\/wp-content\\\/uploads\\\/mesnerhaus-maria-steffner-04-250x250.jpg\",\"soulkitchen-square-mini\":\"https:\\\/\\\/mesnerhaus.at\\\/wp-content\\\/uploads\\\/mesnerhaus-maria-steffner-04-120x120.jpg\",\"soulkitchen-portrait-full\":\"https:\\\/\\\/mesnerhaus.at\\\/wp-content\\\/uploads\\\/mesnerhaus-maria-steffner-04-1200x1800.jpg\",\"soulkitchen-portrait-large\":\"https:\\\/\\\/mesnerhaus.at\\\/wp-content\\\/uploads\\\/mesnerhaus-maria-steffner-04-800x1200.jpg\",\"soulkitchen-landscape\":\"https:\\\/\\\/mesnerhaus.at\\\/wp-content\\\/uploads\\\/mesnerhaus-maria-steffner-04-2308x1731.jpg\",\"soulkitchen-landscape-largex2\":\"https:\\\/\\\/mesnerhaus.at\\\/wp-content\\\/uploads\\\/mesnerhaus-maria-steffner-04-1600x1200.jpg\",\"soulkitchen-landscape-full\":\"https:\\\/\\\/mesnerhaus.at\\\/wp-content\\\/uploads\\\/mesnerhaus-maria-steffner-04-1200x900.jpg\",\"soulkitchen-landscape-large\":\"https:\\\/\\\/mesnerhaus.at\\\/wp-content\\\/uploads\\\/mesnerhaus-maria-steffner-04-800x600.jpg\",\"soulkitchen-landscape-medium\":\"https:\\\/\\\/mesnerhaus.at\\\/wp-content\\\/uploads\\\/mesnerhaus-maria-steffner-04-560x420.jpg\",\"soulkitchen-landscape-mini\":\"https:\\\/\\\/mesnerhaus.at\\\/wp-content\\\/uploads\\\/mesnerhaus-maria-steffner-04-120x90.jpg\",\"soulkitchen-landscapenarrow\":\"https:\\\/\\\/mesnerhaus.at\\\/wp-content\\\/uploads\\\/mesnerhaus-maria-steffner-04-2308x1154.jpg\",\"soulkitchen-landscapenarrow-largex2\":\"https:\\\/\\\/mesnerhaus.at\\\/wp-content\\\/uploads\\\/mesnerhaus-maria-steffner-04-1600x800.jpg\",\"soulkitchen-landscapenarrow-large\":\"https:\\\/\\\/mesnerhaus.at\\\/wp-content\\\/uploads\\\/mesnerhaus-maria-steffner-04-800x400.jpg\",\"full\":\"https:\\\/\\\/mesnerhaus.at\\\/wp-content\\\/uploads\\\/mesnerhaus-maria-steffner-04-scaled.jpg\",\"index\":10,\"id\":14254,\"video\":true,\"opts\":{\"caption\":\"\",\"thumb\":\"https:\\\/\\\/mesnerhaus.at\\\/wp-content\\\/uploads\\\/mesnerhaus-maria-steffner-04-150x150.jpg\",\"title\":\"mesnerhaus-maria-steffner-04\"},\"gallery_id\":\"14459\",\"tags\":{\"280\":\"floral-dress\",\"232\":\"gastgeber\",\"372\":\"maria-steffner\",\"289\":\"modern-building\",\"287\":\"open-door\",\"288\":\"welcoming\",\"241\":\"woman\"}},{\"status\":\"active\",\"src\":\"https:\\\/\\\/mesnerhaus.at\\\/wp-content\\\/uploads\\\/mesnerhaus-gourmet-restaurant-aussen-04-2048x1365.jpg\",\"title\":\"mesnerhaus-gourmet-restaurant-aussen-04\",\"link\":\"https:\\\/\\\/mesnerhaus.at\\\/wp-content\\\/uploads\\\/mesnerhaus-gourmet-restaurant-aussen-04-scaled.jpg\",\"alt\":\"Roter Eingang des Mesnerhaus Gourmet-Restaurants mit Auszeichnungen an der Fassade\",\"caption\":false,\"thumb\":\"https:\\\/\\\/mesnerhaus.at\\\/wp-content\\\/uploads\\\/mesnerhaus-gourmet-restaurant-aussen-04-150x150.jpg\",\"video_aspect_ratio\":\"\",\"video_width\":\"\",\"video_height\":\"\",\"video_in_gallery\":0,\"meta\":{\"aperture\":\"3.5\",\"credit\":\"Kathrin Buschmann\",\"camera\":\"NIKON Z 8\",\"caption\":\"\",\"created_timestamp\":\"1779956266\",\"copyright\":\"Kathrin Buschmann Fotografie\",\"focal_length\":\"35\",\"iso\":\"100\",\"shutter_speed\":\"0.00025\",\"title\":\"\",\"orientation\":null,\"keywords\":null,\"alt\":null,\"resized_images\":null},\"thumbnail\":\"https:\\\/\\\/mesnerhaus.at\\\/wp-content\\\/uploads\\\/mesnerhaus-gourmet-restaurant-aussen-04-150x150.jpg\",\"medium\":\"https:\\\/\\\/mesnerhaus.at\\\/wp-content\\\/uploads\\\/mesnerhaus-gourmet-restaurant-aussen-04-300x200.jpg\",\"medium_large\":\"https:\\\/\\\/mesnerhaus.at\\\/wp-content\\\/uploads\\\/mesnerhaus-gourmet-restaurant-aussen-04-768x512.jpg\",\"large\":\"https:\\\/\\\/mesnerhaus.at\\\/wp-content\\\/uploads\\\/mesnerhaus-gourmet-restaurant-aussen-04-1024x683.jpg\",\"thumblist\":\"https:\\\/\\\/mesnerhaus.at\\\/wp-content\\\/uploads\\\/mesnerhaus-gourmet-restaurant-aussen-04-300x300.jpg\",\"thumbrelated\":\"https:\\\/\\\/mesnerhaus.at\\\/wp-content\\\/uploads\\\/mesnerhaus-gourmet-restaurant-aussen-04-500x500.jpg\",\"meccarouselthumb\":\"https:\\\/\\\/mesnerhaus.at\\\/wp-content\\\/uploads\\\/mesnerhaus-gourmet-restaurant-aussen-04-474x324.jpg\",\"gridsquare\":\"https:\\\/\\\/mesnerhaus.at\\\/wp-content\\\/uploads\\\/mesnerhaus-gourmet-restaurant-aussen-04-391x260.jpg\",\"tileview\":\"https:\\\/\\\/mesnerhaus.at\\\/wp-content\\\/uploads\\\/mesnerhaus-gourmet-restaurant-aussen-04-300x400.jpg\",\"1536x1536\":\"https:\\\/\\\/mesnerhaus.at\\\/wp-content\\\/uploads\\\/mesnerhaus-gourmet-restaurant-aussen-04-1536x1024.jpg\",\"2048x2048\":\"https:\\\/\\\/mesnerhaus.at\\\/wp-content\\\/uploads\\\/mesnerhaus-gourmet-restaurant-aussen-04-2048x1365.jpg\",\"soulkitchen-uncropped\":\"https:\\\/\\\/mesnerhaus.at\\\/wp-content\\\/uploads\\\/mesnerhaus-gourmet-restaurant-aussen-04-2308x1539.jpg\",\"soulkitchen-uncropped-largex2\":\"https:\\\/\\\/mesnerhaus.at\\\/wp-content\\\/uploads\\\/mesnerhaus-gourmet-restaurant-aussen-04-1600x1067.jpg\",\"soulkitchen-uncropped-full\":\"https:\\\/\\\/mesnerhaus.at\\\/wp-content\\\/uploads\\\/mesnerhaus-gourmet-restaurant-aussen-04-1200x800.jpg\",\"soulkitchen-uncropped-large\":\"https:\\\/\\\/mesnerhaus.at\\\/wp-content\\\/uploads\\\/mesnerhaus-gourmet-restaurant-aussen-04-800x533.jpg\",\"soulkitchen-uncropped-medium\":\"https:\\\/\\\/mesnerhaus.at\\\/wp-content\\\/uploads\\\/mesnerhaus-gourmet-restaurant-aussen-04-560x373.jpg\",\"soulkitchen-suare\":\"https:\\\/\\\/mesnerhaus.at\\\/wp-content\\\/uploads\\\/mesnerhaus-gourmet-restaurant-aussen-04-2308x2308.jpg\",\"soulkitchen-square-largex2\":\"https:\\\/\\\/mesnerhaus.at\\\/wp-content\\\/uploads\\\/mesnerhaus-gourmet-restaurant-aussen-04-1600x1600.jpg\",\"soulkitchen-square-full\":\"https:\\\/\\\/mesnerhaus.at\\\/wp-content\\\/uploads\\\/mesnerhaus-gourmet-restaurant-aussen-04-1200x1200.jpg\",\"soulkitchen-square-large\":\"https:\\\/\\\/mesnerhaus.at\\\/wp-content\\\/uploads\\\/mesnerhaus-gourmet-restaurant-aussen-04-800x800.jpg\",\"soulkitchen-square-medium\":\"https:\\\/\\\/mesnerhaus.at\\\/wp-content\\\/uploads\\\/mesnerhaus-gourmet-restaurant-aussen-04-560x560.jpg\",\"soulkitchen-square-small\":\"https:\\\/\\\/mesnerhaus.at\\\/wp-content\\\/uploads\\\/mesnerhaus-gourmet-restaurant-aussen-04-250x250.jpg\",\"soulkitchen-square-mini\":\"https:\\\/\\\/mesnerhaus.at\\\/wp-content\\\/uploads\\\/mesnerhaus-gourmet-restaurant-aussen-04-120x120.jpg\",\"soulkitchen-portrait-full\":\"https:\\\/\\\/mesnerhaus.at\\\/wp-content\\\/uploads\\\/mesnerhaus-gourmet-restaurant-aussen-04-1200x1800.jpg\",\"soulkitchen-portrait-large\":\"https:\\\/\\\/mesnerhaus.at\\\/wp-content\\\/uploads\\\/mesnerhaus-gourmet-restaurant-aussen-04-800x1200.jpg\",\"soulkitchen-landscape\":\"https:\\\/\\\/mesnerhaus.at\\\/wp-content\\\/uploads\\\/mesnerhaus-gourmet-restaurant-aussen-04-2308x1731.jpg\",\"soulkitchen-landscape-largex2\":\"https:\\\/\\\/mesnerhaus.at\\\/wp-content\\\/uploads\\\/mesnerhaus-gourmet-restaurant-aussen-04-1600x1200.jpg\",\"soulkitchen-landscape-full\":\"https:\\\/\\\/mesnerhaus.at\\\/wp-content\\\/uploads\\\/mesnerhaus-gourmet-restaurant-aussen-04-1200x900.jpg\",\"soulkitchen-landscape-large\":\"https:\\\/\\\/mesnerhaus.at\\\/wp-content\\\/uploads\\\/mesnerhaus-gourmet-restaurant-aussen-04-800x600.jpg\",\"soulkitchen-landscape-medium\":\"https:\\\/\\\/mesnerhaus.at\\\/wp-content\\\/uploads\\\/mesnerhaus-gourmet-restaurant-aussen-04-560x420.jpg\",\"soulkitchen-landscape-mini\":\"https:\\\/\\\/mesnerhaus.at\\\/wp-content\\\/uploads\\\/mesnerhaus-gourmet-restaurant-aussen-04-120x90.jpg\",\"soulkitchen-landscapenarrow\":\"https:\\\/\\\/mesnerhaus.at\\\/wp-content\\\/uploads\\\/mesnerhaus-gourmet-restaurant-aussen-04-2308x1154.jpg\",\"soulkitchen-landscapenarrow-largex2\":\"https:\\\/\\\/mesnerhaus.at\\\/wp-content\\\/uploads\\\/mesnerhaus-gourmet-restaurant-aussen-04-1600x800.jpg\",\"soulkitchen-landscapenarrow-large\":\"https:\\\/\\\/mesnerhaus.at\\\/wp-content\\\/uploads\\\/mesnerhaus-gourmet-restaurant-aussen-04-800x400.jpg\",\"full\":\"https:\\\/\\\/mesnerhaus.at\\\/wp-content\\\/uploads\\\/mesnerhaus-gourmet-restaurant-aussen-04-scaled.jpg\",\"index\":11,\"id\":14259,\"video\":true,\"opts\":{\"caption\":\"\",\"thumb\":\"https:\\\/\\\/mesnerhaus.at\\\/wp-content\\\/uploads\\\/mesnerhaus-gourmet-restaurant-aussen-04-150x150.jpg\",\"title\":\"mesnerhaus-gourmet-restaurant-aussen-04\"},\"gallery_id\":\"14459\",\"tags\":{\"291\":\"culinary-awards\",\"293\":\"elegant-entrance\",\"290\":\"gourmet-restaurant\",\"258\":\"mesnerhaus\",\"292\":\"michelin-restaurant\",\"274\":\"red-door\"}},{\"status\":\"active\",\"src\":\"https:\\\/\\\/mesnerhaus.at\\\/wp-content\\\/uploads\\\/mesnerhaus-gourmet-restaurant-aussen-03-2048x1365.jpg\",\"title\":\"mesnerhaus-gourmet-restaurant-aussen-03\",\"link\":\"https:\\\/\\\/mesnerhaus.at\\\/wp-content\\\/uploads\\\/mesnerhaus-gourmet-restaurant-aussen-03-scaled.jpg\",\"alt\":\"Seitenansicht des Mesnerhaus Gourmet-Restaurants mit wei&szlig;er Fassade und schwarzem Wirtshausschild\",\"caption\":false,\"thumb\":\"https:\\\/\\\/mesnerhaus.at\\\/wp-content\\\/uploads\\\/mesnerhaus-gourmet-restaurant-aussen-03-150x150.jpg\",\"video_aspect_ratio\":\"\",\"video_width\":\"\",\"video_height\":\"\",\"video_in_gallery\":0,\"meta\":{\"aperture\":\"2.8\",\"credit\":\"Kathrin Buschmann\",\"camera\":\"NIKON Z 8\",\"caption\":\"\",\"created_timestamp\":\"1786005823\",\"copyright\":\"Kathrin Buschmann Fotografie\",\"focal_length\":\"35\",\"iso\":\"160\",\"shutter_speed\":\"0.0002\",\"title\":\"\",\"orientation\":\"1\",\"keywords\":null,\"alt\":null},\"thumbnail\":\"https:\\\/\\\/mesnerhaus.at\\\/wp-content\\\/uploads\\\/mesnerhaus-gourmet-restaurant-aussen-03-150x150.jpg\",\"medium\":\"https:\\\/\\\/mesnerhaus.at\\\/wp-content\\\/uploads\\\/mesnerhaus-gourmet-restaurant-aussen-03-300x200.jpg\",\"medium_large\":\"https:\\\/\\\/mesnerhaus.at\\\/wp-content\\\/uploads\\\/mesnerhaus-gourmet-restaurant-aussen-03-768x512.jpg\",\"large\":\"https:\\\/\\\/mesnerhaus.at\\\/wp-content\\\/uploads\\\/mesnerhaus-gourmet-restaurant-aussen-03-1024x683.jpg\",\"thumblist\":\"https:\\\/\\\/mesnerhaus.at\\\/wp-content\\\/uploads\\\/mesnerhaus-gourmet-restaurant-aussen-03-300x300.jpg\",\"thumbrelated\":\"https:\\\/\\\/mesnerhaus.at\\\/wp-content\\\/uploads\\\/mesnerhaus-gourmet-restaurant-aussen-03-500x500.jpg\",\"meccarouselthumb\":\"https:\\\/\\\/mesnerhaus.at\\\/wp-content\\\/uploads\\\/mesnerhaus-gourmet-restaurant-aussen-03-474x324.jpg\",\"gridsquare\":\"https:\\\/\\\/mesnerhaus.at\\\/wp-content\\\/uploads\\\/mesnerhaus-gourmet-restaurant-aussen-03-391x260.jpg\",\"tileview\":\"https:\\\/\\\/mesnerhaus.at\\\/wp-content\\\/uploads\\\/mesnerhaus-gourmet-restaurant-aussen-03-300x400.jpg\",\"1536x1536\":\"https:\\\/\\\/mesnerhaus.at\\\/wp-content\\\/uploads\\\/mesnerhaus-gourmet-restaurant-aussen-03-1536x1024.jpg\",\"2048x2048\":\"https:\\\/\\\/mesnerhaus.at\\\/wp-content\\\/uploads\\\/mesnerhaus-gourmet-restaurant-aussen-03-2048x1365.jpg\",\"soulkitchen-uncropped\":\"https:\\\/\\\/mesnerhaus.at\\\/wp-content\\\/uploads\\\/mesnerhaus-gourmet-restaurant-aussen-03-2308x1539.jpg\",\"soulkitchen-uncropped-largex2\":\"https:\\\/\\\/mesnerhaus.at\\\/wp-content\\\/uploads\\\/mesnerhaus-gourmet-restaurant-aussen-03-1600x1067.jpg\",\"soulkitchen-uncropped-full\":\"https:\\\/\\\/mesnerhaus.at\\\/wp-content\\\/uploads\\\/mesnerhaus-gourmet-restaurant-aussen-03-1200x800.jpg\",\"soulkitchen-uncropped-large\":\"https:\\\/\\\/mesnerhaus.at\\\/wp-content\\\/uploads\\\/mesnerhaus-gourmet-restaurant-aussen-03-800x533.jpg\",\"soulkitchen-uncropped-medium\":\"https:\\\/\\\/mesnerhaus.at\\\/wp-content\\\/uploads\\\/mesnerhaus-gourmet-restaurant-aussen-03-560x373.jpg\",\"soulkitchen-suare\":\"https:\\\/\\\/mesnerhaus.at\\\/wp-content\\\/uploads\\\/mesnerhaus-gourmet-restaurant-aussen-03-2308x2308.jpg\",\"soulkitchen-square-largex2\":\"https:\\\/\\\/mesnerhaus.at\\\/wp-content\\\/uploads\\\/mesnerhaus-gourmet-restaurant-aussen-03-1600x1600.jpg\",\"soulkitchen-square-full\":\"https:\\\/\\\/mesnerhaus.at\\\/wp-content\\\/uploads\\\/mesnerhaus-gourmet-restaurant-aussen-03-1200x1200.jpg\",\"soulkitchen-square-large\":\"https:\\\/\\\/mesnerhaus.at\\\/wp-content\\\/uploads\\\/mesnerhaus-gourmet-restaurant-aussen-03-800x800.jpg\",\"soulkitchen-square-medium\":\"https:\\\/\\\/mesnerhaus.at\\\/wp-content\\\/uploads\\\/mesnerhaus-gourmet-restaurant-aussen-03-560x560.jpg\",\"soulkitchen-square-small\":\"https:\\\/\\\/mesnerhaus.at\\\/wp-content\\\/uploads\\\/mesnerhaus-gourmet-restaurant-aussen-03-250x250.jpg\",\"soulkitchen-square-mini\":\"https:\\\/\\\/mesnerhaus.at\\\/wp-content\\\/uploads\\\/mesnerhaus-gourmet-restaurant-aussen-03-120x120.jpg\",\"soulkitchen-portrait-full\":\"https:\\\/\\\/mesnerhaus.at\\\/wp-content\\\/uploads\\\/mesnerhaus-gourmet-restaurant-aussen-03-1200x1800.jpg\",\"soulkitchen-portrait-large\":\"https:\\\/\\\/mesnerhaus.at\\\/wp-content\\\/uploads\\\/mesnerhaus-gourmet-restaurant-aussen-03-800x1200.jpg\",\"soulkitchen-landscape\":\"https:\\\/\\\/mesnerhaus.at\\\/wp-content\\\/uploads\\\/mesnerhaus-gourmet-restaurant-aussen-03-2308x1731.jpg\",\"soulkitchen-landscape-largex2\":\"https:\\\/\\\/mesnerhaus.at\\\/wp-content\\\/uploads\\\/mesnerhaus-gourmet-restaurant-aussen-03-1600x1200.jpg\",\"soulkitchen-landscape-full\":\"https:\\\/\\\/mesnerhaus.at\\\/wp-content\\\/uploads\\\/mesnerhaus-gourmet-restaurant-aussen-03-1200x900.jpg\",\"soulkitchen-landscape-large\":\"https:\\\/\\\/mesnerhaus.at\\\/wp-content\\\/uploads\\\/mesnerhaus-gourmet-restaurant-aussen-03-800x600.jpg\",\"soulkitchen-landscape-medium\":\"https:\\\/\\\/mesnerhaus.at\\\/wp-content\\\/uploads\\\/mesnerhaus-gourmet-restaurant-aussen-03-560x420.jpg\",\"soulkitchen-landscape-mini\":\"https:\\\/\\\/mesnerhaus.at\\\/wp-content\\\/uploads\\\/mesnerhaus-gourmet-restaurant-aussen-03-120x90.jpg\",\"soulkitchen-landscapenarrow\":\"https:\\\/\\\/mesnerhaus.at\\\/wp-content\\\/uploads\\\/mesnerhaus-gourmet-restaurant-aussen-03-2308x1154.jpg\",\"soulkitchen-landscapenarrow-largex2\":\"https:\\\/\\\/mesnerhaus.at\\\/wp-content\\\/uploads\\\/mesnerhaus-gourmet-restaurant-aussen-03-1600x800.jpg\",\"soulkitchen-landscapenarrow-large\":\"https:\\\/\\\/mesnerhaus.at\\\/wp-content\\\/uploads\\\/mesnerhaus-gourmet-restaurant-aussen-03-800x400.jpg\",\"full\":\"https:\\\/\\\/mesnerhaus.at\\\/wp-content\\\/uploads\\\/mesnerhaus-gourmet-restaurant-aussen-03-scaled.jpg\",\"index\":12,\"id\":14262,\"video\":true,\"opts\":{\"caption\":\"\",\"thumb\":\"https:\\\/\\\/mesnerhaus.at\\\/wp-content\\\/uploads\\\/mesnerhaus-gourmet-restaurant-aussen-03-150x150.jpg\",\"title\":\"mesnerhaus-gourmet-restaurant-aussen-03\"},\"gallery_id\":\"14459\",\"tags\":{\"295\":\"alpine-architecture\",\"298\":\"austria\",\"299\":\"european-architecture\",\"294\":\"exterior\",\"290\":\"gourmet-restaurant\",\"258\":\"mesnerhaus\",\"301\":\"shadows\",\"300\":\"sunlight\",\"296\":\"traditional-building\",\"297\":\"village\"}},{\"status\":\"active\",\"src\":\"https:\\\/\\\/mesnerhaus.at\\\/wp-content\\\/uploads\\\/mesnerhaus-restaurant-01-2048x1365.jpg\",\"title\":\"mesnerhaus-restaurant-01\",\"link\":\"https:\\\/\\\/mesnerhaus.at\\\/wp-content\\\/uploads\\\/mesnerhaus-restaurant-01-scaled.jpg\",\"alt\":\"Gastraum des Mesnerhaus Gourmet-Restaurants mit wei&szlig;en Tischt&uuml;chern, roten St&uuml;hlen und Holzbalkendecke\",\"caption\":false,\"thumb\":\"https:\\\/\\\/mesnerhaus.at\\\/wp-content\\\/uploads\\\/mesnerhaus-restaurant-01-150x150.jpg\",\"video_aspect_ratio\":\"\",\"video_width\":\"\",\"video_height\":\"\",\"video_in_gallery\":0,\"meta\":{\"aperture\":\"3.5\",\"credit\":\"Kathrin Buschmann\",\"camera\":\"NIKON Z 8\",\"caption\":\"\",\"created_timestamp\":\"1786006043\",\"copyright\":\"Kathrin Buschmann Fotografie\",\"focal_length\":\"35\",\"iso\":\"2000\",\"shutter_speed\":\"0.0025\",\"title\":\"\",\"orientation\":\"1\",\"keywords\":null,\"alt\":null},\"thumbnail\":\"https:\\\/\\\/mesnerhaus.at\\\/wp-content\\\/uploads\\\/mesnerhaus-restaurant-01-150x150.jpg\",\"medium\":\"https:\\\/\\\/mesnerhaus.at\\\/wp-content\\\/uploads\\\/mesnerhaus-restaurant-01-300x200.jpg\",\"medium_large\":\"https:\\\/\\\/mesnerhaus.at\\\/wp-content\\\/uploads\\\/mesnerhaus-restaurant-01-768x512.jpg\",\"large\":\"https:\\\/\\\/mesnerhaus.at\\\/wp-content\\\/uploads\\\/mesnerhaus-restaurant-01-1024x683.jpg\",\"thumblist\":\"https:\\\/\\\/mesnerhaus.at\\\/wp-content\\\/uploads\\\/mesnerhaus-restaurant-01-300x300.jpg\",\"thumbrelated\":\"https:\\\/\\\/mesnerhaus.at\\\/wp-content\\\/uploads\\\/mesnerhaus-restaurant-01-500x500.jpg\",\"meccarouselthumb\":\"https:\\\/\\\/mesnerhaus.at\\\/wp-content\\\/uploads\\\/mesnerhaus-restaurant-01-474x324.jpg\",\"gridsquare\":\"https:\\\/\\\/mesnerhaus.at\\\/wp-content\\\/uploads\\\/mesnerhaus-restaurant-01-391x260.jpg\",\"tileview\":\"https:\\\/\\\/mesnerhaus.at\\\/wp-content\\\/uploads\\\/mesnerhaus-restaurant-01-300x400.jpg\",\"1536x1536\":\"https:\\\/\\\/mesnerhaus.at\\\/wp-content\\\/uploads\\\/mesnerhaus-restaurant-01-1536x1024.jpg\",\"2048x2048\":\"https:\\\/\\\/mesnerhaus.at\\\/wp-content\\\/uploads\\\/mesnerhaus-restaurant-01-2048x1365.jpg\",\"soulkitchen-uncropped\":\"https:\\\/\\\/mesnerhaus.at\\\/wp-content\\\/uploads\\\/mesnerhaus-restaurant-01-2308x1539.jpg\",\"soulkitchen-uncropped-largex2\":\"https:\\\/\\\/mesnerhaus.at\\\/wp-content\\\/uploads\\\/mesnerhaus-restaurant-01-1600x1067.jpg\",\"soulkitchen-uncropped-full\":\"https:\\\/\\\/mesnerhaus.at\\\/wp-content\\\/uploads\\\/mesnerhaus-restaurant-01-1200x800.jpg\",\"soulkitchen-uncropped-large\":\"https:\\\/\\\/mesnerhaus.at\\\/wp-content\\\/uploads\\\/mesnerhaus-restaurant-01-800x533.jpg\",\"soulkitchen-uncropped-medium\":\"https:\\\/\\\/mesnerhaus.at\\\/wp-content\\\/uploads\\\/mesnerhaus-restaurant-01-560x373.jpg\",\"soulkitchen-suare\":\"https:\\\/\\\/mesnerhaus.at\\\/wp-content\\\/uploads\\\/mesnerhaus-restaurant-01-2308x2308.jpg\",\"soulkitchen-square-largex2\":\"https:\\\/\\\/mesnerhaus.at\\\/wp-content\\\/uploads\\\/mesnerhaus-restaurant-01-1600x1600.jpg\",\"soulkitchen-square-full\":\"https:\\\/\\\/mesnerhaus.at\\\/wp-content\\\/uploads\\\/mesnerhaus-restaurant-01-1200x1200.jpg\",\"soulkitchen-square-large\":\"https:\\\/\\\/mesnerhaus.at\\\/wp-content\\\/uploads\\\/mesnerhaus-restaurant-01-800x800.jpg\",\"soulkitchen-square-medium\":\"https:\\\/\\\/mesnerhaus.at\\\/wp-content\\\/uploads\\\/mesnerhaus-restaurant-01-560x560.jpg\",\"soulkitchen-square-small\":\"https:\\\/\\\/mesnerhaus.at\\\/wp-content\\\/uploads\\\/mesnerhaus-restaurant-01-250x250.jpg\",\"soulkitchen-square-mini\":\"https:\\\/\\\/mesnerhaus.at\\\/wp-content\\\/uploads\\\/mesnerhaus-restaurant-01-120x120.jpg\",\"soulkitchen-portrait-full\":\"https:\\\/\\\/mesnerhaus.at\\\/wp-content\\\/uploads\\\/mesnerhaus-restaurant-01-1200x1800.jpg\",\"soulkitchen-portrait-large\":\"https:\\\/\\\/mesnerhaus.at\\\/wp-content\\\/uploads\\\/mesnerhaus-restaurant-01-800x1200.jpg\",\"soulkitchen-landscape\":\"https:\\\/\\\/mesnerhaus.at\\\/wp-content\\\/uploads\\\/mesnerhaus-restaurant-01-2308x1731.jpg\",\"soulkitchen-landscape-largex2\":\"https:\\\/\\\/mesnerhaus.at\\\/wp-content\\\/uploads\\\/mesnerhaus-restaurant-01-1600x1200.jpg\",\"soulkitchen-landscape-full\":\"https:\\\/\\\/mesnerhaus.at\\\/wp-content\\\/uploads\\\/mesnerhaus-restaurant-01-1200x900.jpg\",\"soulkitchen-landscape-large\":\"https:\\\/\\\/mesnerhaus.at\\\/wp-content\\\/uploads\\\/mesnerhaus-restaurant-01-800x600.jpg\",\"soulkitchen-landscape-medium\":\"https:\\\/\\\/mesnerhaus.at\\\/wp-content\\\/uploads\\\/mesnerhaus-restaurant-01-560x420.jpg\",\"soulkitchen-landscape-mini\":\"https:\\\/\\\/mesnerhaus.at\\\/wp-content\\\/uploads\\\/mesnerhaus-restaurant-01-120x90.jpg\",\"soulkitchen-landscapenarrow\":\"https:\\\/\\\/mesnerhaus.at\\\/wp-content\\\/uploads\\\/mesnerhaus-restaurant-01-2308x1154.jpg\",\"soulkitchen-landscapenarrow-largex2\":\"https:\\\/\\\/mesnerhaus.at\\\/wp-content\\\/uploads\\\/mesnerhaus-restaurant-01-1600x800.jpg\",\"soulkitchen-landscapenarrow-large\":\"https:\\\/\\\/mesnerhaus.at\\\/wp-content\\\/uploads\\\/mesnerhaus-restaurant-01-800x400.jpg\",\"full\":\"https:\\\/\\\/mesnerhaus.at\\\/wp-content\\\/uploads\\\/mesnerhaus-restaurant-01-scaled.jpg\",\"index\":13,\"id\":14264,\"video\":true,\"opts\":{\"caption\":\"\",\"thumb\":\"https:\\\/\\\/mesnerhaus.at\\\/wp-content\\\/uploads\\\/mesnerhaus-restaurant-01-150x150.jpg\",\"title\":\"mesnerhaus-restaurant-01\"},\"gallery_id\":\"14459\",\"tags\":{\"302\":\"dining-room\",\"304\":\"empty-tables\",\"229\":\"fine-dining\",\"228\":\"gourmet\",\"303\":\"interior\",\"306\":\"red-chairs\",\"224\":\"restaurant\",\"307\":\"white-tablecloths\",\"305\":\"wooden-beams\"}},{\"status\":\"active\",\"src\":\"https:\\\/\\\/mesnerhaus.at\\\/wp-content\\\/uploads\\\/mesnerhaus-restaurant-08-2048x1365.jpg\",\"title\":\"mesnerhaus-restaurant-08\",\"link\":\"https:\\\/\\\/mesnerhaus.at\\\/wp-content\\\/uploads\\\/mesnerhaus-restaurant-08-scaled.jpg\",\"alt\":\"Gastraum des Mesnerhaus Gourmet-Restaurants mit gedeckten Tischen, Weingl&auml;sern und offenen Fenstern\",\"caption\":false,\"thumb\":\"https:\\\/\\\/mesnerhaus.at\\\/wp-content\\\/uploads\\\/mesnerhaus-restaurant-08-150x150.jpg\",\"video_aspect_ratio\":\"\",\"video_width\":\"\",\"video_height\":\"\",\"video_in_gallery\":0,\"meta\":{\"aperture\":\"3.5\",\"credit\":\"Kathrin Buschmann\",\"camera\":\"NIKON Z 8\",\"caption\":\"\",\"created_timestamp\":\"1786006054\",\"copyright\":\"Kathrin Buschmann Fotografie\",\"focal_length\":\"35\",\"iso\":\"2000\",\"shutter_speed\":\"0.0025\",\"title\":\"\",\"orientation\":\"1\",\"keywords\":null,\"alt\":null},\"thumbnail\":\"https:\\\/\\\/mesnerhaus.at\\\/wp-content\\\/uploads\\\/mesnerhaus-restaurant-08-150x150.jpg\",\"medium\":\"https:\\\/\\\/mesnerhaus.at\\\/wp-content\\\/uploads\\\/mesnerhaus-restaurant-08-300x200.jpg\",\"medium_large\":\"https:\\\/\\\/mesnerhaus.at\\\/wp-content\\\/uploads\\\/mesnerhaus-restaurant-08-768x512.jpg\",\"large\":\"https:\\\/\\\/mesnerhaus.at\\\/wp-content\\\/uploads\\\/mesnerhaus-restaurant-08-1024x683.jpg\",\"thumblist\":\"https:\\\/\\\/mesnerhaus.at\\\/wp-content\\\/uploads\\\/mesnerhaus-restaurant-08-300x300.jpg\",\"thumbrelated\":\"https:\\\/\\\/mesnerhaus.at\\\/wp-content\\\/uploads\\\/mesnerhaus-restaurant-08-500x500.jpg\",\"meccarouselthumb\":\"https:\\\/\\\/mesnerhaus.at\\\/wp-content\\\/uploads\\\/mesnerhaus-restaurant-08-474x324.jpg\",\"gridsquare\":\"https:\\\/\\\/mesnerhaus.at\\\/wp-content\\\/uploads\\\/mesnerhaus-restaurant-08-391x260.jpg\",\"tileview\":\"https:\\\/\\\/mesnerhaus.at\\\/wp-content\\\/uploads\\\/mesnerhaus-restaurant-08-300x400.jpg\",\"1536x1536\":\"https:\\\/\\\/mesnerhaus.at\\\/wp-content\\\/uploads\\\/mesnerhaus-restaurant-08-1536x1024.jpg\",\"2048x2048\":\"https:\\\/\\\/mesnerhaus.at\\\/wp-content\\\/uploads\\\/mesnerhaus-restaurant-08-2048x1365.jpg\",\"soulkitchen-uncropped\":\"https:\\\/\\\/mesnerhaus.at\\\/wp-content\\\/uploads\\\/mesnerhaus-restaurant-08-2308x1539.jpg\",\"soulkitchen-uncropped-largex2\":\"https:\\\/\\\/mesnerhaus.at\\\/wp-content\\\/uploads\\\/mesnerhaus-restaurant-08-1600x1067.jpg\",\"soulkitchen-uncropped-full\":\"https:\\\/\\\/mesnerhaus.at\\\/wp-content\\\/uploads\\\/mesnerhaus-restaurant-08-1200x800.jpg\",\"soulkitchen-uncropped-large\":\"https:\\\/\\\/mesnerhaus.at\\\/wp-content\\\/uploads\\\/mesnerhaus-restaurant-08-800x533.jpg\",\"soulkitchen-uncropped-medium\":\"https:\\\/\\\/mesnerhaus.at\\\/wp-content\\\/uploads\\\/mesnerhaus-restaurant-08-560x373.jpg\",\"soulkitchen-suare\":\"https:\\\/\\\/mesnerhaus.at\\\/wp-content\\\/uploads\\\/mesnerhaus-restaurant-08-2308x2308.jpg\",\"soulkitchen-square-largex2\":\"https:\\\/\\\/mesnerhaus.at\\\/wp-content\\\/uploads\\\/mesnerhaus-restaurant-08-1600x1600.jpg\",\"soulkitchen-square-full\":\"https:\\\/\\\/mesnerhaus.at\\\/wp-content\\\/uploads\\\/mesnerhaus-restaurant-08-1200x1200.jpg\",\"soulkitchen-square-large\":\"https:\\\/\\\/mesnerhaus.at\\\/wp-content\\\/uploads\\\/mesnerhaus-restaurant-08-800x800.jpg\",\"soulkitchen-square-medium\":\"https:\\\/\\\/mesnerhaus.at\\\/wp-content\\\/uploads\\\/mesnerhaus-restaurant-08-560x560.jpg\",\"soulkitchen-square-small\":\"https:\\\/\\\/mesnerhaus.at\\\/wp-content\\\/uploads\\\/mesnerhaus-restaurant-08-250x250.jpg\",\"soulkitchen-square-mini\":\"https:\\\/\\\/mesnerhaus.at\\\/wp-content\\\/uploads\\\/mesnerhaus-restaurant-08-120x120.jpg\",\"soulkitchen-portrait-full\":\"https:\\\/\\\/mesnerhaus.at\\\/wp-content\\\/uploads\\\/mesnerhaus-restaurant-08-1200x1800.jpg\",\"soulkitchen-portrait-large\":\"https:\\\/\\\/mesnerhaus.at\\\/wp-content\\\/uploads\\\/mesnerhaus-restaurant-08-800x1200.jpg\",\"soulkitchen-landscape\":\"https:\\\/\\\/mesnerhaus.at\\\/wp-content\\\/uploads\\\/mesnerhaus-restaurant-08-2308x1731.jpg\",\"soulkitchen-landscape-largex2\":\"https:\\\/\\\/mesnerhaus.at\\\/wp-content\\\/uploads\\\/mesnerhaus-restaurant-08-1600x1200.jpg\",\"soulkitchen-landscape-full\":\"https:\\\/\\\/mesnerhaus.at\\\/wp-content\\\/uploads\\\/mesnerhaus-restaurant-08-1200x900.jpg\",\"soulkitchen-landscape-large\":\"https:\\\/\\\/mesnerhaus.at\\\/wp-content\\\/uploads\\\/mesnerhaus-restaurant-08-800x600.jpg\",\"soulkitchen-landscape-medium\":\"https:\\\/\\\/mesnerhaus.at\\\/wp-content\\\/uploads\\\/mesnerhaus-restaurant-08-560x420.jpg\",\"soulkitchen-landscape-mini\":\"https:\\\/\\\/mesnerhaus.at\\\/wp-content\\\/uploads\\\/mesnerhaus-restaurant-08-120x90.jpg\",\"soulkitchen-landscapenarrow\":\"https:\\\/\\\/mesnerhaus.at\\\/wp-content\\\/uploads\\\/mesnerhaus-restaurant-08-2308x1154.jpg\",\"soulkitchen-landscapenarrow-largex2\":\"https:\\\/\\\/mesnerhaus.at\\\/wp-content\\\/uploads\\\/mesnerhaus-restaurant-08-1600x800.jpg\",\"soulkitchen-landscapenarrow-large\":\"https:\\\/\\\/mesnerhaus.at\\\/wp-content\\\/uploads\\\/mesnerhaus-restaurant-08-800x400.jpg\",\"full\":\"https:\\\/\\\/mesnerhaus.at\\\/wp-content\\\/uploads\\\/mesnerhaus-restaurant-08-scaled.jpg\",\"index\":14,\"id\":14272,\"video\":true,\"opts\":{\"caption\":\"\",\"thumb\":\"https:\\\/\\\/mesnerhaus.at\\\/wp-content\\\/uploads\\\/mesnerhaus-restaurant-08-150x150.jpg\",\"title\":\"mesnerhaus-restaurant-08\"},\"gallery_id\":\"14459\",\"tags\":{\"313\":\"abstract-art\",\"302\":\"dining-room\",\"310\":\"elegant\",\"309\":\"empty-restaurant\",\"229\":\"fine-dining\",\"311\":\"modern-rustic\",\"308\":\"restaurant-interior\",\"312\":\"table-settings\",\"307\":\"white-tablecloths\",\"305\":\"wooden-beams\"}},{\"status\":\"active\",\"src\":\"https:\\\/\\\/mesnerhaus.at\\\/wp-content\\\/uploads\\\/mesnerhaus-gericht-dryaged-lachsforelle-2048x1536.jpeg\",\"title\":\"mesnerhaus-gericht-dryaged-lachsforelle\",\"link\":\"https:\\\/\\\/mesnerhaus.at\\\/wp-content\\\/uploads\\\/mesnerhaus-gericht-dryaged-lachsforelle-scaled.jpeg\",\"alt\":\"Gericht mit Dry-Aged-Lachsforelle, Sorbet, Bl&uuml;te und Kr&auml;uter&ouml;l\",\"caption\":false,\"thumb\":\"https:\\\/\\\/mesnerhaus.at\\\/wp-content\\\/uploads\\\/mesnerhaus-gericht-dryaged-lachsforelle-150x150.jpeg\",\"video_aspect_ratio\":\"\",\"video_width\":\"\",\"video_height\":\"\",\"video_in_gallery\":0,\"meta\":{\"aperture\":\"2.2\",\"credit\":null,\"camera\":\"iPhone 15 Pro Max\",\"caption\":\"\",\"created_timestamp\":\"1786886144\",\"copyright\":null,\"focal_length\":\"2.2200000286119\",\"iso\":\"40\",\"shutter_speed\":\"0.0048543689320388\",\"title\":\"\",\"orientation\":\"1\",\"keywords\":null,\"alt\":null,\"resized_images\":null},\"thumbnail\":\"https:\\\/\\\/mesnerhaus.at\\\/wp-content\\\/uploads\\\/mesnerhaus-gericht-dryaged-lachsforelle-150x150.jpeg\",\"medium\":\"https:\\\/\\\/mesnerhaus.at\\\/wp-content\\\/uploads\\\/mesnerhaus-gericht-dryaged-lachsforelle-300x225.jpeg\",\"medium_large\":\"https:\\\/\\\/mesnerhaus.at\\\/wp-content\\\/uploads\\\/mesnerhaus-gericht-dryaged-lachsforelle-768x576.jpeg\",\"large\":\"https:\\\/\\\/mesnerhaus.at\\\/wp-content\\\/uploads\\\/mesnerhaus-gericht-dryaged-lachsforelle-1024x768.jpeg\",\"thumblist\":\"https:\\\/\\\/mesnerhaus.at\\\/wp-content\\\/uploads\\\/mesnerhaus-gericht-dryaged-lachsforelle-300x300.jpeg\",\"thumbrelated\":\"https:\\\/\\\/mesnerhaus.at\\\/wp-content\\\/uploads\\\/mesnerhaus-gericht-dryaged-lachsforelle-500x500.jpeg\",\"meccarouselthumb\":\"https:\\\/\\\/mesnerhaus.at\\\/wp-content\\\/uploads\\\/mesnerhaus-gericht-dryaged-lachsforelle-474x324.jpeg\",\"gridsquare\":\"https:\\\/\\\/mesnerhaus.at\\\/wp-content\\\/uploads\\\/mesnerhaus-gericht-dryaged-lachsforelle-391x260.jpeg\",\"tileview\":\"https:\\\/\\\/mesnerhaus.at\\\/wp-content\\\/uploads\\\/mesnerhaus-gericht-dryaged-lachsforelle-300x400.jpeg\",\"1536x1536\":\"https:\\\/\\\/mesnerhaus.at\\\/wp-content\\\/uploads\\\/mesnerhaus-gericht-dryaged-lachsforelle-1536x1152.jpeg\",\"2048x2048\":\"https:\\\/\\\/mesnerhaus.at\\\/wp-content\\\/uploads\\\/mesnerhaus-gericht-dryaged-lachsforelle-2048x1536.jpeg\",\"soulkitchen-uncropped\":\"https:\\\/\\\/mesnerhaus.at\\\/wp-content\\\/uploads\\\/mesnerhaus-gericht-dryaged-lachsforelle-2308x1731.jpeg\",\"soulkitchen-uncropped-largex2\":\"https:\\\/\\\/mesnerhaus.at\\\/wp-content\\\/uploads\\\/mesnerhaus-gericht-dryaged-lachsforelle-1600x1200.jpeg\",\"soulkitchen-uncropped-full\":\"https:\\\/\\\/mesnerhaus.at\\\/wp-content\\\/uploads\\\/mesnerhaus-gericht-dryaged-lachsforelle-1200x900.jpeg\",\"soulkitchen-uncropped-large\":\"https:\\\/\\\/mesnerhaus.at\\\/wp-content\\\/uploads\\\/mesnerhaus-gericht-dryaged-lachsforelle-800x600.jpeg\",\"soulkitchen-uncropped-medium\":\"https:\\\/\\\/mesnerhaus.at\\\/wp-content\\\/uploads\\\/mesnerhaus-gericht-dryaged-lachsforelle-560x420.jpeg\",\"soulkitchen-suare\":\"https:\\\/\\\/mesnerhaus.at\\\/wp-content\\\/uploads\\\/mesnerhaus-gericht-dryaged-lachsforelle-2308x2308.jpeg\",\"soulkitchen-square-largex2\":\"https:\\\/\\\/mesnerhaus.at\\\/wp-content\\\/uploads\\\/mesnerhaus-gericht-dryaged-lachsforelle-1600x1600.jpeg\",\"soulkitchen-square-full\":\"https:\\\/\\\/mesnerhaus.at\\\/wp-content\\\/uploads\\\/mesnerhaus-gericht-dryaged-lachsforelle-1200x1200.jpeg\",\"soulkitchen-square-large\":\"https:\\\/\\\/mesnerhaus.at\\\/wp-content\\\/uploads\\\/mesnerhaus-gericht-dryaged-lachsforelle-800x800.jpeg\",\"soulkitchen-square-medium\":\"https:\\\/\\\/mesnerhaus.at\\\/wp-content\\\/uploads\\\/mesnerhaus-gericht-dryaged-lachsforelle-560x560.jpeg\",\"soulkitchen-square-small\":\"https:\\\/\\\/mesnerhaus.at\\\/wp-content\\\/uploads\\\/mesnerhaus-gericht-dryaged-lachsforelle-250x250.jpeg\",\"soulkitchen-square-mini\":\"https:\\\/\\\/mesnerhaus.at\\\/wp-content\\\/uploads\\\/mesnerhaus-gericht-dryaged-lachsforelle-120x120.jpeg\",\"soulkitchen-portrait-full\":\"https:\\\/\\\/mesnerhaus.at\\\/wp-content\\\/uploads\\\/mesnerhaus-gericht-dryaged-lachsforelle-1200x1800.jpeg\",\"soulkitchen-portrait-large\":\"https:\\\/\\\/mesnerhaus.at\\\/wp-content\\\/uploads\\\/mesnerhaus-gericht-dryaged-lachsforelle-800x1200.jpeg\",\"soulkitchen-landscape\":\"https:\\\/\\\/mesnerhaus.at\\\/wp-content\\\/uploads\\\/mesnerhaus-gericht-dryaged-lachsforelle-2308x1731.jpeg\",\"soulkitchen-landscape-largex2\":\"https:\\\/\\\/mesnerhaus.at\\\/wp-content\\\/uploads\\\/mesnerhaus-gericht-dryaged-lachsforelle-1600x1200.jpeg\",\"soulkitchen-landscape-full\":\"https:\\\/\\\/mesnerhaus.at\\\/wp-content\\\/uploads\\\/mesnerhaus-gericht-dryaged-lachsforelle-1200x900.jpeg\",\"soulkitchen-landscape-large\":\"https:\\\/\\\/mesnerhaus.at\\\/wp-content\\\/uploads\\\/mesnerhaus-gericht-dryaged-lachsforelle-800x600.jpeg\",\"soulkitchen-landscape-medium\":\"https:\\\/\\\/mesnerhaus.at\\\/wp-content\\\/uploads\\\/mesnerhaus-gericht-dryaged-lachsforelle-560x420.jpeg\",\"soulkitchen-landscape-mini\":\"https:\\\/\\\/mesnerhaus.at\\\/wp-content\\\/uploads\\\/mesnerhaus-gericht-dryaged-lachsforelle-120x90.jpeg\",\"soulkitchen-landscapenarrow\":\"https:\\\/\\\/mesnerhaus.at\\\/wp-content\\\/uploads\\\/mesnerhaus-gericht-dryaged-lachsforelle-2308x1154.jpeg\",\"soulkitchen-landscapenarrow-largex2\":\"https:\\\/\\\/mesnerhaus.at\\\/wp-content\\\/uploads\\\/mesnerhaus-gericht-dryaged-lachsforelle-1600x800.jpeg\",\"soulkitchen-landscapenarrow-large\":\"https:\\\/\\\/mesnerhaus.at\\\/wp-content\\\/uploads\\\/mesnerhaus-gericht-dryaged-lachsforelle-800x400.jpeg\",\"full\":\"https:\\\/\\\/mesnerhaus.at\\\/wp-content\\\/uploads\\\/mesnerhaus-gericht-dryaged-lachsforelle-scaled.jpeg\",\"index\":15,\"id\":14281,\"video\":true,\"opts\":{\"caption\":\"\",\"thumb\":\"https:\\\/\\\/mesnerhaus.at\\\/wp-content\\\/uploads\\\/mesnerhaus-gericht-dryaged-lachsforelle-150x150.jpeg\",\"title\":\"mesnerhaus-gericht-dryaged-lachsforelle\"},\"gallery_id\":\"14459\",\"tags\":{\"317\":\"appetizer\",\"322\":\"chefs-dish\",\"321\":\"culinary-arts\",\"314\":\"dry-aged-salmon-trout\",\"320\":\"edible-flower\",\"229\":\"fine-dining\",\"323\":\"food-presentation\",\"374\":\"gericht\",\"375\":\"gerichte\",\"316\":\"gourmet-food\",\"258\":\"mesnerhaus\",\"319\":\"orange-sorbet\",\"318\":\"seafood\",\"315\":\"tartare\"}},{\"status\":\"active\",\"src\":\"https:\\\/\\\/mesnerhaus.at\\\/wp-content\\\/uploads\\\/mesnerhaus-gericht-lungauer-eachtling-2048x1536.jpeg\",\"title\":\"mesnerhaus-gericht-lungauer-eachtling\",\"link\":\"https:\\\/\\\/mesnerhaus.at\\\/wp-content\\\/uploads\\\/mesnerhaus-gericht-lungauer-eachtling-scaled.jpeg\",\"alt\":\"Zwei knusprige Kugeln vom Lungauer Eachtling mit Bl&uuml;ten und Gem&uuml;se auf kleinen Steinen\",\"caption\":false,\"thumb\":\"https:\\\/\\\/mesnerhaus.at\\\/wp-content\\\/uploads\\\/mesnerhaus-gericht-lungauer-eachtling-150x150.jpeg\",\"video_aspect_ratio\":\"0\",\"video_width\":\"\",\"video_height\":\"\",\"video_in_gallery\":0,\"meta\":{\"aperture\":\"2.2\",\"credit\":null,\"camera\":\"iPhone 15 Pro Max\",\"caption\":\"\",\"created_timestamp\":\"1786885882\",\"copyright\":null,\"focal_length\":\"2.2200000286119\",\"iso\":\"50\",\"shutter_speed\":\"0.01010101010101\",\"title\":\"\",\"orientation\":\"1\",\"keywords\":null,\"alt\":null},\"thumbnail\":\"https:\\\/\\\/mesnerhaus.at\\\/wp-content\\\/uploads\\\/mesnerhaus-gericht-lungauer-eachtling-150x150.jpeg\",\"medium\":\"https:\\\/\\\/mesnerhaus.at\\\/wp-content\\\/uploads\\\/mesnerhaus-gericht-lungauer-eachtling-300x225.jpeg\",\"medium_large\":\"https:\\\/\\\/mesnerhaus.at\\\/wp-content\\\/uploads\\\/mesnerhaus-gericht-lungauer-eachtling-768x576.jpeg\",\"large\":\"https:\\\/\\\/mesnerhaus.at\\\/wp-content\\\/uploads\\\/mesnerhaus-gericht-lungauer-eachtling-1024x768.jpeg\",\"thumblist\":\"https:\\\/\\\/mesnerhaus.at\\\/wp-content\\\/uploads\\\/mesnerhaus-gericht-lungauer-eachtling-300x300.jpeg\",\"thumbrelated\":\"https:\\\/\\\/mesnerhaus.at\\\/wp-content\\\/uploads\\\/mesnerhaus-gericht-lungauer-eachtling-500x500.jpeg\",\"meccarouselthumb\":\"https:\\\/\\\/mesnerhaus.at\\\/wp-content\\\/uploads\\\/mesnerhaus-gericht-lungauer-eachtling-474x324.jpeg\",\"gridsquare\":\"https:\\\/\\\/mesnerhaus.at\\\/wp-content\\\/uploads\\\/mesnerhaus-gericht-lungauer-eachtling-391x260.jpeg\",\"tileview\":\"https:\\\/\\\/mesnerhaus.at\\\/wp-content\\\/uploads\\\/mesnerhaus-gericht-lungauer-eachtling-300x400.jpeg\",\"1536x1536\":\"https:\\\/\\\/mesnerhaus.at\\\/wp-content\\\/uploads\\\/mesnerhaus-gericht-lungauer-eachtling-1536x1152.jpeg\",\"2048x2048\":\"https:\\\/\\\/mesnerhaus.at\\\/wp-content\\\/uploads\\\/mesnerhaus-gericht-lungauer-eachtling-2048x1536.jpeg\",\"soulkitchen-uncropped\":\"https:\\\/\\\/mesnerhaus.at\\\/wp-content\\\/uploads\\\/mesnerhaus-gericht-lungauer-eachtling-2308x1731.jpeg\",\"soulkitchen-uncropped-largex2\":\"https:\\\/\\\/mesnerhaus.at\\\/wp-content\\\/uploads\\\/mesnerhaus-gericht-lungauer-eachtling-1600x1200.jpeg\",\"soulkitchen-uncropped-full\":\"https:\\\/\\\/mesnerhaus.at\\\/wp-content\\\/uploads\\\/mesnerhaus-gericht-lungauer-eachtling-1200x900.jpeg\",\"soulkitchen-uncropped-large\":\"https:\\\/\\\/mesnerhaus.at\\\/wp-content\\\/uploads\\\/mesnerhaus-gericht-lungauer-eachtling-800x600.jpeg\",\"soulkitchen-uncropped-medium\":\"https:\\\/\\\/mesnerhaus.at\\\/wp-content\\\/uploads\\\/mesnerhaus-gericht-lungauer-eachtling-560x420.jpeg\",\"soulkitchen-suare\":\"https:\\\/\\\/mesnerhaus.at\\\/wp-content\\\/uploads\\\/mesnerhaus-gericht-lungauer-eachtling-2308x2308.jpeg\",\"soulkitchen-square-largex2\":\"https:\\\/\\\/mesnerhaus.at\\\/wp-content\\\/uploads\\\/mesnerhaus-gericht-lungauer-eachtling-1600x1600.jpeg\",\"soulkitchen-square-full\":\"https:\\\/\\\/mesnerhaus.at\\\/wp-content\\\/uploads\\\/mesnerhaus-gericht-lungauer-eachtling-1200x1200.jpeg\",\"soulkitchen-square-large\":\"https:\\\/\\\/mesnerhaus.at\\\/wp-content\\\/uploads\\\/mesnerhaus-gericht-lungauer-eachtling-800x800.jpeg\",\"soulkitchen-square-medium\":\"https:\\\/\\\/mesnerhaus.at\\\/wp-content\\\/uploads\\\/mesnerhaus-gericht-lungauer-eachtling-560x560.jpeg\",\"soulkitchen-square-small\":\"https:\\\/\\\/mesnerhaus.at\\\/wp-content\\\/uploads\\\/mesnerhaus-gericht-lungauer-eachtling-250x250.jpeg\",\"soulkitchen-square-mini\":\"https:\\\/\\\/mesnerhaus.at\\\/wp-content\\\/uploads\\\/mesnerhaus-gericht-lungauer-eachtling-120x120.jpeg\",\"soulkitchen-portrait-full\":\"https:\\\/\\\/mesnerhaus.at\\\/wp-content\\\/uploads\\\/mesnerhaus-gericht-lungauer-eachtling-1200x1800.jpeg\",\"soulkitchen-portrait-large\":\"https:\\\/\\\/mesnerhaus.at\\\/wp-content\\\/uploads\\\/mesnerhaus-gericht-lungauer-eachtling-800x1200.jpeg\",\"soulkitchen-landscape\":\"https:\\\/\\\/mesnerhaus.at\\\/wp-content\\\/uploads\\\/mesnerhaus-gericht-lungauer-eachtling-2308x1731.jpeg\",\"soulkitchen-landscape-largex2\":\"https:\\\/\\\/mesnerhaus.at\\\/wp-content\\\/uploads\\\/mesnerhaus-gericht-lungauer-eachtling-1600x1200.jpeg\",\"soulkitchen-landscape-full\":\"https:\\\/\\\/mesnerhaus.at\\\/wp-content\\\/uploads\\\/mesnerhaus-gericht-lungauer-eachtling-1200x900.jpeg\",\"soulkitchen-landscape-large\":\"https:\\\/\\\/mesnerhaus.at\\\/wp-content\\\/uploads\\\/mesnerhaus-gericht-lungauer-eachtling-800x600.jpeg\",\"soulkitchen-landscape-medium\":\"https:\\\/\\\/mesnerhaus.at\\\/wp-content\\\/uploads\\\/mesnerhaus-gericht-lungauer-eachtling-560x420.jpeg\",\"soulkitchen-landscape-mini\":\"https:\\\/\\\/mesnerhaus.at\\\/wp-content\\\/uploads\\\/mesnerhaus-gericht-lungauer-eachtling-120x90.jpeg\",\"soulkitchen-landscapenarrow\":\"https:\\\/\\\/mesnerhaus.at\\\/wp-content\\\/uploads\\\/mesnerhaus-gericht-lungauer-eachtling-2308x1154.jpeg\",\"soulkitchen-landscapenarrow-largex2\":\"https:\\\/\\\/mesnerhaus.at\\\/wp-content\\\/uploads\\\/mesnerhaus-gericht-lungauer-eachtling-1600x800.jpeg\",\"soulkitchen-landscapenarrow-large\":\"https:\\\/\\\/mesnerhaus.at\\\/wp-content\\\/uploads\\\/mesnerhaus-gericht-lungauer-eachtling-800x400.jpeg\",\"full\":\"https:\\\/\\\/mesnerhaus.at\\\/wp-content\\\/uploads\\\/mesnerhaus-gericht-lungauer-eachtling-scaled.jpeg\",\"index\":16,\"id\":14286,\"video\":true,\"opts\":{\"caption\":\"\",\"thumb\":\"https:\\\/\\\/mesnerhaus.at\\\/wp-content\\\/uploads\\\/mesnerhaus-gericht-lungauer-eachtling-150x150.jpeg\",\"title\":\"mesnerhaus-gericht-lungauer-eachtling\"},\"gallery_id\":\"14459\"},{\"status\":\"active\",\"src\":\"https:\\\/\\\/mesnerhaus.at\\\/wp-content\\\/uploads\\\/mesnerhaus-gericht-wachauer-marille-2048x1536.jpeg\",\"title\":\"mesnerhaus-gericht-wachauer-marille\",\"link\":\"https:\\\/\\\/mesnerhaus.at\\\/wp-content\\\/uploads\\\/mesnerhaus-gericht-wachauer-marille-scaled.jpeg\",\"alt\":\"Dessert mit Wachauer Marille, Eis, Bl&uuml;tenbl&auml;ttern und knusprigen Elementen\",\"caption\":false,\"thumb\":\"https:\\\/\\\/mesnerhaus.at\\\/wp-content\\\/uploads\\\/mesnerhaus-gericht-wachauer-marille-150x150.jpeg\",\"video_aspect_ratio\":\"\",\"video_width\":\"\",\"video_height\":\"\",\"video_in_gallery\":0,\"meta\":{\"aperture\":\"2.2\",\"credit\":null,\"camera\":\"iPhone 15 Pro Max\",\"caption\":\"\",\"created_timestamp\":\"1786889859\",\"copyright\":null,\"focal_length\":\"2.2200000286119\",\"iso\":\"64\",\"shutter_speed\":\"0.01010101010101\",\"title\":\"\",\"orientation\":\"1\",\"keywords\":null,\"alt\":null},\"thumbnail\":\"https:\\\/\\\/mesnerhaus.at\\\/wp-content\\\/uploads\\\/mesnerhaus-gericht-wachauer-marille-150x150.jpeg\",\"medium\":\"https:\\\/\\\/mesnerhaus.at\\\/wp-content\\\/uploads\\\/mesnerhaus-gericht-wachauer-marille-300x225.jpeg\",\"medium_large\":\"https:\\\/\\\/mesnerhaus.at\\\/wp-content\\\/uploads\\\/mesnerhaus-gericht-wachauer-marille-768x576.jpeg\",\"large\":\"https:\\\/\\\/mesnerhaus.at\\\/wp-content\\\/uploads\\\/mesnerhaus-gericht-wachauer-marille-1024x768.jpeg\",\"thumblist\":\"https:\\\/\\\/mesnerhaus.at\\\/wp-content\\\/uploads\\\/mesnerhaus-gericht-wachauer-marille-300x300.jpeg\",\"thumbrelated\":\"https:\\\/\\\/mesnerhaus.at\\\/wp-content\\\/uploads\\\/mesnerhaus-gericht-wachauer-marille-500x500.jpeg\",\"meccarouselthumb\":\"https:\\\/\\\/mesnerhaus.at\\\/wp-content\\\/uploads\\\/mesnerhaus-gericht-wachauer-marille-474x324.jpeg\",\"gridsquare\":\"https:\\\/\\\/mesnerhaus.at\\\/wp-content\\\/uploads\\\/mesnerhaus-gericht-wachauer-marille-391x260.jpeg\",\"tileview\":\"https:\\\/\\\/mesnerhaus.at\\\/wp-content\\\/uploads\\\/mesnerhaus-gericht-wachauer-marille-300x400.jpeg\",\"1536x1536\":\"https:\\\/\\\/mesnerhaus.at\\\/wp-content\\\/uploads\\\/mesnerhaus-gericht-wachauer-marille-1536x1152.jpeg\",\"2048x2048\":\"https:\\\/\\\/mesnerhaus.at\\\/wp-content\\\/uploads\\\/mesnerhaus-gericht-wachauer-marille-2048x1536.jpeg\",\"soulkitchen-uncropped\":\"https:\\\/\\\/mesnerhaus.at\\\/wp-content\\\/uploads\\\/mesnerhaus-gericht-wachauer-marille-2308x1731.jpeg\",\"soulkitchen-uncropped-largex2\":\"https:\\\/\\\/mesnerhaus.at\\\/wp-content\\\/uploads\\\/mesnerhaus-gericht-wachauer-marille-1600x1200.jpeg\",\"soulkitchen-uncropped-full\":\"https:\\\/\\\/mesnerhaus.at\\\/wp-content\\\/uploads\\\/mesnerhaus-gericht-wachauer-marille-1200x900.jpeg\",\"soulkitchen-uncropped-large\":\"https:\\\/\\\/mesnerhaus.at\\\/wp-content\\\/uploads\\\/mesnerhaus-gericht-wachauer-marille-800x600.jpeg\",\"soulkitchen-uncropped-medium\":\"https:\\\/\\\/mesnerhaus.at\\\/wp-content\\\/uploads\\\/mesnerhaus-gericht-wachauer-marille-560x420.jpeg\",\"soulkitchen-suare\":\"https:\\\/\\\/mesnerhaus.at\\\/wp-content\\\/uploads\\\/mesnerhaus-gericht-wachauer-marille-2308x2308.jpeg\",\"soulkitchen-square-largex2\":\"https:\\\/\\\/mesnerhaus.at\\\/wp-content\\\/uploads\\\/mesnerhaus-gericht-wachauer-marille-1600x1600.jpeg\",\"soulkitchen-square-full\":\"https:\\\/\\\/mesnerhaus.at\\\/wp-content\\\/uploads\\\/mesnerhaus-gericht-wachauer-marille-1200x1200.jpeg\",\"soulkitchen-square-large\":\"https:\\\/\\\/mesnerhaus.at\\\/wp-content\\\/uploads\\\/mesnerhaus-gericht-wachauer-marille-800x800.jpeg\",\"soulkitchen-square-medium\":\"https:\\\/\\\/mesnerhaus.at\\\/wp-content\\\/uploads\\\/mesnerhaus-gericht-wachauer-marille-560x560.jpeg\",\"soulkitchen-square-small\":\"https:\\\/\\\/mesnerhaus.at\\\/wp-content\\\/uploads\\\/mesnerhaus-gericht-wachauer-marille-250x250.jpeg\",\"soulkitchen-square-mini\":\"https:\\\/\\\/mesnerhaus.at\\\/wp-content\\\/uploads\\\/mesnerhaus-gericht-wachauer-marille-120x120.jpeg\",\"soulkitchen-portrait-full\":\"https:\\\/\\\/mesnerhaus.at\\\/wp-content\\\/uploads\\\/mesnerhaus-gericht-wachauer-marille-1200x1800.jpeg\",\"soulkitchen-portrait-large\":\"https:\\\/\\\/mesnerhaus.at\\\/wp-content\\\/uploads\\\/mesnerhaus-gericht-wachauer-marille-800x1200.jpeg\",\"soulkitchen-landscape\":\"https:\\\/\\\/mesnerhaus.at\\\/wp-content\\\/uploads\\\/mesnerhaus-gericht-wachauer-marille-2308x1731.jpeg\",\"soulkitchen-landscape-largex2\":\"https:\\\/\\\/mesnerhaus.at\\\/wp-content\\\/uploads\\\/mesnerhaus-gericht-wachauer-marille-1600x1200.jpeg\",\"soulkitchen-landscape-full\":\"https:\\\/\\\/mesnerhaus.at\\\/wp-content\\\/uploads\\\/mesnerhaus-gericht-wachauer-marille-1200x900.jpeg\",\"soulkitchen-landscape-large\":\"https:\\\/\\\/mesnerhaus.at\\\/wp-content\\\/uploads\\\/mesnerhaus-gericht-wachauer-marille-800x600.jpeg\",\"soulkitchen-landscape-medium\":\"https:\\\/\\\/mesnerhaus.at\\\/wp-content\\\/uploads\\\/mesnerhaus-gericht-wachauer-marille-560x420.jpeg\",\"soulkitchen-landscape-mini\":\"https:\\\/\\\/mesnerhaus.at\\\/wp-content\\\/uploads\\\/mesnerhaus-gericht-wachauer-marille-120x90.jpeg\",\"soulkitchen-landscapenarrow\":\"https:\\\/\\\/mesnerhaus.at\\\/wp-content\\\/uploads\\\/mesnerhaus-gericht-wachauer-marille-2308x1154.jpeg\",\"soulkitchen-landscapenarrow-largex2\":\"https:\\\/\\\/mesnerhaus.at\\\/wp-content\\\/uploads\\\/mesnerhaus-gericht-wachauer-marille-1600x800.jpeg\",\"soulkitchen-landscapenarrow-large\":\"https:\\\/\\\/mesnerhaus.at\\\/wp-content\\\/uploads\\\/mesnerhaus-gericht-wachauer-marille-800x400.jpeg\",\"full\":\"https:\\\/\\\/mesnerhaus.at\\\/wp-content\\\/uploads\\\/mesnerhaus-gericht-wachauer-marille-scaled.jpeg\",\"index\":17,\"id\":14288,\"video\":true,\"opts\":{\"caption\":\"\",\"thumb\":\"https:\\\/\\\/mesnerhaus.at\\\/wp-content\\\/uploads\\\/mesnerhaus-gericht-wachauer-marille-150x150.jpeg\",\"title\":\"mesnerhaus-gericht-wachauer-marille\"},\"gallery_id\":\"14459\",\"tags\":{\"338\":\"ceramic-bowl\",\"341\":\"culinary-art\",\"376\":\"essen\",\"229\":\"fine-dining\",\"340\":\"food-photography\",\"374\":\"gericht\",\"375\":\"gerichte\",\"333\":\"gourmet-dessert\",\"335\":\"ice-cream\",\"334\":\"meringue\",\"336\":\"puffed-grains\",\"337\":\"sweet\",\"339\":\"wooden-table\"}},{\"status\":\"active\",\"src\":\"https:\\\/\\\/mesnerhaus.at\\\/wp-content\\\/uploads\\\/mesnerhaus-weinkeller-03-1365x2048.jpg\",\"title\":\"mesnerhaus-weinkeller-03\",\"link\":\"https:\\\/\\\/mesnerhaus.at\\\/wp-content\\\/uploads\\\/mesnerhaus-weinkeller-03-scaled.jpg\",\"alt\":\"Weinkeller des Mesnerhauses mit Weinflaschen auf Holzregalen und Natursteinw&auml;nden\",\"caption\":false,\"thumb\":\"https:\\\/\\\/mesnerhaus.at\\\/wp-content\\\/uploads\\\/mesnerhaus-weinkeller-03-150x150.jpg\",\"video_aspect_ratio\":\"\",\"video_width\":\"\",\"video_height\":\"\",\"video_in_gallery\":0,\"meta\":{\"aperture\":null,\"credit\":\"Kathrin Buschmann\",\"camera\":null,\"caption\":\"\",\"created_timestamp\":null,\"copyright\":\"Kathrin Buschmann Fotografie\",\"focal_length\":null,\"iso\":null,\"shutter_speed\":null,\"title\":\"\",\"orientation\":null,\"keywords\":null,\"alt\":null},\"thumbnail\":\"https:\\\/\\\/mesnerhaus.at\\\/wp-content\\\/uploads\\\/mesnerhaus-weinkeller-03-150x150.jpg\",\"medium\":\"https:\\\/\\\/mesnerhaus.at\\\/wp-content\\\/uploads\\\/mesnerhaus-weinkeller-03-200x300.jpg\",\"medium_large\":\"https:\\\/\\\/mesnerhaus.at\\\/wp-content\\\/uploads\\\/mesnerhaus-weinkeller-03-768x1152.jpg\",\"large\":\"https:\\\/\\\/mesnerhaus.at\\\/wp-content\\\/uploads\\\/mesnerhaus-weinkeller-03-683x1024.jpg\",\"thumblist\":\"https:\\\/\\\/mesnerhaus.at\\\/wp-content\\\/uploads\\\/mesnerhaus-weinkeller-03-300x300.jpg\",\"thumbrelated\":\"https:\\\/\\\/mesnerhaus.at\\\/wp-content\\\/uploads\\\/mesnerhaus-weinkeller-03-500x500.jpg\",\"meccarouselthumb\":\"https:\\\/\\\/mesnerhaus.at\\\/wp-content\\\/uploads\\\/mesnerhaus-weinkeller-03-474x324.jpg\",\"gridsquare\":\"https:\\\/\\\/mesnerhaus.at\\\/wp-content\\\/uploads\\\/mesnerhaus-weinkeller-03-391x260.jpg\",\"tileview\":\"https:\\\/\\\/mesnerhaus.at\\\/wp-content\\\/uploads\\\/mesnerhaus-weinkeller-03-300x400.jpg\",\"1536x1536\":\"https:\\\/\\\/mesnerhaus.at\\\/wp-content\\\/uploads\\\/mesnerhaus-weinkeller-03-1024x1536.jpg\",\"2048x2048\":\"https:\\\/\\\/mesnerhaus.at\\\/wp-content\\\/uploads\\\/mesnerhaus-weinkeller-03-1365x2048.jpg\",\"soulkitchen-uncropped\":\"https:\\\/\\\/mesnerhaus.at\\\/wp-content\\\/uploads\\\/mesnerhaus-weinkeller-03-2308x3462.jpg\",\"soulkitchen-uncropped-largex2\":\"https:\\\/\\\/mesnerhaus.at\\\/wp-content\\\/uploads\\\/mesnerhaus-weinkeller-03-1600x2400.jpg\",\"soulkitchen-uncropped-full\":\"https:\\\/\\\/mesnerhaus.at\\\/wp-content\\\/uploads\\\/mesnerhaus-weinkeller-03-1200x1800.jpg\",\"soulkitchen-uncropped-large\":\"https:\\\/\\\/mesnerhaus.at\\\/wp-content\\\/uploads\\\/mesnerhaus-weinkeller-03-800x1200.jpg\",\"soulkitchen-uncropped-medium\":\"https:\\\/\\\/mesnerhaus.at\\\/wp-content\\\/uploads\\\/mesnerhaus-weinkeller-03-560x840.jpg\",\"soulkitchen-suare\":\"https:\\\/\\\/mesnerhaus.at\\\/wp-content\\\/uploads\\\/mesnerhaus-weinkeller-03-2308x2308.jpg\",\"soulkitchen-square-largex2\":\"https:\\\/\\\/mesnerhaus.at\\\/wp-content\\\/uploads\\\/mesnerhaus-weinkeller-03-1600x1600.jpg\",\"soulkitchen-square-full\":\"https:\\\/\\\/mesnerhaus.at\\\/wp-content\\\/uploads\\\/mesnerhaus-weinkeller-03-1200x1200.jpg\",\"soulkitchen-square-large\":\"https:\\\/\\\/mesnerhaus.at\\\/wp-content\\\/uploads\\\/mesnerhaus-weinkeller-03-800x800.jpg\",\"soulkitchen-square-medium\":\"https:\\\/\\\/mesnerhaus.at\\\/wp-content\\\/uploads\\\/mesnerhaus-weinkeller-03-560x560.jpg\",\"soulkitchen-square-small\":\"https:\\\/\\\/mesnerhaus.at\\\/wp-content\\\/uploads\\\/mesnerhaus-weinkeller-03-250x250.jpg\",\"soulkitchen-square-mini\":\"https:\\\/\\\/mesnerhaus.at\\\/wp-content\\\/uploads\\\/mesnerhaus-weinkeller-03-120x120.jpg\",\"soulkitchen-portrait-full\":\"https:\\\/\\\/mesnerhaus.at\\\/wp-content\\\/uploads\\\/mesnerhaus-weinkeller-03-1200x1800.jpg\",\"soulkitchen-portrait-large\":\"https:\\\/\\\/mesnerhaus.at\\\/wp-content\\\/uploads\\\/mesnerhaus-weinkeller-03-800x1200.jpg\",\"soulkitchen-landscape\":\"https:\\\/\\\/mesnerhaus.at\\\/wp-content\\\/uploads\\\/mesnerhaus-weinkeller-03-2308x1731.jpg\",\"soulkitchen-landscape-largex2\":\"https:\\\/\\\/mesnerhaus.at\\\/wp-content\\\/uploads\\\/mesnerhaus-weinkeller-03-1600x1200.jpg\",\"soulkitchen-landscape-full\":\"https:\\\/\\\/mesnerhaus.at\\\/wp-content\\\/uploads\\\/mesnerhaus-weinkeller-03-1200x900.jpg\",\"soulkitchen-landscape-large\":\"https:\\\/\\\/mesnerhaus.at\\\/wp-content\\\/uploads\\\/mesnerhaus-weinkeller-03-800x600.jpg\",\"soulkitchen-landscape-medium\":\"https:\\\/\\\/mesnerhaus.at\\\/wp-content\\\/uploads\\\/mesnerhaus-weinkeller-03-560x420.jpg\",\"soulkitchen-landscape-mini\":\"https:\\\/\\\/mesnerhaus.at\\\/wp-content\\\/uploads\\\/mesnerhaus-weinkeller-03-120x90.jpg\",\"soulkitchen-landscapenarrow\":\"https:\\\/\\\/mesnerhaus.at\\\/wp-content\\\/uploads\\\/mesnerhaus-weinkeller-03-2308x1154.jpg\",\"soulkitchen-landscapenarrow-largex2\":\"https:\\\/\\\/mesnerhaus.at\\\/wp-content\\\/uploads\\\/mesnerhaus-weinkeller-03-1600x800.jpg\",\"soulkitchen-landscapenarrow-large\":\"https:\\\/\\\/mesnerhaus.at\\\/wp-content\\\/uploads\\\/mesnerhaus-weinkeller-03-800x400.jpg\",\"full\":\"https:\\\/\\\/mesnerhaus.at\\\/wp-content\\\/uploads\\\/mesnerhaus-weinkeller-03-scaled.jpg\",\"index\":18,\"id\":14325,\"video\":true,\"opts\":{\"caption\":\"\",\"thumb\":\"https:\\\/\\\/mesnerhaus.at\\\/wp-content\\\/uploads\\\/mesnerhaus-weinkeller-03-150x150.jpg\",\"title\":\"mesnerhaus-weinkeller-03\"},\"gallery_id\":\"14459\",\"tags\":{\"350\":\"cellar\",\"345\":\"cobblestone-floor\",\"347\":\"rustic\",\"248\":\"stone-wall\",\"352\":\"storage\",\"348\":\"vintage\",\"377\":\"weinkeller\",\"351\":\"wine\",\"343\":\"wine-bottles\",\"342\":\"wine-cellar\",\"349\":\"wine-collection\",\"346\":\"wine-storage\",\"344\":\"wooden-shelves\"}},{\"status\":\"active\",\"src\":\"https:\\\/\\\/mesnerhaus.at\\\/wp-content\\\/uploads\\\/mesnerhaus-zimmer-12-2048x1365.jpg\",\"title\":\"mesnerhaus-zimmer-12\",\"link\":\"https:\\\/\\\/mesnerhaus.at\\\/wp-content\\\/uploads\\\/mesnerhaus-zimmer-12-scaled.jpg\",\"alt\":\"Sitzplatz am Panoramafenster im Mesnerhaus Boutique-Hotel mit Blumen, Wein und Bergblick\",\"caption\":false,\"thumb\":\"https:\\\/\\\/mesnerhaus.at\\\/wp-content\\\/uploads\\\/mesnerhaus-zimmer-12-150x150.jpg\",\"video_aspect_ratio\":\"\",\"video_width\":\"\",\"video_height\":\"\",\"video_in_gallery\":0,\"meta\":{\"aperture\":null,\"credit\":\"Kathrin Buschmann\",\"camera\":null,\"caption\":\"\",\"created_timestamp\":null,\"copyright\":\"Kathrin Buschmann Fotografie\",\"focal_length\":null,\"iso\":null,\"shutter_speed\":null,\"title\":\"\",\"orientation\":\"1\",\"keywords\":null,\"alt\":null},\"thumbnail\":\"https:\\\/\\\/mesnerhaus.at\\\/wp-content\\\/uploads\\\/mesnerhaus-zimmer-12-150x150.jpg\",\"medium\":\"https:\\\/\\\/mesnerhaus.at\\\/wp-content\\\/uploads\\\/mesnerhaus-zimmer-12-300x200.jpg\",\"medium_large\":\"https:\\\/\\\/mesnerhaus.at\\\/wp-content\\\/uploads\\\/mesnerhaus-zimmer-12-768x512.jpg\",\"large\":\"https:\\\/\\\/mesnerhaus.at\\\/wp-content\\\/uploads\\\/mesnerhaus-zimmer-12-1024x683.jpg\",\"thumblist\":\"https:\\\/\\\/mesnerhaus.at\\\/wp-content\\\/uploads\\\/mesnerhaus-zimmer-12-300x300.jpg\",\"thumbrelated\":\"https:\\\/\\\/mesnerhaus.at\\\/wp-content\\\/uploads\\\/mesnerhaus-zimmer-12-500x500.jpg\",\"meccarouselthumb\":\"https:\\\/\\\/mesnerhaus.at\\\/wp-content\\\/uploads\\\/mesnerhaus-zimmer-12-474x324.jpg\",\"gridsquare\":\"https:\\\/\\\/mesnerhaus.at\\\/wp-content\\\/uploads\\\/mesnerhaus-zimmer-12-391x260.jpg\",\"tileview\":\"https:\\\/\\\/mesnerhaus.at\\\/wp-content\\\/uploads\\\/mesnerhaus-zimmer-12-300x400.jpg\",\"1536x1536\":\"https:\\\/\\\/mesnerhaus.at\\\/wp-content\\\/uploads\\\/mesnerhaus-zimmer-12-1536x1024.jpg\",\"2048x2048\":\"https:\\\/\\\/mesnerhaus.at\\\/wp-content\\\/uploads\\\/mesnerhaus-zimmer-12-2048x1365.jpg\",\"soulkitchen-uncropped\":\"https:\\\/\\\/mesnerhaus.at\\\/wp-content\\\/uploads\\\/mesnerhaus-zimmer-12-2308x1539.jpg\",\"soulkitchen-uncropped-largex2\":\"https:\\\/\\\/mesnerhaus.at\\\/wp-content\\\/uploads\\\/mesnerhaus-zimmer-12-1600x1067.jpg\",\"soulkitchen-uncropped-full\":\"https:\\\/\\\/mesnerhaus.at\\\/wp-content\\\/uploads\\\/mesnerhaus-zimmer-12-1200x800.jpg\",\"soulkitchen-uncropped-large\":\"https:\\\/\\\/mesnerhaus.at\\\/wp-content\\\/uploads\\\/mesnerhaus-zimmer-12-800x533.jpg\",\"soulkitchen-uncropped-medium\":\"https:\\\/\\\/mesnerhaus.at\\\/wp-content\\\/uploads\\\/mesnerhaus-zimmer-12-560x373.jpg\",\"soulkitchen-suare\":\"https:\\\/\\\/mesnerhaus.at\\\/wp-content\\\/uploads\\\/mesnerhaus-zimmer-12-2308x2308.jpg\",\"soulkitchen-square-largex2\":\"https:\\\/\\\/mesnerhaus.at\\\/wp-content\\\/uploads\\\/mesnerhaus-zimmer-12-1600x1600.jpg\",\"soulkitchen-square-full\":\"https:\\\/\\\/mesnerhaus.at\\\/wp-content\\\/uploads\\\/mesnerhaus-zimmer-12-1200x1200.jpg\",\"soulkitchen-square-large\":\"https:\\\/\\\/mesnerhaus.at\\\/wp-content\\\/uploads\\\/mesnerhaus-zimmer-12-800x800.jpg\",\"soulkitchen-square-medium\":\"https:\\\/\\\/mesnerhaus.at\\\/wp-content\\\/uploads\\\/mesnerhaus-zimmer-12-560x560.jpg\",\"soulkitchen-square-small\":\"https:\\\/\\\/mesnerhaus.at\\\/wp-content\\\/uploads\\\/mesnerhaus-zimmer-12-250x250.jpg\",\"soulkitchen-square-mini\":\"https:\\\/\\\/mesnerhaus.at\\\/wp-content\\\/uploads\\\/mesnerhaus-zimmer-12-120x120.jpg\",\"soulkitchen-portrait-full\":\"https:\\\/\\\/mesnerhaus.at\\\/wp-content\\\/uploads\\\/mesnerhaus-zimmer-12-1200x1800.jpg\",\"soulkitchen-portrait-large\":\"https:\\\/\\\/mesnerhaus.at\\\/wp-content\\\/uploads\\\/mesnerhaus-zimmer-12-800x1200.jpg\",\"soulkitchen-landscape\":\"https:\\\/\\\/mesnerhaus.at\\\/wp-content\\\/uploads\\\/mesnerhaus-zimmer-12-2308x1731.jpg\",\"soulkitchen-landscape-largex2\":\"https:\\\/\\\/mesnerhaus.at\\\/wp-content\\\/uploads\\\/mesnerhaus-zimmer-12-1600x1200.jpg\",\"soulkitchen-landscape-full\":\"https:\\\/\\\/mesnerhaus.at\\\/wp-content\\\/uploads\\\/mesnerhaus-zimmer-12-1200x900.jpg\",\"soulkitchen-landscape-large\":\"https:\\\/\\\/mesnerhaus.at\\\/wp-content\\\/uploads\\\/mesnerhaus-zimmer-12-800x600.jpg\",\"soulkitchen-landscape-medium\":\"https:\\\/\\\/mesnerhaus.at\\\/wp-content\\\/uploads\\\/mesnerhaus-zimmer-12-560x420.jpg\",\"soulkitchen-landscape-mini\":\"https:\\\/\\\/mesnerhaus.at\\\/wp-content\\\/uploads\\\/mesnerhaus-zimmer-12-120x90.jpg\",\"soulkitchen-landscapenarrow\":\"https:\\\/\\\/mesnerhaus.at\\\/wp-content\\\/uploads\\\/mesnerhaus-zimmer-12-2308x1154.jpg\",\"soulkitchen-landscapenarrow-largex2\":\"https:\\\/\\\/mesnerhaus.at\\\/wp-content\\\/uploads\\\/mesnerhaus-zimmer-12-1600x800.jpg\",\"soulkitchen-landscapenarrow-large\":\"https:\\\/\\\/mesnerhaus.at\\\/wp-content\\\/uploads\\\/mesnerhaus-zimmer-12-800x400.jpg\",\"full\":\"https:\\\/\\\/mesnerhaus.at\\\/wp-content\\\/uploads\\\/mesnerhaus-zimmer-12-scaled.jpg\",\"index\":19,\"id\":14342,\"video\":true,\"opts\":{\"caption\":\"\",\"thumb\":\"https:\\\/\\\/mesnerhaus.at\\\/wp-content\\\/uploads\\\/mesnerhaus-zimmer-12-150x150.jpg\",\"title\":\"mesnerhaus-zimmer-12\"},\"gallery_id\":\"14459\",\"tags\":{\"363\":\"boutique-hotel\",\"355\":\"cozy-seating\",\"357\":\"flowers\",\"378\":\"hotel\",\"353\":\"hotel-room\",\"356\":\"luxury\",\"354\":\"scenic-view\"}},{\"status\":\"active\",\"src\":\"https:\\\/\\\/mesnerhaus.at\\\/wp-content\\\/uploads\\\/mesnerhaus-boutique-hotel-zimmer-signature-bett-couch-2048x1365.jpg\",\"title\":\"mesnerhaus-boutique-hotel-zimmer-signature-bett-couch\",\"link\":\"https:\\\/\\\/mesnerhaus.at\\\/wp-content\\\/uploads\\\/mesnerhaus-boutique-hotel-zimmer-signature-bett-couch-scaled.jpg\",\"alt\":\"Signature-Zimmer im Mesnerhaus Boutique-Hotel mit Doppelbett und Sofa\",\"caption\":false,\"thumb\":\"https:\\\/\\\/mesnerhaus.at\\\/wp-content\\\/uploads\\\/mesnerhaus-boutique-hotel-zimmer-signature-bett-couch-150x150.jpg\",\"video_aspect_ratio\":\"\",\"video_width\":\"\",\"video_height\":\"\",\"video_in_gallery\":0,\"meta\":{\"aperture\":null,\"credit\":\"Kathrin Buschmann\",\"camera\":null,\"caption\":\"\",\"created_timestamp\":null,\"copyright\":\"Kathrin Buschmann Fotografie\",\"focal_length\":null,\"iso\":null,\"shutter_speed\":null,\"title\":\"\",\"orientation\":\"1\",\"keywords\":null,\"alt\":null},\"thumbnail\":\"https:\\\/\\\/mesnerhaus.at\\\/wp-content\\\/uploads\\\/mesnerhaus-boutique-hotel-zimmer-signature-bett-couch-150x150.jpg\",\"medium\":\"https:\\\/\\\/mesnerhaus.at\\\/wp-content\\\/uploads\\\/mesnerhaus-boutique-hotel-zimmer-signature-bett-couch-300x200.jpg\",\"medium_large\":\"https:\\\/\\\/mesnerhaus.at\\\/wp-content\\\/uploads\\\/mesnerhaus-boutique-hotel-zimmer-signature-bett-couch-768x512.jpg\",\"large\":\"https:\\\/\\\/mesnerhaus.at\\\/wp-content\\\/uploads\\\/mesnerhaus-boutique-hotel-zimmer-signature-bett-couch-1024x683.jpg\",\"thumblist\":\"https:\\\/\\\/mesnerhaus.at\\\/wp-content\\\/uploads\\\/mesnerhaus-boutique-hotel-zimmer-signature-bett-couch-300x300.jpg\",\"thumbrelated\":\"https:\\\/\\\/mesnerhaus.at\\\/wp-content\\\/uploads\\\/mesnerhaus-boutique-hotel-zimmer-signature-bett-couch-500x500.jpg\",\"meccarouselthumb\":\"https:\\\/\\\/mesnerhaus.at\\\/wp-content\\\/uploads\\\/mesnerhaus-boutique-hotel-zimmer-signature-bett-couch-474x324.jpg\",\"gridsquare\":\"https:\\\/\\\/mesnerhaus.at\\\/wp-content\\\/uploads\\\/mesnerhaus-boutique-hotel-zimmer-signature-bett-couch-391x260.jpg\",\"tileview\":\"https:\\\/\\\/mesnerhaus.at\\\/wp-content\\\/uploads\\\/mesnerhaus-boutique-hotel-zimmer-signature-bett-couch-300x400.jpg\",\"1536x1536\":\"https:\\\/\\\/mesnerhaus.at\\\/wp-content\\\/uploads\\\/mesnerhaus-boutique-hotel-zimmer-signature-bett-couch-1536x1024.jpg\",\"2048x2048\":\"https:\\\/\\\/mesnerhaus.at\\\/wp-content\\\/uploads\\\/mesnerhaus-boutique-hotel-zimmer-signature-bett-couch-2048x1365.jpg\",\"soulkitchen-uncropped\":\"https:\\\/\\\/mesnerhaus.at\\\/wp-content\\\/uploads\\\/mesnerhaus-boutique-hotel-zimmer-signature-bett-couch-2308x1539.jpg\",\"soulkitchen-uncropped-largex2\":\"https:\\\/\\\/mesnerhaus.at\\\/wp-content\\\/uploads\\\/mesnerhaus-boutique-hotel-zimmer-signature-bett-couch-1600x1067.jpg\",\"soulkitchen-uncropped-full\":\"https:\\\/\\\/mesnerhaus.at\\\/wp-content\\\/uploads\\\/mesnerhaus-boutique-hotel-zimmer-signature-bett-couch-1200x800.jpg\",\"soulkitchen-uncropped-large\":\"https:\\\/\\\/mesnerhaus.at\\\/wp-content\\\/uploads\\\/mesnerhaus-boutique-hotel-zimmer-signature-bett-couch-800x533.jpg\",\"soulkitchen-uncropped-medium\":\"https:\\\/\\\/mesnerhaus.at\\\/wp-content\\\/uploads\\\/mesnerhaus-boutique-hotel-zimmer-signature-bett-couch-560x373.jpg\",\"soulkitchen-suare\":\"https:\\\/\\\/mesnerhaus.at\\\/wp-content\\\/uploads\\\/mesnerhaus-boutique-hotel-zimmer-signature-bett-couch-2308x2308.jpg\",\"soulkitchen-square-largex2\":\"https:\\\/\\\/mesnerhaus.at\\\/wp-content\\\/uploads\\\/mesnerhaus-boutique-hotel-zimmer-signature-bett-couch-1600x1600.jpg\",\"soulkitchen-square-full\":\"https:\\\/\\\/mesnerhaus.at\\\/wp-content\\\/uploads\\\/mesnerhaus-boutique-hotel-zimmer-signature-bett-couch-1200x1200.jpg\",\"soulkitchen-square-large\":\"https:\\\/\\\/mesnerhaus.at\\\/wp-content\\\/uploads\\\/mesnerhaus-boutique-hotel-zimmer-signature-bett-couch-800x800.jpg\",\"soulkitchen-square-medium\":\"https:\\\/\\\/mesnerhaus.at\\\/wp-content\\\/uploads\\\/mesnerhaus-boutique-hotel-zimmer-signature-bett-couch-560x560.jpg\",\"soulkitchen-square-small\":\"https:\\\/\\\/mesnerhaus.at\\\/wp-content\\\/uploads\\\/mesnerhaus-boutique-hotel-zimmer-signature-bett-couch-250x250.jpg\",\"soulkitchen-square-mini\":\"https:\\\/\\\/mesnerhaus.at\\\/wp-content\\\/uploads\\\/mesnerhaus-boutique-hotel-zimmer-signature-bett-couch-120x120.jpg\",\"soulkitchen-portrait-full\":\"https:\\\/\\\/mesnerhaus.at\\\/wp-content\\\/uploads\\\/mesnerhaus-boutique-hotel-zimmer-signature-bett-couch-1200x1800.jpg\",\"soulkitchen-portrait-large\":\"https:\\\/\\\/mesnerhaus.at\\\/wp-content\\\/uploads\\\/mesnerhaus-boutique-hotel-zimmer-signature-bett-couch-800x1200.jpg\",\"soulkitchen-landscape\":\"https:\\\/\\\/mesnerhaus.at\\\/wp-content\\\/uploads\\\/mesnerhaus-boutique-hotel-zimmer-signature-bett-couch-2308x1731.jpg\",\"soulkitchen-landscape-largex2\":\"https:\\\/\\\/mesnerhaus.at\\\/wp-content\\\/uploads\\\/mesnerhaus-boutique-hotel-zimmer-signature-bett-couch-1600x1200.jpg\",\"soulkitchen-landscape-full\":\"https:\\\/\\\/mesnerhaus.at\\\/wp-content\\\/uploads\\\/mesnerhaus-boutique-hotel-zimmer-signature-bett-couch-1200x900.jpg\",\"soulkitchen-landscape-large\":\"https:\\\/\\\/mesnerhaus.at\\\/wp-content\\\/uploads\\\/mesnerhaus-boutique-hotel-zimmer-signature-bett-couch-800x600.jpg\",\"soulkitchen-landscape-medium\":\"https:\\\/\\\/mesnerhaus.at\\\/wp-content\\\/uploads\\\/mesnerhaus-boutique-hotel-zimmer-signature-bett-couch-560x420.jpg\",\"soulkitchen-landscape-mini\":\"https:\\\/\\\/mesnerhaus.at\\\/wp-content\\\/uploads\\\/mesnerhaus-boutique-hotel-zimmer-signature-bett-couch-120x90.jpg\",\"soulkitchen-landscapenarrow\":\"https:\\\/\\\/mesnerhaus.at\\\/wp-content\\\/uploads\\\/mesnerhaus-boutique-hotel-zimmer-signature-bett-couch-2308x1154.jpg\",\"soulkitchen-landscapenarrow-largex2\":\"https:\\\/\\\/mesnerhaus.at\\\/wp-content\\\/uploads\\\/mesnerhaus-boutique-hotel-zimmer-signature-bett-couch-1600x800.jpg\",\"soulkitchen-landscapenarrow-large\":\"https:\\\/\\\/mesnerhaus.at\\\/wp-content\\\/uploads\\\/mesnerhaus-boutique-hotel-zimmer-signature-bett-couch-800x400.jpg\",\"full\":\"https:\\\/\\\/mesnerhaus.at\\\/wp-content\\\/uploads\\\/mesnerhaus-boutique-hotel-zimmer-signature-bett-couch-scaled.jpg\",\"index\":20,\"id\":14407,\"video\":true,\"opts\":{\"caption\":\"\",\"thumb\":\"https:\\\/\\\/mesnerhaus.at\\\/wp-content\\\/uploads\\\/mesnerhaus-boutique-hotel-zimmer-signature-bett-couch-150x150.jpg\",\"title\":\"mesnerhaus-boutique-hotel-zimmer-signature-bett-couch\"},\"gallery_id\":\"14459\",\"tags\":{\"363\":\"boutique-hotel\",\"360\":\"comfortable-sofa\",\"362\":\"cozy-atmosphere\",\"378\":\"hotel\",\"353\":\"hotel-room\",\"282\":\"interior-design\",\"358\":\"luxury-hotel\",\"359\":\"plush-bed\",\"361\":\"skylight\"}},{\"status\":\"active\",\"src\":\"https:\\\/\\\/mesnerhaus.at\\\/wp-content\\\/uploads\\\/mesnerhaus-boutique-hotel-aussen-01-2048x1365.jpg\",\"title\":\"mesnerhaus-boutique-hotel-aussen-01\",\"link\":\"https:\\\/\\\/mesnerhaus.at\\\/wp-content\\\/uploads\\\/mesnerhaus-boutique-hotel-aussen-01-scaled.jpg\",\"alt\":\"Frontansicht des Mesnerhaus Boutique-Hotels mit wei&szlig;er Fassade und Holzkastenfenstern\",\"caption\":false,\"thumb\":\"https:\\\/\\\/mesnerhaus.at\\\/wp-content\\\/uploads\\\/mesnerhaus-boutique-hotel-aussen-01-150x150.jpg\",\"video_aspect_ratio\":\"\",\"video_width\":\"\",\"video_height\":\"\",\"video_in_gallery\":0,\"meta\":{\"aperture\":\"4\",\"credit\":\"Kathrin Buschmann\",\"camera\":\"NIKON Z 8\",\"caption\":\"\",\"created_timestamp\":\"1786005686\",\"copyright\":\"Kathrin Buschmann Fotografie\",\"focal_length\":\"35\",\"iso\":\"160\",\"shutter_speed\":\"0.00025\",\"title\":\"\",\"orientation\":\"1\",\"keywords\":null,\"alt\":null},\"thumbnail\":\"https:\\\/\\\/mesnerhaus.at\\\/wp-content\\\/uploads\\\/mesnerhaus-boutique-hotel-aussen-01-150x150.jpg\",\"medium\":\"https:\\\/\\\/mesnerhaus.at\\\/wp-content\\\/uploads\\\/mesnerhaus-boutique-hotel-aussen-01-300x200.jpg\",\"medium_large\":\"https:\\\/\\\/mesnerhaus.at\\\/wp-content\\\/uploads\\\/mesnerhaus-boutique-hotel-aussen-01-768x512.jpg\",\"large\":\"https:\\\/\\\/mesnerhaus.at\\\/wp-content\\\/uploads\\\/mesnerhaus-boutique-hotel-aussen-01-1024x683.jpg\",\"thumblist\":\"https:\\\/\\\/mesnerhaus.at\\\/wp-content\\\/uploads\\\/mesnerhaus-boutique-hotel-aussen-01-300x300.jpg\",\"thumbrelated\":\"https:\\\/\\\/mesnerhaus.at\\\/wp-content\\\/uploads\\\/mesnerhaus-boutique-hotel-aussen-01-500x500.jpg\",\"meccarouselthumb\":\"https:\\\/\\\/mesnerhaus.at\\\/wp-content\\\/uploads\\\/mesnerhaus-boutique-hotel-aussen-01-474x324.jpg\",\"gridsquare\":\"https:\\\/\\\/mesnerhaus.at\\\/wp-content\\\/uploads\\\/mesnerhaus-boutique-hotel-aussen-01-391x260.jpg\",\"tileview\":\"https:\\\/\\\/mesnerhaus.at\\\/wp-content\\\/uploads\\\/mesnerhaus-boutique-hotel-aussen-01-300x400.jpg\",\"1536x1536\":\"https:\\\/\\\/mesnerhaus.at\\\/wp-content\\\/uploads\\\/mesnerhaus-boutique-hotel-aussen-01-1536x1024.jpg\",\"2048x2048\":\"https:\\\/\\\/mesnerhaus.at\\\/wp-content\\\/uploads\\\/mesnerhaus-boutique-hotel-aussen-01-2048x1365.jpg\",\"soulkitchen-uncropped\":\"https:\\\/\\\/mesnerhaus.at\\\/wp-content\\\/uploads\\\/mesnerhaus-boutique-hotel-aussen-01-2308x1539.jpg\",\"soulkitchen-uncropped-largex2\":\"https:\\\/\\\/mesnerhaus.at\\\/wp-content\\\/uploads\\\/mesnerhaus-boutique-hotel-aussen-01-1600x1067.jpg\",\"soulkitchen-uncropped-full\":\"https:\\\/\\\/mesnerhaus.at\\\/wp-content\\\/uploads\\\/mesnerhaus-boutique-hotel-aussen-01-1200x800.jpg\",\"soulkitchen-uncropped-large\":\"https:\\\/\\\/mesnerhaus.at\\\/wp-content\\\/uploads\\\/mesnerhaus-boutique-hotel-aussen-01-800x533.jpg\",\"soulkitchen-uncropped-medium\":\"https:\\\/\\\/mesnerhaus.at\\\/wp-content\\\/uploads\\\/mesnerhaus-boutique-hotel-aussen-01-560x373.jpg\",\"soulkitchen-suare\":\"https:\\\/\\\/mesnerhaus.at\\\/wp-content\\\/uploads\\\/mesnerhaus-boutique-hotel-aussen-01-2308x2308.jpg\",\"soulkitchen-square-largex2\":\"https:\\\/\\\/mesnerhaus.at\\\/wp-content\\\/uploads\\\/mesnerhaus-boutique-hotel-aussen-01-1600x1600.jpg\",\"soulkitchen-square-full\":\"https:\\\/\\\/mesnerhaus.at\\\/wp-content\\\/uploads\\\/mesnerhaus-boutique-hotel-aussen-01-1200x1200.jpg\",\"soulkitchen-square-large\":\"https:\\\/\\\/mesnerhaus.at\\\/wp-content\\\/uploads\\\/mesnerhaus-boutique-hotel-aussen-01-800x800.jpg\",\"soulkitchen-square-medium\":\"https:\\\/\\\/mesnerhaus.at\\\/wp-content\\\/uploads\\\/mesnerhaus-boutique-hotel-aussen-01-560x560.jpg\",\"soulkitchen-square-small\":\"https:\\\/\\\/mesnerhaus.at\\\/wp-content\\\/uploads\\\/mesnerhaus-boutique-hotel-aussen-01-250x250.jpg\",\"soulkitchen-square-mini\":\"https:\\\/\\\/mesnerhaus.at\\\/wp-content\\\/uploads\\\/mesnerhaus-boutique-hotel-aussen-01-120x120.jpg\",\"soulkitchen-portrait-full\":\"https:\\\/\\\/mesnerhaus.at\\\/wp-content\\\/uploads\\\/mesnerhaus-boutique-hotel-aussen-01-1200x1800.jpg\",\"soulkitchen-portrait-large\":\"https:\\\/\\\/mesnerhaus.at\\\/wp-content\\\/uploads\\\/mesnerhaus-boutique-hotel-aussen-01-800x1200.jpg\",\"soulkitchen-landscape\":\"https:\\\/\\\/mesnerhaus.at\\\/wp-content\\\/uploads\\\/mesnerhaus-boutique-hotel-aussen-01-2308x1731.jpg\",\"soulkitchen-landscape-largex2\":\"https:\\\/\\\/mesnerhaus.at\\\/wp-content\\\/uploads\\\/mesnerhaus-boutique-hotel-aussen-01-1600x1200.jpg\",\"soulkitchen-landscape-full\":\"https:\\\/\\\/mesnerhaus.at\\\/wp-content\\\/uploads\\\/mesnerhaus-boutique-hotel-aussen-01-1200x900.jpg\",\"soulkitchen-landscape-large\":\"https:\\\/\\\/mesnerhaus.at\\\/wp-content\\\/uploads\\\/mesnerhaus-boutique-hotel-aussen-01-800x600.jpg\",\"soulkitchen-landscape-medium\":\"https:\\\/\\\/mesnerhaus.at\\\/wp-content\\\/uploads\\\/mesnerhaus-boutique-hotel-aussen-01-560x420.jpg\",\"soulkitchen-landscape-mini\":\"https:\\\/\\\/mesnerhaus.at\\\/wp-content\\\/uploads\\\/mesnerhaus-boutique-hotel-aussen-01-120x90.jpg\",\"soulkitchen-landscapenarrow\":\"https:\\\/\\\/mesnerhaus.at\\\/wp-content\\\/uploads\\\/mesnerhaus-boutique-hotel-aussen-01-2308x1154.jpg\",\"soulkitchen-landscapenarrow-largex2\":\"https:\\\/\\\/mesnerhaus.at\\\/wp-content\\\/uploads\\\/mesnerhaus-boutique-hotel-aussen-01-1600x800.jpg\",\"soulkitchen-landscapenarrow-large\":\"https:\\\/\\\/mesnerhaus.at\\\/wp-content\\\/uploads\\\/mesnerhaus-boutique-hotel-aussen-01-800x400.jpg\",\"full\":\"https:\\\/\\\/mesnerhaus.at\\\/wp-content\\\/uploads\\\/mesnerhaus-boutique-hotel-aussen-01-scaled.jpg\",\"index\":21,\"id\":14344,\"video\":true,\"opts\":{\"caption\":\"\",\"thumb\":\"https:\\\/\\\/mesnerhaus.at\\\/wp-content\\\/uploads\\\/mesnerhaus-boutique-hotel-aussen-01-150x150.jpg\",\"title\":\"mesnerhaus-boutique-hotel-aussen-01\"},\"gallery_id\":\"14459\",\"tags\":{\"363\":\"boutique-hotel\",\"365\":\"classic-architecture\",\"378\":\"hotel\",\"364\":\"hotel-exterior\",\"366\":\"white-facade\",\"367\":\"wooden-window-frames\"}},{\"status\":\"active\",\"src\":\"https:\\\/\\\/mesnerhaus.at\\\/wp-content\\\/uploads\\\/mesnerhaus-team-01-1-2048x1365.jpg\",\"title\":\"mesnerhaus-team-01\",\"link\":\"https:\\\/\\\/mesnerhaus.at\\\/wp-content\\\/uploads\\\/mesnerhaus-team-01-1-scaled.jpg\",\"alt\":\"Sieben Mitglieder des Mesnerhaus-Teams gemeinsam im Garten\",\"caption\":false,\"thumb\":\"https:\\\/\\\/mesnerhaus.at\\\/wp-content\\\/uploads\\\/mesnerhaus-team-01-1-150x150.jpg\",\"video_aspect_ratio\":\"\",\"video_width\":\"\",\"video_height\":\"\",\"video_in_gallery\":0,\"meta\":{\"aperture\":\"4.5\",\"credit\":\"Kathrin Buschmann\",\"camera\":\"NIKON Z 8\",\"caption\":\"\",\"created_timestamp\":\"1786009154\",\"copyright\":\"Kathrin Buschmann Fotografie\",\"focal_length\":\"35\",\"iso\":\"320\",\"shutter_speed\":\"0.0015625\",\"title\":\"\",\"orientation\":\"1\",\"keywords\":null,\"alt\":null,\"resized_images\":null},\"thumbnail\":\"https:\\\/\\\/mesnerhaus.at\\\/wp-content\\\/uploads\\\/mesnerhaus-team-01-1-150x150.jpg\",\"medium\":\"https:\\\/\\\/mesnerhaus.at\\\/wp-content\\\/uploads\\\/mesnerhaus-team-01-1-300x200.jpg\",\"medium_large\":\"https:\\\/\\\/mesnerhaus.at\\\/wp-content\\\/uploads\\\/mesnerhaus-team-01-1-768x512.jpg\",\"large\":\"https:\\\/\\\/mesnerhaus.at\\\/wp-content\\\/uploads\\\/mesnerhaus-team-01-1-1024x683.jpg\",\"thumblist\":\"https:\\\/\\\/mesnerhaus.at\\\/wp-content\\\/uploads\\\/mesnerhaus-team-01-1-300x300.jpg\",\"thumbrelated\":\"https:\\\/\\\/mesnerhaus.at\\\/wp-content\\\/uploads\\\/mesnerhaus-team-01-1-500x500.jpg\",\"meccarouselthumb\":\"https:\\\/\\\/mesnerhaus.at\\\/wp-content\\\/uploads\\\/mesnerhaus-team-01-1-474x324.jpg\",\"gridsquare\":\"https:\\\/\\\/mesnerhaus.at\\\/wp-content\\\/uploads\\\/mesnerhaus-team-01-1-391x260.jpg\",\"tileview\":\"https:\\\/\\\/mesnerhaus.at\\\/wp-content\\\/uploads\\\/mesnerhaus-team-01-1-300x400.jpg\",\"1536x1536\":\"https:\\\/\\\/mesnerhaus.at\\\/wp-content\\\/uploads\\\/mesnerhaus-team-01-1-1536x1024.jpg\",\"2048x2048\":\"https:\\\/\\\/mesnerhaus.at\\\/wp-content\\\/uploads\\\/mesnerhaus-team-01-1-2048x1365.jpg\",\"soulkitchen-uncropped\":\"https:\\\/\\\/mesnerhaus.at\\\/wp-content\\\/uploads\\\/mesnerhaus-team-01-1-2308x1539.jpg\",\"soulkitchen-uncropped-largex2\":\"https:\\\/\\\/mesnerhaus.at\\\/wp-content\\\/uploads\\\/mesnerhaus-team-01-1-1600x1067.jpg\",\"soulkitchen-uncropped-full\":\"https:\\\/\\\/mesnerhaus.at\\\/wp-content\\\/uploads\\\/mesnerhaus-team-01-1-1200x800.jpg\",\"soulkitchen-uncropped-large\":\"https:\\\/\\\/mesnerhaus.at\\\/wp-content\\\/uploads\\\/mesnerhaus-team-01-1-800x533.jpg\",\"soulkitchen-uncropped-medium\":\"https:\\\/\\\/mesnerhaus.at\\\/wp-content\\\/uploads\\\/mesnerhaus-team-01-1-560x373.jpg\",\"soulkitchen-suare\":\"https:\\\/\\\/mesnerhaus.at\\\/wp-content\\\/uploads\\\/mesnerhaus-team-01-1-2308x2308.jpg\",\"soulkitchen-square-largex2\":\"https:\\\/\\\/mesnerhaus.at\\\/wp-content\\\/uploads\\\/mesnerhaus-team-01-1-1600x1600.jpg\",\"soulkitchen-square-full\":\"https:\\\/\\\/mesnerhaus.at\\\/wp-content\\\/uploads\\\/mesnerhaus-team-01-1-1200x1200.jpg\",\"soulkitchen-square-large\":\"https:\\\/\\\/mesnerhaus.at\\\/wp-content\\\/uploads\\\/mesnerhaus-team-01-1-800x800.jpg\",\"soulkitchen-square-medium\":\"https:\\\/\\\/mesnerhaus.at\\\/wp-content\\\/uploads\\\/mesnerhaus-team-01-1-560x560.jpg\",\"soulkitchen-square-small\":\"https:\\\/\\\/mesnerhaus.at\\\/wp-content\\\/uploads\\\/mesnerhaus-team-01-1-250x250.jpg\",\"soulkitchen-square-mini\":\"https:\\\/\\\/mesnerhaus.at\\\/wp-content\\\/uploads\\\/mesnerhaus-team-01-1-120x120.jpg\",\"soulkitchen-portrait-full\":\"https:\\\/\\\/mesnerhaus.at\\\/wp-content\\\/uploads\\\/mesnerhaus-team-01-1-1200x1800.jpg\",\"soulkitchen-portrait-large\":\"https:\\\/\\\/mesnerhaus.at\\\/wp-content\\\/uploads\\\/mesnerhaus-team-01-1-800x1200.jpg\",\"soulkitchen-landscape\":\"https:\\\/\\\/mesnerhaus.at\\\/wp-content\\\/uploads\\\/mesnerhaus-team-01-1-2308x1731.jpg\",\"soulkitchen-landscape-largex2\":\"https:\\\/\\\/mesnerhaus.at\\\/wp-content\\\/uploads\\\/mesnerhaus-team-01-1-1600x1200.jpg\",\"soulkitchen-landscape-full\":\"https:\\\/\\\/mesnerhaus.at\\\/wp-content\\\/uploads\\\/mesnerhaus-team-01-1-1200x900.jpg\",\"soulkitchen-landscape-large\":\"https:\\\/\\\/mesnerhaus.at\\\/wp-content\\\/uploads\\\/mesnerhaus-team-01-1-800x600.jpg\",\"soulkitchen-landscape-medium\":\"https:\\\/\\\/mesnerhaus.at\\\/wp-content\\\/uploads\\\/mesnerhaus-team-01-1-560x420.jpg\",\"soulkitchen-landscape-mini\":\"https:\\\/\\\/mesnerhaus.at\\\/wp-content\\\/uploads\\\/mesnerhaus-team-01-1-120x90.jpg\",\"soulkitchen-landscapenarrow\":\"https:\\\/\\\/mesnerhaus.at\\\/wp-content\\\/uploads\\\/mesnerhaus-team-01-1-2308x1154.jpg\",\"soulkitchen-landscapenarrow-largex2\":\"https:\\\/\\\/mesnerhaus.at\\\/wp-content\\\/uploads\\\/mesnerhaus-team-01-1-1600x800.jpg\",\"soulkitchen-landscapenarrow-large\":\"https:\\\/\\\/mesnerhaus.at\\\/wp-content\\\/uploads\\\/mesnerhaus-team-01-1-800x400.jpg\",\"full\":\"https:\\\/\\\/mesnerhaus.at\\\/wp-content\\\/uploads\\\/mesnerhaus-team-01-1-scaled.jpg\",\"index\":22,\"id\":14290,\"video\":true,\"opts\":{\"caption\":\"\",\"thumb\":\"https:\\\/\\\/mesnerhaus.at\\\/wp-content\\\/uploads\\\/mesnerhaus-team-01-1-150x150.jpg\",\"title\":\"mesnerhaus-team-01\"},\"gallery_id\":\"14459\",\"tags\":{\"254\":\"garden\",\"369\":\"group-photo\",\"258\":\"mesnerhaus\",\"272\":\"outdoors\",\"370\":\"people\",\"368\":\"team\",\"371\":\"togetherness\"}},{\"status\":\"active\",\"src\":\"https:\\\/\\\/mesnerhaus.at\\\/wp-content\\\/uploads\\\/mesnerhaus-hospitality-logo-gold-auf-marineblau-2400px-2048x1420.jpg\",\"title\":\"mesnerhaus-hospitality-logo-gold-auf-marineblau-2400px\",\"link\":\"https:\\\/\\\/mesnerhaus.at\\\/wp-content\\\/uploads\\\/mesnerhaus-hospitality-logo-gold-auf-marineblau-2400px.jpg\",\"alt\":\"Logo Mesnerhaus Hospitality in Gold auf marineblauem Hintergrund\",\"caption\":false,\"thumb\":\"https:\\\/\\\/mesnerhaus.at\\\/wp-content\\\/uploads\\\/mesnerhaus-hospitality-logo-gold-auf-marineblau-2400px-150x150.jpg\",\"tags\":[],\"video_aspect_ratio\":\"\",\"video_width\":\"\",\"video_height\":\"\",\"video_in_gallery\":\"\",\"meta\":{\"aperture\":null,\"credit\":null,\"camera\":null,\"caption\":\"\",\"created_timestamp\":null,\"copyright\":null,\"focal_length\":null,\"iso\":null,\"shutter_speed\":null,\"title\":\"\",\"orientation\":null,\"keywords\":null,\"alt\":null},\"thumbnail\":\"https:\\\/\\\/mesnerhaus.at\\\/wp-content\\\/uploads\\\/mesnerhaus-hospitality-logo-gold-auf-marineblau-2400px-150x150.jpg\",\"medium\":\"https:\\\/\\\/mesnerhaus.at\\\/wp-content\\\/uploads\\\/mesnerhaus-hospitality-logo-gold-auf-marineblau-2400px-300x208.jpg\",\"medium_large\":\"https:\\\/\\\/mesnerhaus.at\\\/wp-content\\\/uploads\\\/mesnerhaus-hospitality-logo-gold-auf-marineblau-2400px-768x532.jpg\",\"large\":\"https:\\\/\\\/mesnerhaus.at\\\/wp-content\\\/uploads\\\/mesnerhaus-hospitality-logo-gold-auf-marineblau-2400px-1024x710.jpg\",\"thumblist\":\"https:\\\/\\\/mesnerhaus.at\\\/wp-content\\\/uploads\\\/mesnerhaus-hospitality-logo-gold-auf-marineblau-2400px-300x300.jpg\",\"thumbrelated\":\"https:\\\/\\\/mesnerhaus.at\\\/wp-content\\\/uploads\\\/mesnerhaus-hospitality-logo-gold-auf-marineblau-2400px-500x500.jpg\",\"meccarouselthumb\":\"https:\\\/\\\/mesnerhaus.at\\\/wp-content\\\/uploads\\\/mesnerhaus-hospitality-logo-gold-auf-marineblau-2400px-474x324.jpg\",\"gridsquare\":\"https:\\\/\\\/mesnerhaus.at\\\/wp-content\\\/uploads\\\/mesnerhaus-hospitality-logo-gold-auf-marineblau-2400px-391x260.jpg\",\"tileview\":\"https:\\\/\\\/mesnerhaus.at\\\/wp-content\\\/uploads\\\/mesnerhaus-hospitality-logo-gold-auf-marineblau-2400px-300x400.jpg\",\"1536x1536\":\"https:\\\/\\\/mesnerhaus.at\\\/wp-content\\\/uploads\\\/mesnerhaus-hospitality-logo-gold-auf-marineblau-2400px-1536x1065.jpg\",\"2048x2048\":\"https:\\\/\\\/mesnerhaus.at\\\/wp-content\\\/uploads\\\/mesnerhaus-hospitality-logo-gold-auf-marineblau-2400px-2048x1420.jpg\",\"soulkitchen-uncropped\":\"https:\\\/\\\/mesnerhaus.at\\\/wp-content\\\/uploads\\\/mesnerhaus-hospitality-logo-gold-auf-marineblau-2400px-2308x1600.jpg\",\"soulkitchen-uncropped-largex2\":\"https:\\\/\\\/mesnerhaus.at\\\/wp-content\\\/uploads\\\/mesnerhaus-hospitality-logo-gold-auf-marineblau-2400px-1600x1109.jpg\",\"soulkitchen-uncropped-full\":\"https:\\\/\\\/mesnerhaus.at\\\/wp-content\\\/uploads\\\/mesnerhaus-hospitality-logo-gold-auf-marineblau-2400px-1200x832.jpg\",\"soulkitchen-uncropped-large\":\"https:\\\/\\\/mesnerhaus.at\\\/wp-content\\\/uploads\\\/mesnerhaus-hospitality-logo-gold-auf-marineblau-2400px-800x555.jpg\",\"soulkitchen-uncropped-medium\":\"https:\\\/\\\/mesnerhaus.at\\\/wp-content\\\/uploads\\\/mesnerhaus-hospitality-logo-gold-auf-marineblau-2400px-560x388.jpg\",\"soulkitchen-suare\":\"https:\\\/\\\/mesnerhaus.at\\\/wp-content\\\/uploads\\\/mesnerhaus-hospitality-logo-gold-auf-marineblau-2400px-2308x1664.jpg\",\"soulkitchen-square-largex2\":\"https:\\\/\\\/mesnerhaus.at\\\/wp-content\\\/uploads\\\/mesnerhaus-hospitality-logo-gold-auf-marineblau-2400px-1600x1600.jpg\",\"soulkitchen-square-full\":\"https:\\\/\\\/mesnerhaus.at\\\/wp-content\\\/uploads\\\/mesnerhaus-hospitality-logo-gold-auf-marineblau-2400px-1200x1200.jpg\",\"soulkitchen-square-large\":\"https:\\\/\\\/mesnerhaus.at\\\/wp-content\\\/uploads\\\/mesnerhaus-hospitality-logo-gold-auf-marineblau-2400px-800x800.jpg\",\"soulkitchen-square-medium\":\"https:\\\/\\\/mesnerhaus.at\\\/wp-content\\\/uploads\\\/mesnerhaus-hospitality-logo-gold-auf-marineblau-2400px-560x560.jpg\",\"soulkitchen-square-small\":\"https:\\\/\\\/mesnerhaus.at\\\/wp-content\\\/uploads\\\/mesnerhaus-hospitality-logo-gold-auf-marineblau-2400px-250x250.jpg\",\"soulkitchen-square-mini\":\"https:\\\/\\\/mesnerhaus.at\\\/wp-content\\\/uploads\\\/mesnerhaus-hospitality-logo-gold-auf-marineblau-2400px-120x120.jpg\",\"soulkitchen-portrait-full\":\"https:\\\/\\\/mesnerhaus.at\\\/wp-content\\\/uploads\\\/mesnerhaus-hospitality-logo-gold-auf-marineblau-2400px-1200x1664.jpg\",\"soulkitchen-portrait-large\":\"https:\\\/\\\/mesnerhaus.at\\\/wp-content\\\/uploads\\\/mesnerhaus-hospitality-logo-gold-auf-marineblau-2400px-800x1200.jpg\",\"soulkitchen-landscape\":\"https:\\\/\\\/mesnerhaus.at\\\/wp-content\\\/uploads\\\/mesnerhaus-hospitality-logo-gold-auf-marineblau-2400px-2308x1664.jpg\",\"soulkitchen-landscape-largex2\":\"https:\\\/\\\/mesnerhaus.at\\\/wp-content\\\/uploads\\\/mesnerhaus-hospitality-logo-gold-auf-marineblau-2400px-1600x1200.jpg\",\"soulkitchen-landscape-full\":\"https:\\\/\\\/mesnerhaus.at\\\/wp-content\\\/uploads\\\/mesnerhaus-hospitality-logo-gold-auf-marineblau-2400px-1200x900.jpg\",\"soulkitchen-landscape-large\":\"https:\\\/\\\/mesnerhaus.at\\\/wp-content\\\/uploads\\\/mesnerhaus-hospitality-logo-gold-auf-marineblau-2400px-800x600.jpg\",\"soulkitchen-landscape-medium\":\"https:\\\/\\\/mesnerhaus.at\\\/wp-content\\\/uploads\\\/mesnerhaus-hospitality-logo-gold-auf-marineblau-2400px-560x420.jpg\",\"soulkitchen-landscape-mini\":\"https:\\\/\\\/mesnerhaus.at\\\/wp-content\\\/uploads\\\/mesnerhaus-hospitality-logo-gold-auf-marineblau-2400px-120x90.jpg\",\"soulkitchen-landscapenarrow\":\"https:\\\/\\\/mesnerhaus.at\\\/wp-content\\\/uploads\\\/mesnerhaus-hospitality-logo-gold-auf-marineblau-2400px-2308x1154.jpg\",\"soulkitchen-landscapenarrow-largex2\":\"https:\\\/\\\/mesnerhaus.at\\\/wp-content\\\/uploads\\\/mesnerhaus-hospitality-logo-gold-auf-marineblau-2400px-1600x800.jpg\",\"soulkitchen-landscapenarrow-large\":\"https:\\\/\\\/mesnerhaus.at\\\/wp-content\\\/uploads\\\/mesnerhaus-hospitality-logo-gold-auf-marineblau-2400px-800x400.jpg\",\"full\":\"https:\\\/\\\/mesnerhaus.at\\\/wp-content\\\/uploads\\\/mesnerhaus-hospitality-logo-gold-auf-marineblau-2400px.jpg\",\"index\":23,\"id\":14460,\"video\":true,\"opts\":{\"caption\":\"\",\"thumb\":\"https:\\\/\\\/mesnerhaus.at\\\/wp-content\\\/uploads\\\/mesnerhaus-hospitality-logo-gold-auf-marineblau-2400px-150x150.jpg\",\"title\":\"mesnerhaus-hospitality-logo-gold-auf-marineblau-2400px\"},\"gallery_id\":\"14459\"},{\"status\":\"active\",\"src\":\"https:\\\/\\\/mesnerhaus.at\\\/wp-content\\\/uploads\\\/mesnerhaus-hospitality-logo-gold-auf-weiss-2400px-2048x1420.jpg\",\"title\":\"mesnerhaus-hospitality-logo-gold-auf-weiss-2400px\",\"link\":\"https:\\\/\\\/mesnerhaus.at\\\/wp-content\\\/uploads\\\/mesnerhaus-hospitality-logo-gold-auf-weiss-2400px.jpg\",\"alt\":\"Logo Mesnerhaus Hospitality in Gold auf wei&szlig;em Hintergrund\",\"caption\":false,\"thumb\":\"https:\\\/\\\/mesnerhaus.at\\\/wp-content\\\/uploads\\\/mesnerhaus-hospitality-logo-gold-auf-weiss-2400px-150x150.jpg\",\"tags\":[],\"video_aspect_ratio\":\"\",\"video_width\":\"\",\"video_height\":\"\",\"video_in_gallery\":\"\",\"meta\":{\"aperture\":null,\"credit\":null,\"camera\":null,\"caption\":\"\",\"created_timestamp\":null,\"copyright\":null,\"focal_length\":null,\"iso\":null,\"shutter_speed\":null,\"title\":\"\",\"orientation\":null,\"keywords\":null,\"alt\":null},\"thumbnail\":\"https:\\\/\\\/mesnerhaus.at\\\/wp-content\\\/uploads\\\/mesnerhaus-hospitality-logo-gold-auf-weiss-2400px-150x150.jpg\",\"medium\":\"https:\\\/\\\/mesnerhaus.at\\\/wp-content\\\/uploads\\\/mesnerhaus-hospitality-logo-gold-auf-weiss-2400px-300x208.jpg\",\"medium_large\":\"https:\\\/\\\/mesnerhaus.at\\\/wp-content\\\/uploads\\\/mesnerhaus-hospitality-logo-gold-auf-weiss-2400px-768x532.jpg\",\"large\":\"https:\\\/\\\/mesnerhaus.at\\\/wp-content\\\/uploads\\\/mesnerhaus-hospitality-logo-gold-auf-weiss-2400px-1024x710.jpg\",\"thumblist\":\"https:\\\/\\\/mesnerhaus.at\\\/wp-content\\\/uploads\\\/mesnerhaus-hospitality-logo-gold-auf-weiss-2400px-300x300.jpg\",\"thumbrelated\":\"https:\\\/\\\/mesnerhaus.at\\\/wp-content\\\/uploads\\\/mesnerhaus-hospitality-logo-gold-auf-weiss-2400px-500x500.jpg\",\"meccarouselthumb\":\"https:\\\/\\\/mesnerhaus.at\\\/wp-content\\\/uploads\\\/mesnerhaus-hospitality-logo-gold-auf-weiss-2400px-474x324.jpg\",\"gridsquare\":\"https:\\\/\\\/mesnerhaus.at\\\/wp-content\\\/uploads\\\/mesnerhaus-hospitality-logo-gold-auf-weiss-2400px-391x260.jpg\",\"tileview\":\"https:\\\/\\\/mesnerhaus.at\\\/wp-content\\\/uploads\\\/mesnerhaus-hospitality-logo-gold-auf-weiss-2400px-300x400.jpg\",\"1536x1536\":\"https:\\\/\\\/mesnerhaus.at\\\/wp-content\\\/uploads\\\/mesnerhaus-hospitality-logo-gold-auf-weiss-2400px-1536x1065.jpg\",\"2048x2048\":\"https:\\\/\\\/mesnerhaus.at\\\/wp-content\\\/uploads\\\/mesnerhaus-hospitality-logo-gold-auf-weiss-2400px-2048x1420.jpg\",\"soulkitchen-uncropped\":\"https:\\\/\\\/mesnerhaus.at\\\/wp-content\\\/uploads\\\/mesnerhaus-hospitality-logo-gold-auf-weiss-2400px-2308x1600.jpg\",\"soulkitchen-uncropped-largex2\":\"https:\\\/\\\/mesnerhaus.at\\\/wp-content\\\/uploads\\\/mesnerhaus-hospitality-logo-gold-auf-weiss-2400px-1600x1109.jpg\",\"soulkitchen-uncropped-full\":\"https:\\\/\\\/mesnerhaus.at\\\/wp-content\\\/uploads\\\/mesnerhaus-hospitality-logo-gold-auf-weiss-2400px-1200x832.jpg\",\"soulkitchen-uncropped-large\":\"https:\\\/\\\/mesnerhaus.at\\\/wp-content\\\/uploads\\\/mesnerhaus-hospitality-logo-gold-auf-weiss-2400px-800x555.jpg\",\"soulkitchen-uncropped-medium\":\"https:\\\/\\\/mesnerhaus.at\\\/wp-content\\\/uploads\\\/mesnerhaus-hospitality-logo-gold-auf-weiss-2400px-560x388.jpg\",\"soulkitchen-suare\":\"https:\\\/\\\/mesnerhaus.at\\\/wp-content\\\/uploads\\\/mesnerhaus-hospitality-logo-gold-auf-weiss-2400px-2308x1664.jpg\",\"soulkitchen-square-largex2\":\"https:\\\/\\\/mesnerhaus.at\\\/wp-content\\\/uploads\\\/mesnerhaus-hospitality-logo-gold-auf-weiss-2400px-1600x1600.jpg\",\"soulkitchen-square-full\":\"https:\\\/\\\/mesnerhaus.at\\\/wp-content\\\/uploads\\\/mesnerhaus-hospitality-logo-gold-auf-weiss-2400px-1200x1200.jpg\",\"soulkitchen-square-large\":\"https:\\\/\\\/mesnerhaus.at\\\/wp-content\\\/uploads\\\/mesnerhaus-hospitality-logo-gold-auf-weiss-2400px-800x800.jpg\",\"soulkitchen-square-medium\":\"https:\\\/\\\/mesnerhaus.at\\\/wp-content\\\/uploads\\\/mesnerhaus-hospitality-logo-gold-auf-weiss-2400px-560x560.jpg\",\"soulkitchen-square-small\":\"https:\\\/\\\/mesnerhaus.at\\\/wp-content\\\/uploads\\\/mesnerhaus-hospitality-logo-gold-auf-weiss-2400px-250x250.jpg\",\"soulkitchen-square-mini\":\"https:\\\/\\\/mesnerhaus.at\\\/wp-content\\\/uploads\\\/mesnerhaus-hospitality-logo-gold-auf-weiss-2400px-120x120.jpg\",\"soulkitchen-portrait-full\":\"https:\\\/\\\/mesnerhaus.at\\\/wp-content\\\/uploads\\\/mesnerhaus-hospitality-logo-gold-auf-weiss-2400px-1200x1664.jpg\",\"soulkitchen-portrait-large\":\"https:\\\/\\\/mesnerhaus.at\\\/wp-content\\\/uploads\\\/mesnerhaus-hospitality-logo-gold-auf-weiss-2400px-800x1200.jpg\",\"soulkitchen-landscape\":\"https:\\\/\\\/mesnerhaus.at\\\/wp-content\\\/uploads\\\/mesnerhaus-hospitality-logo-gold-auf-weiss-2400px-2308x1664.jpg\",\"soulkitchen-landscape-largex2\":\"https:\\\/\\\/mesnerhaus.at\\\/wp-content\\\/uploads\\\/mesnerhaus-hospitality-logo-gold-auf-weiss-2400px-1600x1200.jpg\",\"soulkitchen-landscape-full\":\"https:\\\/\\\/mesnerhaus.at\\\/wp-content\\\/uploads\\\/mesnerhaus-hospitality-logo-gold-auf-weiss-2400px-1200x900.jpg\",\"soulkitchen-landscape-large\":\"https:\\\/\\\/mesnerhaus.at\\\/wp-content\\\/uploads\\\/mesnerhaus-hospitality-logo-gold-auf-weiss-2400px-800x600.jpg\",\"soulkitchen-landscape-medium\":\"https:\\\/\\\/mesnerhaus.at\\\/wp-content\\\/uploads\\\/mesnerhaus-hospitality-logo-gold-auf-weiss-2400px-560x420.jpg\",\"soulkitchen-landscape-mini\":\"https:\\\/\\\/mesnerhaus.at\\\/wp-content\\\/uploads\\\/mesnerhaus-hospitality-logo-gold-auf-weiss-2400px-120x90.jpg\",\"soulkitchen-landscapenarrow\":\"https:\\\/\\\/mesnerhaus.at\\\/wp-content\\\/uploads\\\/mesnerhaus-hospitality-logo-gold-auf-weiss-2400px-2308x1154.jpg\",\"soulkitchen-landscapenarrow-largex2\":\"https:\\\/\\\/mesnerhaus.at\\\/wp-content\\\/uploads\\\/mesnerhaus-hospitality-logo-gold-auf-weiss-2400px-1600x800.jpg\",\"soulkitchen-landscapenarrow-large\":\"https:\\\/\\\/mesnerhaus.at\\\/wp-content\\\/uploads\\\/mesnerhaus-hospitality-logo-gold-auf-weiss-2400px-800x400.jpg\",\"full\":\"https:\\\/\\\/mesnerhaus.at\\\/wp-content\\\/uploads\\\/mesnerhaus-hospitality-logo-gold-auf-weiss-2400px.jpg\",\"index\":24,\"id\":14461,\"video\":true,\"opts\":{\"caption\":\"\",\"thumb\":\"https:\\\/\\\/mesnerhaus.at\\\/wp-content\\\/uploads\\\/mesnerhaus-hospitality-logo-gold-auf-weiss-2400px-150x150.jpg\",\"title\":\"mesnerhaus-hospitality-logo-gold-auf-weiss-2400px\"},\"gallery_id\":\"14459\"},{\"status\":\"active\",\"src\":\"https:\\\/\\\/mesnerhaus.at\\\/wp-content\\\/uploads\\\/mesnerhaus-boutique-hotel-logo-gold-auf-marineblau-2400px-2048x1420.jpg\",\"title\":\"mesnerhaus-boutique-hotel-logo-gold-auf-marineblau-2400px\",\"link\":\"https:\\\/\\\/mesnerhaus.at\\\/wp-content\\\/uploads\\\/mesnerhaus-boutique-hotel-logo-gold-auf-marineblau-2400px.jpg\",\"alt\":\"Logo Mesnerhaus Boutique-Hotel in Gold auf marineblauem Hintergrund\",\"caption\":false,\"thumb\":\"https:\\\/\\\/mesnerhaus.at\\\/wp-content\\\/uploads\\\/mesnerhaus-boutique-hotel-logo-gold-auf-marineblau-2400px-150x150.jpg\",\"tags\":[],\"video_aspect_ratio\":\"\",\"video_width\":\"\",\"video_height\":\"\",\"video_in_gallery\":\"\",\"meta\":{\"aperture\":null,\"credit\":null,\"camera\":null,\"caption\":\"\",\"created_timestamp\":null,\"copyright\":null,\"focal_length\":null,\"iso\":null,\"shutter_speed\":null,\"title\":\"\",\"orientation\":null,\"keywords\":null,\"alt\":null},\"thumbnail\":\"https:\\\/\\\/mesnerhaus.at\\\/wp-content\\\/uploads\\\/mesnerhaus-boutique-hotel-logo-gold-auf-marineblau-2400px-150x150.jpg\",\"medium\":\"https:\\\/\\\/mesnerhaus.at\\\/wp-content\\\/uploads\\\/mesnerhaus-boutique-hotel-logo-gold-auf-marineblau-2400px-300x208.jpg\",\"medium_large\":\"https:\\\/\\\/mesnerhaus.at\\\/wp-content\\\/uploads\\\/mesnerhaus-boutique-hotel-logo-gold-auf-marineblau-2400px-768x532.jpg\",\"large\":\"https:\\\/\\\/mesnerhaus.at\\\/wp-content\\\/uploads\\\/mesnerhaus-boutique-hotel-logo-gold-auf-marineblau-2400px-1024x710.jpg\",\"thumblist\":\"https:\\\/\\\/mesnerhaus.at\\\/wp-content\\\/uploads\\\/mesnerhaus-boutique-hotel-logo-gold-auf-marineblau-2400px-300x300.jpg\",\"thumbrelated\":\"https:\\\/\\\/mesnerhaus.at\\\/wp-content\\\/uploads\\\/mesnerhaus-boutique-hotel-logo-gold-auf-marineblau-2400px-500x500.jpg\",\"meccarouselthumb\":\"https:\\\/\\\/mesnerhaus.at\\\/wp-content\\\/uploads\\\/mesnerhaus-boutique-hotel-logo-gold-auf-marineblau-2400px-474x324.jpg\",\"gridsquare\":\"https:\\\/\\\/mesnerhaus.at\\\/wp-content\\\/uploads\\\/mesnerhaus-boutique-hotel-logo-gold-auf-marineblau-2400px-391x260.jpg\",\"tileview\":\"https:\\\/\\\/mesnerhaus.at\\\/wp-content\\\/uploads\\\/mesnerhaus-boutique-hotel-logo-gold-auf-marineblau-2400px-300x400.jpg\",\"1536x1536\":\"https:\\\/\\\/mesnerhaus.at\\\/wp-content\\\/uploads\\\/mesnerhaus-boutique-hotel-logo-gold-auf-marineblau-2400px-1536x1065.jpg\",\"2048x2048\":\"https:\\\/\\\/mesnerhaus.at\\\/wp-content\\\/uploads\\\/mesnerhaus-boutique-hotel-logo-gold-auf-marineblau-2400px-2048x1420.jpg\",\"soulkitchen-uncropped\":\"https:\\\/\\\/mesnerhaus.at\\\/wp-content\\\/uploads\\\/mesnerhaus-boutique-hotel-logo-gold-auf-marineblau-2400px-2308x1600.jpg\",\"soulkitchen-uncropped-largex2\":\"https:\\\/\\\/mesnerhaus.at\\\/wp-content\\\/uploads\\\/mesnerhaus-boutique-hotel-logo-gold-auf-marineblau-2400px-1600x1109.jpg\",\"soulkitchen-uncropped-full\":\"https:\\\/\\\/mesnerhaus.at\\\/wp-content\\\/uploads\\\/mesnerhaus-boutique-hotel-logo-gold-auf-marineblau-2400px-1200x832.jpg\",\"soulkitchen-uncropped-large\":\"https:\\\/\\\/mesnerhaus.at\\\/wp-content\\\/uploads\\\/mesnerhaus-boutique-hotel-logo-gold-auf-marineblau-2400px-800x555.jpg\",\"soulkitchen-uncropped-medium\":\"https:\\\/\\\/mesnerhaus.at\\\/wp-content\\\/uploads\\\/mesnerhaus-boutique-hotel-logo-gold-auf-marineblau-2400px-560x388.jpg\",\"soulkitchen-suare\":\"https:\\\/\\\/mesnerhaus.at\\\/wp-content\\\/uploads\\\/mesnerhaus-boutique-hotel-logo-gold-auf-marineblau-2400px-2308x1664.jpg\",\"soulkitchen-square-largex2\":\"https:\\\/\\\/mesnerhaus.at\\\/wp-content\\\/uploads\\\/mesnerhaus-boutique-hotel-logo-gold-auf-marineblau-2400px-1600x1600.jpg\",\"soulkitchen-square-full\":\"https:\\\/\\\/mesnerhaus.at\\\/wp-content\\\/uploads\\\/mesnerhaus-boutique-hotel-logo-gold-auf-marineblau-2400px-1200x1200.jpg\",\"soulkitchen-square-large\":\"https:\\\/\\\/mesnerhaus.at\\\/wp-content\\\/uploads\\\/mesnerhaus-boutique-hotel-logo-gold-auf-marineblau-2400px-800x800.jpg\",\"soulkitchen-square-medium\":\"https:\\\/\\\/mesnerhaus.at\\\/wp-content\\\/uploads\\\/mesnerhaus-boutique-hotel-logo-gold-auf-marineblau-2400px-560x560.jpg\",\"soulkitchen-square-small\":\"https:\\\/\\\/mesnerhaus.at\\\/wp-content\\\/uploads\\\/mesnerhaus-boutique-hotel-logo-gold-auf-marineblau-2400px-250x250.jpg\",\"soulkitchen-square-mini\":\"https:\\\/\\\/mesnerhaus.at\\\/wp-content\\\/uploads\\\/mesnerhaus-boutique-hotel-logo-gold-auf-marineblau-2400px-120x120.jpg\",\"soulkitchen-portrait-full\":\"https:\\\/\\\/mesnerhaus.at\\\/wp-content\\\/uploads\\\/mesnerhaus-boutique-hotel-logo-gold-auf-marineblau-2400px-1200x1664.jpg\",\"soulkitchen-portrait-large\":\"https:\\\/\\\/mesnerhaus.at\\\/wp-content\\\/uploads\\\/mesnerhaus-boutique-hotel-logo-gold-auf-marineblau-2400px-800x1200.jpg\",\"soulkitchen-landscape\":\"https:\\\/\\\/mesnerhaus.at\\\/wp-content\\\/uploads\\\/mesnerhaus-boutique-hotel-logo-gold-auf-marineblau-2400px-2308x1664.jpg\",\"soulkitchen-landscape-largex2\":\"https:\\\/\\\/mesnerhaus.at\\\/wp-content\\\/uploads\\\/mesnerhaus-boutique-hotel-logo-gold-auf-marineblau-2400px-1600x1200.jpg\",\"soulkitchen-landscape-full\":\"https:\\\/\\\/mesnerhaus.at\\\/wp-content\\\/uploads\\\/mesnerhaus-boutique-hotel-logo-gold-auf-marineblau-2400px-1200x900.jpg\",\"soulkitchen-landscape-large\":\"https:\\\/\\\/mesnerhaus.at\\\/wp-content\\\/uploads\\\/mesnerhaus-boutique-hotel-logo-gold-auf-marineblau-2400px-800x600.jpg\",\"soulkitchen-landscape-medium\":\"https:\\\/\\\/mesnerhaus.at\\\/wp-content\\\/uploads\\\/mesnerhaus-boutique-hotel-logo-gold-auf-marineblau-2400px-560x420.jpg\",\"soulkitchen-landscape-mini\":\"https:\\\/\\\/mesnerhaus.at\\\/wp-content\\\/uploads\\\/mesnerhaus-boutique-hotel-logo-gold-auf-marineblau-2400px-120x90.jpg\",\"soulkitchen-landscapenarrow\":\"https:\\\/\\\/mesnerhaus.at\\\/wp-content\\\/uploads\\\/mesnerhaus-boutique-hotel-logo-gold-auf-marineblau-2400px-2308x1154.jpg\",\"soulkitchen-landscapenarrow-largex2\":\"https:\\\/\\\/mesnerhaus.at\\\/wp-content\\\/uploads\\\/mesnerhaus-boutique-hotel-logo-gold-auf-marineblau-2400px-1600x800.jpg\",\"soulkitchen-landscapenarrow-large\":\"https:\\\/\\\/mesnerhaus.at\\\/wp-content\\\/uploads\\\/mesnerhaus-boutique-hotel-logo-gold-auf-marineblau-2400px-800x400.jpg\",\"full\":\"https:\\\/\\\/mesnerhaus.at\\\/wp-content\\\/uploads\\\/mesnerhaus-boutique-hotel-logo-gold-auf-marineblau-2400px.jpg\",\"index\":25,\"id\":14462,\"video\":true,\"opts\":{\"caption\":\"\",\"thumb\":\"https:\\\/\\\/mesnerhaus.at\\\/wp-content\\\/uploads\\\/mesnerhaus-boutique-hotel-logo-gold-auf-marineblau-2400px-150x150.jpg\",\"title\":\"mesnerhaus-boutique-hotel-logo-gold-auf-marineblau-2400px\"},\"gallery_id\":\"14459\"},{\"status\":\"active\",\"src\":\"https:\\\/\\\/mesnerhaus.at\\\/wp-content\\\/uploads\\\/mesnerhaus-boutique-hotel-logo-gold-auf-weiss-2400px-2048x1420.jpg\",\"title\":\"mesnerhaus-boutique-hotel-logo-gold-auf-weiss-2400px\",\"link\":\"https:\\\/\\\/mesnerhaus.at\\\/wp-content\\\/uploads\\\/mesnerhaus-boutique-hotel-logo-gold-auf-weiss-2400px.jpg\",\"alt\":\"Logo Mesnerhaus Boutique-Hotel in Gold auf wei&szlig;em Hintergrund\",\"caption\":false,\"thumb\":\"https:\\\/\\\/mesnerhaus.at\\\/wp-content\\\/uploads\\\/mesnerhaus-boutique-hotel-logo-gold-auf-weiss-2400px-150x150.jpg\",\"tags\":[],\"video_aspect_ratio\":\"\",\"video_width\":\"\",\"video_height\":\"\",\"video_in_gallery\":\"\",\"meta\":{\"aperture\":null,\"credit\":null,\"camera\":null,\"caption\":\"\",\"created_timestamp\":null,\"copyright\":null,\"focal_length\":null,\"iso\":null,\"shutter_speed\":null,\"title\":\"\",\"orientation\":null,\"keywords\":null,\"alt\":null},\"thumbnail\":\"https:\\\/\\\/mesnerhaus.at\\\/wp-content\\\/uploads\\\/mesnerhaus-boutique-hotel-logo-gold-auf-weiss-2400px-150x150.jpg\",\"medium\":\"https:\\\/\\\/mesnerhaus.at\\\/wp-content\\\/uploads\\\/mesnerhaus-boutique-hotel-logo-gold-auf-weiss-2400px-300x208.jpg\",\"medium_large\":\"https:\\\/\\\/mesnerhaus.at\\\/wp-content\\\/uploads\\\/mesnerhaus-boutique-hotel-logo-gold-auf-weiss-2400px-768x532.jpg\",\"large\":\"https:\\\/\\\/mesnerhaus.at\\\/wp-content\\\/uploads\\\/mesnerhaus-boutique-hotel-logo-gold-auf-weiss-2400px-1024x710.jpg\",\"thumblist\":\"https:\\\/\\\/mesnerhaus.at\\\/wp-content\\\/uploads\\\/mesnerhaus-boutique-hotel-logo-gold-auf-weiss-2400px-300x300.jpg\",\"thumbrelated\":\"https:\\\/\\\/mesnerhaus.at\\\/wp-content\\\/uploads\\\/mesnerhaus-boutique-hotel-logo-gold-auf-weiss-2400px-500x500.jpg\",\"meccarouselthumb\":\"https:\\\/\\\/mesnerhaus.at\\\/wp-content\\\/uploads\\\/mesnerhaus-boutique-hotel-logo-gold-auf-weiss-2400px-474x324.jpg\",\"gridsquare\":\"https:\\\/\\\/mesnerhaus.at\\\/wp-content\\\/uploads\\\/mesnerhaus-boutique-hotel-logo-gold-auf-weiss-2400px-391x260.jpg\",\"tileview\":\"https:\\\/\\\/mesnerhaus.at\\\/wp-content\\\/uploads\\\/mesnerhaus-boutique-hotel-logo-gold-auf-weiss-2400px-300x400.jpg\",\"1536x1536\":\"https:\\\/\\\/mesnerhaus.at\\\/wp-content\\\/uploads\\\/mesnerhaus-boutique-hotel-logo-gold-auf-weiss-2400px-1536x1065.jpg\",\"2048x2048\":\"https:\\\/\\\/mesnerhaus.at\\\/wp-content\\\/uploads\\\/mesnerhaus-boutique-hotel-logo-gold-auf-weiss-2400px-2048x1420.jpg\",\"soulkitchen-uncropped\":\"https:\\\/\\\/mesnerhaus.at\\\/wp-content\\\/uploads\\\/mesnerhaus-boutique-hotel-logo-gold-auf-weiss-2400px-2308x1600.jpg\",\"soulkitchen-uncropped-largex2\":\"https:\\\/\\\/mesnerhaus.at\\\/wp-content\\\/uploads\\\/mesnerhaus-boutique-hotel-logo-gold-auf-weiss-2400px-1600x1109.jpg\",\"soulkitchen-uncropped-full\":\"https:\\\/\\\/mesnerhaus.at\\\/wp-content\\\/uploads\\\/mesnerhaus-boutique-hotel-logo-gold-auf-weiss-2400px-1200x832.jpg\",\"soulkitchen-uncropped-large\":\"https:\\\/\\\/mesnerhaus.at\\\/wp-content\\\/uploads\\\/mesnerhaus-boutique-hotel-logo-gold-auf-weiss-2400px-800x555.jpg\",\"soulkitchen-uncropped-medium\":\"https:\\\/\\\/mesnerhaus.at\\\/wp-content\\\/uploads\\\/mesnerhaus-boutique-hotel-logo-gold-auf-weiss-2400px-560x388.jpg\",\"soulkitchen-suare\":\"https:\\\/\\\/mesnerhaus.at\\\/wp-content\\\/uploads\\\/mesnerhaus-boutique-hotel-logo-gold-auf-weiss-2400px-2308x1664.jpg\",\"soulkitchen-square-largex2\":\"https:\\\/\\\/mesnerhaus.at\\\/wp-content\\\/uploads\\\/mesnerhaus-boutique-hotel-logo-gold-auf-weiss-2400px-1600x1600.jpg\",\"soulkitchen-square-full\":\"https:\\\/\\\/mesnerhaus.at\\\/wp-content\\\/uploads\\\/mesnerhaus-boutique-hotel-logo-gold-auf-weiss-2400px-1200x1200.jpg\",\"soulkitchen-square-large\":\"https:\\\/\\\/mesnerhaus.at\\\/wp-content\\\/uploads\\\/mesnerhaus-boutique-hotel-logo-gold-auf-weiss-2400px-800x800.jpg\",\"soulkitchen-square-medium\":\"https:\\\/\\\/mesnerhaus.at\\\/wp-content\\\/uploads\\\/mesnerhaus-boutique-hotel-logo-gold-auf-weiss-2400px-560x560.jpg\",\"soulkitchen-square-small\":\"https:\\\/\\\/mesnerhaus.at\\\/wp-content\\\/uploads\\\/mesnerhaus-boutique-hotel-logo-gold-auf-weiss-2400px-250x250.jpg\",\"soulkitchen-square-mini\":\"https:\\\/\\\/mesnerhaus.at\\\/wp-content\\\/uploads\\\/mesnerhaus-boutique-hotel-logo-gold-auf-weiss-2400px-120x120.jpg\",\"soulkitchen-portrait-full\":\"https:\\\/\\\/mesnerhaus.at\\\/wp-content\\\/uploads\\\/mesnerhaus-boutique-hotel-logo-gold-auf-weiss-2400px-1200x1664.jpg\",\"soulkitchen-portrait-large\":\"https:\\\/\\\/mesnerhaus.at\\\/wp-content\\\/uploads\\\/mesnerhaus-boutique-hotel-logo-gold-auf-weiss-2400px-800x1200.jpg\",\"soulkitchen-landscape\":\"https:\\\/\\\/mesnerhaus.at\\\/wp-content\\\/uploads\\\/mesnerhaus-boutique-hotel-logo-gold-auf-weiss-2400px-2308x1664.jpg\",\"soulkitchen-landscape-largex2\":\"https:\\\/\\\/mesnerhaus.at\\\/wp-content\\\/uploads\\\/mesnerhaus-boutique-hotel-logo-gold-auf-weiss-2400px-1600x1200.jpg\",\"soulkitchen-landscape-full\":\"https:\\\/\\\/mesnerhaus.at\\\/wp-content\\\/uploads\\\/mesnerhaus-boutique-hotel-logo-gold-auf-weiss-2400px-1200x900.jpg\",\"soulkitchen-landscape-large\":\"https:\\\/\\\/mesnerhaus.at\\\/wp-content\\\/uploads\\\/mesnerhaus-boutique-hotel-logo-gold-auf-weiss-2400px-800x600.jpg\",\"soulkitchen-landscape-medium\":\"https:\\\/\\\/mesnerhaus.at\\\/wp-content\\\/uploads\\\/mesnerhaus-boutique-hotel-logo-gold-auf-weiss-2400px-560x420.jpg\",\"soulkitchen-landscape-mini\":\"https:\\\/\\\/mesnerhaus.at\\\/wp-content\\\/uploads\\\/mesnerhaus-boutique-hotel-logo-gold-auf-weiss-2400px-120x90.jpg\",\"soulkitchen-landscapenarrow\":\"https:\\\/\\\/mesnerhaus.at\\\/wp-content\\\/uploads\\\/mesnerhaus-boutique-hotel-logo-gold-auf-weiss-2400px-2308x1154.jpg\",\"soulkitchen-landscapenarrow-largex2\":\"https:\\\/\\\/mesnerhaus.at\\\/wp-content\\\/uploads\\\/mesnerhaus-boutique-hotel-logo-gold-auf-weiss-2400px-1600x800.jpg\",\"soulkitchen-landscapenarrow-large\":\"https:\\\/\\\/mesnerhaus.at\\\/wp-content\\\/uploads\\\/mesnerhaus-boutique-hotel-logo-gold-auf-weiss-2400px-800x400.jpg\",\"full\":\"https:\\\/\\\/mesnerhaus.at\\\/wp-content\\\/uploads\\\/mesnerhaus-boutique-hotel-logo-gold-auf-weiss-2400px.jpg\",\"index\":26,\"id\":14463,\"video\":true,\"opts\":{\"caption\":\"\",\"thumb\":\"https:\\\/\\\/mesnerhaus.at\\\/wp-content\\\/uploads\\\/mesnerhaus-boutique-hotel-logo-gold-auf-weiss-2400px-150x150.jpg\",\"title\":\"mesnerhaus-boutique-hotel-logo-gold-auf-weiss-2400px\"},\"gallery_id\":\"14459\"},{\"status\":\"active\",\"src\":\"https:\\\/\\\/mesnerhaus.at\\\/wp-content\\\/uploads\\\/mesnerhaus-gourmet-restaurant-logo-gold-auf-marineblau-2400px-2048x1419.jpg\",\"title\":\"mesnerhaus-gourmet-restaurant-logo-gold-auf-marineblau-2400px\",\"link\":\"https:\\\/\\\/mesnerhaus.at\\\/wp-content\\\/uploads\\\/mesnerhaus-gourmet-restaurant-logo-gold-auf-marineblau-2400px.jpg\",\"alt\":\"Logo Mesnerhaus Gourmet-Restaurant in Gold auf marineblauem Hintergrund\",\"caption\":false,\"thumb\":\"https:\\\/\\\/mesnerhaus.at\\\/wp-content\\\/uploads\\\/mesnerhaus-gourmet-restaurant-logo-gold-auf-marineblau-2400px-150x150.jpg\",\"tags\":[],\"video_aspect_ratio\":\"\",\"video_width\":\"\",\"video_height\":\"\",\"video_in_gallery\":\"\",\"meta\":{\"aperture\":null,\"credit\":null,\"camera\":null,\"caption\":\"\",\"created_timestamp\":null,\"copyright\":null,\"focal_length\":null,\"iso\":null,\"shutter_speed\":null,\"title\":\"\",\"orientation\":null,\"keywords\":null,\"alt\":null},\"thumbnail\":\"https:\\\/\\\/mesnerhaus.at\\\/wp-content\\\/uploads\\\/mesnerhaus-gourmet-restaurant-logo-gold-auf-marineblau-2400px-150x150.jpg\",\"medium\":\"https:\\\/\\\/mesnerhaus.at\\\/wp-content\\\/uploads\\\/mesnerhaus-gourmet-restaurant-logo-gold-auf-marineblau-2400px-300x208.jpg\",\"medium_large\":\"https:\\\/\\\/mesnerhaus.at\\\/wp-content\\\/uploads\\\/mesnerhaus-gourmet-restaurant-logo-gold-auf-marineblau-2400px-768x532.jpg\",\"large\":\"https:\\\/\\\/mesnerhaus.at\\\/wp-content\\\/uploads\\\/mesnerhaus-gourmet-restaurant-logo-gold-auf-marineblau-2400px-1024x710.jpg\",\"thumblist\":\"https:\\\/\\\/mesnerhaus.at\\\/wp-content\\\/uploads\\\/mesnerhaus-gourmet-restaurant-logo-gold-auf-marineblau-2400px-300x300.jpg\",\"thumbrelated\":\"https:\\\/\\\/mesnerhaus.at\\\/wp-content\\\/uploads\\\/mesnerhaus-gourmet-restaurant-logo-gold-auf-marineblau-2400px-500x500.jpg\",\"meccarouselthumb\":\"https:\\\/\\\/mesnerhaus.at\\\/wp-content\\\/uploads\\\/mesnerhaus-gourmet-restaurant-logo-gold-auf-marineblau-2400px-474x324.jpg\",\"gridsquare\":\"https:\\\/\\\/mesnerhaus.at\\\/wp-content\\\/uploads\\\/mesnerhaus-gourmet-restaurant-logo-gold-auf-marineblau-2400px-391x260.jpg\",\"tileview\":\"https:\\\/\\\/mesnerhaus.at\\\/wp-content\\\/uploads\\\/mesnerhaus-gourmet-restaurant-logo-gold-auf-marineblau-2400px-300x400.jpg\",\"1536x1536\":\"https:\\\/\\\/mesnerhaus.at\\\/wp-content\\\/uploads\\\/mesnerhaus-gourmet-restaurant-logo-gold-auf-marineblau-2400px-1536x1064.jpg\",\"2048x2048\":\"https:\\\/\\\/mesnerhaus.at\\\/wp-content\\\/uploads\\\/mesnerhaus-gourmet-restaurant-logo-gold-auf-marineblau-2400px-2048x1419.jpg\",\"soulkitchen-uncropped\":\"https:\\\/\\\/mesnerhaus.at\\\/wp-content\\\/uploads\\\/mesnerhaus-gourmet-restaurant-logo-gold-auf-marineblau-2400px-2308x1599.jpg\",\"soulkitchen-uncropped-largex2\":\"https:\\\/\\\/mesnerhaus.at\\\/wp-content\\\/uploads\\\/mesnerhaus-gourmet-restaurant-logo-gold-auf-marineblau-2400px-1600x1109.jpg\",\"soulkitchen-uncropped-full\":\"https:\\\/\\\/mesnerhaus.at\\\/wp-content\\\/uploads\\\/mesnerhaus-gourmet-restaurant-logo-gold-auf-marineblau-2400px-1200x832.jpg\",\"soulkitchen-uncropped-large\":\"https:\\\/\\\/mesnerhaus.at\\\/wp-content\\\/uploads\\\/mesnerhaus-gourmet-restaurant-logo-gold-auf-marineblau-2400px-800x554.jpg\",\"soulkitchen-uncropped-medium\":\"https:\\\/\\\/mesnerhaus.at\\\/wp-content\\\/uploads\\\/mesnerhaus-gourmet-restaurant-logo-gold-auf-marineblau-2400px-560x388.jpg\",\"soulkitchen-suare\":\"https:\\\/\\\/mesnerhaus.at\\\/wp-content\\\/uploads\\\/mesnerhaus-gourmet-restaurant-logo-gold-auf-marineblau-2400px-2308x1663.jpg\",\"soulkitchen-square-largex2\":\"https:\\\/\\\/mesnerhaus.at\\\/wp-content\\\/uploads\\\/mesnerhaus-gourmet-restaurant-logo-gold-auf-marineblau-2400px-1600x1600.jpg\",\"soulkitchen-square-full\":\"https:\\\/\\\/mesnerhaus.at\\\/wp-content\\\/uploads\\\/mesnerhaus-gourmet-restaurant-logo-gold-auf-marineblau-2400px-1200x1200.jpg\",\"soulkitchen-square-large\":\"https:\\\/\\\/mesnerhaus.at\\\/wp-content\\\/uploads\\\/mesnerhaus-gourmet-restaurant-logo-gold-auf-marineblau-2400px-800x800.jpg\",\"soulkitchen-square-medium\":\"https:\\\/\\\/mesnerhaus.at\\\/wp-content\\\/uploads\\\/mesnerhaus-gourmet-restaurant-logo-gold-auf-marineblau-2400px-560x560.jpg\",\"soulkitchen-square-small\":\"https:\\\/\\\/mesnerhaus.at\\\/wp-content\\\/uploads\\\/mesnerhaus-gourmet-restaurant-logo-gold-auf-marineblau-2400px-250x250.jpg\",\"soulkitchen-square-mini\":\"https:\\\/\\\/mesnerhaus.at\\\/wp-content\\\/uploads\\\/mesnerhaus-gourmet-restaurant-logo-gold-auf-marineblau-2400px-120x120.jpg\",\"soulkitchen-portrait-full\":\"https:\\\/\\\/mesnerhaus.at\\\/wp-content\\\/uploads\\\/mesnerhaus-gourmet-restaurant-logo-gold-auf-marineblau-2400px-1200x1663.jpg\",\"soulkitchen-portrait-large\":\"https:\\\/\\\/mesnerhaus.at\\\/wp-content\\\/uploads\\\/mesnerhaus-gourmet-restaurant-logo-gold-auf-marineblau-2400px-800x1200.jpg\",\"soulkitchen-landscape\":\"https:\\\/\\\/mesnerhaus.at\\\/wp-content\\\/uploads\\\/mesnerhaus-gourmet-restaurant-logo-gold-auf-marineblau-2400px-2308x1663.jpg\",\"soulkitchen-landscape-largex2\":\"https:\\\/\\\/mesnerhaus.at\\\/wp-content\\\/uploads\\\/mesnerhaus-gourmet-restaurant-logo-gold-auf-marineblau-2400px-1600x1200.jpg\",\"soulkitchen-landscape-full\":\"https:\\\/\\\/mesnerhaus.at\\\/wp-content\\\/uploads\\\/mesnerhaus-gourmet-restaurant-logo-gold-auf-marineblau-2400px-1200x900.jpg\",\"soulkitchen-landscape-large\":\"https:\\\/\\\/mesnerhaus.at\\\/wp-content\\\/uploads\\\/mesnerhaus-gourmet-restaurant-logo-gold-auf-marineblau-2400px-800x600.jpg\",\"soulkitchen-landscape-medium\":\"https:\\\/\\\/mesnerhaus.at\\\/wp-content\\\/uploads\\\/mesnerhaus-gourmet-restaurant-logo-gold-auf-marineblau-2400px-560x420.jpg\",\"soulkitchen-landscape-mini\":\"https:\\\/\\\/mesnerhaus.at\\\/wp-content\\\/uploads\\\/mesnerhaus-gourmet-restaurant-logo-gold-auf-marineblau-2400px-120x90.jpg\",\"soulkitchen-landscapenarrow\":\"https:\\\/\\\/mesnerhaus.at\\\/wp-content\\\/uploads\\\/mesnerhaus-gourmet-restaurant-logo-gold-auf-marineblau-2400px-2308x1154.jpg\",\"soulkitchen-landscapenarrow-largex2\":\"https:\\\/\\\/mesnerhaus.at\\\/wp-content\\\/uploads\\\/mesnerhaus-gourmet-restaurant-logo-gold-auf-marineblau-2400px-1600x800.jpg\",\"soulkitchen-landscapenarrow-large\":\"https:\\\/\\\/mesnerhaus.at\\\/wp-content\\\/uploads\\\/mesnerhaus-gourmet-restaurant-logo-gold-auf-marineblau-2400px-800x400.jpg\",\"full\":\"https:\\\/\\\/mesnerhaus.at\\\/wp-content\\\/uploads\\\/mesnerhaus-gourmet-restaurant-logo-gold-auf-marineblau-2400px.jpg\",\"index\":27,\"id\":14464,\"video\":true,\"opts\":{\"caption\":\"\",\"thumb\":\"https:\\\/\\\/mesnerhaus.at\\\/wp-content\\\/uploads\\\/mesnerhaus-gourmet-restaurant-logo-gold-auf-marineblau-2400px-150x150.jpg\",\"title\":\"mesnerhaus-gourmet-restaurant-logo-gold-auf-marineblau-2400px\"},\"gallery_id\":\"14459\"},{\"status\":\"active\",\"src\":\"https:\\\/\\\/mesnerhaus.at\\\/wp-content\\\/uploads\\\/mesnerhaus-gourmet-restaurant-logo-gold-auf-weiss-2400px-2048x1419.jpg\",\"title\":\"mesnerhaus-gourmet-restaurant-logo-gold-auf-weiss-2400px\",\"link\":\"https:\\\/\\\/mesnerhaus.at\\\/wp-content\\\/uploads\\\/mesnerhaus-gourmet-restaurant-logo-gold-auf-weiss-2400px.jpg\",\"alt\":\"Logo Mesnerhaus Gourmet-Restaurant in Gold auf wei&szlig;em Hintergrund\",\"caption\":false,\"thumb\":\"https:\\\/\\\/mesnerhaus.at\\\/wp-content\\\/uploads\\\/mesnerhaus-gourmet-restaurant-logo-gold-auf-weiss-2400px-150x150.jpg\",\"tags\":[],\"video_aspect_ratio\":\"\",\"video_width\":\"\",\"video_height\":\"\",\"video_in_gallery\":\"\",\"meta\":{\"aperture\":null,\"credit\":null,\"camera\":null,\"caption\":\"\",\"created_timestamp\":null,\"copyright\":null,\"focal_length\":null,\"iso\":null,\"shutter_speed\":null,\"title\":\"\",\"orientation\":null,\"keywords\":null,\"alt\":null},\"thumbnail\":\"https:\\\/\\\/mesnerhaus.at\\\/wp-content\\\/uploads\\\/mesnerhaus-gourmet-restaurant-logo-gold-auf-weiss-2400px-150x150.jpg\",\"medium\":\"https:\\\/\\\/mesnerhaus.at\\\/wp-content\\\/uploads\\\/mesnerhaus-gourmet-restaurant-logo-gold-auf-weiss-2400px-300x208.jpg\",\"medium_large\":\"https:\\\/\\\/mesnerhaus.at\\\/wp-content\\\/uploads\\\/mesnerhaus-gourmet-restaurant-logo-gold-auf-weiss-2400px-768x532.jpg\",\"large\":\"https:\\\/\\\/mesnerhaus.at\\\/wp-content\\\/uploads\\\/mesnerhaus-gourmet-restaurant-logo-gold-auf-weiss-2400px-1024x710.jpg\",\"thumblist\":\"https:\\\/\\\/mesnerhaus.at\\\/wp-content\\\/uploads\\\/mesnerhaus-gourmet-restaurant-logo-gold-auf-weiss-2400px-300x300.jpg\",\"thumbrelated\":\"https:\\\/\\\/mesnerhaus.at\\\/wp-content\\\/uploads\\\/mesnerhaus-gourmet-restaurant-logo-gold-auf-weiss-2400px-500x500.jpg\",\"meccarouselthumb\":\"https:\\\/\\\/mesnerhaus.at\\\/wp-content\\\/uploads\\\/mesnerhaus-gourmet-restaurant-logo-gold-auf-weiss-2400px-474x324.jpg\",\"gridsquare\":\"https:\\\/\\\/mesnerhaus.at\\\/wp-content\\\/uploads\\\/mesnerhaus-gourmet-restaurant-logo-gold-auf-weiss-2400px-391x260.jpg\",\"tileview\":\"https:\\\/\\\/mesnerhaus.at\\\/wp-content\\\/uploads\\\/mesnerhaus-gourmet-restaurant-logo-gold-auf-weiss-2400px-300x400.jpg\",\"1536x1536\":\"https:\\\/\\\/mesnerhaus.at\\\/wp-content\\\/uploads\\\/mesnerhaus-gourmet-restaurant-logo-gold-auf-weiss-2400px-1536x1064.jpg\",\"2048x2048\":\"https:\\\/\\\/mesnerhaus.at\\\/wp-content\\\/uploads\\\/mesnerhaus-gourmet-restaurant-logo-gold-auf-weiss-2400px-2048x1419.jpg\",\"soulkitchen-uncropped\":\"https:\\\/\\\/mesnerhaus.at\\\/wp-content\\\/uploads\\\/mesnerhaus-gourmet-restaurant-logo-gold-auf-weiss-2400px-2308x1599.jpg\",\"soulkitchen-uncropped-largex2\":\"https:\\\/\\\/mesnerhaus.at\\\/wp-content\\\/uploads\\\/mesnerhaus-gourmet-restaurant-logo-gold-auf-weiss-2400px-1600x1109.jpg\",\"soulkitchen-uncropped-full\":\"https:\\\/\\\/mesnerhaus.at\\\/wp-content\\\/uploads\\\/mesnerhaus-gourmet-restaurant-logo-gold-auf-weiss-2400px-1200x832.jpg\",\"soulkitchen-uncropped-large\":\"https:\\\/\\\/mesnerhaus.at\\\/wp-content\\\/uploads\\\/mesnerhaus-gourmet-restaurant-logo-gold-auf-weiss-2400px-800x554.jpg\",\"soulkitchen-uncropped-medium\":\"https:\\\/\\\/mesnerhaus.at\\\/wp-content\\\/uploads\\\/mesnerhaus-gourmet-restaurant-logo-gold-auf-weiss-2400px-560x388.jpg\",\"soulkitchen-suare\":\"https:\\\/\\\/mesnerhaus.at\\\/wp-content\\\/uploads\\\/mesnerhaus-gourmet-restaurant-logo-gold-auf-weiss-2400px-2308x1663.jpg\",\"soulkitchen-square-largex2\":\"https:\\\/\\\/mesnerhaus.at\\\/wp-content\\\/uploads\\\/mesnerhaus-gourmet-restaurant-logo-gold-auf-weiss-2400px-1600x1600.jpg\",\"soulkitchen-square-full\":\"https:\\\/\\\/mesnerhaus.at\\\/wp-content\\\/uploads\\\/mesnerhaus-gourmet-restaurant-logo-gold-auf-weiss-2400px-1200x1200.jpg\",\"soulkitchen-square-large\":\"https:\\\/\\\/mesnerhaus.at\\\/wp-content\\\/uploads\\\/mesnerhaus-gourmet-restaurant-logo-gold-auf-weiss-2400px-800x800.jpg\",\"soulkitchen-square-medium\":\"https:\\\/\\\/mesnerhaus.at\\\/wp-content\\\/uploads\\\/mesnerhaus-gourmet-restaurant-logo-gold-auf-weiss-2400px-560x560.jpg\",\"soulkitchen-square-small\":\"https:\\\/\\\/mesnerhaus.at\\\/wp-content\\\/uploads\\\/mesnerhaus-gourmet-restaurant-logo-gold-auf-weiss-2400px-250x250.jpg\",\"soulkitchen-square-mini\":\"https:\\\/\\\/mesnerhaus.at\\\/wp-content\\\/uploads\\\/mesnerhaus-gourmet-restaurant-logo-gold-auf-weiss-2400px-120x120.jpg\",\"soulkitchen-portrait-full\":\"https:\\\/\\\/mesnerhaus.at\\\/wp-content\\\/uploads\\\/mesnerhaus-gourmet-restaurant-logo-gold-auf-weiss-2400px-1200x1663.jpg\",\"soulkitchen-portrait-large\":\"https:\\\/\\\/mesnerhaus.at\\\/wp-content\\\/uploads\\\/mesnerhaus-gourmet-restaurant-logo-gold-auf-weiss-2400px-800x1200.jpg\",\"soulkitchen-landscape\":\"https:\\\/\\\/mesnerhaus.at\\\/wp-content\\\/uploads\\\/mesnerhaus-gourmet-restaurant-logo-gold-auf-weiss-2400px-2308x1663.jpg\",\"soulkitchen-landscape-largex2\":\"https:\\\/\\\/mesnerhaus.at\\\/wp-content\\\/uploads\\\/mesnerhaus-gourmet-restaurant-logo-gold-auf-weiss-2400px-1600x1200.jpg\",\"soulkitchen-landscape-full\":\"https:\\\/\\\/mesnerhaus.at\\\/wp-content\\\/uploads\\\/mesnerhaus-gourmet-restaurant-logo-gold-auf-weiss-2400px-1200x900.jpg\",\"soulkitchen-landscape-large\":\"https:\\\/\\\/mesnerhaus.at\\\/wp-content\\\/uploads\\\/mesnerhaus-gourmet-restaurant-logo-gold-auf-weiss-2400px-800x600.jpg\",\"soulkitchen-landscape-medium\":\"https:\\\/\\\/mesnerhaus.at\\\/wp-content\\\/uploads\\\/mesnerhaus-gourmet-restaurant-logo-gold-auf-weiss-2400px-560x420.jpg\",\"soulkitchen-landscape-mini\":\"https:\\\/\\\/mesnerhaus.at\\\/wp-content\\\/uploads\\\/mesnerhaus-gourmet-restaurant-logo-gold-auf-weiss-2400px-120x90.jpg\",\"soulkitchen-landscapenarrow\":\"https:\\\/\\\/mesnerhaus.at\\\/wp-content\\\/uploads\\\/mesnerhaus-gourmet-restaurant-logo-gold-auf-weiss-2400px-2308x1154.jpg\",\"soulkitchen-landscapenarrow-largex2\":\"https:\\\/\\\/mesnerhaus.at\\\/wp-content\\\/uploads\\\/mesnerhaus-gourmet-restaurant-logo-gold-auf-weiss-2400px-1600x800.jpg\",\"soulkitchen-landscapenarrow-large\":\"https:\\\/\\\/mesnerhaus.at\\\/wp-content\\\/uploads\\\/mesnerhaus-gourmet-restaurant-logo-gold-auf-weiss-2400px-800x400.jpg\",\"full\":\"https:\\\/\\\/mesnerhaus.at\\\/wp-content\\\/uploads\\\/mesnerhaus-gourmet-restaurant-logo-gold-auf-weiss-2400px.jpg\",\"index\":28,\"id\":14465,\"video\":true,\"opts\":{\"caption\":\"\",\"thumb\":\"https:\\\/\\\/mesnerhaus.at\\\/wp-content\\\/uploads\\\/mesnerhaus-gourmet-restaurant-logo-gold-auf-weiss-2400px-150x150.jpg\",\"title\":\"mesnerhaus-gourmet-restaurant-logo-gold-auf-weiss-2400px\"},\"gallery_id\":\"14459\"},{\"status\":\"active\",\"src\":\"https:\\\/\\\/mesnerhaus.at\\\/wp-content\\\/uploads\\\/mesnerhaus-signet-standard-gold-auf-marineblau-2400px-2048x1420.jpg\",\"title\":\"mesnerhaus-signet-standard-gold-auf-marineblau-2400px\",\"link\":\"https:\\\/\\\/mesnerhaus.at\\\/wp-content\\\/uploads\\\/mesnerhaus-signet-standard-gold-auf-marineblau-2400px.jpg\",\"alt\":\"Goldenes Mesnerhaus-Signet auf marineblauem Hintergrund\",\"caption\":false,\"thumb\":\"https:\\\/\\\/mesnerhaus.at\\\/wp-content\\\/uploads\\\/mesnerhaus-signet-standard-gold-auf-marineblau-2400px-150x150.jpg\",\"tags\":[],\"video_aspect_ratio\":\"\",\"video_width\":\"\",\"video_height\":\"\",\"video_in_gallery\":\"\",\"meta\":{\"aperture\":null,\"credit\":null,\"camera\":null,\"caption\":\"\",\"created_timestamp\":null,\"copyright\":null,\"focal_length\":null,\"iso\":null,\"shutter_speed\":null,\"title\":\"\",\"orientation\":null,\"keywords\":null,\"alt\":null},\"thumbnail\":\"https:\\\/\\\/mesnerhaus.at\\\/wp-content\\\/uploads\\\/mesnerhaus-signet-standard-gold-auf-marineblau-2400px-150x150.jpg\",\"medium\":\"https:\\\/\\\/mesnerhaus.at\\\/wp-content\\\/uploads\\\/mesnerhaus-signet-standard-gold-auf-marineblau-2400px-300x208.jpg\",\"medium_large\":\"https:\\\/\\\/mesnerhaus.at\\\/wp-content\\\/uploads\\\/mesnerhaus-signet-standard-gold-auf-marineblau-2400px-768x532.jpg\",\"large\":\"https:\\\/\\\/mesnerhaus.at\\\/wp-content\\\/uploads\\\/mesnerhaus-signet-standard-gold-auf-marineblau-2400px-1024x710.jpg\",\"thumblist\":\"https:\\\/\\\/mesnerhaus.at\\\/wp-content\\\/uploads\\\/mesnerhaus-signet-standard-gold-auf-marineblau-2400px-300x300.jpg\",\"thumbrelated\":\"https:\\\/\\\/mesnerhaus.at\\\/wp-content\\\/uploads\\\/mesnerhaus-signet-standard-gold-auf-marineblau-2400px-500x500.jpg\",\"meccarouselthumb\":\"https:\\\/\\\/mesnerhaus.at\\\/wp-content\\\/uploads\\\/mesnerhaus-signet-standard-gold-auf-marineblau-2400px-474x324.jpg\",\"gridsquare\":\"https:\\\/\\\/mesnerhaus.at\\\/wp-content\\\/uploads\\\/mesnerhaus-signet-standard-gold-auf-marineblau-2400px-391x260.jpg\",\"tileview\":\"https:\\\/\\\/mesnerhaus.at\\\/wp-content\\\/uploads\\\/mesnerhaus-signet-standard-gold-auf-marineblau-2400px-300x400.jpg\",\"1536x1536\":\"https:\\\/\\\/mesnerhaus.at\\\/wp-content\\\/uploads\\\/mesnerhaus-signet-standard-gold-auf-marineblau-2400px-1536x1065.jpg\",\"2048x2048\":\"https:\\\/\\\/mesnerhaus.at\\\/wp-content\\\/uploads\\\/mesnerhaus-signet-standard-gold-auf-marineblau-2400px-2048x1420.jpg\",\"soulkitchen-uncropped\":\"https:\\\/\\\/mesnerhaus.at\\\/wp-content\\\/uploads\\\/mesnerhaus-signet-standard-gold-auf-marineblau-2400px-2308x1600.jpg\",\"soulkitchen-uncropped-largex2\":\"https:\\\/\\\/mesnerhaus.at\\\/wp-content\\\/uploads\\\/mesnerhaus-signet-standard-gold-auf-marineblau-2400px-1600x1109.jpg\",\"soulkitchen-uncropped-full\":\"https:\\\/\\\/mesnerhaus.at\\\/wp-content\\\/uploads\\\/mesnerhaus-signet-standard-gold-auf-marineblau-2400px-1200x832.jpg\",\"soulkitchen-uncropped-large\":\"https:\\\/\\\/mesnerhaus.at\\\/wp-content\\\/uploads\\\/mesnerhaus-signet-standard-gold-auf-marineblau-2400px-800x555.jpg\",\"soulkitchen-uncropped-medium\":\"https:\\\/\\\/mesnerhaus.at\\\/wp-content\\\/uploads\\\/mesnerhaus-signet-standard-gold-auf-marineblau-2400px-560x388.jpg\",\"soulkitchen-suare\":\"https:\\\/\\\/mesnerhaus.at\\\/wp-content\\\/uploads\\\/mesnerhaus-signet-standard-gold-auf-marineblau-2400px-2308x1664.jpg\",\"soulkitchen-square-largex2\":\"https:\\\/\\\/mesnerhaus.at\\\/wp-content\\\/uploads\\\/mesnerhaus-signet-standard-gold-auf-marineblau-2400px-1600x1600.jpg\",\"soulkitchen-square-full\":\"https:\\\/\\\/mesnerhaus.at\\\/wp-content\\\/uploads\\\/mesnerhaus-signet-standard-gold-auf-marineblau-2400px-1200x1200.jpg\",\"soulkitchen-square-large\":\"https:\\\/\\\/mesnerhaus.at\\\/wp-content\\\/uploads\\\/mesnerhaus-signet-standard-gold-auf-marineblau-2400px-800x800.jpg\",\"soulkitchen-square-medium\":\"https:\\\/\\\/mesnerhaus.at\\\/wp-content\\\/uploads\\\/mesnerhaus-signet-standard-gold-auf-marineblau-2400px-560x560.jpg\",\"soulkitchen-square-small\":\"https:\\\/\\\/mesnerhaus.at\\\/wp-content\\\/uploads\\\/mesnerhaus-signet-standard-gold-auf-marineblau-2400px-250x250.jpg\",\"soulkitchen-square-mini\":\"https:\\\/\\\/mesnerhaus.at\\\/wp-content\\\/uploads\\\/mesnerhaus-signet-standard-gold-auf-marineblau-2400px-120x120.jpg\",\"soulkitchen-portrait-full\":\"https:\\\/\\\/mesnerhaus.at\\\/wp-content\\\/uploads\\\/mesnerhaus-signet-standard-gold-auf-marineblau-2400px-1200x1664.jpg\",\"soulkitchen-portrait-large\":\"https:\\\/\\\/mesnerhaus.at\\\/wp-content\\\/uploads\\\/mesnerhaus-signet-standard-gold-auf-marineblau-2400px-800x1200.jpg\",\"soulkitchen-landscape\":\"https:\\\/\\\/mesnerhaus.at\\\/wp-content\\\/uploads\\\/mesnerhaus-signet-standard-gold-auf-marineblau-2400px-2308x1664.jpg\",\"soulkitchen-landscape-largex2\":\"https:\\\/\\\/mesnerhaus.at\\\/wp-content\\\/uploads\\\/mesnerhaus-signet-standard-gold-auf-marineblau-2400px-1600x1200.jpg\",\"soulkitchen-landscape-full\":\"https:\\\/\\\/mesnerhaus.at\\\/wp-content\\\/uploads\\\/mesnerhaus-signet-standard-gold-auf-marineblau-2400px-1200x900.jpg\",\"soulkitchen-landscape-large\":\"https:\\\/\\\/mesnerhaus.at\\\/wp-content\\\/uploads\\\/mesnerhaus-signet-standard-gold-auf-marineblau-2400px-800x600.jpg\",\"soulkitchen-landscape-medium\":\"https:\\\/\\\/mesnerhaus.at\\\/wp-content\\\/uploads\\\/mesnerhaus-signet-standard-gold-auf-marineblau-2400px-560x420.jpg\",\"soulkitchen-landscape-mini\":\"https:\\\/\\\/mesnerhaus.at\\\/wp-content\\\/uploads\\\/mesnerhaus-signet-standard-gold-auf-marineblau-2400px-120x90.jpg\",\"soulkitchen-landscapenarrow\":\"https:\\\/\\\/mesnerhaus.at\\\/wp-content\\\/uploads\\\/mesnerhaus-signet-standard-gold-auf-marineblau-2400px-2308x1154.jpg\",\"soulkitchen-landscapenarrow-largex2\":\"https:\\\/\\\/mesnerhaus.at\\\/wp-content\\\/uploads\\\/mesnerhaus-signet-standard-gold-auf-marineblau-2400px-1600x800.jpg\",\"soulkitchen-landscapenarrow-large\":\"https:\\\/\\\/mesnerhaus.at\\\/wp-content\\\/uploads\\\/mesnerhaus-signet-standard-gold-auf-marineblau-2400px-800x400.jpg\",\"full\":\"https:\\\/\\\/mesnerhaus.at\\\/wp-content\\\/uploads\\\/mesnerhaus-signet-standard-gold-auf-marineblau-2400px.jpg\",\"index\":29,\"id\":14466,\"video\":true,\"opts\":{\"caption\":\"\",\"thumb\":\"https:\\\/\\\/mesnerhaus.at\\\/wp-content\\\/uploads\\\/mesnerhaus-signet-standard-gold-auf-marineblau-2400px-150x150.jpg\",\"title\":\"mesnerhaus-signet-standard-gold-auf-marineblau-2400px\"},\"gallery_id\":\"14459\"},{\"status\":\"active\",\"src\":\"https:\\\/\\\/mesnerhaus.at\\\/wp-content\\\/uploads\\\/mesnerhaus-signet-standard-gold-auf-weiss-2400px-2048x1420.jpg\",\"title\":\"mesnerhaus-signet-standard-gold-auf-weiss-2400px\",\"link\":\"https:\\\/\\\/mesnerhaus.at\\\/wp-content\\\/uploads\\\/mesnerhaus-signet-standard-gold-auf-weiss-2400px.jpg\",\"alt\":\"Goldenes Mesnerhaus-Signet auf wei&szlig;em Hintergrund\",\"caption\":false,\"thumb\":\"https:\\\/\\\/mesnerhaus.at\\\/wp-content\\\/uploads\\\/mesnerhaus-signet-standard-gold-auf-weiss-2400px-150x150.jpg\",\"tags\":[],\"video_aspect_ratio\":\"\",\"video_width\":\"\",\"video_height\":\"\",\"video_in_gallery\":\"\",\"meta\":{\"aperture\":null,\"credit\":null,\"camera\":null,\"caption\":\"\",\"created_timestamp\":null,\"copyright\":null,\"focal_length\":null,\"iso\":null,\"shutter_speed\":null,\"title\":\"\",\"orientation\":null,\"keywords\":null,\"alt\":null},\"thumbnail\":\"https:\\\/\\\/mesnerhaus.at\\\/wp-content\\\/uploads\\\/mesnerhaus-signet-standard-gold-auf-weiss-2400px-150x150.jpg\",\"medium\":\"https:\\\/\\\/mesnerhaus.at\\\/wp-content\\\/uploads\\\/mesnerhaus-signet-standard-gold-auf-weiss-2400px-300x208.jpg\",\"medium_large\":\"https:\\\/\\\/mesnerhaus.at\\\/wp-content\\\/uploads\\\/mesnerhaus-signet-standard-gold-auf-weiss-2400px-768x532.jpg\",\"large\":\"https:\\\/\\\/mesnerhaus.at\\\/wp-content\\\/uploads\\\/mesnerhaus-signet-standard-gold-auf-weiss-2400px-1024x710.jpg\",\"thumblist\":\"https:\\\/\\\/mesnerhaus.at\\\/wp-content\\\/uploads\\\/mesnerhaus-signet-standard-gold-auf-weiss-2400px-300x300.jpg\",\"thumbrelated\":\"https:\\\/\\\/mesnerhaus.at\\\/wp-content\\\/uploads\\\/mesnerhaus-signet-standard-gold-auf-weiss-2400px-500x500.jpg\",\"meccarouselthumb\":\"https:\\\/\\\/mesnerhaus.at\\\/wp-content\\\/uploads\\\/mesnerhaus-signet-standard-gold-auf-weiss-2400px-474x324.jpg\",\"gridsquare\":\"https:\\\/\\\/mesnerhaus.at\\\/wp-content\\\/uploads\\\/mesnerhaus-signet-standard-gold-auf-weiss-2400px-391x260.jpg\",\"tileview\":\"https:\\\/\\\/mesnerhaus.at\\\/wp-content\\\/uploads\\\/mesnerhaus-signet-standard-gold-auf-weiss-2400px-300x400.jpg\",\"1536x1536\":\"https:\\\/\\\/mesnerhaus.at\\\/wp-content\\\/uploads\\\/mesnerhaus-signet-standard-gold-auf-weiss-2400px-1536x1065.jpg\",\"2048x2048\":\"https:\\\/\\\/mesnerhaus.at\\\/wp-content\\\/uploads\\\/mesnerhaus-signet-standard-gold-auf-weiss-2400px-2048x1420.jpg\",\"soulkitchen-uncropped\":\"https:\\\/\\\/mesnerhaus.at\\\/wp-content\\\/uploads\\\/mesnerhaus-signet-standard-gold-auf-weiss-2400px-2308x1600.jpg\",\"soulkitchen-uncropped-largex2\":\"https:\\\/\\\/mesnerhaus.at\\\/wp-content\\\/uploads\\\/mesnerhaus-signet-standard-gold-auf-weiss-2400px-1600x1109.jpg\",\"soulkitchen-uncropped-full\":\"https:\\\/\\\/mesnerhaus.at\\\/wp-content\\\/uploads\\\/mesnerhaus-signet-standard-gold-auf-weiss-2400px-1200x832.jpg\",\"soulkitchen-uncropped-large\":\"https:\\\/\\\/mesnerhaus.at\\\/wp-content\\\/uploads\\\/mesnerhaus-signet-standard-gold-auf-weiss-2400px-800x555.jpg\",\"soulkitchen-uncropped-medium\":\"https:\\\/\\\/mesnerhaus.at\\\/wp-content\\\/uploads\\\/mesnerhaus-signet-standard-gold-auf-weiss-2400px-560x388.jpg\",\"soulkitchen-suare\":\"https:\\\/\\\/mesnerhaus.at\\\/wp-content\\\/uploads\\\/mesnerhaus-signet-standard-gold-auf-weiss-2400px-2308x1664.jpg\",\"soulkitchen-square-largex2\":\"https:\\\/\\\/mesnerhaus.at\\\/wp-content\\\/uploads\\\/mesnerhaus-signet-standard-gold-auf-weiss-2400px-1600x1600.jpg\",\"soulkitchen-square-full\":\"https:\\\/\\\/mesnerhaus.at\\\/wp-content\\\/uploads\\\/mesnerhaus-signet-standard-gold-auf-weiss-2400px-1200x1200.jpg\",\"soulkitchen-square-large\":\"https:\\\/\\\/mesnerhaus.at\\\/wp-content\\\/uploads\\\/mesnerhaus-signet-standard-gold-auf-weiss-2400px-800x800.jpg\",\"soulkitchen-square-medium\":\"https:\\\/\\\/mesnerhaus.at\\\/wp-content\\\/uploads\\\/mesnerhaus-signet-standard-gold-auf-weiss-2400px-560x560.jpg\",\"soulkitchen-square-small\":\"https:\\\/\\\/mesnerhaus.at\\\/wp-content\\\/uploads\\\/mesnerhaus-signet-standard-gold-auf-weiss-2400px-250x250.jpg\",\"soulkitchen-square-mini\":\"https:\\\/\\\/mesnerhaus.at\\\/wp-content\\\/uploads\\\/mesnerhaus-signet-standard-gold-auf-weiss-2400px-120x120.jpg\",\"soulkitchen-portrait-full\":\"https:\\\/\\\/mesnerhaus.at\\\/wp-content\\\/uploads\\\/mesnerhaus-signet-standard-gold-auf-weiss-2400px-1200x1664.jpg\",\"soulkitchen-portrait-large\":\"https:\\\/\\\/mesnerhaus.at\\\/wp-content\\\/uploads\\\/mesnerhaus-signet-standard-gold-auf-weiss-2400px-800x1200.jpg\",\"soulkitchen-landscape\":\"https:\\\/\\\/mesnerhaus.at\\\/wp-content\\\/uploads\\\/mesnerhaus-signet-standard-gold-auf-weiss-2400px-2308x1664.jpg\",\"soulkitchen-landscape-largex2\":\"https:\\\/\\\/mesnerhaus.at\\\/wp-content\\\/uploads\\\/mesnerhaus-signet-standard-gold-auf-weiss-2400px-1600x1200.jpg\",\"soulkitchen-landscape-full\":\"https:\\\/\\\/mesnerhaus.at\\\/wp-content\\\/uploads\\\/mesnerhaus-signet-standard-gold-auf-weiss-2400px-1200x900.jpg\",\"soulkitchen-landscape-large\":\"https:\\\/\\\/mesnerhaus.at\\\/wp-content\\\/uploads\\\/mesnerhaus-signet-standard-gold-auf-weiss-2400px-800x600.jpg\",\"soulkitchen-landscape-medium\":\"https:\\\/\\\/mesnerhaus.at\\\/wp-content\\\/uploads\\\/mesnerhaus-signet-standard-gold-auf-weiss-2400px-560x420.jpg\",\"soulkitchen-landscape-mini\":\"https:\\\/\\\/mesnerhaus.at\\\/wp-content\\\/uploads\\\/mesnerhaus-signet-standard-gold-auf-weiss-2400px-120x90.jpg\",\"soulkitchen-landscapenarrow\":\"https:\\\/\\\/mesnerhaus.at\\\/wp-content\\\/uploads\\\/mesnerhaus-signet-standard-gold-auf-weiss-2400px-2308x1154.jpg\",\"soulkitchen-landscapenarrow-largex2\":\"https:\\\/\\\/mesnerhaus.at\\\/wp-content\\\/uploads\\\/mesnerhaus-signet-standard-gold-auf-weiss-2400px-1600x800.jpg\",\"soulkitchen-landscapenarrow-large\":\"https:\\\/\\\/mesnerhaus.at\\\/wp-content\\\/uploads\\\/mesnerhaus-signet-standard-gold-auf-weiss-2400px-800x400.jpg\",\"full\":\"https:\\\/\\\/mesnerhaus.at\\\/wp-content\\\/uploads\\\/mesnerhaus-signet-standard-gold-auf-weiss-2400px.jpg\",\"index\":30,\"id\":14467,\"video\":true,\"opts\":{\"caption\":\"\",\"thumb\":\"https:\\\/\\\/mesnerhaus.at\\\/wp-content\\\/uploads\\\/mesnerhaus-signet-standard-gold-auf-weiss-2400px-150x150.jpg\",\"title\":\"mesnerhaus-signet-standard-gold-auf-weiss-2400px\"},\"gallery_id\":\"14459\"}]' data-lightbox-theme='{&quot;arrows&quot;:true,&quot;margins&quot;:[120,0],&quot;gutter&quot;:&quot;100&quot;,&quot;thumbs_position&quot;:&quot;bottom&quot;,&quot;base_template&quot;:&quot;&lt;div id=\\&quot;envirabox-14459\\&quot; data-envirabox-id=\\&quot;14459\\&quot; class=\\&quot;envirabox-container envirabox-theme-base_light envirabox-wrap\\&quot; role=\\&quot;dialog\\&quot;&gt;&lt;div class=\\&quot;envirabox-bg\\&quot;&gt;&lt;\\\/div&gt;&lt;div class=\\&quot;envirabox-outer\\&quot;&gt;&lt;div class=\\&quot;envirabox-inner\\&quot;&gt;&lt;div class=\\&quot;envirabox-caption-wrap\\&quot;&gt;&lt;div class=\\&quot;envirabox-caption\\&quot;&gt;&lt;\\\/div&gt; &lt;div class=\\&quot;envirabox-image-counter\\&quot;&gt;Image &lt;span data-envirabox-index&gt;&lt;\\\/span&gt; of &lt;span data-envirabox-count&gt;&lt;\\\/span&gt;&lt;\\\/div&gt;&lt;\\\/div&gt;&lt;div class=\\&quot;envirabox-toolbar\\&quot;&gt;&lt;div class=\\&quot;envira-download-button\\&quot; data-envira-downloads-force-download=\\&quot;1\\&quot;&gt;&lt;a href=\\&quot;#\\&quot; title=\\&quot;Click here to download this image\\&quot; &gt;Download&lt;\\\/a&gt;&lt;\\\/div&gt;&lt;div class=\\&quot;envira-thumbs-button\\&quot;&gt;&lt;a data-envirabox-thumbs class=\\&quot;envirabox-item envira-thumbs-button envirabox-button--thumbs\\&quot; title=\\&quot;Toggle Thumbnails\\&quot; href=\\&quot;javascript:void(0)\\&quot;&gt;&lt;\\\/a&gt;&lt;\\\/div&gt;&lt;div class=\\&quot;envira-close-button\\&quot;&gt;&lt;a data-envirabox-close class=\\&quot;envirabox-item envirabox-close envirabox-button--close\\&quot; title=\\&quot;Close\\&quot; href=\\&quot;#\\&quot;&gt;&lt;\\\/a&gt;&lt;\\\/div&gt;&lt;\\\/div&gt;&lt;div class=\\&quot;envirabox-navigation\\&quot;&gt;&lt;a data-envirabox-prev title=\\&quot;Prev\\&quot; class=\\&quot;envirabox-arrow envirabox-arrow--left envirabox-nav envirabox-prev\\&quot; href=\\&quot;#\\&quot;&gt;&lt;span&gt;&lt;\\\/span&gt;&lt;\\\/a&gt;&lt;a data-envirabox-next title=\\&quot;Next\\&quot; class=\\&quot;envirabox-arrow envirabox-arrow--right envirabox-nav envirabox-next\\&quot; href=\\&quot;#\\&quot;&gt;&lt;span&gt;&lt;\\\/span&gt;&lt;\\\/a&gt;&lt;\\\/div&gt;&lt;div class=\\&quot;envirabox-stage\\&quot;&gt;&lt;\\\/div&gt;&lt;\\\/div&gt;&lt;\\\/div&gt;&lt;\\\/div&gt;&quot;,&quot;load_all&quot;:false,&quot;error_template&quot;:&quot;&lt;div class=\\&quot;envirabox-error\\&quot;&gt;&lt;p&gt;{{ERROR}}&lt;p&gt;&lt;\\\/div&gt;&quot;,&quot;inner_caption&quot;:false,&quot;caption_position&quot;:false,&quot;arrow_position&quot;:false,&quot;toolbar&quot;:true,&quot;infobar&quot;:false,&quot;show_smallbtn&quot;:false,&quot;idle_time&quot;:false,&quot;click_content&quot;:false,&quot;click_slide&quot;:false,&quot;click_outside&quot;:false,&quot;animation_duration&quot;:false,&quot;transition_duration&quot;:false,&quot;small_btn_template&quot;:&quot;&lt;a data-envirabox-close class=\\&quot;envirabox-item envirabox-close envirabox-button--close\\&quot; title=\\&quot;Close\\&quot; href=\\&quot;#\\&quot;&gt;&lt;\\\/a&gt;&quot;}' data-parsed-attrs='{\"id\":\"14459\",\"cache\":true}'><div id=\"envira-gallery-item-14235\" class=\"envira-gallery-item envira-gallery-item-1 envira-video-in-gallery envira-lazy-load\" style=\"padding-left: 5px; padding-bottom: 10px; padding-right: 5px;\"  itemscope itemtype=\"https:\/\/schema.org\/ImageObject\"><div class=\"envira-gallery-item-inner has-iframe\"><div class=\"envira-gallery-position-overlay envira-gallery-top-left\"><div class=\"envira-download-button\">\n            <a href=\"https:\/\/mesnerhaus.at\/en\/wp-json\/wp\/v2\/pages\/15290?envira-downloads-gallery-id=14459&envira-downloads-gallery-image=14235\" target=\"_blank\" title=\"Click here to download this image\">Download<\/a>\n        <\/div><\/div><div class=\"envira-gallery-position-overlay envira-gallery-top-right\"><\/div><div class=\"envira-gallery-position-overlay envira-gallery-bottom-left\"><\/div><div class=\"envira-gallery-position-overlay envira-gallery-bottom-right\"><\/div><img loading=\"lazy\" decoding=\"async\" src=\"https:\/\/mesnerhaus.at\/wp-content\/uploads\/mesnerhaus-gastgeber-maria-josef-steffner-1024x683.jpg\" alt=\"Maria und Josef Steffner vor dem Eingang des Mesnerhaus Gourmet-Restaurants\" class=\"envira-gallery-image envira-gallery-image-1    envira-lazy\" height=\"768\" id=\"envira-gallery-image-14235\" srcset=\"data:image\/gif;base64,R0lGODlhAQABAIAAAP\/\/\/\/\/\/\/yH5BAEKAAEALAAAAAABAAEAAAICTAEAOw==\" tabindex=\"0\" title=\"mesnerhaus-gastgeber-maria-josef-steffner\" width=\"1024\" data-caption=\"\" data-envira-gallery-id=\"14459\" data-envira-index=\"0\" data-envira-item-id=\"14235\" data-envira-src=\"https:\/\/mesnerhaus.at\/wp-content\/uploads\/mesnerhaus-gastgeber-maria-josef-steffner-1024x683.jpg\" data-envira-srcset=\"https:\/\/mesnerhaus.at\/wp-content\/uploads\/mesnerhaus-gastgeber-maria-josef-steffner-1024x683.jpg 400w, https:\/\/mesnerhaus.at\/wp-content\/uploads\/mesnerhaus-gastgeber-maria-josef-steffner-1024x683.jpg 2x\" data-title=\"mesnerhaus-gastgeber-maria-josef-steffner\" itemprop=\"thumbnailUrl\"  data-envirabox=\"14459\" data-automatic-caption=\"\" data-envira-height=\"200\" data-envira-width=\"300\" \/><\/div><\/div><div id=\"envira-gallery-item-14241\" class=\"envira-gallery-item envira-gallery-item-2 envira-lazy-load\" style=\"padding-left: 5px; padding-bottom: 10px; padding-right: 5px;\"  itemscope itemtype=\"https:\/\/schema.org\/ImageObject\"><div class=\"envira-gallery-item-inner\"><div class=\"envira-gallery-position-overlay envira-gallery-top-left\"><div class=\"envira-download-button\">\n            <a href=\"https:\/\/mesnerhaus.at\/en\/wp-json\/wp\/v2\/pages\/15290?envira-downloads-gallery-id=14459&envira-downloads-gallery-image=14241\" target=\"_blank\" title=\"Click here to download this image\">Download<\/a>\n        <\/div><\/div><div class=\"envira-gallery-position-overlay envira-gallery-top-right\"><\/div><div class=\"envira-gallery-position-overlay envira-gallery-bottom-left\"><\/div><div class=\"envira-gallery-position-overlay envira-gallery-bottom-right\"><\/div><a class=\"envira-gallery-14459 envira-gallery-link\" href=\"https:\/\/mesnerhaus.at\/wp-content\/uploads\/mesnerhaus-gastgeber-maria-und-josef-steffner-portrait-01-2048x1365.jpg\" title=\"mesnerhaus-gastgeber-maria-und-josef-steffner-portrait-01\" data-caption=\"\" data-envira-item-id=\"14241\" data-envira-retina=\"https:\/\/mesnerhaus.at\/wp-content\/uploads\/mesnerhaus-gastgeber-maria-und-josef-steffner-portrait-01-2048x1365.jpg\" data-thumb=\"https:\/\/mesnerhaus.at\/wp-content\/uploads\/mesnerhaus-gastgeber-maria-und-josef-steffner-portrait-01-150x150.jpg\" class=\"links_to_image\" data-rel=\"prettyPhoto[15290]\" data-title=\"mesnerhaus-gastgeber-maria-und-josef-steffner-portrait-01\" data-envirabox='14459' itemprop=\"contentUrl\"><img loading=\"lazy\" decoding=\"async\" src=\"https:\/\/mesnerhaus.at\/wp-content\/uploads\/mesnerhaus-gastgeber-maria-und-josef-steffner-portrait-01-1024x683.jpg\" alt=\"Maria und Josef Steffner bei einem Portr&auml;t in einer modernen K&uuml;che\" class=\"envira-gallery-image envira-gallery-image-2    envira-lazy\" height=\"768\" id=\"envira-gallery-image-14241\" srcset=\"data:image\/gif;base64,R0lGODlhAQABAIAAAP\/\/\/\/\/\/\/yH5BAEKAAEALAAAAAABAAEAAAICTAEAOw==\" tabindex=\"-1\" title=\"mesnerhaus-gastgeber-maria-und-josef-steffner-portrait-01\" width=\"1024\" data-caption=\"\" data-envira-gallery-id=\"14459\" data-envira-index=\"1\" data-envira-item-id=\"14241\" data-envira-src=\"https:\/\/mesnerhaus.at\/wp-content\/uploads\/mesnerhaus-gastgeber-maria-und-josef-steffner-portrait-01-1024x683.jpg\" data-envira-srcset=\"https:\/\/mesnerhaus.at\/wp-content\/uploads\/mesnerhaus-gastgeber-maria-und-josef-steffner-portrait-01-1024x683.jpg 400w, https:\/\/mesnerhaus.at\/wp-content\/uploads\/mesnerhaus-gastgeber-maria-und-josef-steffner-portrait-01-1024x683.jpg 2x\" data-title=\"mesnerhaus-gastgeber-maria-und-josef-steffner-portrait-01\" itemprop=\"thumbnailUrl\"  data-envirabox=\"14459\" data-automatic-caption=\"\" data-envira-height=\"200\" data-envira-width=\"300\" \/><\/a><\/div><\/div><div id=\"envira-gallery-item-14244\" class=\"envira-gallery-item envira-gallery-item-3 envira-lazy-load\" style=\"padding-left: 5px; padding-bottom: 10px; padding-right: 5px;\"  itemscope itemtype=\"https:\/\/schema.org\/ImageObject\"><div class=\"envira-gallery-item-inner\"><div class=\"envira-gallery-position-overlay envira-gallery-top-left\"><div class=\"envira-download-button\">\n            <a href=\"https:\/\/mesnerhaus.at\/en\/wp-json\/wp\/v2\/pages\/15290?envira-downloads-gallery-id=14459&envira-downloads-gallery-image=14244\" target=\"_blank\" title=\"Click here to download this image\">Download<\/a>\n        <\/div><\/div><div class=\"envira-gallery-position-overlay envira-gallery-top-right\"><\/div><div class=\"envira-gallery-position-overlay envira-gallery-bottom-left\"><\/div><div class=\"envira-gallery-position-overlay envira-gallery-bottom-right\"><\/div><a class=\"envira-gallery-14459 envira-gallery-link\" href=\"https:\/\/mesnerhaus.at\/wp-content\/uploads\/mesnerhaus-gastgeber-maria-und-josef-steffner-portrait-steinmauer-01-2048x1365.jpg\" title=\"mesnerhaus-gastgeber-maria-und-josef-steffner-portrait-steinmauer-01\" data-caption=\"\" data-envira-item-id=\"14244\" data-envira-retina=\"https:\/\/mesnerhaus.at\/wp-content\/uploads\/mesnerhaus-gastgeber-maria-und-josef-steffner-portrait-steinmauer-01-2048x1365.jpg\" data-thumb=\"https:\/\/mesnerhaus.at\/wp-content\/uploads\/mesnerhaus-gastgeber-maria-und-josef-steffner-portrait-steinmauer-01-150x150.jpg\" class=\"links_to_image\" data-rel=\"prettyPhoto[15290]\" data-title=\"mesnerhaus-gastgeber-maria-und-josef-steffner-portrait-steinmauer-01\" data-envirabox='14459' itemprop=\"contentUrl\"><img loading=\"lazy\" decoding=\"async\" src=\"https:\/\/mesnerhaus.at\/wp-content\/uploads\/mesnerhaus-gastgeber-maria-und-josef-steffner-portrait-steinmauer-01-1024x683.jpg\" alt=\"Maria und Josef Steffner Hand in Hand vor einer historischen Steinmauer\" class=\"envira-gallery-image envira-gallery-image-3    envira-lazy\" height=\"768\" id=\"envira-gallery-image-14244\" srcset=\"data:image\/gif;base64,R0lGODlhAQABAIAAAP\/\/\/\/\/\/\/yH5BAEKAAEALAAAAAABAAEAAAICTAEAOw==\" tabindex=\"-1\" title=\"mesnerhaus-gastgeber-maria-und-josef-steffner-portrait-steinmauer-01\" width=\"1024\" data-caption=\"\" data-envira-gallery-id=\"14459\" data-envira-index=\"2\" data-envira-item-id=\"14244\" data-envira-src=\"https:\/\/mesnerhaus.at\/wp-content\/uploads\/mesnerhaus-gastgeber-maria-und-josef-steffner-portrait-steinmauer-01-1024x683.jpg\" data-envira-srcset=\"https:\/\/mesnerhaus.at\/wp-content\/uploads\/mesnerhaus-gastgeber-maria-und-josef-steffner-portrait-steinmauer-01-1024x683.jpg 400w, https:\/\/mesnerhaus.at\/wp-content\/uploads\/mesnerhaus-gastgeber-maria-und-josef-steffner-portrait-steinmauer-01-1024x683.jpg 2x\" data-title=\"mesnerhaus-gastgeber-maria-und-josef-steffner-portrait-steinmauer-01\" itemprop=\"thumbnailUrl\"  data-envirabox=\"14459\" data-automatic-caption=\"\" data-envira-height=\"200\" data-envira-width=\"300\" \/><\/a><\/div><\/div><div id=\"envira-gallery-item-14245\" class=\"envira-gallery-item envira-gallery-item-4 envira-lazy-load\" style=\"padding-left: 5px; padding-bottom: 10px; padding-right: 5px;\"  itemscope itemtype=\"https:\/\/schema.org\/ImageObject\"><div class=\"envira-gallery-item-inner\"><div class=\"envira-gallery-position-overlay envira-gallery-top-left\"><div class=\"envira-download-button\">\n            <a href=\"https:\/\/mesnerhaus.at\/en\/wp-json\/wp\/v2\/pages\/15290?envira-downloads-gallery-id=14459&envira-downloads-gallery-image=14245\" target=\"_blank\" title=\"Click here to download this image\">Download<\/a>\n        <\/div><\/div><div class=\"envira-gallery-position-overlay envira-gallery-top-right\"><\/div><div class=\"envira-gallery-position-overlay envira-gallery-bottom-left\"><\/div><div class=\"envira-gallery-position-overlay envira-gallery-bottom-right\"><\/div><a class=\"envira-gallery-14459 envira-gallery-link\" href=\"https:\/\/mesnerhaus.at\/wp-content\/uploads\/mesnerhaus-josef-steffner-3-2048x1365.jpg\" title=\"mesnerhaus-josef-steffner\" data-caption=\"\" data-envira-item-id=\"14245\" data-envira-retina=\"https:\/\/mesnerhaus.at\/wp-content\/uploads\/mesnerhaus-josef-steffner-3-2048x1365.jpg\" data-thumb=\"https:\/\/mesnerhaus.at\/wp-content\/uploads\/mesnerhaus-josef-steffner-3-150x150.jpg\" class=\"links_to_image\" data-rel=\"prettyPhoto[15290]\" data-title=\"mesnerhaus-josef-steffner\" data-envirabox='14459' itemprop=\"contentUrl\"><img loading=\"lazy\" decoding=\"async\" src=\"https:\/\/mesnerhaus.at\/wp-content\/uploads\/mesnerhaus-josef-steffner-3-1024x683.jpg\" alt=\"Josef Steffner bei der Arbeit im Garten des Mesnerhauses\" class=\"envira-gallery-image envira-gallery-image-4    envira-lazy\" height=\"768\" id=\"envira-gallery-image-14245\" srcset=\"data:image\/gif;base64,R0lGODlhAQABAIAAAP\/\/\/\/\/\/\/yH5BAEKAAEALAAAAAABAAEAAAICTAEAOw==\" tabindex=\"-1\" title=\"mesnerhaus-josef-steffner\" width=\"1024\" data-caption=\"\" data-envira-gallery-id=\"14459\" data-envira-index=\"3\" data-envira-item-id=\"14245\" data-envira-src=\"https:\/\/mesnerhaus.at\/wp-content\/uploads\/mesnerhaus-josef-steffner-3-1024x683.jpg\" data-envira-srcset=\"https:\/\/mesnerhaus.at\/wp-content\/uploads\/mesnerhaus-josef-steffner-3-1024x683.jpg 400w, https:\/\/mesnerhaus.at\/wp-content\/uploads\/mesnerhaus-josef-steffner-3-1024x683.jpg 2x\" data-title=\"mesnerhaus-josef-steffner\" itemprop=\"thumbnailUrl\"  data-envirabox=\"14459\" data-automatic-caption=\"\" data-envira-height=\"200\" data-envira-width=\"300\" \/><\/a><\/div><\/div><div id=\"envira-gallery-item-14246\" class=\"envira-gallery-item envira-gallery-item-5 envira-lazy-load\" style=\"padding-left: 5px; padding-bottom: 10px; padding-right: 5px;\"  itemscope itemtype=\"https:\/\/schema.org\/ImageObject\"><div class=\"envira-gallery-item-inner\"><div class=\"envira-gallery-position-overlay envira-gallery-top-left\"><div class=\"envira-download-button\">\n            <a href=\"https:\/\/mesnerhaus.at\/en\/wp-json\/wp\/v2\/pages\/15290?envira-downloads-gallery-id=14459&envira-downloads-gallery-image=14246\" target=\"_blank\" title=\"Click here to download this image\">Download<\/a>\n        <\/div><\/div><div class=\"envira-gallery-position-overlay envira-gallery-top-right\"><\/div><div class=\"envira-gallery-position-overlay envira-gallery-bottom-left\"><\/div><div class=\"envira-gallery-position-overlay envira-gallery-bottom-right\"><\/div><a class=\"envira-gallery-14459 envira-gallery-link\" href=\"https:\/\/mesnerhaus.at\/wp-content\/uploads\/mesnerhaus-josef-steffner-beim-anrichten-2048x1365.jpg\" title=\"mesnerhaus-josef-steffner-beim-anrichten\" data-caption=\"\" data-envira-item-id=\"14246\" data-envira-retina=\"https:\/\/mesnerhaus.at\/wp-content\/uploads\/mesnerhaus-josef-steffner-beim-anrichten-2048x1365.jpg\" data-thumb=\"https:\/\/mesnerhaus.at\/wp-content\/uploads\/mesnerhaus-josef-steffner-beim-anrichten-150x150.jpg\" class=\"links_to_image\" data-rel=\"prettyPhoto[15290]\" data-title=\"mesnerhaus-josef-steffner-beim-anrichten\" data-envirabox='14459' itemprop=\"contentUrl\"><img loading=\"lazy\" decoding=\"async\" src=\"https:\/\/mesnerhaus.at\/wp-content\/uploads\/mesnerhaus-josef-steffner-beim-anrichten-1024x683.jpg\" alt=\"Josef Steffner beim Vorbereiten von Artischocken, Fenchel und Tomaten in der Restaurantk&uuml;che\" class=\"envira-gallery-image envira-gallery-image-5    envira-lazy\" height=\"768\" id=\"envira-gallery-image-14246\" srcset=\"data:image\/gif;base64,R0lGODlhAQABAIAAAP\/\/\/\/\/\/\/yH5BAEKAAEALAAAAAABAAEAAAICTAEAOw==\" tabindex=\"-1\" title=\"mesnerhaus-josef-steffner-beim-anrichten\" width=\"1024\" data-caption=\"\" data-envira-gallery-id=\"14459\" data-envira-index=\"4\" data-envira-item-id=\"14246\" data-envira-src=\"https:\/\/mesnerhaus.at\/wp-content\/uploads\/mesnerhaus-josef-steffner-beim-anrichten-1024x683.jpg\" data-envira-srcset=\"https:\/\/mesnerhaus.at\/wp-content\/uploads\/mesnerhaus-josef-steffner-beim-anrichten-1024x683.jpg 400w, https:\/\/mesnerhaus.at\/wp-content\/uploads\/mesnerhaus-josef-steffner-beim-anrichten-1024x683.jpg 2x\" data-title=\"mesnerhaus-josef-steffner-beim-anrichten\" itemprop=\"thumbnailUrl\"  data-envirabox=\"14459\" data-automatic-caption=\"\" data-envira-height=\"200\" data-envira-width=\"300\" \/><\/a><\/div><\/div><div id=\"envira-gallery-item-14247\" class=\"envira-gallery-item envira-gallery-item-6 envira-lazy-load\" style=\"padding-left: 5px; padding-bottom: 10px; padding-right: 5px;\"  itemscope itemtype=\"https:\/\/schema.org\/ImageObject\"><div class=\"envira-gallery-item-inner\"><div class=\"envira-gallery-position-overlay envira-gallery-top-left\"><div class=\"envira-download-button\">\n            <a href=\"https:\/\/mesnerhaus.at\/en\/wp-json\/wp\/v2\/pages\/15290?envira-downloads-gallery-id=14459&envira-downloads-gallery-image=14247\" target=\"_blank\" title=\"Click here to download this image\">Download<\/a>\n        <\/div><\/div><div class=\"envira-gallery-position-overlay envira-gallery-top-right\"><\/div><div class=\"envira-gallery-position-overlay envira-gallery-bottom-left\"><\/div><div class=\"envira-gallery-position-overlay envira-gallery-bottom-right\"><\/div><a class=\"envira-gallery-14459 envira-gallery-link\" href=\"https:\/\/mesnerhaus.at\/wp-content\/uploads\/mesnerhaus-josef-steffner-portrait-eingang-1365x2048.jpg\" title=\"mesnerhaus-josef-steffner-portrait-eingang\" data-caption=\"\" data-envira-item-id=\"14247\" data-envira-retina=\"https:\/\/mesnerhaus.at\/wp-content\/uploads\/mesnerhaus-josef-steffner-portrait-eingang-1365x2048.jpg\" data-thumb=\"https:\/\/mesnerhaus.at\/wp-content\/uploads\/mesnerhaus-josef-steffner-portrait-eingang-150x150.jpg\" class=\"links_to_image\" data-rel=\"prettyPhoto[15290]\" data-title=\"mesnerhaus-josef-steffner-portrait-eingang\" data-envirabox='14459' itemprop=\"contentUrl\"><img loading=\"lazy\" decoding=\"async\" src=\"https:\/\/mesnerhaus.at\/wp-content\/uploads\/mesnerhaus-josef-steffner-portrait-eingang-683x1024.jpg\" alt=\"Josef Steffner in Kochkleidung auf der Au&szlig;entreppe des Mesnerhauses\" class=\"envira-gallery-image envira-gallery-image-6    envira-lazy\" height=\"768\" id=\"envira-gallery-image-14247\" srcset=\"data:image\/gif;base64,R0lGODlhAQABAIAAAP\/\/\/\/\/\/\/yH5BAEKAAEALAAAAAABAAEAAAICTAEAOw==\" tabindex=\"-1\" title=\"mesnerhaus-josef-steffner-portrait-eingang\" width=\"1024\" data-caption=\"\" data-envira-gallery-id=\"14459\" data-envira-index=\"5\" data-envira-item-id=\"14247\" data-envira-src=\"https:\/\/mesnerhaus.at\/wp-content\/uploads\/mesnerhaus-josef-steffner-portrait-eingang-683x1024.jpg\" data-envira-srcset=\"https:\/\/mesnerhaus.at\/wp-content\/uploads\/mesnerhaus-josef-steffner-portrait-eingang-683x1024.jpg 400w, https:\/\/mesnerhaus.at\/wp-content\/uploads\/mesnerhaus-josef-steffner-portrait-eingang-683x1024.jpg 2x\" data-title=\"mesnerhaus-josef-steffner-portrait-eingang\" itemprop=\"thumbnailUrl\"  data-envirabox=\"14459\" data-automatic-caption=\"\" data-envira-height=\"300\" data-envira-width=\"200\" \/><\/a><\/div><\/div><div id=\"envira-gallery-item-14248\" class=\"envira-gallery-item envira-gallery-item-7 envira-lazy-load\" style=\"padding-left: 5px; padding-bottom: 10px; padding-right: 5px;\"  itemscope itemtype=\"https:\/\/schema.org\/ImageObject\"><div class=\"envira-gallery-item-inner\"><div class=\"envira-gallery-position-overlay envira-gallery-top-left\"><div class=\"envira-download-button\">\n            <a href=\"https:\/\/mesnerhaus.at\/en\/wp-json\/wp\/v2\/pages\/15290?envira-downloads-gallery-id=14459&envira-downloads-gallery-image=14248\" target=\"_blank\" title=\"Click here to download this image\">Download<\/a>\n        <\/div><\/div><div class=\"envira-gallery-position-overlay envira-gallery-top-right\"><\/div><div class=\"envira-gallery-position-overlay envira-gallery-bottom-left\"><\/div><div class=\"envira-gallery-position-overlay envira-gallery-bottom-right\"><\/div><a class=\"envira-gallery-14459 envira-gallery-link\" href=\"https:\/\/mesnerhaus.at\/wp-content\/uploads\/mesnerhaus-josef-steffner-portrait-garten-2048x1365.jpg\" title=\"mesnerhaus-josef-steffner-portrait-garten\" data-caption=\"\" data-envira-item-id=\"14248\" data-envira-retina=\"https:\/\/mesnerhaus.at\/wp-content\/uploads\/mesnerhaus-josef-steffner-portrait-garten-2048x1365.jpg\" data-thumb=\"https:\/\/mesnerhaus.at\/wp-content\/uploads\/mesnerhaus-josef-steffner-portrait-garten-150x150.jpg\" class=\"links_to_image\" data-rel=\"prettyPhoto[15290]\" data-title=\"mesnerhaus-josef-steffner-portrait-garten\" data-envirabox='14459' itemprop=\"contentUrl\"><img loading=\"lazy\" decoding=\"async\" src=\"https:\/\/mesnerhaus.at\/wp-content\/uploads\/mesnerhaus-josef-steffner-portrait-garten-1024x683.jpg\" alt=\"Josef Steffner mit Sch&uuml;rze im Garten des Mesnerhauses\" class=\"envira-gallery-image envira-gallery-image-7    envira-lazy\" height=\"768\" id=\"envira-gallery-image-14248\" srcset=\"data:image\/gif;base64,R0lGODlhAQABAIAAAP\/\/\/\/\/\/\/yH5BAEKAAEALAAAAAABAAEAAAICTAEAOw==\" tabindex=\"-1\" title=\"mesnerhaus-josef-steffner-portrait-garten\" width=\"1024\" data-caption=\"\" data-envira-gallery-id=\"14459\" data-envira-index=\"6\" data-envira-item-id=\"14248\" data-envira-src=\"https:\/\/mesnerhaus.at\/wp-content\/uploads\/mesnerhaus-josef-steffner-portrait-garten-1024x683.jpg\" data-envira-srcset=\"https:\/\/mesnerhaus.at\/wp-content\/uploads\/mesnerhaus-josef-steffner-portrait-garten-1024x683.jpg 400w, https:\/\/mesnerhaus.at\/wp-content\/uploads\/mesnerhaus-josef-steffner-portrait-garten-1024x683.jpg 2x\" data-title=\"mesnerhaus-josef-steffner-portrait-garten\" itemprop=\"thumbnailUrl\"  data-envirabox=\"14459\" data-automatic-caption=\"\" data-envira-height=\"200\" data-envira-width=\"300\" \/><\/a><\/div><\/div><div id=\"envira-gallery-item-14249\" class=\"envira-gallery-item envira-gallery-item-8 envira-lazy-load\" style=\"padding-left: 5px; padding-bottom: 10px; padding-right: 5px;\"  itemscope itemtype=\"https:\/\/schema.org\/ImageObject\"><div class=\"envira-gallery-item-inner\"><div class=\"envira-gallery-position-overlay envira-gallery-top-left\"><div class=\"envira-download-button\">\n            <a href=\"https:\/\/mesnerhaus.at\/en\/wp-json\/wp\/v2\/pages\/15290?envira-downloads-gallery-id=14459&envira-downloads-gallery-image=14249\" target=\"_blank\" title=\"Click here to download this image\">Download<\/a>\n        <\/div><\/div><div class=\"envira-gallery-position-overlay envira-gallery-top-right\"><\/div><div class=\"envira-gallery-position-overlay envira-gallery-bottom-left\"><\/div><div class=\"envira-gallery-position-overlay envira-gallery-bottom-right\"><\/div><a class=\"envira-gallery-14459 envira-gallery-link\" href=\"https:\/\/mesnerhaus.at\/wp-content\/uploads\/mesnerhaus-josef-steffner-portrait-sitzend-1365x2048.jpg\" title=\"mesnerhaus-josef-steffner-portrait-sitzend\" data-caption=\"\" data-envira-item-id=\"14249\" data-envira-retina=\"https:\/\/mesnerhaus.at\/wp-content\/uploads\/mesnerhaus-josef-steffner-portrait-sitzend-1365x2048.jpg\" data-thumb=\"https:\/\/mesnerhaus.at\/wp-content\/uploads\/mesnerhaus-josef-steffner-portrait-sitzend-150x150.jpg\" class=\"links_to_image\" data-rel=\"prettyPhoto[15290]\" data-title=\"mesnerhaus-josef-steffner-portrait-sitzend\" data-envirabox='14459' itemprop=\"contentUrl\"><img loading=\"lazy\" decoding=\"async\" src=\"https:\/\/mesnerhaus.at\/wp-content\/uploads\/mesnerhaus-josef-steffner-portrait-sitzend-683x1024.jpg\" alt=\"Josef Steffner sitzend auf Steinstufen vor einer roten T&uuml;r\" class=\"envira-gallery-image envira-gallery-image-8    envira-lazy\" height=\"768\" id=\"envira-gallery-image-14249\" srcset=\"data:image\/gif;base64,R0lGODlhAQABAIAAAP\/\/\/\/\/\/\/yH5BAEKAAEALAAAAAABAAEAAAICTAEAOw==\" tabindex=\"-1\" title=\"mesnerhaus-josef-steffner-portrait-sitzend\" width=\"1024\" data-caption=\"\" data-envira-gallery-id=\"14459\" data-envira-index=\"7\" data-envira-item-id=\"14249\" data-envira-src=\"https:\/\/mesnerhaus.at\/wp-content\/uploads\/mesnerhaus-josef-steffner-portrait-sitzend-683x1024.jpg\" data-envira-srcset=\"https:\/\/mesnerhaus.at\/wp-content\/uploads\/mesnerhaus-josef-steffner-portrait-sitzend-683x1024.jpg 400w, https:\/\/mesnerhaus.at\/wp-content\/uploads\/mesnerhaus-josef-steffner-portrait-sitzend-683x1024.jpg 2x\" data-title=\"mesnerhaus-josef-steffner-portrait-sitzend\" itemprop=\"thumbnailUrl\"  data-envirabox=\"14459\" data-automatic-caption=\"\" data-envira-height=\"300\" data-envira-width=\"200\" \/><\/a><\/div><\/div><div id=\"envira-gallery-item-14252\" class=\"envira-gallery-item envira-gallery-item-9 envira-lazy-load\" style=\"padding-left: 5px; padding-bottom: 10px; padding-right: 5px;\"  itemscope itemtype=\"https:\/\/schema.org\/ImageObject\"><div class=\"envira-gallery-item-inner\"><div class=\"envira-gallery-position-overlay envira-gallery-top-left\"><div class=\"envira-download-button\">\n            <a href=\"https:\/\/mesnerhaus.at\/en\/wp-json\/wp\/v2\/pages\/15290?envira-downloads-gallery-id=14459&envira-downloads-gallery-image=14252\" target=\"_blank\" title=\"Click here to download this image\">Download<\/a>\n        <\/div><\/div><div class=\"envira-gallery-position-overlay envira-gallery-top-right\"><\/div><div class=\"envira-gallery-position-overlay envira-gallery-bottom-left\"><\/div><div class=\"envira-gallery-position-overlay envira-gallery-bottom-right\"><\/div><a class=\"envira-gallery-14459 envira-gallery-link\" href=\"https:\/\/mesnerhaus.at\/wp-content\/uploads\/mesnerhaus-maria-steffner-02-2048x1365.jpg\" title=\"mesnerhaus-maria-steffner-02\" data-caption=\"\" data-envira-item-id=\"14252\" data-envira-retina=\"https:\/\/mesnerhaus.at\/wp-content\/uploads\/mesnerhaus-maria-steffner-02-2048x1365.jpg\" data-thumb=\"https:\/\/mesnerhaus.at\/wp-content\/uploads\/mesnerhaus-maria-steffner-02-150x150.jpg\" class=\"links_to_image\" data-rel=\"prettyPhoto[15290]\" data-title=\"mesnerhaus-maria-steffner-02\" data-envirabox='14459' itemprop=\"contentUrl\"><img loading=\"lazy\" decoding=\"async\" src=\"https:\/\/mesnerhaus.at\/wp-content\/uploads\/mesnerhaus-maria-steffner-02-1024x683.jpg\" alt=\"Maria Steffner mit Weinglas im Gastraum des Mesnerhaus Gourmet-Restaurants\" class=\"envira-gallery-image envira-gallery-image-9    envira-lazy\" height=\"768\" id=\"envira-gallery-image-14252\" srcset=\"data:image\/gif;base64,R0lGODlhAQABAIAAAP\/\/\/\/\/\/\/yH5BAEKAAEALAAAAAABAAEAAAICTAEAOw==\" tabindex=\"-1\" title=\"mesnerhaus-maria-steffner-02\" width=\"1024\" data-caption=\"\" data-envira-gallery-id=\"14459\" data-envira-index=\"8\" data-envira-item-id=\"14252\" data-envira-src=\"https:\/\/mesnerhaus.at\/wp-content\/uploads\/mesnerhaus-maria-steffner-02-1024x683.jpg\" data-envira-srcset=\"https:\/\/mesnerhaus.at\/wp-content\/uploads\/mesnerhaus-maria-steffner-02-1024x683.jpg 400w, https:\/\/mesnerhaus.at\/wp-content\/uploads\/mesnerhaus-maria-steffner-02-1024x683.jpg 2x\" data-title=\"mesnerhaus-maria-steffner-02\" itemprop=\"thumbnailUrl\"  data-envirabox=\"14459\" data-automatic-caption=\"\" data-envira-height=\"200\" data-envira-width=\"300\" \/><\/a><\/div><\/div><div id=\"envira-gallery-item-14255\" class=\"envira-gallery-item envira-gallery-item-10 envira-lazy-load\" style=\"padding-left: 5px; padding-bottom: 10px; padding-right: 5px;\"  itemscope itemtype=\"https:\/\/schema.org\/ImageObject\"><div class=\"envira-gallery-item-inner\"><div class=\"envira-gallery-position-overlay envira-gallery-top-left\"><div class=\"envira-download-button\">\n            <a href=\"https:\/\/mesnerhaus.at\/en\/wp-json\/wp\/v2\/pages\/15290?envira-downloads-gallery-id=14459&envira-downloads-gallery-image=14255\" target=\"_blank\" title=\"Click here to download this image\">Download<\/a>\n        <\/div><\/div><div class=\"envira-gallery-position-overlay envira-gallery-top-right\"><\/div><div class=\"envira-gallery-position-overlay envira-gallery-bottom-left\"><\/div><div class=\"envira-gallery-position-overlay envira-gallery-bottom-right\"><\/div><a class=\"envira-gallery-14459 envira-gallery-link\" href=\"https:\/\/mesnerhaus.at\/wp-content\/uploads\/mesnerhaus-maria-steffner-05-1365x2048.jpg\" title=\"mesnerhaus-maria-steffner-05\" data-caption=\"\" data-envira-item-id=\"14255\" data-envira-retina=\"https:\/\/mesnerhaus.at\/wp-content\/uploads\/mesnerhaus-maria-steffner-05-1365x2048.jpg\" data-thumb=\"https:\/\/mesnerhaus.at\/wp-content\/uploads\/mesnerhaus-maria-steffner-05-150x150.jpg\" class=\"links_to_image\" data-rel=\"prettyPhoto[15290]\" data-title=\"mesnerhaus-maria-steffner-05\" data-envirabox='14459' itemprop=\"contentUrl\"><img loading=\"lazy\" decoding=\"async\" src=\"https:\/\/mesnerhaus.at\/wp-content\/uploads\/mesnerhaus-maria-steffner-05-683x1024.jpg\" alt=\"Maria Steffner in einem pinkfarbenen Kleid vor einer historischen Steinwand\" class=\"envira-gallery-image envira-gallery-image-10    envira-lazy\" height=\"768\" id=\"envira-gallery-image-14255\" srcset=\"data:image\/gif;base64,R0lGODlhAQABAIAAAP\/\/\/\/\/\/\/yH5BAEKAAEALAAAAAABAAEAAAICTAEAOw==\" tabindex=\"-1\" title=\"mesnerhaus-maria-steffner-05\" width=\"1024\" data-caption=\"\" data-envira-gallery-id=\"14459\" data-envira-index=\"9\" data-envira-item-id=\"14255\" data-envira-src=\"https:\/\/mesnerhaus.at\/wp-content\/uploads\/mesnerhaus-maria-steffner-05-683x1024.jpg\" data-envira-srcset=\"https:\/\/mesnerhaus.at\/wp-content\/uploads\/mesnerhaus-maria-steffner-05-683x1024.jpg 400w, https:\/\/mesnerhaus.at\/wp-content\/uploads\/mesnerhaus-maria-steffner-05-683x1024.jpg 2x\" data-title=\"mesnerhaus-maria-steffner-05\" itemprop=\"thumbnailUrl\"  data-envirabox=\"14459\" data-automatic-caption=\"\" data-envira-height=\"300\" data-envira-width=\"200\" \/><\/a><\/div><\/div><div id=\"envira-gallery-item-14254\" class=\"envira-gallery-item envira-gallery-item-11 envira-lazy-load\" style=\"padding-left: 5px; padding-bottom: 10px; padding-right: 5px;\"  itemscope itemtype=\"https:\/\/schema.org\/ImageObject\"><div class=\"envira-gallery-item-inner\"><div class=\"envira-gallery-position-overlay envira-gallery-top-left\"><div class=\"envira-download-button\">\n            <a href=\"https:\/\/mesnerhaus.at\/en\/wp-json\/wp\/v2\/pages\/15290?envira-downloads-gallery-id=14459&envira-downloads-gallery-image=14254\" target=\"_blank\" title=\"Click here to download this image\">Download<\/a>\n        <\/div><\/div><div class=\"envira-gallery-position-overlay envira-gallery-top-right\"><\/div><div class=\"envira-gallery-position-overlay envira-gallery-bottom-left\"><\/div><div class=\"envira-gallery-position-overlay envira-gallery-bottom-right\"><\/div><a class=\"envira-gallery-14459 envira-gallery-link\" href=\"https:\/\/mesnerhaus.at\/wp-content\/uploads\/mesnerhaus-maria-steffner-04-2048x1365.jpg\" title=\"mesnerhaus-maria-steffner-04\" data-caption=\"\" data-envira-item-id=\"14254\" data-envira-retina=\"https:\/\/mesnerhaus.at\/wp-content\/uploads\/mesnerhaus-maria-steffner-04-2048x1365.jpg\" data-thumb=\"https:\/\/mesnerhaus.at\/wp-content\/uploads\/mesnerhaus-maria-steffner-04-150x150.jpg\" class=\"links_to_image\" data-rel=\"prettyPhoto[15290]\" data-title=\"mesnerhaus-maria-steffner-04\" data-envirabox='14459' itemprop=\"contentUrl\"><img loading=\"lazy\" decoding=\"async\" src=\"https:\/\/mesnerhaus.at\/wp-content\/uploads\/mesnerhaus-maria-steffner-04-1024x683.jpg\" alt=\"Maria Steffner am ge&ouml;ffneten Eingang des Mesnerhauses\" class=\"envira-gallery-image envira-gallery-image-11    envira-lazy\" height=\"768\" id=\"envira-gallery-image-14254\" srcset=\"data:image\/gif;base64,R0lGODlhAQABAIAAAP\/\/\/\/\/\/\/yH5BAEKAAEALAAAAAABAAEAAAICTAEAOw==\" tabindex=\"-1\" title=\"mesnerhaus-maria-steffner-04\" width=\"1024\" data-caption=\"\" data-envira-gallery-id=\"14459\" data-envira-index=\"10\" data-envira-item-id=\"14254\" data-envira-src=\"https:\/\/mesnerhaus.at\/wp-content\/uploads\/mesnerhaus-maria-steffner-04-1024x683.jpg\" data-envira-srcset=\"https:\/\/mesnerhaus.at\/wp-content\/uploads\/mesnerhaus-maria-steffner-04-1024x683.jpg 400w, https:\/\/mesnerhaus.at\/wp-content\/uploads\/mesnerhaus-maria-steffner-04-1024x683.jpg 2x\" data-title=\"mesnerhaus-maria-steffner-04\" itemprop=\"thumbnailUrl\"  data-envirabox=\"14459\" data-automatic-caption=\"\" data-envira-height=\"200\" data-envira-width=\"300\" \/><\/a><\/div><\/div><div id=\"envira-gallery-item-14259\" class=\"envira-gallery-item envira-gallery-item-12 envira-lazy-load\" style=\"padding-left: 5px; padding-bottom: 10px; padding-right: 5px;\"  itemscope itemtype=\"https:\/\/schema.org\/ImageObject\"><div class=\"envira-gallery-item-inner\"><div class=\"envira-gallery-position-overlay envira-gallery-top-left\"><div class=\"envira-download-button\">\n            <a href=\"https:\/\/mesnerhaus.at\/en\/wp-json\/wp\/v2\/pages\/15290?envira-downloads-gallery-id=14459&envira-downloads-gallery-image=14259\" target=\"_blank\" title=\"Click here to download this image\">Download<\/a>\n        <\/div><\/div><div class=\"envira-gallery-position-overlay envira-gallery-top-right\"><\/div><div class=\"envira-gallery-position-overlay envira-gallery-bottom-left\"><\/div><div class=\"envira-gallery-position-overlay envira-gallery-bottom-right\"><\/div><a class=\"envira-gallery-14459 envira-gallery-link\" href=\"https:\/\/mesnerhaus.at\/wp-content\/uploads\/mesnerhaus-gourmet-restaurant-aussen-04-2048x1365.jpg\" title=\"mesnerhaus-gourmet-restaurant-aussen-04\" data-caption=\"\" data-envira-item-id=\"14259\" data-envira-retina=\"https:\/\/mesnerhaus.at\/wp-content\/uploads\/mesnerhaus-gourmet-restaurant-aussen-04-2048x1365.jpg\" data-thumb=\"https:\/\/mesnerhaus.at\/wp-content\/uploads\/mesnerhaus-gourmet-restaurant-aussen-04-150x150.jpg\" class=\"links_to_image\" data-rel=\"prettyPhoto[15290]\" data-title=\"mesnerhaus-gourmet-restaurant-aussen-04\" data-envirabox='14459' itemprop=\"contentUrl\"><img loading=\"lazy\" decoding=\"async\" src=\"https:\/\/mesnerhaus.at\/wp-content\/uploads\/mesnerhaus-gourmet-restaurant-aussen-04-1024x683.jpg\" alt=\"Roter Eingang des Mesnerhaus Gourmet-Restaurants mit Auszeichnungen an der Fassade\" class=\"envira-gallery-image envira-gallery-image-12    envira-lazy\" height=\"768\" id=\"envira-gallery-image-14259\" srcset=\"data:image\/gif;base64,R0lGODlhAQABAIAAAP\/\/\/\/\/\/\/yH5BAEKAAEALAAAAAABAAEAAAICTAEAOw==\" tabindex=\"-1\" title=\"mesnerhaus-gourmet-restaurant-aussen-04\" width=\"1024\" data-caption=\"\" data-envira-gallery-id=\"14459\" data-envira-index=\"11\" data-envira-item-id=\"14259\" data-envira-src=\"https:\/\/mesnerhaus.at\/wp-content\/uploads\/mesnerhaus-gourmet-restaurant-aussen-04-1024x683.jpg\" data-envira-srcset=\"https:\/\/mesnerhaus.at\/wp-content\/uploads\/mesnerhaus-gourmet-restaurant-aussen-04-1024x683.jpg 400w, https:\/\/mesnerhaus.at\/wp-content\/uploads\/mesnerhaus-gourmet-restaurant-aussen-04-1024x683.jpg 2x\" data-title=\"mesnerhaus-gourmet-restaurant-aussen-04\" itemprop=\"thumbnailUrl\"  data-envirabox=\"14459\" data-automatic-caption=\"\" data-envira-height=\"200\" data-envira-width=\"300\" \/><\/a><\/div><\/div><div id=\"envira-gallery-item-14262\" class=\"envira-gallery-item envira-gallery-item-13 envira-lazy-load\" style=\"padding-left: 5px; padding-bottom: 10px; padding-right: 5px;\"  itemscope itemtype=\"https:\/\/schema.org\/ImageObject\"><div class=\"envira-gallery-item-inner\"><div class=\"envira-gallery-position-overlay envira-gallery-top-left\"><div class=\"envira-download-button\">\n            <a href=\"https:\/\/mesnerhaus.at\/en\/wp-json\/wp\/v2\/pages\/15290?envira-downloads-gallery-id=14459&envira-downloads-gallery-image=14262\" target=\"_blank\" title=\"Click here to download this image\">Download<\/a>\n        <\/div><\/div><div class=\"envira-gallery-position-overlay envira-gallery-top-right\"><\/div><div class=\"envira-gallery-position-overlay envira-gallery-bottom-left\"><\/div><div class=\"envira-gallery-position-overlay envira-gallery-bottom-right\"><\/div><a class=\"envira-gallery-14459 envira-gallery-link\" href=\"https:\/\/mesnerhaus.at\/wp-content\/uploads\/mesnerhaus-gourmet-restaurant-aussen-03-2048x1365.jpg\" title=\"mesnerhaus-gourmet-restaurant-aussen-03\" data-caption=\"\" data-envira-item-id=\"14262\" data-envira-retina=\"https:\/\/mesnerhaus.at\/wp-content\/uploads\/mesnerhaus-gourmet-restaurant-aussen-03-2048x1365.jpg\" data-thumb=\"https:\/\/mesnerhaus.at\/wp-content\/uploads\/mesnerhaus-gourmet-restaurant-aussen-03-150x150.jpg\" class=\"links_to_image\" data-rel=\"prettyPhoto[15290]\" data-title=\"mesnerhaus-gourmet-restaurant-aussen-03\" data-envirabox='14459' itemprop=\"contentUrl\"><img loading=\"lazy\" decoding=\"async\" src=\"https:\/\/mesnerhaus.at\/wp-content\/uploads\/mesnerhaus-gourmet-restaurant-aussen-03-1024x683.jpg\" alt=\"Seitenansicht des Mesnerhaus Gourmet-Restaurants mit wei&szlig;er Fassade und schwarzem Wirtshausschild\" class=\"envira-gallery-image envira-gallery-image-13    envira-lazy\" height=\"768\" id=\"envira-gallery-image-14262\" srcset=\"data:image\/gif;base64,R0lGODlhAQABAIAAAP\/\/\/\/\/\/\/yH5BAEKAAEALAAAAAABAAEAAAICTAEAOw==\" tabindex=\"-1\" title=\"mesnerhaus-gourmet-restaurant-aussen-03\" width=\"1024\" data-caption=\"\" data-envira-gallery-id=\"14459\" data-envira-index=\"12\" data-envira-item-id=\"14262\" data-envira-src=\"https:\/\/mesnerhaus.at\/wp-content\/uploads\/mesnerhaus-gourmet-restaurant-aussen-03-1024x683.jpg\" data-envira-srcset=\"https:\/\/mesnerhaus.at\/wp-content\/uploads\/mesnerhaus-gourmet-restaurant-aussen-03-1024x683.jpg 400w, https:\/\/mesnerhaus.at\/wp-content\/uploads\/mesnerhaus-gourmet-restaurant-aussen-03-1024x683.jpg 2x\" data-title=\"mesnerhaus-gourmet-restaurant-aussen-03\" itemprop=\"thumbnailUrl\"  data-envirabox=\"14459\" data-automatic-caption=\"\" data-envira-height=\"200\" data-envira-width=\"300\" \/><\/a><\/div><\/div><div id=\"envira-gallery-item-14264\" class=\"envira-gallery-item envira-gallery-item-14 envira-lazy-load\" style=\"padding-left: 5px; padding-bottom: 10px; padding-right: 5px;\"  itemscope itemtype=\"https:\/\/schema.org\/ImageObject\"><div class=\"envira-gallery-item-inner\"><div class=\"envira-gallery-position-overlay envira-gallery-top-left\"><div class=\"envira-download-button\">\n            <a href=\"https:\/\/mesnerhaus.at\/en\/wp-json\/wp\/v2\/pages\/15290?envira-downloads-gallery-id=14459&envira-downloads-gallery-image=14264\" target=\"_blank\" title=\"Click here to download this image\">Download<\/a>\n        <\/div><\/div><div class=\"envira-gallery-position-overlay envira-gallery-top-right\"><\/div><div class=\"envira-gallery-position-overlay envira-gallery-bottom-left\"><\/div><div class=\"envira-gallery-position-overlay envira-gallery-bottom-right\"><\/div><a class=\"envira-gallery-14459 envira-gallery-link\" href=\"https:\/\/mesnerhaus.at\/wp-content\/uploads\/mesnerhaus-restaurant-01-2048x1365.jpg\" title=\"mesnerhaus-restaurant-01\" data-caption=\"\" data-envira-item-id=\"14264\" data-envira-retina=\"https:\/\/mesnerhaus.at\/wp-content\/uploads\/mesnerhaus-restaurant-01-2048x1365.jpg\" data-thumb=\"https:\/\/mesnerhaus.at\/wp-content\/uploads\/mesnerhaus-restaurant-01-150x150.jpg\" class=\"links_to_image\" data-rel=\"prettyPhoto[15290]\" data-title=\"mesnerhaus-restaurant-01\" data-envirabox='14459' itemprop=\"contentUrl\"><img loading=\"lazy\" decoding=\"async\" src=\"https:\/\/mesnerhaus.at\/wp-content\/uploads\/mesnerhaus-restaurant-01-1024x683.jpg\" alt=\"Gastraum des Mesnerhaus Gourmet-Restaurants mit wei&szlig;en Tischt&uuml;chern, roten St&uuml;hlen und Holzbalkendecke\" class=\"envira-gallery-image envira-gallery-image-14    envira-lazy\" height=\"768\" id=\"envira-gallery-image-14264\" srcset=\"data:image\/gif;base64,R0lGODlhAQABAIAAAP\/\/\/\/\/\/\/yH5BAEKAAEALAAAAAABAAEAAAICTAEAOw==\" tabindex=\"-1\" title=\"mesnerhaus-restaurant-01\" width=\"1024\" data-caption=\"\" data-envira-gallery-id=\"14459\" data-envira-index=\"13\" data-envira-item-id=\"14264\" data-envira-src=\"https:\/\/mesnerhaus.at\/wp-content\/uploads\/mesnerhaus-restaurant-01-1024x683.jpg\" data-envira-srcset=\"https:\/\/mesnerhaus.at\/wp-content\/uploads\/mesnerhaus-restaurant-01-1024x683.jpg 400w, https:\/\/mesnerhaus.at\/wp-content\/uploads\/mesnerhaus-restaurant-01-1024x683.jpg 2x\" data-title=\"mesnerhaus-restaurant-01\" itemprop=\"thumbnailUrl\"  data-envirabox=\"14459\" data-automatic-caption=\"\" data-envira-height=\"200\" data-envira-width=\"300\" \/><\/a><\/div><\/div><div id=\"envira-gallery-item-14272\" class=\"envira-gallery-item envira-gallery-item-15 envira-lazy-load\" style=\"padding-left: 5px; padding-bottom: 10px; padding-right: 5px;\"  itemscope itemtype=\"https:\/\/schema.org\/ImageObject\"><div class=\"envira-gallery-item-inner\"><div class=\"envira-gallery-position-overlay envira-gallery-top-left\"><div class=\"envira-download-button\">\n            <a href=\"https:\/\/mesnerhaus.at\/en\/wp-json\/wp\/v2\/pages\/15290?envira-downloads-gallery-id=14459&envira-downloads-gallery-image=14272\" target=\"_blank\" title=\"Click here to download this image\">Download<\/a>\n        <\/div><\/div><div class=\"envira-gallery-position-overlay envira-gallery-top-right\"><\/div><div class=\"envira-gallery-position-overlay envira-gallery-bottom-left\"><\/div><div class=\"envira-gallery-position-overlay envira-gallery-bottom-right\"><\/div><a class=\"envira-gallery-14459 envira-gallery-link\" href=\"https:\/\/mesnerhaus.at\/wp-content\/uploads\/mesnerhaus-restaurant-08-2048x1365.jpg\" title=\"mesnerhaus-restaurant-08\" data-caption=\"\" data-envira-item-id=\"14272\" data-envira-retina=\"https:\/\/mesnerhaus.at\/wp-content\/uploads\/mesnerhaus-restaurant-08-2048x1365.jpg\" data-thumb=\"https:\/\/mesnerhaus.at\/wp-content\/uploads\/mesnerhaus-restaurant-08-150x150.jpg\" class=\"links_to_image\" data-rel=\"prettyPhoto[15290]\" data-title=\"mesnerhaus-restaurant-08\" data-envirabox='14459' itemprop=\"contentUrl\"><img loading=\"lazy\" decoding=\"async\" src=\"https:\/\/mesnerhaus.at\/wp-content\/uploads\/mesnerhaus-restaurant-08-1024x683.jpg\" alt=\"Gastraum des Mesnerhaus Gourmet-Restaurants mit gedeckten Tischen, Weingl&auml;sern und offenen Fenstern\" class=\"envira-gallery-image envira-gallery-image-15    envira-lazy\" height=\"768\" id=\"envira-gallery-image-14272\" srcset=\"data:image\/gif;base64,R0lGODlhAQABAIAAAP\/\/\/\/\/\/\/yH5BAEKAAEALAAAAAABAAEAAAICTAEAOw==\" tabindex=\"-1\" title=\"mesnerhaus-restaurant-08\" width=\"1024\" data-caption=\"\" data-envira-gallery-id=\"14459\" data-envira-index=\"14\" data-envira-item-id=\"14272\" data-envira-src=\"https:\/\/mesnerhaus.at\/wp-content\/uploads\/mesnerhaus-restaurant-08-1024x683.jpg\" data-envira-srcset=\"https:\/\/mesnerhaus.at\/wp-content\/uploads\/mesnerhaus-restaurant-08-1024x683.jpg 400w, https:\/\/mesnerhaus.at\/wp-content\/uploads\/mesnerhaus-restaurant-08-1024x683.jpg 2x\" data-title=\"mesnerhaus-restaurant-08\" itemprop=\"thumbnailUrl\"  data-envirabox=\"14459\" data-automatic-caption=\"\" data-envira-height=\"200\" data-envira-width=\"300\" \/><\/a><\/div><\/div><div id=\"envira-gallery-item-14281\" class=\"envira-gallery-item envira-gallery-item-16 envira-lazy-load\" style=\"padding-left: 5px; padding-bottom: 10px; padding-right: 5px;\"  itemscope itemtype=\"https:\/\/schema.org\/ImageObject\"><div class=\"envira-gallery-item-inner\"><div class=\"envira-gallery-position-overlay envira-gallery-top-left\"><div class=\"envira-download-button\">\n            <a href=\"https:\/\/mesnerhaus.at\/en\/wp-json\/wp\/v2\/pages\/15290?envira-downloads-gallery-id=14459&envira-downloads-gallery-image=14281\" target=\"_blank\" title=\"Click here to download this image\">Download<\/a>\n        <\/div><\/div><div class=\"envira-gallery-position-overlay envira-gallery-top-right\"><\/div><div class=\"envira-gallery-position-overlay envira-gallery-bottom-left\"><\/div><div class=\"envira-gallery-position-overlay envira-gallery-bottom-right\"><\/div><a class=\"envira-gallery-14459 envira-gallery-link\" href=\"https:\/\/mesnerhaus.at\/wp-content\/uploads\/mesnerhaus-gericht-dryaged-lachsforelle-2048x1536.jpeg\" title=\"mesnerhaus-gericht-dryaged-lachsforelle\" data-caption=\"\" data-envira-item-id=\"14281\" data-envira-retina=\"https:\/\/mesnerhaus.at\/wp-content\/uploads\/mesnerhaus-gericht-dryaged-lachsforelle-2048x1536.jpeg\" data-thumb=\"https:\/\/mesnerhaus.at\/wp-content\/uploads\/mesnerhaus-gericht-dryaged-lachsforelle-150x150.jpeg\" class=\"links_to_image\" data-rel=\"prettyPhoto[15290]\" data-title=\"mesnerhaus-gericht-dryaged-lachsforelle\" data-envirabox='14459' itemprop=\"contentUrl\"><img loading=\"lazy\" decoding=\"async\" src=\"https:\/\/mesnerhaus.at\/wp-content\/uploads\/mesnerhaus-gericht-dryaged-lachsforelle-1024x768.jpeg\" alt=\"Gericht mit Dry-Aged-Lachsforelle, Sorbet, Bl&uuml;te und Kr&auml;uter&ouml;l\" class=\"envira-gallery-image envira-gallery-image-16    envira-lazy\" height=\"768\" id=\"envira-gallery-image-14281\" srcset=\"data:image\/gif;base64,R0lGODlhAQABAIAAAP\/\/\/\/\/\/\/yH5BAEKAAEALAAAAAABAAEAAAICTAEAOw==\" tabindex=\"-1\" title=\"mesnerhaus-gericht-dryaged-lachsforelle\" width=\"1024\" data-caption=\"\" data-envira-gallery-id=\"14459\" data-envira-index=\"15\" data-envira-item-id=\"14281\" data-envira-src=\"https:\/\/mesnerhaus.at\/wp-content\/uploads\/mesnerhaus-gericht-dryaged-lachsforelle-1024x768.jpeg\" data-envira-srcset=\"https:\/\/mesnerhaus.at\/wp-content\/uploads\/mesnerhaus-gericht-dryaged-lachsforelle-1024x768.jpeg 400w, https:\/\/mesnerhaus.at\/wp-content\/uploads\/mesnerhaus-gericht-dryaged-lachsforelle-1024x768.jpeg 2x\" data-title=\"mesnerhaus-gericht-dryaged-lachsforelle\" itemprop=\"thumbnailUrl\"  data-envirabox=\"14459\" data-automatic-caption=\"\" data-envira-height=\"225\" data-envira-width=\"300\" \/><\/a><\/div><\/div><div id=\"envira-gallery-item-14286\" class=\"envira-gallery-item envira-gallery-item-17 envira-lazy-load\" style=\"padding-left: 5px; padding-bottom: 10px; padding-right: 5px;\"  itemscope itemtype=\"https:\/\/schema.org\/ImageObject\"><div class=\"envira-gallery-item-inner\"><div class=\"envira-gallery-position-overlay envira-gallery-top-left\"><div class=\"envira-download-button\">\n            <a href=\"https:\/\/mesnerhaus.at\/en\/wp-json\/wp\/v2\/pages\/15290?envira-downloads-gallery-id=14459&envira-downloads-gallery-image=14286\" target=\"_blank\" title=\"Click here to download this image\">Download<\/a>\n        <\/div><\/div><div class=\"envira-gallery-position-overlay envira-gallery-top-right\"><\/div><div class=\"envira-gallery-position-overlay envira-gallery-bottom-left\"><\/div><div class=\"envira-gallery-position-overlay envira-gallery-bottom-right\"><\/div><a class=\"envira-gallery-14459 envira-gallery-link\" href=\"https:\/\/mesnerhaus.at\/wp-content\/uploads\/mesnerhaus-gericht-lungauer-eachtling-2048x1536.jpeg\" title=\"mesnerhaus-gericht-lungauer-eachtling\" data-caption=\"\" data-envira-item-id=\"14286\" data-envira-retina=\"https:\/\/mesnerhaus.at\/wp-content\/uploads\/mesnerhaus-gericht-lungauer-eachtling-2048x1536.jpeg\" data-thumb=\"https:\/\/mesnerhaus.at\/wp-content\/uploads\/mesnerhaus-gericht-lungauer-eachtling-150x150.jpeg\" class=\"links_to_image\" data-rel=\"prettyPhoto[15290]\" data-title=\"mesnerhaus-gericht-lungauer-eachtling\" data-envirabox='14459' itemprop=\"contentUrl\"><img loading=\"lazy\" decoding=\"async\" src=\"https:\/\/mesnerhaus.at\/wp-content\/uploads\/mesnerhaus-gericht-lungauer-eachtling-1024x768.jpeg\" alt=\"Zwei knusprige Kugeln vom Lungauer Eachtling mit Bl&uuml;ten und Gem&uuml;se auf kleinen Steinen\" class=\"envira-gallery-image envira-gallery-image-17    envira-lazy\" height=\"768\" id=\"envira-gallery-image-14286\" srcset=\"data:image\/gif;base64,R0lGODlhAQABAIAAAP\/\/\/\/\/\/\/yH5BAEKAAEALAAAAAABAAEAAAICTAEAOw==\" tabindex=\"-1\" title=\"mesnerhaus-gericht-lungauer-eachtling\" width=\"1024\" data-caption=\"\" data-envira-gallery-id=\"14459\" data-envira-index=\"16\" data-envira-item-id=\"14286\" data-envira-src=\"https:\/\/mesnerhaus.at\/wp-content\/uploads\/mesnerhaus-gericht-lungauer-eachtling-1024x768.jpeg\" data-envira-srcset=\"https:\/\/mesnerhaus.at\/wp-content\/uploads\/mesnerhaus-gericht-lungauer-eachtling-1024x768.jpeg 400w, https:\/\/mesnerhaus.at\/wp-content\/uploads\/mesnerhaus-gericht-lungauer-eachtling-1024x768.jpeg 2x\" data-title=\"mesnerhaus-gericht-lungauer-eachtling\" itemprop=\"thumbnailUrl\"  data-envirabox=\"14459\" data-automatic-caption=\"\" data-envira-height=\"225\" data-envira-width=\"300\" \/><\/a><\/div><\/div><div id=\"envira-gallery-item-14288\" class=\"envira-gallery-item envira-gallery-item-18 envira-lazy-load\" style=\"padding-left: 5px; padding-bottom: 10px; padding-right: 5px;\"  itemscope itemtype=\"https:\/\/schema.org\/ImageObject\"><div class=\"envira-gallery-item-inner\"><div class=\"envira-gallery-position-overlay envira-gallery-top-left\"><div class=\"envira-download-button\">\n            <a href=\"https:\/\/mesnerhaus.at\/en\/wp-json\/wp\/v2\/pages\/15290?envira-downloads-gallery-id=14459&envira-downloads-gallery-image=14288\" target=\"_blank\" title=\"Click here to download this image\">Download<\/a>\n        <\/div><\/div><div class=\"envira-gallery-position-overlay envira-gallery-top-right\"><\/div><div class=\"envira-gallery-position-overlay envira-gallery-bottom-left\"><\/div><div class=\"envira-gallery-position-overlay envira-gallery-bottom-right\"><\/div><a class=\"envira-gallery-14459 envira-gallery-link\" href=\"https:\/\/mesnerhaus.at\/wp-content\/uploads\/mesnerhaus-gericht-wachauer-marille-2048x1536.jpeg\" title=\"mesnerhaus-gericht-wachauer-marille\" data-caption=\"\" data-envira-item-id=\"14288\" data-envira-retina=\"https:\/\/mesnerhaus.at\/wp-content\/uploads\/mesnerhaus-gericht-wachauer-marille-2048x1536.jpeg\" data-thumb=\"https:\/\/mesnerhaus.at\/wp-content\/uploads\/mesnerhaus-gericht-wachauer-marille-150x150.jpeg\" class=\"links_to_image\" data-rel=\"prettyPhoto[15290]\" data-title=\"mesnerhaus-gericht-wachauer-marille\" data-envirabox='14459' itemprop=\"contentUrl\"><img loading=\"lazy\" decoding=\"async\" src=\"https:\/\/mesnerhaus.at\/wp-content\/uploads\/mesnerhaus-gericht-wachauer-marille-1024x768.jpeg\" alt=\"Dessert mit Wachauer Marille, Eis, Bl&uuml;tenbl&auml;ttern und knusprigen Elementen\" class=\"envira-gallery-image envira-gallery-image-18    envira-lazy\" height=\"768\" id=\"envira-gallery-image-14288\" srcset=\"data:image\/gif;base64,R0lGODlhAQABAIAAAP\/\/\/\/\/\/\/yH5BAEKAAEALAAAAAABAAEAAAICTAEAOw==\" tabindex=\"-1\" title=\"mesnerhaus-gericht-wachauer-marille\" width=\"1024\" data-caption=\"\" data-envira-gallery-id=\"14459\" data-envira-index=\"17\" data-envira-item-id=\"14288\" data-envira-src=\"https:\/\/mesnerhaus.at\/wp-content\/uploads\/mesnerhaus-gericht-wachauer-marille-1024x768.jpeg\" data-envira-srcset=\"https:\/\/mesnerhaus.at\/wp-content\/uploads\/mesnerhaus-gericht-wachauer-marille-1024x768.jpeg 400w, https:\/\/mesnerhaus.at\/wp-content\/uploads\/mesnerhaus-gericht-wachauer-marille-1024x768.jpeg 2x\" data-title=\"mesnerhaus-gericht-wachauer-marille\" itemprop=\"thumbnailUrl\"  data-envirabox=\"14459\" data-automatic-caption=\"\" data-envira-height=\"225\" data-envira-width=\"300\" \/><\/a><\/div><\/div><div id=\"envira-gallery-item-14325\" class=\"envira-gallery-item envira-gallery-item-19 envira-lazy-load\" style=\"padding-left: 5px; padding-bottom: 10px; padding-right: 5px;\"  itemscope itemtype=\"https:\/\/schema.org\/ImageObject\"><div class=\"envira-gallery-item-inner\"><div class=\"envira-gallery-position-overlay envira-gallery-top-left\"><div class=\"envira-download-button\">\n            <a href=\"https:\/\/mesnerhaus.at\/en\/wp-json\/wp\/v2\/pages\/15290?envira-downloads-gallery-id=14459&envira-downloads-gallery-image=14325\" target=\"_blank\" title=\"Click here to download this image\">Download<\/a>\n        <\/div><\/div><div class=\"envira-gallery-position-overlay envira-gallery-top-right\"><\/div><div class=\"envira-gallery-position-overlay envira-gallery-bottom-left\"><\/div><div class=\"envira-gallery-position-overlay envira-gallery-bottom-right\"><\/div><a class=\"envira-gallery-14459 envira-gallery-link\" href=\"https:\/\/mesnerhaus.at\/wp-content\/uploads\/mesnerhaus-weinkeller-03-1365x2048.jpg\" title=\"mesnerhaus-weinkeller-03\" data-caption=\"\" data-envira-item-id=\"14325\" data-envira-retina=\"https:\/\/mesnerhaus.at\/wp-content\/uploads\/mesnerhaus-weinkeller-03-1365x2048.jpg\" data-thumb=\"https:\/\/mesnerhaus.at\/wp-content\/uploads\/mesnerhaus-weinkeller-03-150x150.jpg\" class=\"links_to_image\" data-rel=\"prettyPhoto[15290]\" data-title=\"mesnerhaus-weinkeller-03\" data-envirabox='14459' itemprop=\"contentUrl\"><img loading=\"lazy\" decoding=\"async\" src=\"https:\/\/mesnerhaus.at\/wp-content\/uploads\/mesnerhaus-weinkeller-03-683x1024.jpg\" alt=\"Weinkeller des Mesnerhauses mit Weinflaschen auf Holzregalen und Natursteinw&auml;nden\" class=\"envira-gallery-image envira-gallery-image-19    envira-lazy\" height=\"768\" id=\"envira-gallery-image-14325\" srcset=\"data:image\/gif;base64,R0lGODlhAQABAIAAAP\/\/\/\/\/\/\/yH5BAEKAAEALAAAAAABAAEAAAICTAEAOw==\" tabindex=\"-1\" title=\"mesnerhaus-weinkeller-03\" width=\"1024\" data-caption=\"\" data-envira-gallery-id=\"14459\" data-envira-index=\"18\" data-envira-item-id=\"14325\" data-envira-src=\"https:\/\/mesnerhaus.at\/wp-content\/uploads\/mesnerhaus-weinkeller-03-683x1024.jpg\" data-envira-srcset=\"https:\/\/mesnerhaus.at\/wp-content\/uploads\/mesnerhaus-weinkeller-03-683x1024.jpg 400w, https:\/\/mesnerhaus.at\/wp-content\/uploads\/mesnerhaus-weinkeller-03-683x1024.jpg 2x\" data-title=\"mesnerhaus-weinkeller-03\" itemprop=\"thumbnailUrl\"  data-envirabox=\"14459\" data-automatic-caption=\"\" data-envira-height=\"300\" data-envira-width=\"200\" \/><\/a><\/div><\/div><div id=\"envira-gallery-item-14342\" class=\"envira-gallery-item envira-gallery-item-20 envira-lazy-load\" style=\"padding-left: 5px; padding-bottom: 10px; padding-right: 5px;\"  itemscope itemtype=\"https:\/\/schema.org\/ImageObject\"><div class=\"envira-gallery-item-inner\"><div class=\"envira-gallery-position-overlay envira-gallery-top-left\"><div class=\"envira-download-button\">\n            <a href=\"https:\/\/mesnerhaus.at\/en\/wp-json\/wp\/v2\/pages\/15290?envira-downloads-gallery-id=14459&envira-downloads-gallery-image=14342\" target=\"_blank\" title=\"Click here to download this image\">Download<\/a>\n        <\/div><\/div><div class=\"envira-gallery-position-overlay envira-gallery-top-right\"><\/div><div class=\"envira-gallery-position-overlay envira-gallery-bottom-left\"><\/div><div class=\"envira-gallery-position-overlay envira-gallery-bottom-right\"><\/div><a class=\"envira-gallery-14459 envira-gallery-link\" href=\"https:\/\/mesnerhaus.at\/wp-content\/uploads\/mesnerhaus-zimmer-12-2048x1365.jpg\" title=\"mesnerhaus-zimmer-12\" data-caption=\"\" data-envira-item-id=\"14342\" data-envira-retina=\"https:\/\/mesnerhaus.at\/wp-content\/uploads\/mesnerhaus-zimmer-12-2048x1365.jpg\" data-thumb=\"https:\/\/mesnerhaus.at\/wp-content\/uploads\/mesnerhaus-zimmer-12-150x150.jpg\" class=\"links_to_image\" data-rel=\"prettyPhoto[15290]\" data-title=\"mesnerhaus-zimmer-12\" data-envirabox='14459' itemprop=\"contentUrl\"><img loading=\"lazy\" decoding=\"async\" src=\"https:\/\/mesnerhaus.at\/wp-content\/uploads\/mesnerhaus-zimmer-12-1024x683.jpg\" alt=\"Sitzplatz am Panoramafenster im Mesnerhaus Boutique-Hotel mit Blumen, Wein und Bergblick\" class=\"envira-gallery-image envira-gallery-image-20    envira-lazy\" height=\"768\" id=\"envira-gallery-image-14342\" srcset=\"data:image\/gif;base64,R0lGODlhAQABAIAAAP\/\/\/\/\/\/\/yH5BAEKAAEALAAAAAABAAEAAAICTAEAOw==\" tabindex=\"-1\" title=\"mesnerhaus-zimmer-12\" width=\"1024\" data-caption=\"\" data-envira-gallery-id=\"14459\" data-envira-index=\"19\" data-envira-item-id=\"14342\" data-envira-src=\"https:\/\/mesnerhaus.at\/wp-content\/uploads\/mesnerhaus-zimmer-12-1024x683.jpg\" data-envira-srcset=\"https:\/\/mesnerhaus.at\/wp-content\/uploads\/mesnerhaus-zimmer-12-1024x683.jpg 400w, https:\/\/mesnerhaus.at\/wp-content\/uploads\/mesnerhaus-zimmer-12-1024x683.jpg 2x\" data-title=\"mesnerhaus-zimmer-12\" itemprop=\"thumbnailUrl\"  data-envirabox=\"14459\" data-automatic-caption=\"\" data-envira-height=\"200\" data-envira-width=\"300\" \/><\/a><\/div><\/div><div id=\"envira-gallery-item-14407\" class=\"envira-gallery-item envira-gallery-item-21 envira-lazy-load\" style=\"padding-left: 5px; padding-bottom: 10px; padding-right: 5px;\"  itemscope itemtype=\"https:\/\/schema.org\/ImageObject\"><div class=\"envira-gallery-item-inner\"><div class=\"envira-gallery-position-overlay envira-gallery-top-left\"><div class=\"envira-download-button\">\n            <a href=\"https:\/\/mesnerhaus.at\/en\/wp-json\/wp\/v2\/pages\/15290?envira-downloads-gallery-id=14459&envira-downloads-gallery-image=14407\" target=\"_blank\" title=\"Click here to download this image\">Download<\/a>\n        <\/div><\/div><div class=\"envira-gallery-position-overlay envira-gallery-top-right\"><\/div><div class=\"envira-gallery-position-overlay envira-gallery-bottom-left\"><\/div><div class=\"envira-gallery-position-overlay envira-gallery-bottom-right\"><\/div><a class=\"envira-gallery-14459 envira-gallery-link\" href=\"https:\/\/mesnerhaus.at\/wp-content\/uploads\/mesnerhaus-boutique-hotel-zimmer-signature-bett-couch-2048x1365.jpg\" title=\"mesnerhaus-boutique-hotel-zimmer-signature-bett-couch\" data-caption=\"\" data-envira-item-id=\"14407\" data-envira-retina=\"https:\/\/mesnerhaus.at\/wp-content\/uploads\/mesnerhaus-boutique-hotel-zimmer-signature-bett-couch-2048x1365.jpg\" data-thumb=\"https:\/\/mesnerhaus.at\/wp-content\/uploads\/mesnerhaus-boutique-hotel-zimmer-signature-bett-couch-150x150.jpg\" class=\"links_to_image\" data-rel=\"prettyPhoto[15290]\" data-title=\"mesnerhaus-boutique-hotel-zimmer-signature-bett-couch\" data-envirabox='14459' itemprop=\"contentUrl\"><img loading=\"lazy\" decoding=\"async\" src=\"https:\/\/mesnerhaus.at\/wp-content\/uploads\/mesnerhaus-boutique-hotel-zimmer-signature-bett-couch-1024x683.jpg\" alt=\"Signature-Zimmer im Mesnerhaus Boutique-Hotel mit Doppelbett und Sofa\" class=\"envira-gallery-image envira-gallery-image-21    envira-lazy\" height=\"768\" id=\"envira-gallery-image-14407\" srcset=\"data:image\/gif;base64,R0lGODlhAQABAIAAAP\/\/\/\/\/\/\/yH5BAEKAAEALAAAAAABAAEAAAICTAEAOw==\" tabindex=\"-1\" title=\"mesnerhaus-boutique-hotel-zimmer-signature-bett-couch\" width=\"1024\" data-caption=\"\" data-envira-gallery-id=\"14459\" data-envira-index=\"20\" data-envira-item-id=\"14407\" data-envira-src=\"https:\/\/mesnerhaus.at\/wp-content\/uploads\/mesnerhaus-boutique-hotel-zimmer-signature-bett-couch-1024x683.jpg\" data-envira-srcset=\"https:\/\/mesnerhaus.at\/wp-content\/uploads\/mesnerhaus-boutique-hotel-zimmer-signature-bett-couch-1024x683.jpg 400w, https:\/\/mesnerhaus.at\/wp-content\/uploads\/mesnerhaus-boutique-hotel-zimmer-signature-bett-couch-1024x683.jpg 2x\" data-title=\"mesnerhaus-boutique-hotel-zimmer-signature-bett-couch\" itemprop=\"thumbnailUrl\"  data-envirabox=\"14459\" data-automatic-caption=\"\" data-envira-height=\"200\" data-envira-width=\"300\" \/><\/a><\/div><\/div><div id=\"envira-gallery-item-14344\" class=\"envira-gallery-item envira-gallery-item-22 envira-lazy-load\" style=\"padding-left: 5px; padding-bottom: 10px; padding-right: 5px;\"  itemscope itemtype=\"https:\/\/schema.org\/ImageObject\"><div class=\"envira-gallery-item-inner\"><div class=\"envira-gallery-position-overlay envira-gallery-top-left\"><div class=\"envira-download-button\">\n            <a href=\"https:\/\/mesnerhaus.at\/en\/wp-json\/wp\/v2\/pages\/15290?envira-downloads-gallery-id=14459&envira-downloads-gallery-image=14344\" target=\"_blank\" title=\"Click here to download this image\">Download<\/a>\n        <\/div><\/div><div class=\"envira-gallery-position-overlay envira-gallery-top-right\"><\/div><div class=\"envira-gallery-position-overlay envira-gallery-bottom-left\"><\/div><div class=\"envira-gallery-position-overlay envira-gallery-bottom-right\"><\/div><a class=\"envira-gallery-14459 envira-gallery-link\" href=\"https:\/\/mesnerhaus.at\/wp-content\/uploads\/mesnerhaus-boutique-hotel-aussen-01-2048x1365.jpg\" title=\"mesnerhaus-boutique-hotel-aussen-01\" data-caption=\"\" data-envira-item-id=\"14344\" data-envira-retina=\"https:\/\/mesnerhaus.at\/wp-content\/uploads\/mesnerhaus-boutique-hotel-aussen-01-2048x1365.jpg\" data-thumb=\"https:\/\/mesnerhaus.at\/wp-content\/uploads\/mesnerhaus-boutique-hotel-aussen-01-150x150.jpg\" class=\"links_to_image\" data-rel=\"prettyPhoto[15290]\" data-title=\"mesnerhaus-boutique-hotel-aussen-01\" data-envirabox='14459' itemprop=\"contentUrl\"><img loading=\"lazy\" decoding=\"async\" src=\"https:\/\/mesnerhaus.at\/wp-content\/uploads\/mesnerhaus-boutique-hotel-aussen-01-1024x683.jpg\" alt=\"Frontansicht des Mesnerhaus Boutique-Hotels mit wei&szlig;er Fassade und Holzkastenfenstern\" class=\"envira-gallery-image envira-gallery-image-22    envira-lazy\" height=\"768\" id=\"envira-gallery-image-14344\" srcset=\"data:image\/gif;base64,R0lGODlhAQABAIAAAP\/\/\/\/\/\/\/yH5BAEKAAEALAAAAAABAAEAAAICTAEAOw==\" tabindex=\"-1\" title=\"mesnerhaus-boutique-hotel-aussen-01\" width=\"1024\" data-caption=\"\" data-envira-gallery-id=\"14459\" data-envira-index=\"21\" data-envira-item-id=\"14344\" data-envira-src=\"https:\/\/mesnerhaus.at\/wp-content\/uploads\/mesnerhaus-boutique-hotel-aussen-01-1024x683.jpg\" data-envira-srcset=\"https:\/\/mesnerhaus.at\/wp-content\/uploads\/mesnerhaus-boutique-hotel-aussen-01-1024x683.jpg 400w, https:\/\/mesnerhaus.at\/wp-content\/uploads\/mesnerhaus-boutique-hotel-aussen-01-1024x683.jpg 2x\" data-title=\"mesnerhaus-boutique-hotel-aussen-01\" itemprop=\"thumbnailUrl\"  data-envirabox=\"14459\" data-automatic-caption=\"\" data-envira-height=\"200\" data-envira-width=\"300\" \/><\/a><\/div><\/div><div id=\"envira-gallery-item-14290\" class=\"envira-gallery-item envira-gallery-item-23 envira-lazy-load\" style=\"padding-left: 5px; padding-bottom: 10px; padding-right: 5px;\"  itemscope itemtype=\"https:\/\/schema.org\/ImageObject\"><div class=\"envira-gallery-item-inner\"><div class=\"envira-gallery-position-overlay envira-gallery-top-left\"><div class=\"envira-download-button\">\n            <a href=\"https:\/\/mesnerhaus.at\/en\/wp-json\/wp\/v2\/pages\/15290?envira-downloads-gallery-id=14459&envira-downloads-gallery-image=14290\" target=\"_blank\" title=\"Click here to download this image\">Download<\/a>\n        <\/div><\/div><div class=\"envira-gallery-position-overlay envira-gallery-top-right\"><\/div><div class=\"envira-gallery-position-overlay envira-gallery-bottom-left\"><\/div><div class=\"envira-gallery-position-overlay envira-gallery-bottom-right\"><\/div><a class=\"envira-gallery-14459 envira-gallery-link\" href=\"https:\/\/mesnerhaus.at\/wp-content\/uploads\/mesnerhaus-team-01-1-2048x1365.jpg\" title=\"mesnerhaus-team-01\" data-caption=\"\" data-envira-item-id=\"14290\" data-envira-retina=\"https:\/\/mesnerhaus.at\/wp-content\/uploads\/mesnerhaus-team-01-1-2048x1365.jpg\" data-thumb=\"https:\/\/mesnerhaus.at\/wp-content\/uploads\/mesnerhaus-team-01-1-150x150.jpg\" class=\"links_to_image\" data-rel=\"prettyPhoto[15290]\" data-title=\"mesnerhaus-team-01\" data-envirabox='14459' itemprop=\"contentUrl\"><img loading=\"lazy\" decoding=\"async\" src=\"https:\/\/mesnerhaus.at\/wp-content\/uploads\/mesnerhaus-team-01-1-1024x683.jpg\" alt=\"Sieben Mitglieder des Mesnerhaus-Teams gemeinsam im Garten\" class=\"envira-gallery-image envira-gallery-image-23    envira-lazy\" height=\"768\" id=\"envira-gallery-image-14290\" srcset=\"data:image\/gif;base64,R0lGODlhAQABAIAAAP\/\/\/\/\/\/\/yH5BAEKAAEALAAAAAABAAEAAAICTAEAOw==\" tabindex=\"-1\" title=\"mesnerhaus-team-01\" width=\"1024\" data-caption=\"\" data-envira-gallery-id=\"14459\" data-envira-index=\"22\" data-envira-item-id=\"14290\" data-envira-src=\"https:\/\/mesnerhaus.at\/wp-content\/uploads\/mesnerhaus-team-01-1-1024x683.jpg\" data-envira-srcset=\"https:\/\/mesnerhaus.at\/wp-content\/uploads\/mesnerhaus-team-01-1-1024x683.jpg 400w, https:\/\/mesnerhaus.at\/wp-content\/uploads\/mesnerhaus-team-01-1-1024x683.jpg 2x\" data-title=\"mesnerhaus-team-01\" itemprop=\"thumbnailUrl\"  data-envirabox=\"14459\" data-automatic-caption=\"\" data-envira-height=\"200\" data-envira-width=\"300\" \/><\/a><\/div><\/div><div id=\"envira-gallery-item-14460\" class=\"envira-gallery-item envira-gallery-item-24 envira-lazy-load\" style=\"padding-left: 5px; padding-bottom: 10px; padding-right: 5px;\"  itemscope itemtype=\"https:\/\/schema.org\/ImageObject\"><div class=\"envira-gallery-item-inner\"><div class=\"envira-gallery-position-overlay envira-gallery-top-left\"><div class=\"envira-download-button\">\n            <a href=\"https:\/\/mesnerhaus.at\/en\/wp-json\/wp\/v2\/pages\/15290?envira-downloads-gallery-id=14459&envira-downloads-gallery-image=14460\" target=\"_blank\" title=\"Click here to download this image\">Download<\/a>\n        <\/div><\/div><div class=\"envira-gallery-position-overlay envira-gallery-top-right\"><\/div><div class=\"envira-gallery-position-overlay envira-gallery-bottom-left\"><\/div><div class=\"envira-gallery-position-overlay envira-gallery-bottom-right\"><\/div><a class=\"envira-gallery-14459 envira-gallery-link\" href=\"https:\/\/mesnerhaus.at\/wp-content\/uploads\/mesnerhaus-hospitality-logo-gold-auf-marineblau-2400px-2048x1420.jpg\" title=\"mesnerhaus-hospitality-logo-gold-auf-marineblau-2400px\" data-caption=\"\" data-envira-item-id=\"14460\" data-envira-retina=\"https:\/\/mesnerhaus.at\/wp-content\/uploads\/mesnerhaus-hospitality-logo-gold-auf-marineblau-2400px-2048x1420.jpg\" data-thumb=\"https:\/\/mesnerhaus.at\/wp-content\/uploads\/mesnerhaus-hospitality-logo-gold-auf-marineblau-2400px-150x150.jpg\" class=\"links_to_image\" data-rel=\"prettyPhoto[15290]\" data-title=\"mesnerhaus-hospitality-logo-gold-auf-marineblau-2400px\" data-envirabox='14459' itemprop=\"contentUrl\"><img loading=\"lazy\" decoding=\"async\" src=\"https:\/\/mesnerhaus.at\/wp-content\/uploads\/mesnerhaus-hospitality-logo-gold-auf-marineblau-2400px-1024x710.jpg\" alt=\"Logo Mesnerhaus Hospitality in Gold auf marineblauem Hintergrund\" class=\"envira-gallery-image envira-gallery-image-24    envira-lazy\" height=\"768\" id=\"envira-gallery-image-14460\" srcset=\"data:image\/gif;base64,R0lGODlhAQABAIAAAP\/\/\/\/\/\/\/yH5BAEKAAEALAAAAAABAAEAAAICTAEAOw==\" tabindex=\"-1\" title=\"mesnerhaus-hospitality-logo-gold-auf-marineblau-2400px\" width=\"1024\" data-caption=\"\" data-envira-gallery-id=\"14459\" data-envira-index=\"23\" data-envira-item-id=\"14460\" data-envira-src=\"https:\/\/mesnerhaus.at\/wp-content\/uploads\/mesnerhaus-hospitality-logo-gold-auf-marineblau-2400px-1024x710.jpg\" data-envira-srcset=\"https:\/\/mesnerhaus.at\/wp-content\/uploads\/mesnerhaus-hospitality-logo-gold-auf-marineblau-2400px-1024x710.jpg 400w, https:\/\/mesnerhaus.at\/wp-content\/uploads\/mesnerhaus-hospitality-logo-gold-auf-marineblau-2400px-1024x710.jpg 2x\" data-title=\"mesnerhaus-hospitality-logo-gold-auf-marineblau-2400px\" itemprop=\"thumbnailUrl\"  data-envirabox=\"14459\" data-automatic-caption=\"\" data-envira-height=\"208\" data-envira-width=\"300\" \/><\/a><\/div><\/div><div id=\"envira-gallery-item-14461\" class=\"envira-gallery-item envira-gallery-item-25 envira-lazy-load\" style=\"padding-left: 5px; padding-bottom: 10px; padding-right: 5px;\"  itemscope itemtype=\"https:\/\/schema.org\/ImageObject\"><div class=\"envira-gallery-item-inner\"><div class=\"envira-gallery-position-overlay envira-gallery-top-left\"><div class=\"envira-download-button\">\n            <a href=\"https:\/\/mesnerhaus.at\/en\/wp-json\/wp\/v2\/pages\/15290?envira-downloads-gallery-id=14459&envira-downloads-gallery-image=14461\" target=\"_blank\" title=\"Click here to download this image\">Download<\/a>\n        <\/div><\/div><div class=\"envira-gallery-position-overlay envira-gallery-top-right\"><\/div><div class=\"envira-gallery-position-overlay envira-gallery-bottom-left\"><\/div><div class=\"envira-gallery-position-overlay envira-gallery-bottom-right\"><\/div><a class=\"envira-gallery-14459 envira-gallery-link\" href=\"https:\/\/mesnerhaus.at\/wp-content\/uploads\/mesnerhaus-hospitality-logo-gold-auf-weiss-2400px-2048x1420.jpg\" title=\"mesnerhaus-hospitality-logo-gold-auf-weiss-2400px\" data-caption=\"\" data-envira-item-id=\"14461\" data-envira-retina=\"https:\/\/mesnerhaus.at\/wp-content\/uploads\/mesnerhaus-hospitality-logo-gold-auf-weiss-2400px-2048x1420.jpg\" data-thumb=\"https:\/\/mesnerhaus.at\/wp-content\/uploads\/mesnerhaus-hospitality-logo-gold-auf-weiss-2400px-150x150.jpg\" class=\"links_to_image\" data-rel=\"prettyPhoto[15290]\" data-title=\"mesnerhaus-hospitality-logo-gold-auf-weiss-2400px\" data-envirabox='14459' itemprop=\"contentUrl\"><img loading=\"lazy\" decoding=\"async\" src=\"https:\/\/mesnerhaus.at\/wp-content\/uploads\/mesnerhaus-hospitality-logo-gold-auf-weiss-2400px-1024x710.jpg\" alt=\"Logo Mesnerhaus Hospitality in Gold auf wei&szlig;em Hintergrund\" class=\"envira-gallery-image envira-gallery-image-25    envira-lazy\" height=\"768\" id=\"envira-gallery-image-14461\" srcset=\"data:image\/gif;base64,R0lGODlhAQABAIAAAP\/\/\/\/\/\/\/yH5BAEKAAEALAAAAAABAAEAAAICTAEAOw==\" tabindex=\"-1\" title=\"mesnerhaus-hospitality-logo-gold-auf-weiss-2400px\" width=\"1024\" data-caption=\"\" data-envira-gallery-id=\"14459\" data-envira-index=\"24\" data-envira-item-id=\"14461\" data-envira-src=\"https:\/\/mesnerhaus.at\/wp-content\/uploads\/mesnerhaus-hospitality-logo-gold-auf-weiss-2400px-1024x710.jpg\" data-envira-srcset=\"https:\/\/mesnerhaus.at\/wp-content\/uploads\/mesnerhaus-hospitality-logo-gold-auf-weiss-2400px-1024x710.jpg 400w, https:\/\/mesnerhaus.at\/wp-content\/uploads\/mesnerhaus-hospitality-logo-gold-auf-weiss-2400px-1024x710.jpg 2x\" data-title=\"mesnerhaus-hospitality-logo-gold-auf-weiss-2400px\" itemprop=\"thumbnailUrl\"  data-envirabox=\"14459\" data-automatic-caption=\"\" data-envira-height=\"208\" data-envira-width=\"300\" \/><\/a><\/div><\/div><div id=\"envira-gallery-item-14462\" class=\"envira-gallery-item envira-gallery-item-26 envira-lazy-load\" style=\"padding-left: 5px; padding-bottom: 10px; padding-right: 5px;\"  itemscope itemtype=\"https:\/\/schema.org\/ImageObject\"><div class=\"envira-gallery-item-inner\"><div class=\"envira-gallery-position-overlay envira-gallery-top-left\"><div class=\"envira-download-button\">\n            <a href=\"https:\/\/mesnerhaus.at\/en\/wp-json\/wp\/v2\/pages\/15290?envira-downloads-gallery-id=14459&envira-downloads-gallery-image=14462\" target=\"_blank\" title=\"Click here to download this image\">Download<\/a>\n        <\/div><\/div><div class=\"envira-gallery-position-overlay envira-gallery-top-right\"><\/div><div class=\"envira-gallery-position-overlay envira-gallery-bottom-left\"><\/div><div class=\"envira-gallery-position-overlay envira-gallery-bottom-right\"><\/div><a class=\"envira-gallery-14459 envira-gallery-link\" href=\"https:\/\/mesnerhaus.at\/wp-content\/uploads\/mesnerhaus-boutique-hotel-logo-gold-auf-marineblau-2400px-2048x1420.jpg\" title=\"mesnerhaus-boutique-hotel-logo-gold-auf-marineblau-2400px\" data-caption=\"\" data-envira-item-id=\"14462\" data-envira-retina=\"https:\/\/mesnerhaus.at\/wp-content\/uploads\/mesnerhaus-boutique-hotel-logo-gold-auf-marineblau-2400px-2048x1420.jpg\" data-thumb=\"https:\/\/mesnerhaus.at\/wp-content\/uploads\/mesnerhaus-boutique-hotel-logo-gold-auf-marineblau-2400px-150x150.jpg\" class=\"links_to_image\" data-rel=\"prettyPhoto[15290]\" data-title=\"mesnerhaus-boutique-hotel-logo-gold-auf-marineblau-2400px\" data-envirabox='14459' itemprop=\"contentUrl\"><img loading=\"lazy\" decoding=\"async\" src=\"https:\/\/mesnerhaus.at\/wp-content\/uploads\/mesnerhaus-boutique-hotel-logo-gold-auf-marineblau-2400px-1024x710.jpg\" alt=\"Logo Mesnerhaus Boutique-Hotel in Gold auf marineblauem Hintergrund\" class=\"envira-gallery-image envira-gallery-image-26    envira-lazy\" height=\"768\" id=\"envira-gallery-image-14462\" srcset=\"data:image\/gif;base64,R0lGODlhAQABAIAAAP\/\/\/\/\/\/\/yH5BAEKAAEALAAAAAABAAEAAAICTAEAOw==\" tabindex=\"-1\" title=\"mesnerhaus-boutique-hotel-logo-gold-auf-marineblau-2400px\" width=\"1024\" data-caption=\"\" data-envira-gallery-id=\"14459\" data-envira-index=\"25\" data-envira-item-id=\"14462\" data-envira-src=\"https:\/\/mesnerhaus.at\/wp-content\/uploads\/mesnerhaus-boutique-hotel-logo-gold-auf-marineblau-2400px-1024x710.jpg\" data-envira-srcset=\"https:\/\/mesnerhaus.at\/wp-content\/uploads\/mesnerhaus-boutique-hotel-logo-gold-auf-marineblau-2400px-1024x710.jpg 400w, https:\/\/mesnerhaus.at\/wp-content\/uploads\/mesnerhaus-boutique-hotel-logo-gold-auf-marineblau-2400px-1024x710.jpg 2x\" data-title=\"mesnerhaus-boutique-hotel-logo-gold-auf-marineblau-2400px\" itemprop=\"thumbnailUrl\"  data-envirabox=\"14459\" data-automatic-caption=\"\" data-envira-height=\"208\" data-envira-width=\"300\" \/><\/a><\/div><\/div><div id=\"envira-gallery-item-14463\" class=\"envira-gallery-item envira-gallery-item-27 envira-lazy-load\" style=\"padding-left: 5px; padding-bottom: 10px; padding-right: 5px;\"  itemscope itemtype=\"https:\/\/schema.org\/ImageObject\"><div class=\"envira-gallery-item-inner\"><div class=\"envira-gallery-position-overlay envira-gallery-top-left\"><div class=\"envira-download-button\">\n            <a href=\"https:\/\/mesnerhaus.at\/en\/wp-json\/wp\/v2\/pages\/15290?envira-downloads-gallery-id=14459&envira-downloads-gallery-image=14463\" target=\"_blank\" title=\"Click here to download this image\">Download<\/a>\n        <\/div><\/div><div class=\"envira-gallery-position-overlay envira-gallery-top-right\"><\/div><div class=\"envira-gallery-position-overlay envira-gallery-bottom-left\"><\/div><div class=\"envira-gallery-position-overlay envira-gallery-bottom-right\"><\/div><a class=\"envira-gallery-14459 envira-gallery-link\" href=\"https:\/\/mesnerhaus.at\/wp-content\/uploads\/mesnerhaus-boutique-hotel-logo-gold-auf-weiss-2400px-2048x1420.jpg\" title=\"mesnerhaus-boutique-hotel-logo-gold-auf-weiss-2400px\" data-caption=\"\" data-envira-item-id=\"14463\" data-envira-retina=\"https:\/\/mesnerhaus.at\/wp-content\/uploads\/mesnerhaus-boutique-hotel-logo-gold-auf-weiss-2400px-2048x1420.jpg\" data-thumb=\"https:\/\/mesnerhaus.at\/wp-content\/uploads\/mesnerhaus-boutique-hotel-logo-gold-auf-weiss-2400px-150x150.jpg\" class=\"links_to_image\" data-rel=\"prettyPhoto[15290]\" data-title=\"mesnerhaus-boutique-hotel-logo-gold-auf-weiss-2400px\" data-envirabox='14459' itemprop=\"contentUrl\"><img loading=\"lazy\" decoding=\"async\" src=\"https:\/\/mesnerhaus.at\/wp-content\/uploads\/mesnerhaus-boutique-hotel-logo-gold-auf-weiss-2400px-1024x710.jpg\" alt=\"Logo Mesnerhaus Boutique-Hotel in Gold auf wei&szlig;em Hintergrund\" class=\"envira-gallery-image envira-gallery-image-27    envira-lazy\" height=\"768\" id=\"envira-gallery-image-14463\" srcset=\"data:image\/gif;base64,R0lGODlhAQABAIAAAP\/\/\/\/\/\/\/yH5BAEKAAEALAAAAAABAAEAAAICTAEAOw==\" tabindex=\"-1\" title=\"mesnerhaus-boutique-hotel-logo-gold-auf-weiss-2400px\" width=\"1024\" data-caption=\"\" data-envira-gallery-id=\"14459\" data-envira-index=\"26\" data-envira-item-id=\"14463\" data-envira-src=\"https:\/\/mesnerhaus.at\/wp-content\/uploads\/mesnerhaus-boutique-hotel-logo-gold-auf-weiss-2400px-1024x710.jpg\" data-envira-srcset=\"https:\/\/mesnerhaus.at\/wp-content\/uploads\/mesnerhaus-boutique-hotel-logo-gold-auf-weiss-2400px-1024x710.jpg 400w, https:\/\/mesnerhaus.at\/wp-content\/uploads\/mesnerhaus-boutique-hotel-logo-gold-auf-weiss-2400px-1024x710.jpg 2x\" data-title=\"mesnerhaus-boutique-hotel-logo-gold-auf-weiss-2400px\" itemprop=\"thumbnailUrl\"  data-envirabox=\"14459\" data-automatic-caption=\"\" data-envira-height=\"208\" data-envira-width=\"300\" \/><\/a><\/div><\/div><div id=\"envira-gallery-item-14464\" class=\"envira-gallery-item envira-gallery-item-28 envira-lazy-load\" style=\"padding-left: 5px; padding-bottom: 10px; padding-right: 5px;\"  itemscope itemtype=\"https:\/\/schema.org\/ImageObject\"><div class=\"envira-gallery-item-inner\"><div class=\"envira-gallery-position-overlay envira-gallery-top-left\"><div class=\"envira-download-button\">\n            <a href=\"https:\/\/mesnerhaus.at\/en\/wp-json\/wp\/v2\/pages\/15290?envira-downloads-gallery-id=14459&envira-downloads-gallery-image=14464\" target=\"_blank\" title=\"Click here to download this image\">Download<\/a>\n        <\/div><\/div><div class=\"envira-gallery-position-overlay envira-gallery-top-right\"><\/div><div class=\"envira-gallery-position-overlay envira-gallery-bottom-left\"><\/div><div class=\"envira-gallery-position-overlay envira-gallery-bottom-right\"><\/div><a class=\"envira-gallery-14459 envira-gallery-link\" href=\"https:\/\/mesnerhaus.at\/wp-content\/uploads\/mesnerhaus-gourmet-restaurant-logo-gold-auf-marineblau-2400px-2048x1419.jpg\" title=\"mesnerhaus-gourmet-restaurant-logo-gold-auf-marineblau-2400px\" data-caption=\"\" data-envira-item-id=\"14464\" data-envira-retina=\"https:\/\/mesnerhaus.at\/wp-content\/uploads\/mesnerhaus-gourmet-restaurant-logo-gold-auf-marineblau-2400px-2048x1419.jpg\" data-thumb=\"https:\/\/mesnerhaus.at\/wp-content\/uploads\/mesnerhaus-gourmet-restaurant-logo-gold-auf-marineblau-2400px-150x150.jpg\" class=\"links_to_image\" data-rel=\"prettyPhoto[15290]\" data-title=\"mesnerhaus-gourmet-restaurant-logo-gold-auf-marineblau-2400px\" data-envirabox='14459' itemprop=\"contentUrl\"><img loading=\"lazy\" decoding=\"async\" src=\"https:\/\/mesnerhaus.at\/wp-content\/uploads\/mesnerhaus-gourmet-restaurant-logo-gold-auf-marineblau-2400px-1024x710.jpg\" alt=\"Logo Mesnerhaus Gourmet-Restaurant in Gold auf marineblauem Hintergrund\" class=\"envira-gallery-image envira-gallery-image-28    envira-lazy\" height=\"768\" id=\"envira-gallery-image-14464\" srcset=\"data:image\/gif;base64,R0lGODlhAQABAIAAAP\/\/\/\/\/\/\/yH5BAEKAAEALAAAAAABAAEAAAICTAEAOw==\" tabindex=\"-1\" title=\"mesnerhaus-gourmet-restaurant-logo-gold-auf-marineblau-2400px\" width=\"1024\" data-caption=\"\" data-envira-gallery-id=\"14459\" data-envira-index=\"27\" data-envira-item-id=\"14464\" data-envira-src=\"https:\/\/mesnerhaus.at\/wp-content\/uploads\/mesnerhaus-gourmet-restaurant-logo-gold-auf-marineblau-2400px-1024x710.jpg\" data-envira-srcset=\"https:\/\/mesnerhaus.at\/wp-content\/uploads\/mesnerhaus-gourmet-restaurant-logo-gold-auf-marineblau-2400px-1024x710.jpg 400w, https:\/\/mesnerhaus.at\/wp-content\/uploads\/mesnerhaus-gourmet-restaurant-logo-gold-auf-marineblau-2400px-1024x710.jpg 2x\" data-title=\"mesnerhaus-gourmet-restaurant-logo-gold-auf-marineblau-2400px\" itemprop=\"thumbnailUrl\"  data-envirabox=\"14459\" data-automatic-caption=\"\" data-envira-height=\"208\" data-envira-width=\"300\" \/><\/a><\/div><\/div><div id=\"envira-gallery-item-14465\" class=\"envira-gallery-item envira-gallery-item-29 envira-lazy-load\" style=\"padding-left: 5px; padding-bottom: 10px; padding-right: 5px;\"  itemscope itemtype=\"https:\/\/schema.org\/ImageObject\"><div class=\"envira-gallery-item-inner\"><div class=\"envira-gallery-position-overlay envira-gallery-top-left\"><div class=\"envira-download-button\">\n            <a href=\"https:\/\/mesnerhaus.at\/en\/wp-json\/wp\/v2\/pages\/15290?envira-downloads-gallery-id=14459&envira-downloads-gallery-image=14465\" target=\"_blank\" title=\"Click here to download this image\">Download<\/a>\n        <\/div><\/div><div class=\"envira-gallery-position-overlay envira-gallery-top-right\"><\/div><div class=\"envira-gallery-position-overlay envira-gallery-bottom-left\"><\/div><div class=\"envira-gallery-position-overlay envira-gallery-bottom-right\"><\/div><a class=\"envira-gallery-14459 envira-gallery-link\" href=\"https:\/\/mesnerhaus.at\/wp-content\/uploads\/mesnerhaus-gourmet-restaurant-logo-gold-auf-weiss-2400px-2048x1419.jpg\" title=\"mesnerhaus-gourmet-restaurant-logo-gold-auf-weiss-2400px\" data-caption=\"\" data-envira-item-id=\"14465\" data-envira-retina=\"https:\/\/mesnerhaus.at\/wp-content\/uploads\/mesnerhaus-gourmet-restaurant-logo-gold-auf-weiss-2400px-2048x1419.jpg\" data-thumb=\"https:\/\/mesnerhaus.at\/wp-content\/uploads\/mesnerhaus-gourmet-restaurant-logo-gold-auf-weiss-2400px-150x150.jpg\" class=\"links_to_image\" data-rel=\"prettyPhoto[15290]\" data-title=\"mesnerhaus-gourmet-restaurant-logo-gold-auf-weiss-2400px\" data-envirabox='14459' itemprop=\"contentUrl\"><img loading=\"lazy\" decoding=\"async\" src=\"https:\/\/mesnerhaus.at\/wp-content\/uploads\/mesnerhaus-gourmet-restaurant-logo-gold-auf-weiss-2400px-1024x710.jpg\" alt=\"Logo Mesnerhaus Gourmet-Restaurant in Gold auf wei&szlig;em Hintergrund\" class=\"envira-gallery-image envira-gallery-image-29    envira-lazy\" height=\"768\" id=\"envira-gallery-image-14465\" srcset=\"data:image\/gif;base64,R0lGODlhAQABAIAAAP\/\/\/\/\/\/\/yH5BAEKAAEALAAAAAABAAEAAAICTAEAOw==\" tabindex=\"-1\" title=\"mesnerhaus-gourmet-restaurant-logo-gold-auf-weiss-2400px\" width=\"1024\" data-caption=\"\" data-envira-gallery-id=\"14459\" data-envira-index=\"28\" data-envira-item-id=\"14465\" data-envira-src=\"https:\/\/mesnerhaus.at\/wp-content\/uploads\/mesnerhaus-gourmet-restaurant-logo-gold-auf-weiss-2400px-1024x710.jpg\" data-envira-srcset=\"https:\/\/mesnerhaus.at\/wp-content\/uploads\/mesnerhaus-gourmet-restaurant-logo-gold-auf-weiss-2400px-1024x710.jpg 400w, https:\/\/mesnerhaus.at\/wp-content\/uploads\/mesnerhaus-gourmet-restaurant-logo-gold-auf-weiss-2400px-1024x710.jpg 2x\" data-title=\"mesnerhaus-gourmet-restaurant-logo-gold-auf-weiss-2400px\" itemprop=\"thumbnailUrl\"  data-envirabox=\"14459\" data-automatic-caption=\"\" data-envira-height=\"208\" data-envira-width=\"300\" \/><\/a><\/div><\/div><div id=\"envira-gallery-item-14466\" class=\"envira-gallery-item envira-gallery-item-30 envira-lazy-load\" style=\"padding-left: 5px; padding-bottom: 10px; padding-right: 5px;\"  itemscope itemtype=\"https:\/\/schema.org\/ImageObject\"><div class=\"envira-gallery-item-inner\"><div class=\"envira-gallery-position-overlay envira-gallery-top-left\"><div class=\"envira-download-button\">\n            <a href=\"https:\/\/mesnerhaus.at\/en\/wp-json\/wp\/v2\/pages\/15290?envira-downloads-gallery-id=14459&envira-downloads-gallery-image=14466\" target=\"_blank\" title=\"Click here to download this image\">Download<\/a>\n        <\/div><\/div><div class=\"envira-gallery-position-overlay envira-gallery-top-right\"><\/div><div class=\"envira-gallery-position-overlay envira-gallery-bottom-left\"><\/div><div class=\"envira-gallery-position-overlay envira-gallery-bottom-right\"><\/div><a class=\"envira-gallery-14459 envira-gallery-link\" href=\"https:\/\/mesnerhaus.at\/wp-content\/uploads\/mesnerhaus-signet-standard-gold-auf-marineblau-2400px-2048x1420.jpg\" title=\"mesnerhaus-signet-standard-gold-auf-marineblau-2400px\" data-caption=\"\" data-envira-item-id=\"14466\" data-envira-retina=\"https:\/\/mesnerhaus.at\/wp-content\/uploads\/mesnerhaus-signet-standard-gold-auf-marineblau-2400px-2048x1420.jpg\" data-thumb=\"https:\/\/mesnerhaus.at\/wp-content\/uploads\/mesnerhaus-signet-standard-gold-auf-marineblau-2400px-150x150.jpg\" class=\"links_to_image\" data-rel=\"prettyPhoto[15290]\" data-title=\"mesnerhaus-signet-standard-gold-auf-marineblau-2400px\" data-envirabox='14459' itemprop=\"contentUrl\"><img loading=\"lazy\" decoding=\"async\" src=\"https:\/\/mesnerhaus.at\/wp-content\/uploads\/mesnerhaus-signet-standard-gold-auf-marineblau-2400px-1024x710.jpg\" alt=\"Goldenes Mesnerhaus-Signet auf marineblauem Hintergrund\" class=\"envira-gallery-image envira-gallery-image-30    envira-lazy\" height=\"768\" id=\"envira-gallery-image-14466\" srcset=\"data:image\/gif;base64,R0lGODlhAQABAIAAAP\/\/\/\/\/\/\/yH5BAEKAAEALAAAAAABAAEAAAICTAEAOw==\" tabindex=\"-1\" title=\"mesnerhaus-signet-standard-gold-auf-marineblau-2400px\" width=\"1024\" data-caption=\"\" data-envira-gallery-id=\"14459\" data-envira-index=\"29\" data-envira-item-id=\"14466\" data-envira-src=\"https:\/\/mesnerhaus.at\/wp-content\/uploads\/mesnerhaus-signet-standard-gold-auf-marineblau-2400px-1024x710.jpg\" data-envira-srcset=\"https:\/\/mesnerhaus.at\/wp-content\/uploads\/mesnerhaus-signet-standard-gold-auf-marineblau-2400px-1024x710.jpg 400w, https:\/\/mesnerhaus.at\/wp-content\/uploads\/mesnerhaus-signet-standard-gold-auf-marineblau-2400px-1024x710.jpg 2x\" data-title=\"mesnerhaus-signet-standard-gold-auf-marineblau-2400px\" itemprop=\"thumbnailUrl\"  data-envirabox=\"14459\" data-automatic-caption=\"\" data-envira-height=\"208\" data-envira-width=\"300\" \/><\/a><\/div><\/div><div id=\"envira-gallery-item-14467\" class=\"envira-gallery-item envira-gallery-item-31 envira-lazy-load\" style=\"padding-left: 5px; padding-bottom: 10px; padding-right: 5px;\"  itemscope itemtype=\"https:\/\/schema.org\/ImageObject\"><div class=\"envira-gallery-item-inner\"><div class=\"envira-gallery-position-overlay envira-gallery-top-left\"><div class=\"envira-download-button\">\n            <a href=\"https:\/\/mesnerhaus.at\/en\/wp-json\/wp\/v2\/pages\/15290?envira-downloads-gallery-id=14459&envira-downloads-gallery-image=14467\" target=\"_blank\" title=\"Click here to download this image\">Download<\/a>\n        <\/div><\/div><div class=\"envira-gallery-position-overlay envira-gallery-top-right\"><\/div><div class=\"envira-gallery-position-overlay envira-gallery-bottom-left\"><\/div><div class=\"envira-gallery-position-overlay envira-gallery-bottom-right\"><\/div><a class=\"envira-gallery-14459 envira-gallery-link\" href=\"https:\/\/mesnerhaus.at\/wp-content\/uploads\/mesnerhaus-signet-standard-gold-auf-weiss-2400px-2048x1420.jpg\" title=\"mesnerhaus-signet-standard-gold-auf-weiss-2400px\" data-caption=\"\" data-envira-item-id=\"14467\" data-envira-retina=\"https:\/\/mesnerhaus.at\/wp-content\/uploads\/mesnerhaus-signet-standard-gold-auf-weiss-2400px-2048x1420.jpg\" data-thumb=\"https:\/\/mesnerhaus.at\/wp-content\/uploads\/mesnerhaus-signet-standard-gold-auf-weiss-2400px-150x150.jpg\" class=\"links_to_image\" data-rel=\"prettyPhoto[15290]\" data-title=\"mesnerhaus-signet-standard-gold-auf-weiss-2400px\" data-envirabox='14459' itemprop=\"contentUrl\"><img loading=\"lazy\" decoding=\"async\" src=\"https:\/\/mesnerhaus.at\/wp-content\/uploads\/mesnerhaus-signet-standard-gold-auf-weiss-2400px-1024x710.jpg\" alt=\"Goldenes Mesnerhaus-Signet auf wei&szlig;em Hintergrund\" class=\"envira-gallery-image envira-gallery-image-31    envira-lazy\" height=\"768\" id=\"envira-gallery-image-14467\" srcset=\"data:image\/gif;base64,R0lGODlhAQABAIAAAP\/\/\/\/\/\/\/yH5BAEKAAEALAAAAAABAAEAAAICTAEAOw==\" tabindex=\"-1\" title=\"mesnerhaus-signet-standard-gold-auf-weiss-2400px\" width=\"1024\" data-caption=\"\" data-envira-gallery-id=\"14459\" data-envira-index=\"30\" data-envira-item-id=\"14467\" data-envira-src=\"https:\/\/mesnerhaus.at\/wp-content\/uploads\/mesnerhaus-signet-standard-gold-auf-weiss-2400px-1024x710.jpg\" data-envira-srcset=\"https:\/\/mesnerhaus.at\/wp-content\/uploads\/mesnerhaus-signet-standard-gold-auf-weiss-2400px-1024x710.jpg 400w, https:\/\/mesnerhaus.at\/wp-content\/uploads\/mesnerhaus-signet-standard-gold-auf-weiss-2400px-1024x710.jpg 2x\" data-title=\"mesnerhaus-signet-standard-gold-auf-weiss-2400px\" itemprop=\"thumbnailUrl\"  data-envirabox=\"14459\" data-automatic-caption=\"\" data-envira-height=\"208\" data-envira-width=\"300\" \/><\/a><\/div><\/div><\/div><\/div><noscript><img src='https:\/\/mesnerhaus.at\/wp-content\/uploads\/mesnerhaus-gastgeber-maria-josef-steffner-scaled.jpg' alt='Maria und Josef Steffner vor dem Eingang des Mesnerhaus Gourmet-Restaurants' class='envira_noscript_images ' \/><img src='https:\/\/mesnerhaus.at\/wp-content\/uploads\/mesnerhaus-gastgeber-maria-und-josef-steffner-portrait-01-scaled.jpg' alt='Maria und Josef Steffner bei einem Portr\u00e4t in einer modernen K\u00fcche' class='envira_noscript_images ' \/><img src='https:\/\/mesnerhaus.at\/wp-content\/uploads\/mesnerhaus-gastgeber-maria-und-josef-steffner-portrait-steinmauer-01-scaled.jpg' alt='Maria und Josef Steffner Hand in Hand vor einer historischen Steinmauer' class='envira_noscript_images ' \/><img src='https:\/\/mesnerhaus.at\/wp-content\/uploads\/mesnerhaus-josef-steffner-3-scaled.jpg' alt='Josef Steffner bei der Arbeit im Garten des Mesnerhauses' class='envira_noscript_images ' \/><img src='https:\/\/mesnerhaus.at\/wp-content\/uploads\/mesnerhaus-josef-steffner-beim-anrichten-scaled.jpg' alt='Josef Steffner beim Vorbereiten von Artischocken, Fenchel und Tomaten in der Restaurantk\u00fcche' class='envira_noscript_images ' \/><img src='https:\/\/mesnerhaus.at\/wp-content\/uploads\/mesnerhaus-josef-steffner-portrait-eingang-scaled.jpg' alt='Josef Steffner in Kochkleidung auf der Au\u00dfentreppe des Mesnerhauses' class='envira_noscript_images ' \/><img src='https:\/\/mesnerhaus.at\/wp-content\/uploads\/mesnerhaus-josef-steffner-portrait-garten-scaled.jpg' alt='Josef Steffner mit Sch\u00fcrze im Garten des Mesnerhauses' class='envira_noscript_images ' \/><img src='https:\/\/mesnerhaus.at\/wp-content\/uploads\/mesnerhaus-josef-steffner-portrait-sitzend-scaled.jpg' alt='Josef Steffner sitzend auf Steinstufen vor einer roten T\u00fcr' class='envira_noscript_images ' \/><img src='https:\/\/mesnerhaus.at\/wp-content\/uploads\/mesnerhaus-maria-steffner-02-scaled.jpg' alt='Maria Steffner mit Weinglas im Gastraum des Mesnerhaus Gourmet-Restaurants' class='envira_noscript_images ' \/><img src='https:\/\/mesnerhaus.at\/wp-content\/uploads\/mesnerhaus-maria-steffner-05-scaled.jpg' alt='Maria Steffner in einem pinkfarbenen Kleid vor einer historischen Steinwand' class='envira_noscript_images ' \/><img src='https:\/\/mesnerhaus.at\/wp-content\/uploads\/mesnerhaus-maria-steffner-04-scaled.jpg' alt='Maria Steffner am ge\u00f6ffneten Eingang des Mesnerhauses' class='envira_noscript_images ' \/><img src='https:\/\/mesnerhaus.at\/wp-content\/uploads\/mesnerhaus-gourmet-restaurant-aussen-04-scaled.jpg' alt='Roter Eingang des Mesnerhaus Gourmet-Restaurants mit Auszeichnungen an der Fassade' class='envira_noscript_images ' \/><img src='https:\/\/mesnerhaus.at\/wp-content\/uploads\/mesnerhaus-gourmet-restaurant-aussen-03-scaled.jpg' alt='Seitenansicht des Mesnerhaus Gourmet-Restaurants mit wei\u00dfer Fassade und schwarzem Wirtshausschild' class='envira_noscript_images ' \/><img src='https:\/\/mesnerhaus.at\/wp-content\/uploads\/mesnerhaus-restaurant-01-scaled.jpg' alt='Gastraum des Mesnerhaus Gourmet-Restaurants mit wei\u00dfen Tischt\u00fcchern, roten St\u00fchlen und Holzbalkendecke' class='envira_noscript_images ' \/><img src='https:\/\/mesnerhaus.at\/wp-content\/uploads\/mesnerhaus-restaurant-08-scaled.jpg' alt='Gastraum des Mesnerhaus Gourmet-Restaurants mit gedeckten Tischen, Weingl\u00e4sern und offenen Fenstern' class='envira_noscript_images ' \/><img src='https:\/\/mesnerhaus.at\/wp-content\/uploads\/mesnerhaus-gericht-dryaged-lachsforelle-scaled.jpeg' alt='Gericht mit Dry-Aged-Lachsforelle, Sorbet, Bl\u00fcte und Kr\u00e4uter\u00f6l' class='envira_noscript_images ' \/><img src='https:\/\/mesnerhaus.at\/wp-content\/uploads\/mesnerhaus-gericht-lungauer-eachtling-scaled.jpeg' alt='Zwei knusprige Kugeln vom Lungauer Eachtling mit Bl\u00fcten und Gem\u00fcse auf kleinen Steinen' class='envira_noscript_images ' \/><img src='https:\/\/mesnerhaus.at\/wp-content\/uploads\/mesnerhaus-gericht-wachauer-marille-scaled.jpeg' alt='Dessert mit Wachauer Marille, Eis, Bl\u00fctenbl\u00e4ttern und knusprigen Elementen' class='envira_noscript_images ' \/><img src='https:\/\/mesnerhaus.at\/wp-content\/uploads\/mesnerhaus-weinkeller-03-scaled.jpg' alt='Weinkeller des Mesnerhauses mit Weinflaschen auf Holzregalen und Natursteinw\u00e4nden' class='envira_noscript_images ' \/><img src='https:\/\/mesnerhaus.at\/wp-content\/uploads\/mesnerhaus-zimmer-12-scaled.jpg' alt='Sitzplatz am Panoramafenster im Mesnerhaus Boutique-Hotel mit Blumen, Wein und Bergblick' class='envira_noscript_images ' \/><img src='https:\/\/mesnerhaus.at\/wp-content\/uploads\/mesnerhaus-boutique-hotel-zimmer-signature-bett-couch-scaled.jpg' alt='Signature-Zimmer im Mesnerhaus Boutique-Hotel mit Doppelbett und Sofa' class='envira_noscript_images ' \/><img src='https:\/\/mesnerhaus.at\/wp-content\/uploads\/mesnerhaus-boutique-hotel-aussen-01-scaled.jpg' alt='Frontansicht des Mesnerhaus Boutique-Hotels mit wei\u00dfer Fassade und Holzkastenfenstern' class='envira_noscript_images ' \/><img src='https:\/\/mesnerhaus.at\/wp-content\/uploads\/mesnerhaus-team-01-1-scaled.jpg' alt='Sieben Mitglieder des Mesnerhaus-Teams gemeinsam im Garten' class='envira_noscript_images ' \/><img src='https:\/\/mesnerhaus.at\/wp-content\/uploads\/mesnerhaus-hospitality-logo-gold-auf-marineblau-2400px.jpg' alt='Logo Mesnerhaus Hospitality in Gold auf marineblauem Hintergrund' class='envira_noscript_images ' \/><img src='https:\/\/mesnerhaus.at\/wp-content\/uploads\/mesnerhaus-hospitality-logo-gold-auf-weiss-2400px.jpg' alt='Logo Mesnerhaus Hospitality in Gold auf wei\u00dfem Hintergrund' class='envira_noscript_images ' \/><img src='https:\/\/mesnerhaus.at\/wp-content\/uploads\/mesnerhaus-boutique-hotel-logo-gold-auf-marineblau-2400px.jpg' alt='Logo Mesnerhaus Boutique-Hotel in Gold auf marineblauem Hintergrund' class='envira_noscript_images ' \/><img src='https:\/\/mesnerhaus.at\/wp-content\/uploads\/mesnerhaus-boutique-hotel-logo-gold-auf-weiss-2400px.jpg' alt='Logo Mesnerhaus Boutique-Hotel in Gold auf wei\u00dfem Hintergrund' class='envira_noscript_images ' \/><img src='https:\/\/mesnerhaus.at\/wp-content\/uploads\/mesnerhaus-gourmet-restaurant-logo-gold-auf-marineblau-2400px.jpg' alt='Logo Mesnerhaus Gourmet-Restaurant in Gold auf marineblauem Hintergrund' class='envira_noscript_images ' \/><img src='https:\/\/mesnerhaus.at\/wp-content\/uploads\/mesnerhaus-gourmet-restaurant-logo-gold-auf-weiss-2400px.jpg' alt='Logo Mesnerhaus Gourmet-Restaurant in Gold auf wei\u00dfem Hintergrund' class='envira_noscript_images ' \/><img src='https:\/\/mesnerhaus.at\/wp-content\/uploads\/mesnerhaus-signet-standard-gold-auf-marineblau-2400px.jpg' alt='Goldenes Mesnerhaus-Signet auf marineblauem Hintergrund' class='envira_noscript_images ' \/><img src='https:\/\/mesnerhaus.at\/wp-content\/uploads\/mesnerhaus-signet-standard-gold-auf-weiss-2400px.jpg' alt='Goldenes Mesnerhaus-Signet auf wei\u00dfem Hintergrund' class='envira_noscript_images ' \/><\/noscript>\n","protected":false},"excerpt":{"rendered":"","protected":false},"author":1,"featured_media":0,"parent":15303,"menu_order":2,"comment_status":"closed","ping_status":"closed","template":"","meta":{"_acf_changed":false,"footnotes":""},"class_list":["post-15290","page","type-page","status-publish","hentry"],"acf":[],"_links":{"self":[{"href":"https:\/\/mesnerhaus.at\/en\/wp-json\/wp\/v2\/pages\/15290","targetHints":{"allow":["GET"]}}],"collection":[{"href":"https:\/\/mesnerhaus.at\/en\/wp-json\/wp\/v2\/pages"}],"about":[{"href":"https:\/\/mesnerhaus.at\/en\/wp-json\/wp\/v2\/types\/page"}],"author":[{"embeddable":true,"href":"https:\/\/mesnerhaus.at\/en\/wp-json\/wp\/v2\/users\/1"}],"replies":[{"embeddable":true,"href":"https:\/\/mesnerhaus.at\/en\/wp-json\/wp\/v2\/comments?post=15290"}],"version-history":[{"count":4,"href":"https:\/\/mesnerhaus.at\/en\/wp-json\/wp\/v2\/pages\/15290\/revisions"}],"predecessor-version":[{"id":15358,"href":"https:\/\/mesnerhaus.at\/en\/wp-json\/wp\/v2\/pages\/15290\/revisions\/15358"}],"up":[{"embeddable":true,"href":"https:\/\/mesnerhaus.at\/en\/wp-json\/wp\/v2\/pages\/15303"}],"wp:attachment":[{"href":"https:\/\/mesnerhaus.at\/en\/wp-json\/wp\/v2\/media?parent=15290"}],"curies":[{"name":"wp","href":"https:\/\/api.w.org\/{rel}","templated":true}]}}